{"id":97,"date":"2018-03-25T21:36:57","date_gmt":"2018-03-25T21:36:57","guid":{"rendered":"http:\/\/xn--comitdequartierdupar-f2b.apps-1and1.net\/?page_id=97"},"modified":"2021-05-05T09:00:34","modified_gmt":"2021-05-05T09:00:34","slug":"archives-2014","status":"publish","type":"page","link":"https:\/\/leparcstmaur.org\/?page_id=97","title":{"rendered":"Archives 2014"},"content":{"rendered":"<div class=\"entry\">\n<p>&nbsp;<\/p>\n<\/div>\n<p style=\"text-align: center;\"><span style=\"color: #ff0000; font-size: 24pt;\">Septembre 2014<\/span><\/p>\n<div class=\"post-1790 post hentry category-divers\">\n<h3 id=\"post-1790\"><span style=\"color: #0000ff; font-size: 18pt;\">La Broc\u2019 du Parc 2014<\/span><\/h3>\n<p><span style=\"font-size: 10pt;\"><small>Mercredi 17 septembre 2014<\/small><\/span><\/p>\n<div class=\"entry\">\n<div id=\"attachment_1764\" class=\"wp-caption aligncenter\" style=\"width: 227px;\">\n<p><img loading=\"lazy\" decoding=\"async\" class=\" wp-image-1764\" title=\"Affiche site\" src=\"https:\/\/leparcstmaur.org\/wp-content\/uploads\/2014\/04\/Affiche-site-215x300.jpg\" alt=\"La Broc' du Parc 2014\" width=\"227\" height=\"317\"><span style=\"font-size: 12pt;\">La Broc&rsquo; du Parc 2014<\/span><\/p>\n<\/div>\n<p><span style=\"font-size: 12pt;\">Venez nombreux nous retrouver samedi 20 septembre, place des Marronniers pour la deuxi\u00e8me \u00e9dition&nbsp; de La Broc\u2019 du Parc.<\/span><\/p>\n<\/div>\n<\/div>\n<div class=\"post-1783 post hentry category-divers category-manifestations tag-association tag-brocante tag-comite-de-quartier tag-le-parc-de-saint-maur tag-place-des-marronniers tag-vide-grenier\">\n<h3 id=\"post-1783\"><span style=\"color: #0000ff; font-size: 18pt;\">Journ\u00e9e des Associations 2014<\/span><\/h3>\n<p><span style=\"font-size: 10pt;\"><small>Jeudi 4 septembre 2014<\/small><\/span><\/p>\n<div class=\"entry\">\n<p><img loading=\"lazy\" decoding=\"async\" class=\"alignleft size-medium wp-image-1784\" title=\"Journ\u00e9e des Associations 2014\" src=\"https:\/\/leparcstmaur.org\/wp-content\/uploads\/2014\/09\/Anne-Romain1-Medium-300x225.jpg\" alt=\"Journ\u00e9e des Associations 2014\" width=\"300\" height=\"225\"><span style=\"font-size: 12pt;\">La journ\u00e9e des associations, sur la place des Marronniers, marque la rentr\u00e9e !<\/span><\/p>\n<p><span style=\"font-size: 12pt;\">Venez nous y retrouver nombreux pour partager vos anecdotes, vos soucis ou vos bons moments.<\/span><\/p>\n<p><span style=\"font-size: 12pt;\">A dimanche, \u00e0 partir de 11h.<\/span><\/p>\n<\/div>\n<\/div>\n<p style=\"text-align: center;\"><span style=\"color: #ff0000; font-size: 18pt;\">&nbsp;<\/span><\/p>\n<p>&nbsp;<\/p>\n<p>&nbsp;<\/p>\n<p style=\"text-align: center;\"><span style=\"color: #ff0000; font-size: 24pt;\">Mars 2014<\/span><\/p>\n<h3 id=\"post-1755\"><span style=\"color: #0000ff; font-size: 18pt;\">Coupe du Monde \u2013 Ep\u00e9e Dames<\/span><\/h3>\n<p><span style=\"font-size: 10pt;\"><small>Dimanche 2 mars 2014<\/small><\/span><\/p>\n<div class=\"entry\">\n<p><img loading=\"lazy\" decoding=\"async\" class=\"size-medium wp-image-1756 alignleft\" title=\"Podium 2014\" src=\"https:\/\/leparcstmaur.org\/wp-content\/uploads\/2014\/03\/Podium-2014-Small-300x225.jpg\" alt=\"Podium 2014\" width=\"300\" height=\"225\"> <span style=\"font-size: 12pt;\">Belle finale par \u00e9quipes qui cl\u00f4ture un weekend de comp\u00e9tition au centre sportif Brossolette.<\/span><\/p>\n<p><span style=\"font-size: 12pt;\">Hier, se d\u00e9roulait la finale individuelle, qui a vu la victoire d\u2019une concurrente chinoise. Aujourd\u2019hui, c\u2019est l\u2019\u00e9quipe d\u2019Estonie qui a battu l\u2019\u00e9quipe su\u00e9doise.<\/span><\/p>\n<p><span style=\"font-size: 12pt;\">M\u00eame si, pour des raisons de calendrier, l\u2019ann\u00e9e prochaine ne verra pas cette \u00e9preuve se d\u00e9rouler en France, tous nous esp\u00e9rons la voir bient\u00f4t revenir \u00e0 Saint Maur.<\/span><\/p>\n<p><span style=\"font-size: 12pt;\">Bravo \u00e0 tous les organisateurs de cette belle \u00e9preuve.<\/span><\/p>\n<\/div>\n<p style=\"text-align: center;\"><span style=\"color: #ff0000; font-size: 24pt;\">Janvier 2014<\/span><\/p>\n<div class=\"post-1709 post hentry category-divers category-informations tag-comite-de-quartier tag-dutourleau tag-le-parc-de-saint-maur tag-resistances tag-tf1 tag-tournage tag-voitures-anciennes\">\n<h3 id=\"post-1709\"><span style=\"color: #0000ff; font-size: 18pt;\">Tournage \u00e0 l\u2019usine\u2026<\/span><\/h3>\n<p><span style=\"font-size: 10pt;\"><small>Vendredi 17 janvier 2014<\/small><\/span><\/p>\n<div class=\"entry\">\n<div id=\"attachment_1697\" class=\"wp-caption alignleft\">\n<p><img loading=\"lazy\" decoding=\"async\" class=\"size-medium wp-image-1697 \" title=\"Usine Dutourleau - Tournage &quot;R\u00e9sistances&quot;\" src=\"https:\/\/leparcstmaur.org\/wp-content\/uploads\/2014\/01\/20140115_104521-Small-300x225.jpg\" alt=\"Usine Dutourleau\" width=\"300\" height=\"225\"><span style=\"font-size: 12pt;\">Usine Dutourleau<\/span><\/p>\n<\/div>\n<p><span style=\"font-size: 12pt;\">Cela faisait longtemps que nous n\u2019avions vu autant d\u2019agitation autour de l\u2019Usine Dutourleau !<\/span><br \/>\n<span style=\"font-size: 12pt;\"> Ce mercredi, la s\u00e9rie de TF1, \u00ab&nbsp;R\u00e9sistances&nbsp;\u00bb tournait une sc\u00e8ne dans les locaux de l\u2019usine.<\/span><br \/>\n<span style=\"font-size: 12pt;\"> La fa\u00e7ade a \u00e9t\u00e9 transform\u00e9e le temps d\u2019une journ\u00e9e et le quartier a fait un bond dans le temps !<\/span><\/p>\n<p><span style=\"font-size: 12pt;\"><img loading=\"lazy\" decoding=\"async\" class=\"size-medium wp-image-1713 alignleft\" title=\"Usine Dutourleau - Tournage &quot;R\u00e9sistances&quot;\" src=\"https:\/\/leparcstmaur.org\/wp-content\/uploads\/2014\/01\/20140115_133815-Small-300x225.jpg\" alt=\"20140115_133815 (Small)\" width=\"300\" height=\"225\">De nombreuses voitures anciennes \u00e9taient gar\u00e9es devant l\u2019usine pour le plus grand plaisir des passants.<\/span><br \/>\n<span style=\"font-size: 12pt;\"> <img loading=\"lazy\" decoding=\"async\" class=\"alignleft size-medium wp-image-1725\" title=\"Usine Dutourleau - R\u00e9sistances\" src=\"https:\/\/leparcstmaur.org\/wp-content\/uploads\/2014\/01\/20140115_133732-Small-225x300.jpg\" alt=\"Usine Dutourleau - R\u00e9sistances\" width=\"225\" height=\"300\"><\/span><br \/>\n<span style=\"font-size: 12pt;\"> <img loading=\"lazy\" decoding=\"async\" class=\"size-medium wp-image-1714 alignright\" title=\"Usine Dutourleau - Tournage &quot;R\u00e9sistances&quot;\" src=\"https:\/\/leparcstmaur.org\/wp-content\/uploads\/2014\/01\/20140115_104053-Small-225x300.jpg\" alt=\"20140115_104053\" width=\"225\" height=\"300\">C\u2019est avec plaisir que nous guetterons, lors de la diffusion de la s\u00e9rie, la sc\u00e8ne tourn\u00e9e dans notre quartier.<\/span><\/p>\n<p><span style=\"font-size: 12pt;\">L\u2019usine avait servi \u00e9galement pour quelques sc\u00e8nes dans le film \u00ab&nbsp;Les brigades du Tigre&nbsp;\u00bb. Nous en avions fait mention dans la Gazette du Parc N\u00b0 4.<\/span><\/p>\n<p><span style=\"font-size: 12pt;\">Les tournages r\u00e9alis\u00e9s dans les locaux de l\u2019usine font partie de son histoire. Nous sommes heureux de voir qu\u2019elle continue \u00e0 vivre.<\/span><\/p>\n<\/div>\n<p class=\"postmetadata\">&nbsp;<\/p>\n<\/div>\n<div class=\"post-1683 post hentry category-divers\">\n<h3>&nbsp;<\/h3>\n<h3 id=\"post-1683\"><span style=\"color: #0000ff; font-size: 18pt;\">Meilleurs voeux 2014<\/span><\/h3>\n<p><span style=\"font-size: 10pt;\"><small>Dimanche 5 janvier 2014<\/small><\/span><\/p>\n<div class=\"entry\">\n<p><img loading=\"lazy\" decoding=\"async\" class=\"aligncenter size-full wp-image-1684\" title=\"Voeux 2014\" src=\"https:\/\/leparcstmaur.org\/wp-content\/uploads\/2014\/01\/Voeux-20141-Small.jpg\" alt=\"Voeux 2014\" width=\"466\" height=\"350\"><\/p>\n<\/div>\n<\/div>\n","protected":false},"excerpt":{"rendered":"<p>&nbsp; Septembre 2014 La Broc\u2019 du Parc 2014 Mercredi 17 septembre 2014 La Broc&rsquo; du Parc 2014 Venez nombreux nous retrouver samedi 20 septembre, place des Marronniers pour la deuxi\u00e8me \u00e9dition&nbsp; de La Broc\u2019 du Parc. Journ\u00e9e des Associations 2014 Jeudi 4 septembre 2014 La journ\u00e9e des associations, sur la &hellip;<\/p>\n","protected":false},"author":1,"featured_media":0,"parent":30,"menu_order":0,"comment_status":"closed","ping_status":"closed","template":"","meta":{"ngg_post_thumbnail":0,"footnotes":""},"class_list":["post-97","page","type-page","status-publish","hentry"],"_links":{"self":[{"href":"https:\/\/leparcstmaur.org\/index.php?rest_route=\/wp\/v2\/pages\/97","targetHints":{"allow":["GET"]}}],"collection":[{"href":"https:\/\/leparcstmaur.org\/index.php?rest_route=\/wp\/v2\/pages"}],"about":[{"href":"https:\/\/leparcstmaur.org\/index.php?rest_route=\/wp\/v2\/types\/page"}],"author":[{"embeddable":true,"href":"https:\/\/leparcstmaur.org\/index.php?rest_route=\/wp\/v2\/users\/1"}],"replies":[{"embeddable":true,"href":"https:\/\/leparcstmaur.org\/index.php?rest_route=%2Fwp%2Fv2%2Fcomments&post=97"}],"version-history":[{"count":11,"href":"https:\/\/leparcstmaur.org\/index.php?rest_route=\/wp\/v2\/pages\/97\/revisions"}],"predecessor-version":[{"id":356,"href":"https:\/\/leparcstmaur.org\/index.php?rest_route=\/wp\/v2\/pages\/97\/revisions\/356"}],"up":[{"embeddable":true,"href":"https:\/\/leparcstmaur.org\/index.php?rest_route=\/wp\/v2\/pages\/30"}],"wp:attachment":[{"href":"https:\/\/leparcstmaur.org\/index.php?rest_route=%2Fwp%2Fv2%2Fmedia&parent=97"}],"curies":[{"name":"wp","href":"https:\/\/api.w.org\/{rel}","templated":true}]}}