{"id":91,"date":"2018-03-25T21:27:53","date_gmt":"2018-03-25T21:27:53","guid":{"rendered":"http:\/\/xn--comitdequartierdupar-f2b.apps-1and1.net\/?page_id=91"},"modified":"2021-05-05T16:31:42","modified_gmt":"2021-05-05T16:31:42","slug":"archives-2013","status":"publish","type":"page","link":"https:\/\/leparcstmaur.org\/?page_id=91","title":{"rendered":"Archives 2013"},"content":{"rendered":"<p style=\"text-align: center;\"><span style=\"color: #ff0000; font-size: 24pt;\">Novembre 2013<\/span><\/p>\n<div class=\"post-1671 post hentry category-divers tag-comite-de-quartier tag-economie tag-energie tag-le-parc-de-saint-maur\">\n<h3 id=\"post-1671\"><span style=\"color: #0000ff; font-size: 18pt;\">Familles \u00e0 Energie Positive<\/span><\/h3>\n<p><span style=\"font-size: 10pt;\"><small>Mercredi 20 novembre 2013<\/small><\/span><\/p>\n<div class=\"entry\">\n<p><span style=\"font-size: 12pt;\">Cette ann\u00e9e nous avons d\u00e9cid\u00e9 de participer \u00e0 la deuxi\u00e8me \u00e9dition du concours Familles \u00e0 \u00c9nergie Positive (http:\/\/saint-maur-des-fosses.familles-a-energie-positive.fr\/).<\/span><\/p>\n<p><img loading=\"lazy\" decoding=\"async\" class=\"aligncenter size-full wp-image-1673\" title=\"Energie\" src=\"https:\/\/leparcstmaur.org\/wp-content\/uploads\/2013\/11\/Energie.jpg\" alt=\"Energie\" width=\"534\" height=\"222\"><\/p>\n<p><span style=\"font-size: 12pt;\">L\u2019\u00e9quipe est form\u00e9e !<\/span><br \/>\n<span style=\"font-size: 12pt;\"> Elle est constitu\u00e9e d\u2019adh\u00e9rents du Comit\u00e9 de Quartier et d\u2019une famille habitant le Parc. Il est temps maintenant de mobiliser chacun des membres de nos familles et d\u2019adopter les \u00e9co-gestes&nbsp; afin de r\u00e9duire notre consommation d\u2019\u00e9nergie.<\/span><\/p>\n<p><span style=\"font-size: 12pt;\">Premier objectif d\u2019ici lundi, trouver un nom sympa pour notre groupe ! Les id\u00e9es sont les bienvenues <img decoding=\"async\" class=\"wp-smiley\" src=\"https:\/\/leparcstmaur.org\/wp-includes\/images\/smilies\/icon_smile.gif\" alt=\":)\"><\/span><\/p>\n<\/div>\n<\/div>\n<div class=\"post-1667 post hentry category-evenements tag-comite-de-quartier tag-dessin tag-exposition tag-le-parc-de-saint-maur tag-peinture tag-place-des-marronniers\">\n<h3 id=\"post-1667\"><span style=\"color: #0000ff; font-size: 18pt;\">Exposition : \u00ab&nbsp;Petits formats&nbsp;\u00bb th\u00e8me sur l\u2019hiver<\/span><\/h3>\n<p><span style=\"font-size: 10pt;\"><small>Mercredi 20 novembre 2013<\/small><\/span><\/p>\n<div class=\"entry\">\n<p><img loading=\"lazy\" decoding=\"async\" class=\"alignleft size-medium wp-image-1668\" title=\"Exposition de Peinture\" src=\"https:\/\/leparcstmaur.org\/wp-content\/uploads\/2013\/11\/ARPD-2013-Medium-225x300.jpg\" alt=\"Exposition de Peinture\" width=\"225\" height=\"300\"><span style=\"font-size: 10pt;\">L\u2019association Rencontre Peinture-Dessin vous invite \u00e0 sa traditionnelle exposition de peinture \u00e0 la maison de quartier du Parc de Saint Maur, 15 avenue des fusill\u00e9s de Ch\u00e2teaubriant, les 23 et 24 novembre 2013 de 10h \u00e0 18h.<\/span><br \/>\n<span style=\"font-size: 10pt;\"> Venez nombreux d\u00e9couvrir ces artistes !<\/span><\/p>\n<\/div>\n<\/div>\n<p>&nbsp;<\/p>\n<p>&nbsp;<\/p>\n<p>&nbsp;<\/p>\n<p>&nbsp;<\/p>\n<p>&nbsp;<\/p>\n<p>&nbsp;<\/p>\n<p style=\"text-align: center;\"><span style=\"color: #ff0000; font-size: 24pt;\">Septembre 2013<\/span><\/p>\n<p style=\"text-align: center;\">&nbsp;<\/p>\n<div class=\"post-1644 post hentry category-divers\">\n<h3 id=\"post-1644\"><span style=\"color: #0000ff; font-size: 18pt;\">Journ\u00e9es Etienne Lenoir ce week end !<\/span><\/h3>\n<p><span style=\"font-size: 10pt;\"><small>Vendredi 27 septembre 2013<\/small><\/span><\/p>\n<div class=\"entry\">\n<p><span style=\"font-size: 12pt;\"><img loading=\"lazy\" decoding=\"async\" class=\"size-full wp-image-606 alignleft\" title=\"Voitures anciennes 2\" src=\"https:\/\/leparcstmaur.org\/wp-content\/uploads\/2010\/10\/Voitures-anciennes-2.JPG\" alt=\"Voitures anciennes 2\" width=\"211\" height=\"158\">Apr\u00e8s un week-end d\u00e9di\u00e9 \u00e0 la premi\u00e8re Broc\u2019 du Parc, vous pourrez nous retrouver pendant les Journ\u00e9es Etienne Lenoir, ce week end du 28-29 septembre, toujours sur la place des Marronniers.<\/span><\/p>\n<p><span style=\"font-size: 12pt;\">Journ\u00e9es festives et anim\u00e9es autour du th\u00e8me des voitures anciennes.<\/span><\/p>\n<p><span style=\"font-size: 12pt;\">Venez nombreux nous y retrouver&nbsp; !!<\/span><\/p>\n<\/div>\n<p class=\"postmetadata\">&nbsp;<\/p>\n<\/div>\n<div class=\"post-1575 post hentry category-divers category-manifestations tag-broc-du-parc tag-brocante tag-le-parc-de-saint-maur tag-place-des-marronniers tag-vide-grenier\">\n<h3 id=\"post-1575\"><span style=\"color: #0000ff; font-size: 18pt;\">La Broc\u2019 du Parc : Bilan<\/span><\/h3>\n<p><span style=\"font-size: 10pt;\"><small>Vendredi 27 septembre 2013<\/small><\/span><\/p>\n<div class=\"entry\">\n<div id=\"attachment_1576\" class=\"wp-caption alignleft\">\n<p><img loading=\"lazy\" decoding=\"async\" class=\"size-full wp-image-1576 \" title=\"La Broc' du Parc\" src=\"https:\/\/leparcstmaur.org\/wp-content\/uploads\/2013\/09\/20130921_114537-Small.jpg\" alt=\"La Broc' Du Parc\" width=\"384\" height=\"288\"><span style=\"font-size: 12pt;\">La Broc&rsquo; Du Parc<\/span><\/p>\n<\/div>\n<p><span style=\"font-size: 12pt;\">Samedi 21 septembre&nbsp; 2013, sur la place des Marronniers, avait lieu la premi\u00e8re \u00e9dition de la Broc\u2019 du Parc.<\/span><\/p>\n<p><span style=\"font-size: 12pt;\">Apr\u00e8s plusieurs mois d\u2019organisation, cette premi\u00e8re manifestation a vu le jour.<\/span><\/p>\n<p><span style=\"font-size: 12pt;\">Le temps \u00e9tait cl\u00e9ment pour favoriser notre installation d\u00e8s 5h du matin et accueillir les premiers exposants.<\/span><\/p>\n<p><img loading=\"lazy\" decoding=\"async\" class=\"aligncenter size-full wp-image-1577\" title=\"La Broc' du Parc\" src=\"https:\/\/leparcstmaur.org\/wp-content\/uploads\/2013\/09\/20130921_060155-Small.jpg\" alt=\"La Broc' du Parc\" width=\"448\" height=\"336\"><\/p>\n<p><span style=\"font-size: 12pt;\">La journ\u00e9e s\u2019est d\u00e9roul\u00e9e dans la bonne humeur (nous avons m\u00eame f\u00eat\u00e9 l\u2019anniversaire d\u2019une exposante <img decoding=\"async\" class=\"wp-smiley\" src=\"https:\/\/leparcstmaur.org\/wp-includes\/images\/smilies\/icon_smile.gif\" alt=\":)\"> !) ;<\/span><br \/>\n<span style=\"font-size: 12pt;\"> Chacun a fait des affaires et a pu se reposer au stand de la buvette o\u00f9 \u00e9taient servis, croissants, sandwichs, boissons fraiches et caf\u00e9 sans oublier les fameux Financiers de Micheline !<\/span><\/p>\n<p><img loading=\"lazy\" decoding=\"async\" class=\"aligncenter size-full wp-image-1585\" title=\"La Broc' du Parc - Buvette\" src=\"https:\/\/leparcstmaur.org\/wp-content\/uploads\/2013\/09\/DSCF0449-Small.JPG\" alt=\"La Broc' du Parc - Buvette\" width=\"384\" height=\"288\"><span style=\"font-size: 12pt;\">Merci \u00e0 tous : Exposants, visiteurs, Services de la Mairie, Police Municipale\u2026 qui ont fait de cette journ\u00e9e un tr\u00e8s bon moment partag\u00e9.<\/span><\/p>\n<p><span style=\"font-size: 12pt;\">Nous vous donnons rendez-vous l\u2019an prochain sur la place des Marronniers pour la seconde \u00e9dition !<\/span><\/p>\n<\/div>\n<\/div>\n<div class=\"post-1559 post hentry category-evenements tag-brocante tag-comite-de-quartier tag-gwladys-epangue tag-le-parc-de-saint-maur tag-place-des-marronniers tag-taekwando\">\n<h3 id=\"post-1559\"><span style=\"color: #0000ff; font-size: 18pt;\">Journ\u00e9e des Associations : Bilan<\/span><\/h3>\n<p><span style=\"font-size: 10pt;\"><small>Mercredi 11 septembre 2013<\/small><\/span><\/p>\n<div class=\"entry\">\n<p><img loading=\"lazy\" decoding=\"async\" class=\"size-full wp-image-1561 alignleft\" title=\"Journ\u00e9e des Associations 2013\" src=\"https:\/\/leparcstmaur.org\/wp-content\/uploads\/2013\/09\/Anne-Romain8-Small.JPG\" alt=\"Journ\u00e9e des Associations 2013\" width=\"461\" height=\"346\"><span style=\"font-size: 12pt;\">Belle journ\u00e9e ce dimanche sur la place des Marronniers pour le rendez vous avec les associations de Saint Maur.<\/span><\/p>\n<p><span style=\"font-size: 12pt;\">De nombreuses rencontres et partages avec les adh\u00e9rents de notre comit\u00e9, les visiteurs et les futurs exposants de la&nbsp; Broc\u2019 du Parc.<\/span><\/p>\n<p><span style=\"font-size: 12pt;\">Cerise sur le g\u00e2teau : Visite surprise sur notre stand de Gwladys Epangue, la championne de Taekwondo !<\/span><\/p>\n<p><span style=\"font-size: 12pt;\">Prochain rendez-vous le 21 septembre sur la place des Marronniers pour la premi\u00e8re \u00e9dition de la Broc\u2019 du Parc !<\/span><\/p>\n<\/div>\n<p class=\"postmetadata\">&nbsp;<\/p>\n<\/div>\n<div class=\"post-1548 post hentry category-manifestations\">\n<h3 id=\"post-1548\"><span style=\"color: #0000ff; font-size: 18pt;\">Journ\u00e9es Etienne Lenoir<\/span><\/h3>\n<p><span style=\"font-size: 10pt;\"><small>Lundi 9 septembre 2013<\/small><\/span><\/p>\n<div class=\"entry\">\n<p><img loading=\"lazy\" decoding=\"async\" class=\"aligncenter size-full wp-image-1549\" title=\"Journ\u00e9es Etienne Lenoir 2013\" src=\"https:\/\/leparcstmaur.org\/wp-content\/uploads\/2013\/09\/Etienne-Lenoir-2013-recto.jpg\" alt=\"Journ\u00e9es Etienne Lenoir 2013\" width=\"638\" height=\"898\"><img loading=\"lazy\" decoding=\"async\" class=\"aligncenter size-full wp-image-1550\" title=\"Journ\u00e9es Etienne Lenoir 2013\" src=\"https:\/\/leparcstmaur.org\/wp-content\/uploads\/2013\/09\/Etienne-Lenoir-2013-verso.jpg\" alt=\"Journ\u00e9es Etienne Lenoir 2013\" width=\"629\" height=\"886\"><\/p>\n<\/div>\n<\/div>\n<div class=\"post-1546 post hentry category-divers\">\n<h3 id=\"post-1546\"><span style=\"color: #0000ff; font-size: 18pt;\">Journ\u00e9es des Associations<\/span><\/h3>\n<p><span style=\"font-size: 10pt;\"><small>Dimanche 8 septembre 2013<\/small><\/span><\/p>\n<div class=\"entry\">\n<p><span style=\"font-size: 12pt;\">Venez nombreux aujourd\u2019hui sur la place des Marronniers, participer \u00e0 la Journ\u00e9e des Associations !<\/span><\/p>\n<p><span style=\"font-size: 12pt;\">Il fait beau; c\u2019est l\u2019occasion de nous retrouver en ce \u00ab&nbsp;d\u00e9but d\u2019ann\u00e9e&nbsp;\u00bb.<\/span><\/p>\n<p><span style=\"font-size: 12pt;\">Rejoignez nous sur le stand 88.<\/span><\/p>\n<p><span style=\"font-size: 12pt;\">A tout \u00e0 l\u2019heure !<\/span><\/p>\n<\/div>\n<\/div>\n<p style=\"text-align: center;\"><span style=\"color: #ff0000; font-size: 24pt;\">Avril 2013<\/span><\/p>\n<div class=\"post-1535 post hentry category-divers category-informations category-manifestations tag-brocante tag-comite-de-quartier tag-le-parc-de-saint-maur tag-place-des-marronniers tag-septembre-2013 tag-vide-grenier\">\n<h3 id=\"post-1535\"><span style=\"color: #0000ff; font-size: 18pt;\">Inscription pour La Broc\u2019 du Parc<\/span><\/h3>\n<p><span style=\"font-size: 10pt;\"><small>Jeudi 25 avril 2013<\/small><\/span><\/p>\n<div class=\"entry\">\n<p><span style=\"font-size: 12pt;\">9\/08\/13<\/span><\/p>\n<p><span style=\"font-size: 12pt;\">Attention :<\/span><br \/>\n<span style=\"font-size: 12pt;\"> &#8211; Emplacements couverts : complet.<\/span><br \/>\n<span style=\"font-size: 12pt;\"> &#8211; Emplacements non couverts : complet<\/span><\/p>\n<p><span style=\"font-size: 12pt;\">Ouverture d\u2019une liste d\u2019attente !<\/span><\/p>\n<p><span style=\"font-size: 12pt;\">Trouvez les formulaires d\u2019inscription sur la page de la Broc\u2019 du Parc : https:\/\/leparcstmaur.org\/?p=1535<\/span><\/p>\n<\/div>\n<p class=\"postmetadata\">&nbsp;<\/p>\n<\/div>\n<div class=\"post-1527 post hentry category-evenements category-rendezvous tag-comite-de-quartier tag-le-parc-de-saint-maur tag-lions-bords-de-marne tag-marronniers tag-place-des-marronniers tag-pousse-chars\">\n<h3 id=\"post-1527\"><span style=\"color: #0000ff; font-size: 18pt;\">Grand Prix \u00ab&nbsp;Pousse-Chars&nbsp;\u00bb<\/span><\/h3>\n<p><span style=\"font-size: 10pt;\"><small>Jeudi 25 avril 2013<\/small><\/span><\/p>\n<div class=\"entry\">\n<p><img loading=\"lazy\" decoding=\"async\" class=\"size-full wp-image-1530 aligncenter\" title=\"Pousse char 2013\" src=\"https:\/\/leparcstmaur.org\/wp-content\/uploads\/2013\/04\/Pousse-char-20131.jpg\" alt=\"Grand prix &quot;Pousse-Chars&quot;\" width=\"486\" height=\"683\"><\/p>\n<\/div>\n<\/div>\n<div class=\"post-1522 post hentry category-informations tag-association tag-dessin tag-le-parc-de-saint-maur tag-peinture tag-place-des-marronniers\">\n<h3 id=\"post-1522\"><span style=\"color: #0000ff; font-size: 18pt;\">\u00ab&nbsp;Rencontre Peinture \u2013 Dessin&nbsp;\u00bb Exposition de Printemps<\/span><\/h3>\n<p><span style=\"font-size: 10pt;\"><small>Vendredi 19 avril 2013<\/small><\/span><\/p>\n<div class=\"entry\">\n<p><img loading=\"lazy\" decoding=\"async\" class=\"alignleft size-medium wp-image-1523\" title=\"Rencontre peinture - dessin avril 2013\" src=\"https:\/\/leparcstmaur.org\/wp-content\/uploads\/2013\/04\/Rencontre-peinture-dessin-avril-2013-300x267.jpg\" alt=\"Rencontre peinture - dessin avril 2013\" width=\"300\" height=\"267\"> <span style=\"font-size: 12pt;\">L\u2019association \u00ab&nbsp;Rencontre Peinture \u2013 Dessin&nbsp;\u00bb vous invite \u00e0 son Exposition de Printemps, le samedi 20 et le dimanche 21 avril 2013, de 10 heures \u00e0 19 heures \u00e0 la maison de quartier du Parc de Saint Maur, 15 avenue des Fusill\u00e9s de Ch\u00e2teaubriant, 94100 Saint Maur.<\/span><\/p>\n<\/div>\n<p class=\"postmetadata\">&nbsp;<\/p>\n<\/div>\n<p>&nbsp;<\/p>\n<p>&nbsp;<\/p>\n<p>&nbsp;<\/p>\n<p>&nbsp;<\/p>\n<div class=\"post-1495 post hentry category-divers category-manifestations tag-brocante tag-comite-de-quartier tag-le-parc-de-saint-maur tag-place-des-marronniers tag-saint-maur-des-fosses tag-vide-grenier\">\n<h3 id=\"post-1495\"><span style=\"color: #0000ff; font-size: 18pt;\">La Broc\u2019 du Parc<\/span><\/h3>\n<p><span style=\"font-size: 10pt;\"><small>Lundi 8 avril 2013<\/small><\/span><\/p>\n<div class=\"entry\">\n<p><span style=\"font-size: 12pt;\"><img loading=\"lazy\" decoding=\"async\" class=\"alignleft size-medium wp-image-1496\" title=\"Vide Grenier du Lions club\" src=\"https:\/\/leparcstmaur.org\/wp-content\/uploads\/2013\/04\/Lions-et-pub-300x218.jpg\" alt=\"Vide Grenier du Lions club\" width=\"300\" height=\"218\">Encore une belle journ\u00e9e que nous a offert le Lions Club Saint Maur Doyen hier.<\/span><\/p>\n<p><span style=\"font-size: 12pt;\">Le soleil \u00e9tait au rendez vous, enfin, pour nous r\u00e9chauffer apr\u00e8s une mise en place dans la fraicheur.<\/span><\/p>\n<p><span style=\"font-size: 12pt;\">Beaucoup de monde pour chiner, sur la Place des Marronniers, les objets divers offerts par les adh\u00e9rents ou connaissances de notre sympathique quartier.<\/span><\/p>\n<p><span style=\"font-size: 12pt;\">L\u2019occasion pour nous \u00e9galement d\u2019annoncer notre Premi\u00e8re Brocante\/Vide-Grenier que nous organisons pour le 21 septembre 2013.<\/span><br \/>\n<span style=\"font-size: 12pt;\"> Les inscriptions sont ouvertes.<\/span><br \/>\n<span style=\"font-size: 12pt;\"> Si vous voulez participer \u00e0 la premi\u00e8re Broc\u2019 du Parc, il vous suffit de t\u00e9l\u00e9charger le r\u00e8glement et la fiche d\u2019inscription (particulier ou professionnel) sur notre page La Broc\u2019 du Parc et de nous renvoyer cette derni\u00e8re accompagn\u00e9e des \u00e9l\u00e9ments demand\u00e9s.<\/span><\/p>\n<p><span style=\"font-size: 12pt;\">A bient\u00f4t pour de nouvelles rencontres !<\/span><\/p>\n<\/div>\n<\/div>\n<div class=\"post-1487 post hentry category-divers tag-broc-du-parc tag-brocante tag-comite-de-quartier tag-le-parc-de-saint-maur tag-lions-club-doyen tag-place-des-marronniers tag-vide-grenier\">\n<h3 id=\"post-1487\"><span style=\"color: #0000ff; font-size: 18pt;\">Vide Grenier du Lions Club Saint Maur des Foss\u00e9s Doyen<\/span><\/h3>\n<p><span style=\"font-size: 10pt;\"><small>Mardi 2 avril 2013<\/small><\/span><\/p>\n<div class=\"entry\">\n<div id=\"attachment_1488\" class=\"wp-caption alignleft\">\n<p><img loading=\"lazy\" decoding=\"async\" class=\"size-medium wp-image-1488\" title=\"2012-04-01 14.07.13 (Large)\" src=\"https:\/\/leparcstmaur.org\/wp-content\/uploads\/2013\/04\/2012-04-01-14.07.13-Large-300x225.jpg\" alt=\"Notre stand 2012\" width=\"300\" height=\"225\">Notre stand 2012<\/p>\n<\/div>\n<p><span style=\"font-size: 12pt;\">Ce Dimanche 7 avril, de 8h \u00e0 18h, Notre Comit\u00e9 tiendra un stand, place des Marronniers, au vide-grenier organis\u00e9 par le Lions Club Saint Maur des Foss\u00e9s Doyen.<\/span><\/p>\n<p><span style=\"font-size: 12pt;\">Nous esp\u00e9rons un succ\u00e8s similaire \u00e0 celui de l\u2019an dernier.<\/span><br \/>\n<span style=\"font-size: 12pt;\"> Les dons des adh\u00e9rents en objets divers nous avaient permis de proposer un choix d\u2019objets tr\u00e8s divers et attractifs.<\/span><\/p>\n<p><span style=\"font-size: 12pt;\">N\u2019h\u00e9sitez pas \u00e0 venir nous rencontrer et discuter sous un soleil que nous esp\u00e9rons pr\u00e9sent afin qu\u2019il nous r\u00e9chauffe les corps et les coeurs !!<\/span><\/p>\n<\/div>\n<\/div>\n<p>&nbsp;<\/p>\n<p style=\"text-align: center;\"><span style=\"color: #ff0000; font-size: 24pt;\">Mars 2013<\/span><\/p>\n<div class=\"post-1483 post hentry category-divers category-informations tag-animations tag-centre-brossolette tag-comite-de-quartier tag-le-parc-de-saint-maur tag-stade-cheron\">\n<h3 id=\"post-1483\"><span style=\"color: #0000ff; font-size: 18pt;\">Agenda des conf\u00e9rences, des spectacles et des \u00e9v\u00e9nements culturels et sportifs \u2013 Avril 2013<\/span><\/h3>\n<p><span style=\"font-size: 12pt;\"><small>Samedi 30 mars 2013<\/small><\/span><\/p>\n<div class=\"entry\">\n<p><span style=\"font-size: 12pt;\"><strong>Mercredi 3 avril, de 10h \u00e0 17h, <\/strong>Centre sportif&nbsp; Brossolette,<\/span><br \/>\n<span style=\"font-size: 12pt;\"> Championnat d\u2019Acad\u00e9mie de gymnastique.<\/span><br \/>\n<span style=\"font-size: 12pt;\"> Union Nationale Sportive Scolaire<\/span><\/p>\n<p><span style=\"font-size: 12pt;\"><strong>Dimanche 7 avril, de 8h \u00e0 19h, <\/strong>Centre Sportif Brossolette,<\/span><br \/>\n<span style=\"font-size: 12pt;\"> Coupe de France Sanda de Wu Shu<\/span><br \/>\n<span style=\"font-size: 12pt;\"> Acad\u00e9mie fran\u00e7aise de Wu Shu<\/span><\/p>\n<p><span style=\"font-size: 12pt;\"><strong>Dimanche 7 avril, de 8h \u00e018h, <\/strong>Place des Marronniers,<\/span><br \/>\n<span style=\"font-size: 12pt;\"> Vide-Grenier du Lions Club Saint-Maur-des-Foss\u00e9s Doyen<\/span><\/p>\n<p><span style=\"font-size: 12pt;\"><strong>Dimanche 7 avril, \u00e0 16h, <\/strong>Temple Protestant, 42 avenue Joffre<\/span><br \/>\n<span style=\"font-size: 12pt;\"> Concert de l\u2019ensemble vocal Cantus Firmus, avec les ch\u0153urs des Ateliers d\u2019Art et l\u2019ensemble Allegro,<\/span><br \/>\n<span style=\"font-size: 12pt;\"> Direction Jean-Pierre Ballon<\/span><\/p>\n<p><span style=\"font-size: 12pt;\"><strong>Samedi 13 avril, de 10h \u00e0 21h, <\/strong>Centre sportif Brossolette<\/span><br \/>\n<span style=\"font-size: 12pt;\"> Comp\u00e9tition D\u00e9partementale d\u2019Halt\u00e9rophilie<\/span><br \/>\n<span style=\"font-size: 12pt;\"> VGA Halt\u00e9rophilie<\/span><\/p>\n<p><span style=\"font-size: 12pt;\"><strong>Mardi 16 avril, \u00e0 20h,<\/strong> Eglise Notre-Dame du Rosaire, Place des Marronniers,<\/span><br \/>\n<span style=\"font-size: 12pt;\"> 13\u00e8me concert et dernier concert : Jubilate !<\/span><br \/>\n<span style=\"font-size: 12pt;\"> C\u00e9cile Blais, laur\u00e9ate du conservatoire de Saint-Maur, et les \u00e9l\u00e8ves de la classe d\u2019Orgue.<\/span><\/p>\n<p><span style=\"font-size: 12pt;\"><strong>Samedi 20 avril, 15h30, <\/strong>Temple protestant, 42 avenue Joffre,<\/span><br \/>\n<span style=\"font-size: 12pt;\"> Rencontre du groupe germanophone \u00ab&nbsp;Amic\u2019 Allemand&nbsp;\u00bb<\/span><br \/>\n<span style=\"font-size: 12pt;\"> Libre discussion en allemand autour d\u2019un th\u00e8me et d\u2019un go\u00fbter : Voyage en Allemagne du Nord<\/span><br \/>\n<span style=\"font-size: 12pt;\"> Jeunesse et Culture Protestante<\/span><\/p>\n<p><span style=\"font-size: 12pt;\"><strong>Dimanche 21 avril, de 8h \u00e0 19h, <\/strong>Centre Sportif Brossolette,<\/span><br \/>\n<span style=\"font-size: 12pt;\"> Coupe de France Sanda de Wu Shu<\/span><br \/>\n<span style=\"font-size: 12pt;\"> Acad\u00e9mie fran\u00e7aise de Wu Shu<\/span><\/p>\n<p><span style=\"font-size: 12pt;\"><strong>Vendredi 26 avril, de 18h \u00e0 1h du matin, <\/strong>Stade Ch\u00e9ron,<\/span><br \/>\n<span style=\"font-size: 12pt;\"> Soir\u00e9e Bod\u00e9ga<\/span><br \/>\n<span style=\"font-size: 12pt;\"> VGA<\/span><\/p>\n<\/div>\n<\/div>\n<div class=\"post-1475 post hentry category-informations tag-comite-de-quartier tag-le-parc-de-saint-maur tag-parking tag-petition tag-place-des-marronniers tag-stationnement tag-zone-bleue\">\n<h3 id=\"post-1475\"><span style=\"color: #0000ff; font-size: 18pt;\">Zone Bleue Place des Marronniers<\/span><\/h3>\n<p><span style=\"font-size: 10pt;\"><small>Mardi 19 mars 2013<\/small><\/span><\/p>\n<div class=\"entry\">\n<div id=\"attachment_1474\" class=\"wp-caption alignleft\">\n<p><img loading=\"lazy\" decoding=\"async\" class=\"size-medium wp-image-1474\" title=\"Nouvelle Zone Bleue\" src=\"https:\/\/leparcstmaur.org\/wp-content\/uploads\/2013\/03\/Zone-bleue-7-Large-300x225.jpg\" alt=\"Zone Bleue 1h\" width=\"300\" height=\"225\">Zone Bleue 1h30<\/p>\n<\/div>\n<p><span style=\"font-size: 12pt;\">Une nouvelle tentative d\u2019organisation du stationnement place des Marronniers d\u00e9marre aujourd\u2019hui.<\/span><\/p>\n<p><span style=\"font-size: 12pt;\">Il s\u2019agit d\u2019une mise en zone bleue du parking du march\u00e9 et des deux rangs de stationnement sur la zone restant \u00e0 am\u00e9nager au d\u00e9bouch\u00e9 de l\u2019avenue M\u00e9dicis.<\/span><\/p>\n<p><span style=\"font-size: 12pt;\">Cette zone bleue sera effective les matin\u00e9es de march\u00e9, le mardi et le vendredi.<\/span><\/p>\n<p><span style=\"font-size: 12pt;\">Cette exp\u00e9rience durera 2 mois.<\/span><\/p>\n<p><span style=\"font-size: 12pt;\">Cette mise en zone bleue permettra de lib\u00e9rer les places de stationnement pour les matin\u00e9es de march\u00e9 afin que les clients puissent trouver \u00e0 se garer plus facilement.<\/span><br \/>\n<span style=\"font-size: 12pt;\"> Elle permettra \u00e9galement d\u2019\u00e9liminer, peu \u00e0 peu, un certain nombre de voitures ventouses.<\/span><\/p>\n<p><img loading=\"lazy\" decoding=\"async\" class=\"size-medium wp-image-1476 aligncenter\" title=\"Zone bleue\" src=\"https:\/\/leparcstmaur.org\/wp-content\/uploads\/2013\/03\/Zone-bleue-216x300.jpg\" alt=\"Zone bleue\" width=\"216\" height=\"300\"><\/p>\n<\/div>\n<\/div>\n<p style=\"text-align: center;\"><span style=\"color: #ff0000; font-size: 24pt;\">F\u00e9vrier 2013<\/span><\/p>\n<div class=\"post-1465 post hentry category-divers\">\n<h3 id=\"post-1465\"><span style=\"color: #0000ff; font-size: 18pt;\">Square Victor Basch enfin s\u00e9curis\u00e9.<\/span><\/h3>\n<p><span style=\"font-size: 10pt;\"><small>Lundi 25 f\u00e9vrier 2013<\/small><\/span><\/p>\n<div class=\"entry\">\n<p><img loading=\"lazy\" decoding=\"async\" class=\"alignleft size-medium wp-image-1466\" title=\"Square Victore Basch\" src=\"https:\/\/leparcstmaur.org\/wp-content\/uploads\/2013\/02\/photo-300x224.jpg\" alt=\"Square Victore Basch\" width=\"300\" height=\"224\"><span style=\"font-size: 12pt;\"> Nous attendions tous, depuis longtemps, la r\u00e9paration de la cl\u00f4ture du square Victor Basch.<\/span><\/p>\n<p><span style=\"font-size: 12pt;\">C\u2019est chose faite.<\/span><\/p>\n<p><span style=\"font-size: 12pt;\">Le square est enfin s\u00e9curis\u00e9. Les parents du quartier&nbsp; pourront laisser jouer les enfants en toute s\u00e9r\u00e9nit\u00e9.<\/span><\/p>\n<\/div>\n<p class=\"postmetadata\">&nbsp;<\/p>\n<\/div>\n<div class=\"post-1453 post hentry category-divers tag-le-parc-de-saint-maur tag-place-des-marronniers tag-police-municipale tag-stationnement\">\n<h3><span style=\"font-size: 12pt;\">&nbsp;<\/span><\/h3>\n<h3 id=\"post-1453\"><span style=\"color: #0000ff; font-size: 18pt;\">Bienvenue\u2026<\/span><\/h3>\n<p><small>S<span style=\"font-size: 10pt;\">amedi 2 f\u00e9vrier 2013<\/span><\/small><\/p>\n<div class=\"entry\">\n<div id=\"attachment_1454\" class=\"wp-caption alignleft\">\n<p><img loading=\"lazy\" decoding=\"async\" class=\"size-medium wp-image-1454\" title=\"Poste Annexe de la PM\" src=\"https:\/\/leparcstmaur.org\/wp-content\/uploads\/2013\/02\/PM-annexe-1-Large-300x225.jpg\" alt=\"Poste Annexe\" width=\"300\" height=\"225\">Poste Annexe<\/p>\n<\/div>\n<p><span style=\"font-size: 12pt;\">Bienvenue \u00e0 la nouvelle annexe mobile de la Police Municipale.<\/span><br \/>\n<span style=\"font-size: 12pt;\"> Elle s\u2019installera les mardi et vendredi, jours de march\u00e9 sur la place des Marronniers et sera \u00e0 la disposition des Saint-Mauriens.<\/span><br \/>\n<span style=\"font-size: 12pt;\"> L\u2019\u00e9quipe est \u00e9galement joignable directement au 06.08.06.46.12.<\/span><img loading=\"lazy\" decoding=\"async\" class=\"alignright size-medium wp-image-1455\" title=\"Police Municipale Annexe\" src=\"https:\/\/leparcstmaur.org\/wp-content\/uploads\/2013\/02\/PM-annexe-2-Large-300x225.jpg\" alt=\"Police Municipale Annexe\" width=\"300\" height=\"225\"><\/p>\n<\/div>\n<\/div>\n<p>&nbsp;<\/p>\n<p>&nbsp;<\/p>\n<p>&nbsp;<\/p>\n<p>&nbsp;<\/p>\n<p>&nbsp;<\/p>\n<p>&nbsp;<\/p>\n<p style=\"text-align: center;\"><span style=\"color: #0000ff; font-size: 18pt;\">Janvier 2013<\/span><\/p>\n<h3 id=\"post-1406\"><span style=\"color: #0000ff; font-size: 18pt;\">Place des Marronniers : Projet du Comit\u00e9 de Quartier\u2026<\/span><\/h3>\n<p><span style=\"font-size: 10pt;\"><small>Mardi 22 janvier 2013<\/small><\/span><\/p>\n<div class=\"entry\">\n<div id=\"attachment_1422\" class=\"wp-caption alignleft\">\n<p><img loading=\"lazy\" decoding=\"async\" class=\"size-medium wp-image-1422 \" title=\"Projet Municipal\" src=\"https:\/\/leparcstmaur.org\/wp-content\/uploads\/2013\/01\/2012-12-11-11.39.15-225x300.jpg\" alt=\"Esquisse d'am\u00e9nagement (Projet Mairie)\" width=\"225\" height=\"300\">Esquisse d&rsquo;am\u00e9nagement (Projet Mairie)<\/p>\n<\/div>\n<p><span style=\"font-size: 12pt;\">Depuis quelques temps, au d\u00e9bouch\u00e9 de l\u2019avenue M\u00e9dicis, sur la place des Marronniers, un panneau pr\u00e9sente l\u2019esquisse du projet pr\u00e9par\u00e9 par le bureau d\u2019\u00e9tudes de la Municipalit\u00e9.<\/span><\/p>\n<p><span style=\"font-size: 12pt;\">Suite \u00e0 la pr\u00e9sentation par les services de la Mairie du projet d\u2019am\u00e9nagement lors de notre Assembl\u00e9e g\u00e9n\u00e9rale, nous avons repris les bases et apport\u00e9 quelques modifications.<\/span><\/p>\n<p><span style=\"font-size: 12pt;\">Nous sommes partis du constat suivant :<\/span><\/p>\n<p><span style=\"font-size: 12pt;\">&#8211; Les jours de march\u00e9, le stationnement est difficile.<\/span><br \/>\n<span style=\"font-size: 12pt;\"> &#8211; Les autres jours, il n\u2019y a pas de probl\u00e8me de stationnement.<\/span><br \/>\n<span style=\"font-size: 12pt;\"> &#8211; Les jours de march\u00e9, certains commer\u00e7ants ne jouent pas le jeu et stationnent leur camion trop pr\u00e8s du march\u00e9.<\/span><br \/>\n<span style=\"font-size: 12pt;\"> &#8211; Un am\u00e9nagement est n\u00e9cessaire.<\/span><br \/>\n<span style=\"font-size: 12pt;\"> &#8211; Le parking provisoire install\u00e9 en f\u00e9vrier 2012 a cr\u00e9\u00e9 un appel au stationnement important.<\/span><br \/>\n<span style=\"font-size: 12pt;\"> &#8211; Les riverains et usagers se sont mobilis\u00e9s massivement contre cet am\u00e9nagement annonc\u00e9 comme provisoire.<\/span><br \/>\n<span style=\"font-size: 12pt;\"> &#8211; De nombreuses voitures ventouses stationnent sur la place.<\/span><br \/>\n<span style=\"font-size: 12pt;\"> &#8211; Le parking du March\u00e9 est rempli en permanence, entre autres, d\u2019ambulances et de voitures accident\u00e9es.<\/span><\/p>\n<p><span style=\"font-size: 12pt;\">Apr\u00e8s de nombreuses discussions avec les habitants et suite \u00e0 nos propres observations, nous en sommes arriv\u00e9s aux conclusions suivantes :<\/span><\/p>\n<p><span style=\"font-size: 12pt;\">&#8211; La pr\u00e9sence de la Police Municipale est indispensable pour, notamment, conserver la fluidit\u00e9 de circulation au d\u00e9bouch\u00e9 de l\u2019avenue des Marronniers.<\/span><br \/>\n<span style=\"font-size: 12pt;\"> &#8211; Il faut imp\u00e9rativement g\u00e9rer de mani\u00e8re plus efficace le stationnement autour de cette place.<\/span><br \/>\n<span style=\"font-size: 12pt;\"> &#8211; Il faut rendre au parking du March\u00e9, sa vocation et faire en sorte de lib\u00e9rer cet espace les jours de march\u00e9 pour que les clients des commer\u00e7ants trouvent \u00e0 se garer.<\/span><br \/>\n<span style=\"font-size: 12pt;\"> &#8211; Il faut faire en sorte que les commer\u00e7ants garent leur camion ou leur camionnette (sp\u00e9cialement les volants) \u00e0 l\u2019\u00e9cart du march\u00e9.<\/span><br \/>\n<span style=\"font-size: 12pt;\"> &#8211; Il faut une chasse efficace aux voitures ventouses (y compris les camping-cars install\u00e9s \u00e0 demeure).<\/span><br \/>\n<span style=\"font-size: 12pt;\"> &#8211; Il faut faire respecter la r\u00e8glementation en mati\u00e8re de stationnement de poids lourds hors jours de march\u00e9.<\/span><\/p>\n<div id=\"attachment_1409\" class=\"wp-caption aligncenter\" style=\"width: 471px;\">\n<p><a title=\"Projet du Comit\u00e9 de Quartier du Parc de Saint Maur\" href=\"https:\/\/leparcstmaur.org\/wp-content\/uploads\/2013\/01\/Place-des-Marronniers-12-2012-custom.jpg\" target=\"_blank\" rel=\"noopener\"><img loading=\"lazy\" decoding=\"async\" class=\" wp-image-1409 \" title=\"Place des Marronniers-avenue Medicis\" src=\"https:\/\/leparcstmaur.org\/wp-content\/uploads\/2013\/01\/Place-des-Marronniers-12-2012-Large-300x160.jpg\" alt=\"Projet du Comit\u00e9 de Quartier du Parc de Saint Maur\" width=\"471\" height=\"251\"><\/a>Projet du Comit\u00e9 de Quartier du Parc de Saint Maur<\/p>\n<\/div>\n<p><span style=\"font-size: 12pt;\">Nos propositions :<\/span><\/p>\n<ol>\n<li><span style=\"font-size: 12pt;\">Nous proposons qu\u2019une r\u00e8glementation soit cr\u00e9\u00e9e pour le parking du March\u00e9 : qu\u2019il soit&nbsp; lib\u00e9r\u00e9 les veilles de march\u00e9 (cr\u00e9ation d\u2019une barri\u00e8re qui se baisserait \u00e0 2 h du matin ?) et mis en zone bleue les matin\u00e9es de march\u00e9.<\/span><\/li>\n<li><span style=\"font-size: 12pt;\">Cela devra s\u2019accompagner, \u00ab&nbsp;apr\u00e8s une p\u00e9riode d\u2019\u00e9ducation&nbsp;\u00bb d\u2019une v\u00e9ritable volont\u00e9 de faire appliquer cette r\u00e8glementation par le passage r\u00e9gulier de la police municipale (qui pourrait se partager entre la surveillance de la circulation c\u00f4t\u00e9 march\u00e9 et le contr\u00f4le de la zone bleue).<\/span><\/li>\n<li><span style=\"font-size: 12pt;\">22 places ayant d\u00e9j\u00e0 \u00e9t\u00e9 cr\u00e9\u00e9es de fa\u00e7on formelle le long du march\u00e9, les 20 nouvelles places de notre proposition seraient suffisantes et porteraient \u00e0 42 le nombre de places suppl\u00e9mentaires cr\u00e9\u00e9es&nbsp; par l\u2019am\u00e9nagement global.<\/span><\/li>\n<li><span style=\"font-size: 12pt;\">Nous proposons l\u2019agrandissement du square face \u00e0 la pharmacie.<\/span><\/li>\n<li><span style=\"font-size: 12pt;\">Le nouvel espace propose un espace de jeux familial (tables de ping-pong), un espace de d\u00e9tente autour d\u2019une fontaine (peut \u00eatre \u00e0 pr\u00e9voir mais \u00e0 r\u00e9aliser dans le temps) et un espace&nbsp; \u00ab&nbsp;bouliste&nbsp;\u00bb qui compensera la perte occasionn\u00e9e par l\u2019agrandissement du square.<\/span><\/li>\n<li><span style=\"font-size: 12pt;\">Vous pouvez \u00e9galement trouver sur notre site https:\/\/leparcstmaur.org\/?p=1358 une id\u00e9e d\u2019am\u00e9nagement des espaces verts.<\/span><\/li>\n<\/ol>\n<p><span style=\"font-size: 12pt;\">Des habitations se construisent int\u00e9grant des parkings, des familles s\u2019installent.<\/span><br \/>\n<span style=\"font-size: 12pt;\"> L\u2019humain est \u00e0 privil\u00e9gier et non la voiture !<\/span><\/p>\n<p><span style=\"font-size: 12pt;\">Respectons notre cadre de vie !<\/span><\/p>\n<p>&nbsp;<\/p>\n<ul>\n<li id=\"comment-2196\" class=\"comment even thread-even depth-1\">\n<div id=\"div-comment-2196\" class=\"comment-body\">\n<div class=\"comment-author vcard\"><span style=\"font-size: 10pt;\"><cite class=\"fn\">fraleg<\/cite> <span class=\"says\">dit&nbsp;:<\/span><\/span><\/div>\n<div class=\"comment-meta commentmetadata\"><span style=\"font-size: 10pt;\">22 janvier 2013 \u00e0 22 h 12 min<\/span><\/div>\n<p><span style=\"font-size: 10pt;\">nous sommes malheureusement oblig\u00e9s de faire cohabiter les voitures et les espaces verts ! Si notre march\u00e9 doit continuer \u00e0 \u00ab&nbsp;vivre&nbsp;\u00bb partageons l\u2019espace et ne soyons pas \u00e9go\u00efstes : une belle place et de l\u2019activit\u00e9 !<\/span><\/p>\n<div class=\"reply\"><span style=\"font-size: 10pt;\">&nbsp;<\/span><\/div>\n<\/div>\n<\/li>\n<li id=\"comment-2197\" class=\"comment byuser comment-author-admin bypostauthor odd alt thread-odd thread-alt depth-1\">\n<div id=\"div-comment-2197\" class=\"comment-body\">\n<div class=\"comment-author vcard\"><span style=\"font-size: 10pt;\"><img loading=\"lazy\" decoding=\"async\" class=\"avatar avatar-32 photo\" src=\"http:\/\/www.gravatar.com\/avatar\/238ea6b3d949303196d1b65dea1f7219?s=32&amp;d=http%3A%2F%2Fwww.gravatar.com%2Favatar%2Fad516503a11cd5ca435acc9bb6523536%3Fs%3D32&amp;r=G\" alt=\"\" width=\"32\" height=\"32\"> <cite class=\"fn\">admin<\/cite> <span class=\"says\">dit&nbsp;:<\/span><\/span><\/div>\n<div class=\"comment-meta commentmetadata\"><span style=\"font-size: 10pt;\">22 janvier 2013 \u00e0 22 h 52 min<\/span><\/div>\n<p><span style=\"font-size: 10pt;\">C\u2019est bien la raison pour laquelle nous demandons et proposons des solutions pour, avant tout, une meilleure gestion de l\u2019offre de stationnement existant.<\/span><\/p>\n<p><span style=\"font-size: 10pt;\">On a vu avec le parking provisoire que les difficult\u00e9s de stationnement perduraient les jours de march\u00e9.<\/span><br \/>\n<span style=\"font-size: 10pt;\"> Pourquoi ? Parce qu\u2019il cr\u00e9ait un appel au stationnement important.<\/span><br \/>\n<span style=\"font-size: 10pt;\"> La place des Marronniers n\u2019a pas vocation \u00e0 devenir un parking \u00ab&nbsp;longue dur\u00e9e&nbsp;\u00bb.<\/span><br \/>\n<span style=\"font-size: 10pt;\"> Dans notre projet : 20 places de stationnement cr\u00e9\u00e9es \u00e0 l\u2019emplacement du \u00ab&nbsp;rond M\u00e9dicis&nbsp;\u00bb,<\/span><br \/>\n<span style=\"font-size: 10pt;\"> 22 places de stationnement en bataille d\u00e9j\u00e0 cr\u00e9\u00e9es le long du march\u00e9.<\/span><br \/>\n<span style=\"font-size: 10pt;\"> Cela fait 42 places de stationnement suppl\u00e9mentaires par rapport \u00e0 ce qui existait auparavant.<\/span><br \/>\n<span style=\"font-size: 10pt;\"> Ajoutons \u00e0 cela un parking v\u00e9ritablement lib\u00e9r\u00e9 les jours de march\u00e9 pour accueillir les clients et le march\u00e9 pourra continuer \u00e0 vivre pour le plaisir de tous.<\/span><\/p>\n<div class=\"reply\"><span style=\"font-size: 10pt;\">&nbsp;<\/span><\/div>\n<\/div>\n<\/li>\n<li id=\"comment-2541\" class=\"comment even thread-even depth-1\">\n<div id=\"div-comment-2541\" class=\"comment-body\">\n<div class=\"comment-author vcard\"><span style=\"font-size: 10pt;\"><img loading=\"lazy\" decoding=\"async\" class=\"avatar avatar-32 photo\" src=\"http:\/\/www.gravatar.com\/avatar\/3b527623e7cf4f18a00f6363100b6bd7?s=32&amp;d=http%3A%2F%2Fwww.gravatar.com%2Favatar%2Fad516503a11cd5ca435acc9bb6523536%3Fs%3D32&amp;r=G\" alt=\"\" width=\"32\" height=\"32\"> <cite class=\"fn\">RIVERAIN<\/cite> <span class=\"says\">dit&nbsp;:<\/span><\/span><\/div>\n<div class=\"comment-meta commentmetadata\"><span style=\"font-size: 10pt;\">27 avril 2013 \u00e0 20 h 20 min<\/span><\/div>\n<p><span style=\"font-size: 10pt;\">Je suis riveraine et demeure dans un immeuble collectif et poss\u00e8de un v\u00e9hicule et bien depuis toutes ces histoires de stationnement j ai bien du mal a me garer .Il y a de plus en plus de v\u00e9hicules et de plus je suis handicap\u00e9e .Dois -je d\u00e9m\u00e9nager? Je pr\u00e9cise que mon appartement est dans de l ancien et ne disposons pas de place.Il faudrait penser aux r\u00e9sidents cordialement.<\/span><\/p>\n<\/div>\n<\/li>\n<\/ul>\n<p>&nbsp;<\/p>\n<\/div>\n","protected":false},"excerpt":{"rendered":"<p>Novembre 2013 Familles \u00e0 Energie Positive Mercredi 20 novembre 2013 Cette ann\u00e9e nous avons d\u00e9cid\u00e9 de participer \u00e0 la deuxi\u00e8me \u00e9dition du concours Familles \u00e0 \u00c9nergie Positive (http:\/\/saint-maur-des-fosses.familles-a-energie-positive.fr\/). L\u2019\u00e9quipe est form\u00e9e ! Elle est constitu\u00e9e d\u2019adh\u00e9rents du Comit\u00e9 de Quartier et d\u2019une famille habitant le Parc. Il est temps maintenant &hellip;<\/p>\n","protected":false},"author":1,"featured_media":0,"parent":30,"menu_order":0,"comment_status":"closed","ping_status":"closed","template":"","meta":{"ngg_post_thumbnail":0,"footnotes":""},"class_list":["post-91","page","type-page","status-publish","hentry"],"_links":{"self":[{"href":"https:\/\/leparcstmaur.org\/index.php?rest_route=\/wp\/v2\/pages\/91","targetHints":{"allow":["GET"]}}],"collection":[{"href":"https:\/\/leparcstmaur.org\/index.php?rest_route=\/wp\/v2\/pages"}],"about":[{"href":"https:\/\/leparcstmaur.org\/index.php?rest_route=\/wp\/v2\/types\/page"}],"author":[{"embeddable":true,"href":"https:\/\/leparcstmaur.org\/index.php?rest_route=\/wp\/v2\/users\/1"}],"replies":[{"embeddable":true,"href":"https:\/\/leparcstmaur.org\/index.php?rest_route=%2Fwp%2Fv2%2Fcomments&post=91"}],"version-history":[{"count":22,"href":"https:\/\/leparcstmaur.org\/index.php?rest_route=\/wp\/v2\/pages\/91\/revisions"}],"predecessor-version":[{"id":418,"href":"https:\/\/leparcstmaur.org\/index.php?rest_route=\/wp\/v2\/pages\/91\/revisions\/418"}],"up":[{"embeddable":true,"href":"https:\/\/leparcstmaur.org\/index.php?rest_route=\/wp\/v2\/pages\/30"}],"wp:attachment":[{"href":"https:\/\/leparcstmaur.org\/index.php?rest_route=%2Fwp%2Fv2%2Fmedia&parent=91"}],"curies":[{"name":"wp","href":"https:\/\/api.w.org\/{rel}","templated":true}]}}