{"id":86,"date":"2018-03-07T16:00:45","date_gmt":"2018-03-07T16:00:45","guid":{"rendered":"http:\/\/xn--comitdequartierdupar-f2b.apps-1and1.net\/?page_id=86"},"modified":"2021-05-05T16:31:42","modified_gmt":"2021-05-05T16:31:42","slug":"86-2","status":"publish","type":"page","link":"https:\/\/leparcstmaur.org\/?page_id=86","title":{"rendered":"Archives 2012"},"content":{"rendered":"<p style=\"text-align: center;\"><span style=\"color: #0000ff; font-size: 18pt;\">D\u00e9cembre 2012<\/span><\/p>\n<div class=\"post-1400 post hentry category-divers tag-comite-de-quartier tag-le-parc-de-saint-maur tag-saint-maur\">\n<h3 id=\"post-1400\"><span style=\"color: #0000ff;\">Bonne Ann\u00e9e 2013<\/span><\/h3>\n<p><small>Lundi 31 d\u00e9cembre 2012<\/small><\/p>\n<div class=\"entry\">\n<p><img loading=\"lazy\" decoding=\"async\" class=\"size-medium wp-image-1401 aligncenter\" title=\"Voeux 2013\" src=\"https:\/\/leparcstmaur.org\/wp-content\/uploads\/2012\/12\/Voeux-2013-300x200.jpg\" alt=\"Voeux 2013\" width=\"300\" height=\"200\"><\/p>\n<\/div>\n<\/div>\n<div class=\"post-1389 post hentry category-manifestations tag-comite-de-quartier tag-le-parc-de-saint-maur tag-noel tag-place-des-marronniers tag-spectacle tag-train\">\n<h3 id=\"post-1389\"><span style=\"color: #0000ff;\">Vin chaud de No\u00ebl<\/span><\/h3>\n<p><small>Dimanche 16 d\u00e9cembre 2012<\/small><\/p>\n<div class=\"entry\">\n<p><img loading=\"lazy\" decoding=\"async\" class=\"alignleft size-medium wp-image-1390\" title=\"Vin chaud\" src=\"https:\/\/leparcstmaur.org\/wp-content\/uploads\/2012\/12\/2012-12-15-15.27.14-Large-300x225.jpg\" alt=\"Vin chaud\" width=\"300\" height=\"225\"><\/p>\n<p>D\u00e8s 14h, nous \u00e9tions pr\u00eats, stand d\u00e9cor\u00e9, vin en chauffe en attendant les premiers voyageurs du petit train de No\u00ebl.<br \/>\nLe temps \u00e9tait doux, le soleil pr\u00e9sent.<br \/>\nNous avons r\u00e9chauff\u00e9 les c\u0153urs jusqu\u2019\u00e0 l\u2019heure du spectacle.<\/p>\n<p>Notre vin a rencontr\u00e9 un vif succ\u00e8s et les casseroles \u00e9taient vides \u00e0 17h15, nous permettant de profiter du spectacle \u00ab&nbsp;son et lumi\u00e8re&nbsp;\u00bb offert par la Mairie.<\/p>\n<p><img loading=\"lazy\" decoding=\"async\" class=\"size-medium wp-image-1391 aligncenter\" title=\"Feux d'artifices\" src=\"https:\/\/leparcstmaur.org\/wp-content\/uploads\/2012\/12\/2012-12-15-17.21.26-Large-225x300.jpg\" alt=\"2012-12-15 17.21.26 (Large)\" width=\"225\" height=\"300\"><\/p>\n<\/div>\n<\/div>\n<div class=\"post-1381 post hentry category-evenements category-manifestations tag-comite-de-quartier tag-le-parc tag-le-parc-de-saint-maur tag-noel tag-petit-train tag-place-des-marronniers tag-vin-chaud\">\n<h3 id=\"post-1381\"><span style=\"color: #0000ff;\">Le Vin chaud Du Comit\u00e9<\/span><\/h3>\n<p><small>Mercredi 12 d\u00e9cembre 2012<\/small><\/p>\n<div class=\"entry\">\n<p>Saint Maur f\u00eate No\u00ebl sur la place des marronniers ce samedi 15 d\u00e9cembre 2012.<\/p>\n<p>A cette occasion, le Comit\u00e9 de Quartier du Parc de Saint Maur vous offrira le vin chaud \u00e0 partir de 15h.<\/p>\n<p>Venez nombreux vous r\u00e9chauffer en attendant le spectacle son et lumi\u00e8re&nbsp; propos\u00e9 par la ville \u00e0 17h.<\/p>\n<p><img loading=\"lazy\" decoding=\"async\" class=\"aligncenter size-full wp-image-1382\" title=\"Vin chaud (Large)\" src=\"https:\/\/leparcstmaur.org\/wp-content\/uploads\/2012\/12\/Vin-chaud-Large.jpg\" alt=\"Vin chaud (Large)\" width=\"538\" height=\"768\"><\/p>\n<\/div>\n<\/div>\n<div class=\"post-1375 post hentry category-evenements tag-brossolette tag-centre-sportif tag-comite-de-quartier tag-le-parc-de-saint-maur tag-mobilisation tag-telethon\">\n<h3 id=\"post-1375\"><span style=\"color: #0000ff;\">Brossolette : Soir\u00e9e sportive pour le T\u00e9l\u00e9thon<\/span><\/h3>\n<p><small>Jeudi 6 d\u00e9cembre 2012<\/small><\/p>\n<div class=\"entry\">\n<p style=\"text-align: center;\"><img loading=\"lazy\" decoding=\"async\" class=\"aligncenter size-large wp-image-1376\" title=\"T\u00e9l\u00e9thon 2012 \u00e0 Brossolette\" src=\"https:\/\/leparcstmaur.org\/wp-content\/uploads\/2012\/12\/2012tlthon-723x1024.jpg\" alt=\"T\u00e9l\u00e9thon 2012 \u00e0 Brossolette\" width=\"723\" height=\"1024\"><span style=\"color: #ff0000; font-size: 18pt;\">Novembre 2012<\/span><\/p>\n<\/div>\n<\/div>\n<div class=\"post-1358 post hentry category-divers tag-amenagement tag-comite-de-quartier tag-incroyables-comestibles tag-le-parc tag-le-parc-de-saint-maur tag-medicis tag-parking tag-place-des-marronniers tag-pommiers tag-stationnement\">\n<h3 id=\"post-1358\"><span style=\"color: #0000ff;\">Et pourquoi pas ?<\/span><\/h3>\n<p><small>Mercredi 21 novembre 2012<\/small><\/p>\n<div class=\"entry\">\n<p>C\u2019est un courrier re\u00e7u qui interpelle en cette p\u00e9riode d\u2019am\u00e9nagement de notre place des Marronniers.<\/p>\n<p><img loading=\"lazy\" decoding=\"async\" class=\"alignleft size-full wp-image-1363\" title=\"Pommier\" src=\"https:\/\/leparcstmaur.org\/wp-content\/uploads\/2012\/11\/Pommier2.jpg\" alt=\"Pommier\" width=\"183\" height=\"267\">\u00ab&nbsp;Et pourquoi pas des pommiers place des Marronniers ?<br \/>\nUn printemps fleuri,<br \/>\nUn automne aux bons fruits&nbsp;\u00bb<\/p>\n<p>Cette id\u00e9e peut faire son chemin. Les Marronniers sont malades, les sapins heurtent les yeux de certains\u2026 Il faut, peut \u00eatre, r\u00e9fl\u00e9chir \u00e0 d\u2019autres alternatives pour \u00ab&nbsp;l\u2019espace M\u00e9dicis&nbsp;\u00bb \u00e0 venir.<\/p>\n<p>Des fruitiers, des arbres \u00e0 feuilles persistantes pour garder un aspect vert l\u2019hiver, des jardini\u00e8res de plantes aromatiques\u2026<br \/>\nIl y a de l\u2019id\u00e9e dans le mouvement des Incroyables Comestibles (&nbsp;\u00bbSi vous prenez une bordure de gazon qui servait de poubelle et de toilettes pour chien et que vous le transformez en un endroit plein d\u2019herbes et d\u2019arbres fruitiers, les gens n\u2019iront pas le vandaliser.&nbsp; Je crois que la notion de ne pas faire de d\u00e9g\u00e2ts \u00e0 la nourriture est solidement implant\u00e9e&nbsp;\u00bb Pam Warhurst) !<\/p>\n<p>S\u00e9duisant ?<\/p>\n<p>Qu\u2019en pensez vous ?<\/p>\n<p>Donnez nous votre avis !<\/p>\n<\/div>\n<p class=\"postmetadata\">&nbsp;<\/p>\n<ul>\n<li id=\"comment-1962\" class=\"comment even thread-even depth-1\">\n<div id=\"div-comment-1962\" class=\"comment-body\">\n<div class=\"comment-author vcard\"><cite class=\"fn\"><span style=\"font-size: 8pt;\">VAN DER GOOT<\/span><\/cite><span class=\"says\" style=\"font-size: 8pt;\"> dit&nbsp;:<\/span><\/div>\n<div class=\"comment-meta commentmetadata\"><span style=\"font-size: 8pt;\">21 novembre 2012 \u00e0 17 h 18 min<\/span><\/div>\n<p><span style=\"font-size: 8pt;\">C\u2019est une bien jolie id\u00e9e ! Et puis on pourrait faire tout plein de tartes aux pommes ! Mais cela demandera \u00e0 enti\u00e8rement revoir la conception de la place. Nous ne sommes pas \u00e0 Cupertino, au nouveau si\u00e8ge d\u2019Apple, noy\u00e9 dans les abricotiers. Puis il y a la question de l\u2019\u00e9chelle par rapport \u00e0 l\u2019usage. (Jouer \u00e0 la p\u00e9tanque \u00e0 l\u2019ombre des pommiers ?)<\/span><\/p>\n<p><span style=\"font-size: 8pt;\">http:\/\/jenare.com\/fr\/futur-apple-campus<\/span><\/p>\n<p><span style=\"font-size: 8pt;\">P.S 1 : qu\u2019est-ce que l\u2019espace M\u00e9dicis ?<\/span><\/p>\n<p><span style=\"font-size: 8pt;\">P.S 2 : quand proposerez-vous la derni\u00e8re mouture du projet d\u2019am\u00e9nagement de la place ?<\/span><\/p>\n<div class=\"reply\"><span style=\"font-size: 8pt;\">&nbsp;<\/span><\/div>\n<\/div>\n<\/li>\n<li id=\"comment-1963\" class=\"comment byuser comment-author-admin bypostauthor odd alt thread-odd thread-alt depth-1\">\n<div id=\"div-comment-1963\" class=\"comment-body\">\n<div class=\"comment-author vcard\"><span style=\"font-size: 8pt;\"><img loading=\"lazy\" decoding=\"async\" class=\"avatar avatar-32 photo\" src=\"http:\/\/www.gravatar.com\/avatar\/238ea6b3d949303196d1b65dea1f7219?s=32&amp;d=http%3A%2F%2Fwww.gravatar.com%2Favatar%2Fad516503a11cd5ca435acc9bb6523536%3Fs%3D32&amp;r=G\" alt=\"\" width=\"32\" height=\"32\"> <cite class=\"fn\">admin<\/cite> <span class=\"says\">dit&nbsp;:<\/span><\/span><\/div>\n<div class=\"comment-meta commentmetadata\"><span style=\"font-size: 8pt;\">21 novembre 2012 \u00e0 17 h 49 min<\/span><\/div>\n<p><span style=\"font-size: 8pt;\">Ce que nous appelons \u00ab&nbsp;l\u2019espace Medicis&nbsp;\u00bb c\u2019est cet espace au d\u00e9bouch\u00e9 de l\u2019avenue M\u00e9dicis. La future zone \u00e0 am\u00e9nager.<\/span><\/p>\n<p><span style=\"font-size: 8pt;\">Un projet non encore d\u00e9finitif a \u00e9t\u00e9 pr\u00e9sent\u00e9 par les diff\u00e9rents services (Bureau d\u2019\u00e9tudes, espaces verts et services techniques) lors de l\u2019assembl\u00e9e g\u00e9n\u00e9rale de notre comit\u00e9 \u00e0 la mi-octobre.<\/span><\/p>\n<p><span style=\"font-size: 8pt;\">Le Comit\u00e9 de Quartier travaille, \u00e0 partir du plan qui nous a \u00e9t\u00e9 donn\u00e9, pour proposer une variante moins charg\u00e9e en stationnement.<\/span><br \/>\n<span style=\"font-size: 8pt;\"> Nous y int\u00e9grons effectivement un espace pour la p\u00e9tanque. Ce qui permet de proposer un agrandissement du square en face de la pharmacie.<\/span><br \/>\n<span style=\"font-size: 8pt;\"> Pourquoi ne pas y installer deux ou trois tables de ping-pong comme derri\u00e8re Brossolette. Et au centre une fontaine comme celle de Champignol !<\/span><\/p>\n<p><span style=\"font-size: 8pt;\">Nous insistons \u00e9galement sur le fait qu\u2019avant de densifier le stationnement il faut aller vers une meilleure gestion du parc de stationnement actuel !<\/span><br \/>\n<span style=\"font-size: 8pt;\"> Notamment, faire en sorte que le parking du march\u00e9 soit lib\u00e9r\u00e9 les jours de march\u00e9 afin que les clients trouvent \u00e0 se garer sans trop de difficult\u00e9.<\/span><br \/>\n<span style=\"font-size: 8pt;\"> Il faut \u00e9galement lutter contre le stationnement longue dur\u00e9e.<\/span><\/p>\n<p><span style=\"font-size: 8pt;\">Il faut redonner de la vie \u00e0 cette place qui se noie de plus en plus dans un flot de voitures !<\/span><\/p>\n<div class=\"reply\"><span style=\"font-size: 8pt;\">&nbsp;<\/span><\/div>\n<\/div>\n<\/li>\n<li id=\"comment-1964\" class=\"comment even thread-even depth-1\">\n<div id=\"div-comment-1964\" class=\"comment-body\">\n<div class=\"comment-author vcard\"><span style=\"font-size: 8pt;\"><img loading=\"lazy\" decoding=\"async\" class=\"avatar avatar-32 photo\" src=\"http:\/\/www.gravatar.com\/avatar\/c6a36d7de40099bd162e36b0b7ea9608?s=32&amp;d=http%3A%2F%2Fwww.gravatar.com%2Favatar%2Fad516503a11cd5ca435acc9bb6523536%3Fs%3D32&amp;r=G\" alt=\"\" width=\"32\" height=\"32\"> <cite class=\"fn\">VAN DER GOOT<\/cite> <span class=\"says\">dit&nbsp;:<\/span><\/span><\/div>\n<div class=\"comment-meta commentmetadata\"><span style=\"font-size: 8pt;\">21 novembre 2012 \u00e0 18 h 23 min<\/span><\/div>\n<p><span style=\"font-size: 8pt;\">Vous avez mes coordonn\u00e9es si vous souhaitez en discuter. Au plaisir !<\/span><\/p>\n<div class=\"reply\"><span style=\"font-size: 8pt;\">&nbsp;<\/span><\/div>\n<\/div>\n<\/li>\n<li id=\"comment-1965\" class=\"comment odd alt thread-odd thread-alt depth-1\">\n<div id=\"div-comment-1965\" class=\"comment-body\">\n<div class=\"comment-author vcard\"><span style=\"font-size: 8pt;\"><img loading=\"lazy\" decoding=\"async\" class=\"avatar avatar-32 photo\" src=\"http:\/\/www.gravatar.com\/avatar\/3758b6ed36bcbdc0184d70bbcb28de19?s=32&amp;d=http%3A%2F%2Fwww.gravatar.com%2Favatar%2Fad516503a11cd5ca435acc9bb6523536%3Fs%3D32&amp;r=G\" alt=\"\" width=\"32\" height=\"32\"> <cite class=\"fn\">Le Chat<\/cite> <span class=\"says\">dit&nbsp;:<\/span><\/span><\/div>\n<div class=\"comment-meta commentmetadata\"><span style=\"font-size: 8pt;\">21 novembre 2012 \u00e0 19 h 40 min<\/span><\/div>\n<p><span style=\"font-size: 8pt;\">Je vote POUR !!!<\/span><\/p>\n<p><span style=\"font-size: 8pt;\">Quelle bonne id\u00e9e, il est s\u00fbr que les gens iront moins \u00ab&nbsp;cochonner&nbsp;\u00bb des fruitiers !<\/span><br \/>\n<span style=\"font-size: 8pt;\"> <img decoding=\"async\" class=\"wp-smiley\" src=\"https:\/\/leparcstmaur.org\/wp-includes\/images\/smilies\/icon_smile.gif\" alt=\":)\"><\/span><\/p>\n<div class=\"reply\"><span style=\"font-size: 8pt;\">&nbsp;<\/span><\/div>\n<\/div>\n<\/li>\n<li id=\"comment-1966\" class=\"comment even thread-even depth-1\">\n<div id=\"div-comment-1966\" class=\"comment-body\">\n<div class=\"comment-author vcard\"><span style=\"font-size: 8pt;\"><img loading=\"lazy\" decoding=\"async\" class=\"avatar avatar-32 photo\" src=\"http:\/\/www.gravatar.com\/avatar\/9c0770f8241ab9409b7b5faf61e8a1aa?s=32&amp;d=http%3A%2F%2Fwww.gravatar.com%2Favatar%2Fad516503a11cd5ca435acc9bb6523536%3Fs%3D32&amp;r=G\" alt=\"\" width=\"32\" height=\"32\"> <cite class=\"fn\">Riverain<\/cite> <span class=\"says\">dit&nbsp;:<\/span><\/span><\/div>\n<div class=\"comment-meta commentmetadata\"><span style=\"font-size: 8pt;\">21 novembre 2012 \u00e0 20 h 23 min<\/span><\/div>\n<p><span style=\"font-size: 8pt;\">Excellent !<\/span><\/p>\n<p><span style=\"font-size: 8pt;\">Il existe d\u00e9sormais des vari\u00e9t\u00e9s r\u00e9sistantes \u00e0 la tavelure notamment : quasi absence de soins.<\/span><\/p>\n<p><span style=\"font-size: 8pt;\">Certaines vari\u00e9t\u00e9s en sus ont une floraison qui n\u2019a rien \u00e0 envier aux cerisiers du Japon.<\/span><br \/>\n<span style=\"font-size: 8pt;\"> Ces pommiers seraient joindre l\u2019utile \u00e0 l\u2019agr\u00e9able.<\/span><\/p>\n<div class=\"reply\"><span style=\"font-size: 8pt;\">&nbsp;<\/span><\/div>\n<\/div>\n<\/li>\n<li id=\"comment-1967\" class=\"comment odd alt thread-odd thread-alt depth-1\">\n<div id=\"div-comment-1967\" class=\"comment-body\">\n<div class=\"comment-author vcard\"><span style=\"font-size: 8pt;\"><img loading=\"lazy\" decoding=\"async\" class=\"avatar avatar-32 photo\" src=\"http:\/\/www.gravatar.com\/avatar\/a3d08d34b31d69963dbc39a280e689cb?s=32&amp;d=http%3A%2F%2Fwww.gravatar.com%2Favatar%2Fad516503a11cd5ca435acc9bb6523536%3Fs%3D32&amp;r=G\" alt=\"\" width=\"32\" height=\"32\"> <cite class=\"fn\">fraleg<\/cite> <span class=\"says\">dit&nbsp;:<\/span><\/span><\/div>\n<div class=\"comment-meta commentmetadata\"><span style=\"font-size: 8pt;\">21 novembre 2012 \u00e0 22 h 27 min<\/span><\/div>\n<p><span style=\"font-size: 8pt;\">Et pourquoi pas des jardins \u00ab&nbsp;communaux&nbsp;\u00bb ou chacun pourrait cultiver ce que bon lui semble ! Un lieu de convivialit\u00e9 o\u00f9 l\u2019on se retrouve entre voisins \u2026<\/span><br \/>\n<span style=\"font-size: 8pt;\"> On fera repousser de la vigne, et on boira \u00e0 la sant\u00e9 de la crise !<\/span><\/p>\n<div class=\"reply\"><span style=\"font-size: 8pt;\">&nbsp;<\/span><\/div>\n<\/div>\n<\/li>\n<li id=\"comment-1971\" class=\"comment byuser comment-author-admin bypostauthor even thread-even depth-1\">\n<div id=\"div-comment-1971\" class=\"comment-body\">\n<div class=\"comment-author vcard\"><span style=\"font-size: 8pt;\"><img loading=\"lazy\" decoding=\"async\" class=\"avatar avatar-32 photo\" src=\"http:\/\/www.gravatar.com\/avatar\/238ea6b3d949303196d1b65dea1f7219?s=32&amp;d=http%3A%2F%2Fwww.gravatar.com%2Favatar%2Fad516503a11cd5ca435acc9bb6523536%3Fs%3D32&amp;r=G\" alt=\"\" width=\"32\" height=\"32\"> <cite class=\"fn\">admin<\/cite> <span class=\"says\">dit&nbsp;:<\/span><\/span><\/div>\n<div class=\"comment-meta commentmetadata\"><span style=\"font-size: 8pt;\">22 novembre 2012 \u00e0 7 h 53 min<\/span><\/div>\n<p><span style=\"font-size: 8pt;\">C\u2019est une belle id\u00e9e, mais la place manque sur cette zone \u00e0 am\u00e9nager.<\/span><br \/>\n<span style=\"font-size: 8pt;\"> Les jardini\u00e8res de plantes aromatiques s\u2019en rapprochent.<\/span><\/p>\n<p><span style=\"font-size: 8pt;\">A consommer sans mod\u00e9ration !!<\/span><\/p>\n<div class=\"reply\"><span style=\"font-size: 8pt;\">&nbsp;<\/span><\/div>\n<\/div>\n<\/li>\n<li id=\"comment-1974\" class=\"comment odd alt thread-odd thread-alt depth-1\">\n<div id=\"div-comment-1974\" class=\"comment-body\">\n<div class=\"comment-author vcard\"><span style=\"font-size: 8pt;\"><img loading=\"lazy\" decoding=\"async\" class=\"avatar avatar-32 photo\" src=\"http:\/\/www.gravatar.com\/avatar\/02880a162dc387125310a904fd6e2a37?s=32&amp;d=http%3A%2F%2Fwww.gravatar.com%2Favatar%2Fad516503a11cd5ca435acc9bb6523536%3Fs%3D32&amp;r=G\" alt=\"\" width=\"32\" height=\"32\"> <cite class=\"fn\">Michmich<\/cite> <span class=\"says\">dit&nbsp;:<\/span><\/span><\/div>\n<div class=\"comment-meta commentmetadata\"><span style=\"font-size: 8pt;\">22 novembre 2012 \u00e0 23 h 03 min<\/span><\/div>\n<p><span style=\"font-size: 8pt;\">Sympa l\u2019id\u00e9e des pommiers ou tout autre arbre qui tienne \u00e9t\u00e9 comme hiver ! Une fontaine animerait vraiment la place (excellente id\u00e9e l\u00e0 encore), les tables de pingpong rajeuniraient certainement la place\u2026 par contre un grand NON \u00e0 la p\u00e9tanque, vous ne croyez pas qu\u2019il y a d\u00e9j\u00e0 assez de terrains???!!! Ce n\u2019est pas la place du 3e age mais une place qu\u2019il faut dynamiser, faire vivre, d\u00e9velopper et arr\u00eater d\u2019ensabler ! Il faut de la verdure, des fleurs, pourquoi pas un petit kiosque o\u00f9 l\u2019on pourrait venir se poser l\u2019\u00e9t\u00e9 ou l\u2019hiver pour manger une crepe ou boire un caf\u00e9 ? Les commerces souffrent de tous ces espaces morts ! Il faut faire revenir les gens sur cette belle place qui m\u00e9rite mieux et qui doit VIVRE ! Alors piti\u00e9 pas de p\u00e9tanque !! Y\u2019en a marre !! Interrogez les commer\u00e7ants et les habitants, un comit\u00e9 de quartier doit proposer des projets repr\u00e9sentatifs de la population qui y habite, et je persiste et signe, il n\u2019y a pas que des retrait\u00e9s !<\/span><\/p>\n<div class=\"reply\"><span style=\"font-size: 8pt;\">&nbsp;<\/span><\/div>\n<\/div>\n<\/li>\n<li id=\"comment-1975\" class=\"comment byuser comment-author-admin bypostauthor even thread-even depth-1\">\n<div id=\"div-comment-1975\" class=\"comment-body\">\n<div class=\"comment-author vcard\"><span style=\"font-size: 8pt;\"><img loading=\"lazy\" decoding=\"async\" class=\"avatar avatar-32 photo\" src=\"http:\/\/www.gravatar.com\/avatar\/238ea6b3d949303196d1b65dea1f7219?s=32&amp;d=http%3A%2F%2Fwww.gravatar.com%2Favatar%2Fad516503a11cd5ca435acc9bb6523536%3Fs%3D32&amp;r=G\" alt=\"\" width=\"32\" height=\"32\"> <cite class=\"fn\">admin<\/cite> <span class=\"says\">dit&nbsp;:<\/span><\/span><\/div>\n<div class=\"comment-meta commentmetadata\"><span style=\"font-size: 8pt;\">23 novembre 2012 \u00e0 0 h 17 min<\/span><\/div>\n<p><span style=\"font-size: 8pt;\">Je ne crois pas que la p\u00e9tanque soit exclusivement un sport de retrait\u00e9s.<\/span><br \/>\n<span style=\"font-size: 8pt;\"> Et les parties de p\u00e9tanque peuvent \u00eatre tr\u00e8s sympathiques et conviviales.<\/span><\/p>\n<p><span style=\"font-size: 8pt;\">L\u2019espace \u00ab&nbsp;p\u00e9tanque&nbsp;\u00bb que nous int\u00e9grons dans notre proposition est un simple d\u00e9placement (contre partie de l\u2019agrandissement du square que nous demandons) et peut \u00eatre \u00e9galement utilis\u00e9 pour d\u2019autres activit\u00e9s (jeux de ballons, v\u00e9los\u2026).<\/span><br \/>\n<span style=\"font-size: 8pt;\"> Comme cela est le cas actuellement. Car n\u2019oublions pas, qu\u2019une grande partie de la surface allou\u00e9e \u00e0 la p\u00e9tanque est r\u00e9serv\u00e9e aux adh\u00e9rents d\u2019un club sportif.<\/span><\/p>\n<p><span style=\"font-size: 8pt;\">Nous avons pens\u00e9 \u00e0 un kiosque \u00e9galement.<\/span><br \/>\n<span style=\"font-size: 8pt;\"> D\u2019ailleurs, notre affiche de 2010 \u00e9tait illustr\u00e9 d\u2019un tr\u00e8s beau kiosque.<\/span><br \/>\n<span style=\"font-size: 8pt;\"> Mais les voisins des kiosques install\u00e9s sur les bords de Marne ne sont pas tous satisfaits : Bruits jusque tard le soir, d\u00e9chets\u2026<\/span><\/p>\n<p><span style=\"font-size: 8pt;\">Je suis enti\u00e8rement d\u2019accord avec vous : Cette place doit vivre !<\/span><\/p>\n<div class=\"reply\"><span style=\"font-size: 8pt;\">&nbsp;<\/span><\/div>\n<\/div>\n<\/li>\n<li id=\"comment-1984\" class=\"comment odd alt thread-odd thread-alt depth-1\">\n<div id=\"div-comment-1984\" class=\"comment-body\">\n<div class=\"comment-author vcard\"><span style=\"font-size: 8pt;\"><img loading=\"lazy\" decoding=\"async\" class=\"avatar avatar-32 photo\" src=\"http:\/\/www.gravatar.com\/avatar\/745591f31a064e6aea4d1269d102dc58?s=32&amp;d=http%3A%2F%2Fwww.gravatar.com%2Favatar%2Fad516503a11cd5ca435acc9bb6523536%3Fs%3D32&amp;r=G\" alt=\"\" width=\"32\" height=\"32\"> <cite class=\"fn\">Charpateau-Beaufils JC<\/cite> <span class=\"says\">dit&nbsp;:<\/span><\/span><\/div>\n<div class=\"comment-meta commentmetadata\"><span style=\"font-size: 8pt;\">25 novembre 2012 \u00e0 15 h 01 min<\/span><\/div>\n<p><span style=\"font-size: 8pt;\">\u00ab&nbsp;Mangez des Pommes ! &nbsp;\u00bb Vous souvenez vous de ce slogan d\u2019un autre temps ? Et pour autant l\u2019id\u00e9e est en effet s\u00e9duisante et colle parfaitement a l\u2019esprit \u00ab&nbsp;village et campagne&nbsp;\u00bb de notre embl\u00e9matique place des Marronniers.<\/span><\/p>\n<p><span style=\"font-size: 8pt;\">Un vrai combat que nous menons au Comit\u00e9 de Quartier, afin de pr\u00e9server cette place et son cot\u00e9 humain. Alors pourquoi pas des pommes ?! Il faudra probablement envisager la cueillette\u2026 Car les fruits qui s\u2019\u00e9crasent au sol ne sont pas du gout de tout le monde dans notre village du Parc\u2026 Je me souviens encore de l\u2019\u00e9poque r\u00e9cente, o\u00f9 nous avions Avenue de Vintimille, de bien jolis arbres orientaux a fleurs roses au printemps et petits fruits rouges a l\u2019\u00e9t\u00e9 qui a l\u2019automne venu maculaient le trottoir au grand dam de certains riverains qui obtinrent qu\u2019on les rempla\u00e7a d\u00e9finitivement! je vous l\u2019avoue, j\u2019en fut tr\u00e8s pein\u00e9\u2026<\/span><\/p>\n<p><span style=\"font-size: 8pt;\">En attendant, il est l\u00e9gitime que certains d\u2019entre nous, riverains et usagers de la place des Marronniers ayons l\u2019 impression \u00ab&nbsp;qu\u2019on nous prend un peu pour des pommes&nbsp;\u00bb quand a la r\u00e9alisation du futur \u00ab&nbsp;Rectangle M\u00e9dicis&nbsp;\u00bb\u2026 Sachez le, nous continuerons a mener ce combat en toute ind\u00e9pendance, (c\u2019est en effet notre apolitisme et notre libert\u00e9 qui sont les garants de notre cr\u00e9dibilit\u00e9 vis a vis de tous) et si ce projet de r\u00e9am\u00e9nagement devient un jour r\u00e9alit\u00e9, a titre personnel, je vote pour les POMMES ^^<\/span><\/p>\n<p><span style=\"font-size: 8pt;\">Mais attention! On ne touche pas aux petits Sapins, ils sont notre touche de verdure qui dure toute l\u2019ann\u00e9e\u2026 <img decoding=\"async\" class=\"wp-smiley\" src=\"https:\/\/leparcstmaur.org\/wp-includes\/images\/smilies\/icon_smile.gif\" alt=\":)\"> Bien Cordialement.<\/span><\/p>\n<p><span style=\"font-size: 8pt;\">JC Charpateau-Beaufils<\/span><br \/>\n<span style=\"font-size: 8pt;\"> Secr\u00e9taire du Comit\u00e9<\/span><\/p>\n<\/div>\n<\/li>\n<\/ul>\n<p>&nbsp;<\/p>\n<\/div>\n<div class=\"post-1348 post hentry category-divers tag-comite-de-quartier tag-dessin tag-exposition tag-le-parc tag-le-parc-de-saint-maur tag-maison-de-quartier tag-marronniers tag-peinture\">\n<h3 id=\"post-1348\"><span style=\"color: #0000ff;\">Rencontre Peinture-Dessin : Exposition<\/span><\/h3>\n<p><small>Mardi 13 novembre 2012<\/small><\/p>\n<div class=\"entry\">\n<div id=\"attachment_1347\" class=\"wp-caption aligncenter\"><img loading=\"lazy\" decoding=\"async\" class=\"size-full wp-image-1347 \" title=\"Rencontre Peinture Dessin\" src=\"https:\/\/leparcstmaur.org\/wp-content\/uploads\/2012\/11\/img015-Large.jpg\" alt=\"Exposition de Peinture\" width=\"441\" height=\"622\"><\/div>\n<\/div>\n<\/div>\n<p style=\"text-align: center;\"><span style=\"color: #ff0000; font-size: 18pt;\">Octobre 2012<\/span><\/p>\n<div class=\"post-1321 post hentry category-divers category-informations\">\n<h3 id=\"post-1321\"><span style=\"color: #0000ff;\">Op\u00e9ration CHOCOLATS de NO\u00cbL<\/span><\/h3>\n<p><small>Lundi 15 octobre 2012<\/small><\/p>\n<div class=\"entry\">\n<p><img loading=\"lazy\" decoding=\"async\" class=\"alignleft size-full wp-image-1322\" title=\"Chocolats 2012\" src=\"https:\/\/leparcstmaur.org\/wp-content\/uploads\/2012\/10\/Chocolats-2012.jpg\" alt=\"Chocolats 2012\" width=\"202\" height=\"143\">L\u2019op\u00e9ration chocolat de No\u00ebl est renouvel\u00e9e cette ann\u00e9e.<\/p>\n<p>Cette op\u00e9ration nous permet de financer des projets et animations afin de&nbsp; faire vivre notre quartier.<\/p>\n<p>Certains produits de ce catalogue sont issus du commerce \u00e9quitable et\/ou<br \/>\nde l\u2019agriculture biologique pour permettre \u00e0 ceux qui le souhaitent d\u2019agir concr\u00e8tement en faveur du d\u00e9veloppement durable (ils sont marqu\u00e9s du logo Max Havelaar et\/ou AB).<\/p>\n<p>Passez votre commande avant le 16 novembre 2012 (aucune commande ne sera prise apr\u00e8s cette date). Vous serez livr\u00e9 avant les f\u00eates.<\/p>\n<p>Vous trouverez le catalogue et un bon de commande sur notre page sp\u00e9ciale : \u00ab&nbsp;OP\u00c9RATION CHOCOLATS DE NO\u00cbL&nbsp;\u00bb<\/p>\n<p>Si vous ne connaissez pas encore les Chocolats Alex Olivier, vous pourrez les tester (attention il n\u2019y en aura pas pour tout le monde !) lors de notre Assembl\u00e9e G\u00e9n\u00e9rale du 19 octobre 2012 \u00e0 l\u2019\u00e9cole des Tilleuls. Vous y trouverez \u00e9galement le catalogue et le bon de commande.<\/p>\n<\/div>\n<p class=\"postmetadata\">&nbsp;<\/p>\n<\/div>\n<div class=\"post-1299 post hentry category-divers category-manifestations tag-artistes tag-comite-de-quartier tag-dessin tag-le-parc-de-saint-maur tag-peinture tag-sculpture\">\n<h3 id=\"post-1299\"><span style=\"color: #0000ff;\">Visite d\u2019ateliers d\u2019artistes<\/span><\/h3>\n<p><small>Lundi 1 octobre 2012<\/small><\/p>\n<div class=\"entry\">\n<p>Samedi 6 et dimanche 7 octobre 2012<\/p>\n<p>de 14h \u00e0 19h<\/p>\n<p>Les artistes de notre quartier ouvrent leur atelier !<\/p>\n<p><strong>Pierre-Louis BADIA<\/strong><br \/>\nHuile-Pastel-Acrylique<br \/>\n17 avenue de laM\u00e9sange<br \/>\n06.60.96.18.24<\/p>\n<p><strong>Isabelle BADINIER<\/strong><br \/>\nC\u00e9ramique-Gr\u00e8s et porcelaine \u00e9maill\u00e9s<br \/>\n9 avenue du R\u00e9servoir<br \/>\n06.82.03.22.81<\/p>\n<p><strong>B\u00e9atrice BISSARA<\/strong><br \/>\nSculpture:r\u00e9sine, bronze, pl\u00e2tre et poudre de marbre<br \/>\n35bis avenue Joffre<\/p>\n<p><strong>Doru COVRIG<\/strong><br \/>\nSculpture&nbsp;: bronze- Photographie<br \/>\n24 quai du Parc<br \/>\n01.49.76.34.35<\/p>\n<p><strong>Isabelle FARIA<\/strong><br \/>\nDessin-Sculpture<br \/>\n48 avenue du G\u00e9n\u00e9ral Leclerc<br \/>\n07.62.14.83.87<br \/>\n(atelier ouvert le lundi 8 octobre \u00e9galement)<\/p>\n<p><strong>Karine FILLIOZAT<\/strong><br \/>\nHuile<br \/>\n5 avenue du Bel-Air<br \/>\n01.55.96.21.36<\/p>\n<p><strong>Nicole GARNIER-LHERMITTE<\/strong><br \/>\nPastel-Autres Techniques<br \/>\n33 avenue de Plaisance<br \/>\n01.42.83.06.83<br \/>\n(atelier ouvert le lundi 8 octobre \u00e9galement)<\/p>\n<p><strong>Jacques LE FOLL<\/strong><br \/>\nHuile-Acrylique<br \/>\n22 avenue du Rocher<br \/>\n06.09.01.08.01<\/p>\n<p><strong>Brigitte PEROL-SCHNEIDER<\/strong><br \/>\nDessin-Aquarelle-Gravure-Sculpture<br \/>\n16 avenue de la Tourelle<br \/>\n06.70.80.85.79<\/p>\n<p><strong>Val\u00e9rie PIQUARD<\/strong><br \/>\nAcrylique-Aquarelle<br \/>\n7 bis avenue de M\u00e9dicis<br \/>\n06.82.32.62.47<\/p>\n<p><strong>Solange SENNEPIN<\/strong><br \/>\nAquarelle<br \/>\n15&nbsp; place des Marronniers<br \/>\n01.48.85.36.58<\/p>\n<p><strong>Rencontre Peinture Dessin<br \/>\n<\/strong>Maison de Quartier du Parc<br \/>\n15 avenue des Fusill\u00e9s de Ch\u00e2teaubriant<br \/>\n<strong>Blase Annick<br \/>\n<\/strong>Huile-Aquarelle-Paste<br \/>\n<strong>Gillard<br \/>\n<\/strong>Aquarelle<br \/>\n<strong>Lucas Martine<\/strong><br \/>\nHuile<br \/>\n<strong>Papillon Martine<br \/>\n<\/strong>Huile -Aquarelle<br \/>\n<strong>Pr\u00e9vost Nicole<br \/>\n<\/strong>huile-Aquarelle<\/p>\n<\/div>\n<\/div>\n<p style=\"text-align: center;\"><span style=\"font-size: 18pt; color: #ff0000;\">Septembre 2012<\/span><\/p>\n<div class=\"post-1305 post hentry category-divers category-informations tag-bords-de-marne tag-comite-de-quartier tag-kit tag-le-parc tag-le-parc-de-saint-maur tag-nature tag-nettoyons tag-proprete\">\n<h3 id=\"post-1305\"><span style=\"color: #0000ff;\">Op\u00e9ration \u00ab&nbsp;Nettoyons la nature&nbsp;\u00bb<\/span><\/h3>\n<p><small>Mercredi 26 septembre 2012<\/small><\/p>\n<div class=\"entry\">\n<div id=\"attachment_1306\" class=\"wp-caption aligncenter\">\n<p><img loading=\"lazy\" decoding=\"async\" class=\"size-full wp-image-1306 \" title=\"affiche\" src=\"https:\/\/leparcstmaur.org\/wp-content\/uploads\/2012\/09\/affiche.jpg\" alt=\"Nettoyons la nature\" width=\"423\" height=\"105\"><\/p>\n<p class=\"wp-caption-text\">Nettoyons la nature<\/p>\n<\/div>\n<p>Le comit\u00e9 de quartier participe cette ann\u00e9e \u00e0 l\u2019op\u00e9ration \u00ab&nbsp;Nettoyons la nature&nbsp;\u00bb. Elle commence ce week-end, les 28, 29 et 30 septembre.<\/p>\n<p>Nous la continuerons jusqu\u2019au 15 octobre, date \u00e0 laquelle nous collecterons le poids des ordures ramass\u00e9es par chaque personne ou groupe inscrit.<br \/>\nIl reste des kits disponibles (gants, gilet, sac poubelle). N\u2019h\u00e9sitez pas \u00e0 nous contacter pour vous inscrire et r\u00e9cup\u00e9rer un&nbsp; kit.<\/p>\n<p>Le vent violent de ces derniers jours a fait voler pas mal de papiers et d\u00e9tritus divers.<\/p>\n<p>Soyons partie prenante dans la propret\u00e9 de notre quartier et non spectateur de sa d\u00e9gradation.<\/p>\n<\/div>\n<\/div>\n<div class=\"post-1287 post hentry category-divers\">\n<h3 id=\"post-1287\"><span style=\"color: #0000ff;\">Journ\u00e9e des Associations<\/span><\/h3>\n<p><small>Vendredi 21 septembre 2012<\/small><\/p>\n<div class=\"entry\">\n<p><img loading=\"lazy\" decoding=\"async\" class=\"alignleft size-full wp-image-577\" title=\"Associations 2010 (Large)\" src=\"https:\/\/leparcstmaur.org\/wp-content\/uploads\/2010\/09\/Associations-2010-Large1.JPG\" alt=\"Associations 2010 (Large)\" width=\"258\" height=\"194\">Venez nombreux sur la place des Marronniers le samedi 22 septembre 2012 \u00e0 partir de 11h.<\/p>\n<p>Les associations de Saint Maur et, en particulier, votre Comit\u00e9 de Quartier, seront pr\u00e9sents toute la journ\u00e9e pour vous accueillir.<\/p>\n<\/div>\n<p class=\"postmetadata\">&nbsp;<\/p>\n<\/div>\n<div class=\"post-1293 post hentry category-divers\">\n<h3>&nbsp;<\/h3>\n<h3 id=\"post-1293\"><span style=\"color: #0000ff;\">Agenda des conf\u00e9rences, des spectacles et des \u00e9v\u00e9nements culturels et sportifs \u2013 Septembre\/Octobre 2012<\/span><\/h3>\n<p><small>Mardi 18 septembre 2012<\/small><\/p>\n<div class=\"entry\">\n<p><strong>Mardi 18 septembre 2012, \u00e0 20h30<\/strong>, Eglise Notre-Dame-du-Rosaire, place des Marronniers,<br \/>\nSaison d\u2019orgue, Int\u00e9grale de l\u2019oeuvre de Bach, 9\u00e8me concert: Les \u0153uvres de la maturit\u00e9.<\/p>\n<p><strong>Samedi 22 septembre 2012, de 11h \u00e0 18h<\/strong>, place des Marronniers,<br \/>\nJourn\u00e9e des Associations<br \/>\nSaint Maur Animation<\/p>\n<p><strong>Dimanche 23 septembre 2012,<\/strong> Centre sportif Brossolette,<br \/>\nJourn\u00e9e du Maillot,<br \/>\nStella handball.<\/p>\n<p><strong>du Samedi 6 octobre au lundi 8, <\/strong><br \/>\nVisite des ateliers d\u2019artistes<br \/>\nSur notre quartier, 11 artistes ouvrent leurs portes<\/p>\n<p><strong>Dimanche 14 octobre 2012, le matin<\/strong>, Stade Ch\u00e9ron,<br \/>\nArriv\u00e9e de la Saint Maurienne,<br \/>\n<strong>\u00e0 11h45<\/strong>, Course Cross&nbsp; pour les enfants de 8 \u00e0 14 ans<br \/>\nVGA Omnisport et la Ville de Saint Maur<\/p>\n<p><strong>Samedi 20 octobre 2012,<\/strong> Stade Ch\u00e9ron,<br \/>\nLe d\u00e9fi de Jean Bouin<br \/>\nVGA Athl\u00e9tisme<\/p>\n<p><strong>Dimanche 21 octobre 2012, \u00e0 15h<\/strong>, Eglise Notre-Dame-du-Rosaire, place des Marronniers,<br \/>\nSaison d\u2019orgue \u00ab&nbsp;des anciens aux modernes&nbsp;\u00bb<br \/>\nR\u00e9cital de Pascal Rouet, organiste de la basilique de Charleville-M\u00e9zi\u00e8res<\/p>\n<\/div>\n<p class=\"postmetadata\">&nbsp;<\/p>\n<\/div>\n<div class=\"post-1270 post hentry category-divers tag-anciennes tag-comite-de-quartier tag-etienne-lenoir tag-le-parc tag-lions-club-bords-de-marne tag-saint-maur tag-voitures\">\n<h3 id=\"post-1270\"><span style=\"color: #0000ff;\">Journ\u00e9es Etienne Lenoir<\/span><\/h3>\n<p><small>Vendredi 14 septembre 2012<\/small><\/p>\n<div class=\"entry\">\n<p><img loading=\"lazy\" decoding=\"async\" class=\"alignleft size-large wp-image-1272\" title=\"Journ\u00e9es Etienne Lenoir\" src=\"https:\/\/leparcstmaur.org\/wp-content\/uploads\/2012\/07\/120705-annonce-Journees-2012-1-page-001-Large-736x1024.jpg\" alt=\"120705 annonce Journees 2012-1-page-001 (Large)\" width=\"736\" height=\"1024\"><\/p>\n<\/div>\n<p class=\"postmetadata\">&nbsp;<\/p>\n<\/div>\n<div class=\"post-1276 post hentry category-divers\">\n<h3 id=\"post-1276\"><span style=\"color: #0000ff;\">Permanence<\/span><\/h3>\n<p><small>Dimanche 9 septembre 2012<\/small><\/p>\n<div class=\"entry\">\n<p>Avec la reprise des scolaires, notre permanence, \u00e0 la maison de quartier, avenue des Fusill\u00e9s de Ch\u00e2teaubriant&nbsp; reprend le mardi matin de 9h30 \u00e0 11h30.<\/p>\n<p>Nous vous attendons pour discuter en partageant un caf\u00e9 ou un th\u00e9.<\/p>\n<p>Il y a \u00e9galement quelques livres \u00e0 emprunter gratuitement ou \u00e0 acheter pour un prix modique.<\/p>\n<p>La permanence du mercredi matin reprendra en octobre.<\/p>\n<p>A bient\u00f4t.<\/p>\n<\/div>\n<\/div>\n<p style=\"text-align: center;\"><span style=\"color: #ff0000; font-size: 18pt;\">Juillet 2012<\/span><\/p>\n<h3 id=\"post-1259\"><span style=\"color: #0000ff;\">F\u00eate dans la rue<\/span><\/h3>\n<p><small>Dimanche 1 juillet 2012<\/small><\/p>\n<div class=\"entry\">\n<div id=\"attachment_1260\" class=\"wp-caption alignleft\">\n<p><img loading=\"lazy\" decoding=\"async\" class=\"size-medium wp-image-1260\" title=\"Diner de rue\" src=\"https:\/\/leparcstmaur.org\/wp-content\/uploads\/2012\/07\/Copie-de-P1090466-Large-225x300.jpg\" alt=\"Diner de rue\" width=\"225\" height=\"300\"><\/p>\n<p class=\"wp-caption-text\">Convivialit\u00e9 autour d&rsquo;un bon repas !<\/p>\n<\/div>\n<p>Le 16 juin 2012 avait lieu le 3\u00e8me d\u00eener de rue organis\u00e9 par le Comit\u00e9 de Quartier.<\/p>\n<p>Cette ann\u00e9e, la rue Anatole France \u00e9tait en f\u00eate.<\/p>\n<div id=\"attachment_1261\" class=\"wp-caption alignright\">\n<p><img loading=\"lazy\" decoding=\"async\" class=\"size-medium wp-image-1261 \" title=\"Diner de rue\" src=\"https:\/\/leparcstmaur.org\/wp-content\/uploads\/2012\/07\/Copie-de-P1090437-Large-225x300.jpg\" alt=\"Diner de rue\" width=\"225\" height=\"300\"><\/p>\n<p class=\"wp-caption-text\">Membre Junior aux commandes<\/p>\n<\/div>\n<p>Environ 90 personnes ont partag\u00e9 le Punch Lorrain et les grillades, et plus de 80 personnes se sont rassembl\u00e9es autour des tables pour d\u00e9guster les tartes, salades et desserts apport\u00e9s par chacun.<br \/>\nLe temps \u00e9tait cl\u00e9ment comme \u00e0 chaque fois. Ce n\u2019\u00e9tait pourtant pas gagn\u00e9 d\u2019avance&nbsp;!<\/p>\n<p>Mais la parfaite organisation du Comit\u00e9 a chass\u00e9 les nuages et la pluie pour laisser place \u00e0 un ciel d\u00e9gag\u00e9:)<\/p>\n<p>Cet \u00e9v\u00e9nement donne l\u2019occasion aux riverains de se retrouver, de se conna\u00eetre et de tisser des liens \u00e0 l\u2019occasion d\u2019un bon moment partag\u00e9.<br \/>\nC\u2019est devenu une date incontournable attendue par tous. Vous y venez, chaque ann\u00e9e, plus nombreux&nbsp;!<\/p>\n<p>Nous r\u00e9fl\u00e9chissons d\u00e8s \u00e0 pr\u00e9sent \u00e0 la rue qui accueillera le d\u00eener l\u2019an prochain.<\/p>\n<p>Une contrainte pour nous : trouver un jardin qui puisse r\u00e9ceptionner et stocker le mat\u00e9riel (chaises, tables et abris-faciles) qui nous est pr\u00eat\u00e9 par la Mairie du vendredi matin au lundi matin.<\/p>\n<\/div>\n<p style=\"text-align: center;\"><span style=\"font-size: 18pt; color: #ff0000;\">Juin 2012<\/span><\/p>\n<div class=\"post-1220 post hentry category-divers category-informations tag-bonneuil tag-bords-de-marne tag-comite-de-quartier tag-eiffage tag-le-parc tag-le-parc-de-saint-maur tag-mobilisation tag-petition\">\n<h3 id=\"post-1220\"><span style=\"color: #0000ff;\">Usine Eiffage : Signalement de nuisances.<\/span><\/h3>\n<p><small>Mercredi 6 juin 2012<\/small><\/p>\n<div class=\"entry\">\n<p><a href=\"https:\/\/leparcstmaur.org\/wp-content\/uploads\/2012\/06\/Usine-Eiffage-Bonneuil-Large.jpg\"><img loading=\"lazy\" decoding=\"async\" class=\"size-medium wp-image-1200 alignright\" title=\"Usine Eiffage Bonneuil\" src=\"https:\/\/leparcstmaur.org\/wp-content\/uploads\/2012\/06\/Usine-Eiffage-Bonneuil-Large-300x300.jpg\" alt=\"Usine Eiffage Bonneuil\" width=\"256\" height=\"256\"><\/a>Concernant l\u2019usine&nbsp; d\u2019enrobage Eiffage du port de Bonneuil&nbsp;:<br \/>\nSi vous constatez des nuisances, quelles qu\u2019elles soient, dues au fonctionnement de la nouvelle usine d\u2019enrob\u00e9s bitumeux Eiffage de Bonneuil, il faut le signaler <strong>rapidement en pr\u00e9cisant imp\u00e9rativement&nbsp;:<\/strong><\/p>\n<p><strong>&#8211; le jour<br \/>\n&#8211; l\u2019heure et la dur\u00e9e<br \/>\n&#8211; le type de nuisance (bruits, odeurs etc..)<br \/>\n&#8211; votre nom, votre adresse<\/strong><\/p>\n<p>Votre message est \u00e0 envoyer \u00e0&nbsp;:<\/p>\n<p>ut94.driee-if@developpement-durable.gouv.fr<\/p>\n<p><strong>En mettant en copie :<\/strong><\/p>\n<p>Josette Sorb\u00e9, pr\u00e9sidente du Comit\u00e9 de quartier des Muriers : contact@comitedesmuriers.org et Le Comit\u00e9 de Quartier du Parc de Saint Maur : contact@leparcstmaur.org.<\/p>\n<p>Suite \u00e0 une r\u00e9union en Pr\u00e9fecture le 30 mai 2012, le sous pr\u00e9fet Monsieur Huisman a demand\u00e9&nbsp; \u00e0 Madame Sorbe (Pr\u00e9sidente du Comit\u00e9 de quartier des M\u00fbriers)&nbsp;d\u2019\u00eatre l\u2019interlocutrice entre les riverains et les associations.<\/p>\n<p>Pour l\u2019instant, en fonction du vent, cela concerne surtout les quartiers des M\u00fbriers, La Varenne et Champignol.<\/p>\n<p>Mais quand l\u2019usine tournera \u00e0 plein r\u00e9gime en juillet, les vents pourraient bien porter les odeurs sur le Quartier du Parc de Saint Maur.<\/p>\n<p>Notre environnement est l\u2019affaire de tous.<\/p>\n<p><span style=\"font-size: 8pt;\"><cite class=\"fn\">treacher<\/cite> <span class=\"says\">dit&nbsp;:<\/span><\/span><\/p>\n<\/div>\n<div class=\"comment-meta commentmetadata\"><span style=\"font-size: 8pt;\">8 juin 2012 \u00e0 10 h 27 min<\/span><\/div>\n<p><span style=\"font-size: 8pt;\">Habitante de La Varenne, rue du colonel driant, je suis tr\u00e8s pr\u00e9occup\u00e9e par les odeurs naus\u00e9abondes de caoutchouc br\u00fbl\u00e9 constat\u00e9es en particulier hier 7 juin vers 20H30. A 23H45, heure o\u00f9 je suis sortie v\u00e9rifier ma voiture, les odeurs \u00e9taient tout aussi fortes et envahissantes. Cette pollution d\u00fbe au d\u00e9but d\u2019activit\u00e9 de l\u2019usine EIFFAGE repr\u00e9sente \u00e0 mon avis un tr\u00e8s grand risque pour l\u2019environnement des bords de marne et la sant\u00e9 des riverains.<\/span><\/p>\n<\/div>\n<div class=\"post-1203 post hentry category-divers category-informations tag-comite-de-quartier tag-le-parc tag-marronniers tag-parking tag-petition tag-saint-maur\">\n<h3 id=\"post-1203\"><span style=\"color: #0000ff;\">Am\u00e9nagement de la Place des Marronniers<\/span><\/h3>\n<p><small>Mardi 5 juin 2012<\/small><\/p>\n<div class=\"entry\">\n<p>La p\u00e9tition contre le nouveau parking autour du rond M\u00e9dicis a rassembl\u00e9 pr\u00e8s de 380 signatures. Nous avons rencontr\u00e9 en Mairie le 30 avril 2012, Monsieur le Maire,&nbsp; Claude Soucy ainsi que des repr\u00e9sentants des services techniques.<\/p>\n<p>Il nous a \u00e9t\u00e9 promis la pr\u00e9sentation d\u2019un projet d\u2019am\u00e9nagement d\u00e9finitif de ce c\u00f4t\u00e9 de la place avant l\u2019\u00e9t\u00e9.<\/p>\n<p>Nous avons r\u00e9affirm\u00e9 la volont\u00e9 de nombreux habitants d\u2019avoir un espace vert et non un parking du type de celui mis en place.<\/p>\n<p>Nous avons \u00e9galement demand\u00e9 qu\u2019en attendant l\u2019am\u00e9nagement futur, le parking provisoire soit all\u00e9g\u00e9 et le stationnement en \u00e9pi le long de la place du march\u00e9 mat\u00e9rialis\u00e9. Ceci afin d\u2019organiser le stationnement les jours de march\u00e9 ou lors des manifestations.<\/p>\n<p>C\u2019est chose faite depuis ce mardi 5 juin.<br \/>\nUn regret : il m\u2019avait \u00e9t\u00e9 expliqu\u00e9 que ce serait la ligne de stationnement ext\u00e9rieure (c\u00f4t\u00e9 parking Bel Air) qui serait supprim\u00e9e. En effet, nous avions signal\u00e9 un probl\u00e8me de s\u00e9curit\u00e9 \u00e0 cet endroit :&nbsp; la visibilit\u00e9 y est mauvaise et la zone de croisement tr\u00e8s courte devant le parking&nbsp;&nbsp; :<\/p>\n<div id=\"attachment_1207\" class=\"wp-caption aligncenter\">\n<p><a href=\"https:\/\/leparcstmaur.org\/wp-content\/uploads\/2012\/06\/Croisement.jpg\"><img loading=\"lazy\" decoding=\"async\" class=\"size-full wp-image-1207 \" title=\"Croisement\" src=\"https:\/\/leparcstmaur.org\/wp-content\/uploads\/2012\/06\/Croisement.jpg\" alt=\"Place des Marronniers\" width=\"391\" height=\"190\"><\/a>Place des Marronniers<\/p>\n<\/div>\n<p>Nous attendons avec impatience la pr\u00e9sentation prochaine d\u2019un projet issu des services techniques et restons attentifs \u00e0 l\u2019\u00e9volution de cette place, c\u0153ur de notre quartier.<\/p>\n<p>Rendez-vous est pris. Nous vous tiendrons inform\u00e9s au fur et \u00e0 mesure.<\/p>\n<p>Vous pouvez consulter la&nbsp; lettre r\u00e9ponse adress\u00e9e par Monsieur le Maire \u00e0 chaque signataire de la p\u00e9tition.<\/p>\n<p>Nous remercions Monsieur le Maire de nous avoir \u00e9cout\u00e9s et de prendre en compte les avis exprim\u00e9s.<\/p>\n<p>&nbsp;<\/p>\n<\/div>\n<\/div>\n<p style=\"text-align: center;\"><span style=\"font-size: 18pt; color: #ff0000;\">Mai 2012<\/span><\/p>\n<h3 id=\"post-1193\"><span style=\"color: #0000ff;\">Exposition de Printemps<\/span><\/h3>\n<p><small>Mercredi 30 mai 2012<\/small><\/p>\n<div class=\"entry\">\n<p><a href=\"https:\/\/leparcstmaur.org\/wp-content\/uploads\/2012\/05\/DSCF2470-Large.JPG\"><img loading=\"lazy\" decoding=\"async\" class=\"alignleft size-medium wp-image-1194\" title=\"Exposition de Printemps\" src=\"https:\/\/leparcstmaur.org\/wp-content\/uploads\/2012\/05\/DSCF2470-Large-225x300.jpg\" alt=\"DSCF2470 (Large)\" width=\"225\" height=\"300\"><\/a>L\u2019association Rencontre-Peinture-Dessin vous invite \u00e0 l\u2019Exposition de Printemps le samedi 2 et dimanche 3 juin 2012 de 10 heures \u00e0 19 heures \u00e0 la maison de quartier du Parc, 15 avenue des fusill\u00e9s de Ch\u00e2teaubriant.<\/p>\n<p>L\u2019occasion de d\u00e9couvrir les derni\u00e8res \u0153uvres.<\/p>\n<\/div>\n<p>&nbsp;<\/p>\n<p>&nbsp;<\/p>\n<p>&nbsp;<\/p>\n<p>&nbsp;<\/p>\n<p>&nbsp;<\/p>\n<p style=\"text-align: center;\"><span style=\"color: #ff0000; font-size: 18pt;\">Avril 2012<\/span><\/p>\n<div class=\"post-1185 post hentry category-manifestations tag-le-parc tag-marronniers tag-mobilisation tag-non tag-parking tag-petition tag-place tag-saint-maur tag-stationnement\">\n<h3 id=\"post-1185\"><span style=\"color: #0000ff;\">Continuons la mobilisation\u2026<\/span><\/h3>\n<p><small>Vendredi 13 avril 2012<\/small><\/p>\n<div class=\"entry\">\n<h2>Pour que la place des Marronniers ne devienne pas un vaste parking,<br \/>\nPour qu\u2019elle ne perde pas son \u00e2me\u2026<\/h2>\n<div id=\"attachment_1186\" class=\"wp-caption aligncenter\" style=\"width: 335px;\">\n<p><a href=\"https:\/\/leparcstmaur.org\/wp-content\/uploads\/2012\/04\/2012-04-07-14.59.53-Large.jpg\"><img loading=\"lazy\" decoding=\"async\" class=\" wp-image-1186\" title=\"2012-04-07 14.59.53 (Large)\" src=\"https:\/\/leparcstmaur.org\/wp-content\/uploads\/2012\/04\/2012-04-07-14.59.53-Large-300x225.jpg\" alt=\"NON \u00e0 cet am\u00e9nagement\" width=\"335\" height=\"251\"><\/a>NON \u00e0 cet am\u00e9nagement<\/p>\n<\/div>\n<h2>Signez la p\u00e9tition !!!<\/h2>\n<\/div>\n<p class=\"postmetadata\">&nbsp;<\/p>\n<ul>\n<li id=\"comment-1554\" class=\"comment even thread-even depth-1\">\n<div id=\"div-comment-1554\" class=\"comment-body\">\n<div class=\"comment-author vcard\"><span style=\"font-size: 8pt;\"><cite class=\"fn\">Villaumi\u00e9<\/cite> <span class=\"says\">dit&nbsp;:<\/span><\/span><\/div>\n<div class=\"comment-meta commentmetadata\"><span style=\"font-size: 8pt;\">14 avril 2012 \u00e0 20 h 09 min<\/span><\/div>\n<p><span style=\"font-size: 8pt;\">Bonjour,<\/span><\/p>\n<p><span style=\"font-size: 8pt;\">Je crois qu\u2019il est un peu tard, ce n\u2019est d\u00e9j\u00e0 plus qu\u2019une immense flaque de bitume.<\/span><\/p>\n<p><span style=\"font-size: 8pt;\">Danielle<\/span><\/p>\n<div class=\"reply\"><span style=\"font-size: 8pt;\">&nbsp;<\/span><\/div>\n<\/div>\n<\/li>\n<li id=\"comment-1559\" class=\"comment odd alt thread-odd thread-alt depth-1\">\n<div id=\"div-comment-1559\" class=\"comment-body\">\n<div class=\"comment-author vcard\"><span style=\"font-size: 8pt;\"><img loading=\"lazy\" decoding=\"async\" class=\"avatar avatar-32 photo\" src=\"http:\/\/www.gravatar.com\/avatar\/3b527623e7cf4f18a00f6363100b6bd7?s=32&amp;d=http%3A%2F%2Fwww.gravatar.com%2Favatar%2Fad516503a11cd5ca435acc9bb6523536%3Fs%3D32&amp;r=G\" alt=\"\" width=\"32\" height=\"32\"> <cite class=\"fn\">SABINE<\/cite> <span class=\"says\">dit&nbsp;:<\/span><\/span><\/div>\n<div class=\"comment-meta commentmetadata\"><span style=\"font-size: 8pt;\">16 avril 2012 \u00e0 19 h 16 min<\/span><\/div>\n<p><span style=\"font-size: 8pt;\">selon les rumeurs les caisses sont et cela restera comme cela donc des voitures sur la place .une usine a bonneuil DE GOUDRON BIEN TOXIQUE le cadre de vie se degrade voir petition terre et eaux.De plus et le march\u00e9 et la fete forraine une seule solution aller chercher asile ailleurs??cette ville seras aussi laide que joinville le pont beton goudron<\/span><\/p>\n<\/div>\n<\/li>\n<\/ul>\n<p>&nbsp;<\/p>\n<\/div>\n<div class=\"post-1179 post hentry category-informations category-rendezvous tag-bords-de-marne tag-caisse-a-savon tag-le-parc tag-lions tag-place-des-marronniers tag-pousse-chars tag-push-car\">\n<h3 id=\"post-1179\"><span style=\"color: #0000ff;\">Grand Prix \u00ab&nbsp;Pousse-Chars&nbsp;\u00bb de Saint Maur<\/span><\/h3>\n<p><small>Vendredi 13 avril 2012<\/small><\/p>\n<div class=\"entry\">\n<p><a href=\"https:\/\/leparcstmaur.org\/wp-content\/uploads\/2012\/04\/20121.jpg\"><img loading=\"lazy\" decoding=\"async\" class=\"aligncenter size-full wp-image-1181\" title=\"Grand Prix &quot;Pousse Chars&quot;\" src=\"https:\/\/leparcstmaur.org\/wp-content\/uploads\/2012\/04\/20121.jpg\" alt=\"Grand Prix &quot;Pousse Chars&quot;\" width=\"506\" height=\"718\"><\/a><\/p>\n<\/div>\n<\/div>\n<p style=\"text-align: center;\"><span style=\"font-size: 18pt; color: #ff0000;\">Mars 2012<\/span><\/p>\n<div class=\"post-1176 post hentry category-divers\">\n<h3 id=\"post-1176\"><span style=\"color: #0000ff;\">Vide Grenier du Lions<\/span><\/h3>\n<p><small>Samedi 31 mars 2012<\/small><\/p>\n<div class=\"entry\">\n<p><a href=\"https:\/\/leparcstmaur.org\/wp-content\/uploads\/2012\/03\/VG-Lions-2010.JPG\"><img loading=\"lazy\" decoding=\"async\" class=\"alignleft size-medium wp-image-1177\" title=\"VG Lions 2010\" src=\"https:\/\/leparcstmaur.org\/wp-content\/uploads\/2012\/03\/VG-Lions-2010-300x225.jpg\" alt=\"VG Lions 2010\" width=\"300\" height=\"225\"><\/a>Rendez-vous ce dimanche 1er avril de 8h \u00e0 18h sur la place des Marronniers. Nous tiendrons un stand abondamment fourni gr\u00e2ce \u00e0 nos adh\u00e9rents.<\/p>\n<p>Venez partager un moment de convivialit\u00e9.<\/p>\n<p>Profitez en pour venir signer la p\u00e9tition pour dire non \u00e0 ce nouveau parking au d\u00e9bouch\u00e9 de l\u2019avenue M\u00e9dicis.<br \/>\nExprimez le souhait d\u2019un am\u00e9nagement \u00e9quilibr\u00e9 qui ne d\u00e9nature pas l\u2019\u00e2me de la place.<\/p>\n<\/div>\n<p class=\"postmetadata\">&nbsp;<\/p>\n<\/div>\n<div class=\"post-1141 post hentry category-divers category-informations\">\n<h3 id=\"post-1141\"><span style=\"color: #0000ff;\">Nouveau Parking Place des Marronniers \u2013 M\u00e9dicis<\/span><\/h3>\n<p><small>Lundi 26 mars 2012<\/small><\/p>\n<div class=\"entry\">\n<h2>NON au nouvel am\u00e9nagement de la Place des Marronniers<\/h2>\n<p>Vous avez \u00e9t\u00e9 nombreux \u00e0 d\u00e9couvrir ce nouvel am\u00e9nagement au retour des vacances d\u2019hiver!<br \/>\nNous avons retrouv\u00e9 notre place d\u00e9figur\u00e9e, envahie par les voitures !<br \/>\nO\u00f9 est l\u2019am\u00e9nagement qui devait r\u00e9pondre aux v\u0153ux des habitants et des usagers de la place.<br \/>\nPeut-on encore parler de \u00ab Place \u00bb ?<\/p>\n<div id=\"attachment_1142\" class=\"wp-caption alignright\" style=\"width: 340px;\">\n<p><a href=\"https:\/\/leparcstmaur.org\/wp-content\/uploads\/2012\/03\/Place-des-Marronniers-avant.jpg\"><img loading=\"lazy\" decoding=\"async\" class=\" wp-image-1142 \" title=\"Place des Marronniers avant\" src=\"https:\/\/leparcstmaur.org\/wp-content\/uploads\/2012\/03\/Place-des-Marronniers-avant-1024x819.jpg\" alt=\"Place des Marronniers avant\" width=\"340\" height=\"272\"><\/a>Hier<\/p>\n<\/div>\n<p>Ce c\u00f4t\u00e9 de la place des Marronniers est devenu un vaste parking au m\u00e9pris des engagements pris lors des diff\u00e9rentes r\u00e9unions \u00e9lus-habitants.<\/p>\n<p>Nous voulons un v\u00e9ritable am\u00e9nagement pr\u00e9servant&nbsp; l\u2019environnement gr\u00e2ce \u00e0 un vaste espace de d\u00e9tente et de repos, s\u00e9curisant r\u00e9ellement la circulation des pi\u00e9tons et des v\u00e9los et une mat\u00e9rialisation efficace des places de parking autour de l\u2019ensemble de la place afin d\u2019organiser le stationnement les jours de march\u00e9.<\/p>\n<div id=\"attachment_1144\" class=\"wp-caption alignnone\" style=\"width: 316px;\">\n<p><a href=\"https:\/\/leparcstmaur.org\/wp-content\/uploads\/2012\/03\/2012-03-19-10.01.16-Large1.jpg\"><img loading=\"lazy\" decoding=\"async\" class=\" wp-image-1144 \" title=\"2012-03-19 10.01.16 (Large)\" src=\"https:\/\/leparcstmaur.org\/wp-content\/uploads\/2012\/03\/2012-03-19-10.01.16-Large1-300x225.jpg\" alt=\"Nouvel am\u00e9nagement !\" width=\"316\" height=\"237\"><\/a>Aujourd&rsquo;hui<\/p>\n<\/div>\n<h4>Nous ne voulons pas d\u2019un \u00ab provisoire \u00bb qui risque d\u2019ent\u00e9riner une solution pr\u00e9sent\u00e9e comme temporaire, qui cr\u00e9e un appel au stationnement et qui mobilise l\u2019espace uniquement pour la voiture.<\/h4>\n<h3><strong>La place des Marronniers ne m\u00e9rite pas \u00e7a !<br \/>\nLes riverains de la Place ne m\u00e9ritent pas \u00e7a !<br \/>\nLe Quartier du Parc ne m\u00e9rite pas \u00e7a<\/strong> !<\/h3>\n<p>Nous avons soumis un projet au maire et au bureau d\u2019\u00e9tudes apr\u00e8s avoir organis\u00e9 une r\u00e9union publique. Nous sommes \u00e0 votre \u00e9coute quotidiennement.<\/p>\n<p><strong>Manifestez-vous pour que nous puissions vous repr\u00e9senter.<\/strong><\/p>\n<h2>Signez la p\u00e9tition !<\/h2>\n<div class=\"petition\">\n<p>Nous refusons que l&rsquo;espace autour du rond-point Medicis devienne un vaste parking.<br \/>\nNous souhaitons un v\u00e9ritable am\u00e9nagement pr\u00e9servant l&rsquo;environnement gr\u00e2ce \u00e0 un vaste espace de verdure, de repos et de d\u00e9tente, s\u00e9curisant r\u00e9ellement la circulation des pi\u00e9tons et des v\u00e9los et une mat\u00e9rialisation efficace des places de parking autour de l&rsquo;ensemble de la place afin d&rsquo;organiser les stationnement les jours de march\u00e9.<br \/>\nNous souhaitons que les riverains et usagers de la place soient entendus !<\/p>\n<\/div>\n<\/div>\n<\/div>\n<div class=\"post-1141 post hentry category-divers category-informations\">\n<div class=\"entry\">\n<div class=\"petition\">\n<h3>&nbsp;<\/h3>\n<p><span class=\"signature\">AZZOUZ,<br \/>\nTout projet allant \u00e0 l&rsquo;encontre de l&rsquo;int\u00e9r\u00eat des citoyens et sans concertation est inacceptable.<\/span><\/p>\n<p><span class=\"signature\">DE JESUS,<br \/>\nCe parking d\u00e9nature compl\u00e8tement la place qui de surcroit devient dangereuse par manque de visibilit\u00e9 pour tous :<br \/>\n1\/pour les pi\u00e9tons et les cyclistes alors que les enfants passent par cette place pour aller au coll\u00e8ge<br \/>\n2\/ pour les v\u00e9hicules, notamment \u00e0 \u00ab\u00a0l&rsquo;intersection\u00a0\u00bb pour ceux qui doivent aller \u00e0 gauche pour faire le tour de la place et ceux qui se dirigent vers l&rsquo;avenue de bel air ou souhaitent s&rsquo;engager dans le parking permanent (o\u00f9 les poubelles du tri s\u00e9lectif sont install\u00e9es).<\/span><\/p>\n<p><span class=\"signature\">carmant,<br \/>\nJ&rsquo;ai remarqu\u00e9 combien la place des marronniers qui \u00e9tait charmante est devenue laide!<\/span><\/p>\n<p><span class=\"signature\">xxxxxxxx, <\/span><\/p>\n<p><span class=\"signature\">ROFFE, <\/span><\/p>\n<p><span class=\"signature\">xxxxxxxx, <\/span><\/p>\n<p><span class=\"signature\">pierron blandine, <\/span><\/p>\n<p><span class=\"signature\">Gobicchi, <\/span><\/p>\n<p><span class=\"signature\">xxxxxxxx, <\/span><\/p>\n<p><span class=\"signature\">PATUREL, <\/span><\/p>\n<\/div>\n<p>Vous pouvez \u00e9galement l\u2019imprimer en cliquant sur le lien ci-dessous et la faire signer autour de vous.<\/p>\n<p>P\u00e9tition papier<\/p>\n<p>Nous aurons besoin de toutes les versions papier avant le 27 avril 2012.<\/p>\n<p>Merci \u00e0 tous.<\/p>\n<\/div>\n<p class=\"postmetadata\">&nbsp;<\/p>\n<ul>\n<li id=\"comment-1530\" class=\"comment even thread-even depth-1\">\n<div id=\"div-comment-1530\" class=\"comment-body\">\n<div class=\"comment-author vcard\"><cite class=\"fn\"><span style=\"font-size: 8pt;\">Usag\u00e8re<\/span><\/cite><span class=\"says\" style=\"font-size: 8pt;\"> dit&nbsp;:<\/span><\/div>\n<div class=\"comment-meta commentmetadata\"><span style=\"font-size: 8pt;\">27 mars 2012 \u00e0 13 h 45 min<\/span><\/div>\n<p><span style=\"font-size: 8pt;\">Je me demande \u00e0 quoi servent les r\u00e9unions de concertation si la Mairie ne tient pas compte des desiderata des habitants\/\u00e9lecteurs ?<\/span><\/p>\n<p><span style=\"font-size: 8pt;\">Nous voulons des conseils de quartiers partenaires qui permettent une r\u00e9elle expression d\u00e9mocratique, PARTOUT DANS SAINT-MAUR \u2026<\/span><\/p>\n<div class=\"reply\"><span style=\"font-size: 8pt;\">&nbsp;<\/span><\/div>\n<\/div>\n<\/li>\n<li id=\"comment-1531\" class=\"comment odd alt thread-odd thread-alt depth-1\">\n<div id=\"div-comment-1531\" class=\"comment-body\">\n<div class=\"comment-author vcard\"><span style=\"font-size: 8pt;\"><img loading=\"lazy\" decoding=\"async\" class=\"avatar avatar-32 photo\" src=\"http:\/\/www.gravatar.com\/avatar\/702583d1f8052f9a6c6ffc9b9a0e65fd?s=32&amp;d=http%3A%2F%2Fwww.gravatar.com%2Favatar%2Fad516503a11cd5ca435acc9bb6523536%3Fs%3D32&amp;r=G\" alt=\"\" width=\"32\" height=\"32\"> <cite class=\"fn\">Serda<\/cite> <span class=\"says\">dit&nbsp;:<\/span><\/span><\/div>\n<div class=\"comment-meta commentmetadata\"><span style=\"font-size: 8pt;\">27 mars 2012 \u00e0 14 h 40 min<\/span><\/div>\n<p><span style=\"font-size: 8pt;\">Bonjour,<\/span><\/p>\n<p><span style=\"font-size: 8pt;\">C\u2019est dommage de faire un parking, j\u2019opte pour une espace verte<\/span><br \/>\n<span style=\"font-size: 8pt;\"> Amy Serda<\/span><\/p>\n<div class=\"reply\"><span style=\"font-size: 8pt;\">&nbsp;<\/span><\/div>\n<\/div>\n<\/li>\n<li id=\"comment-1533\" class=\"comment even thread-even depth-1\">\n<div id=\"div-comment-1533\" class=\"comment-body\">\n<div class=\"comment-author vcard\"><span style=\"font-size: 8pt;\"><img loading=\"lazy\" decoding=\"async\" class=\"avatar avatar-32 photo\" src=\"http:\/\/www.gravatar.com\/avatar\/67608c3381b7bafa6c0a77d527f2fa12?s=32&amp;d=http%3A%2F%2Fwww.gravatar.com%2Favatar%2Fad516503a11cd5ca435acc9bb6523536%3Fs%3D32&amp;r=G\" alt=\"\" width=\"32\" height=\"32\"> <cite class=\"fn\">Bouvier<\/cite> <span class=\"says\">dit&nbsp;:<\/span><\/span><\/div>\n<div class=\"comment-meta commentmetadata\"><span style=\"font-size: 8pt;\">27 mars 2012 \u00e0 17 h 54 min<\/span><\/div>\n<p><span style=\"font-size: 8pt;\">Je ne comprends pas le rationnel qui a pouss\u00e9 \u00e0 concevoir cet am\u00e9nagement :<\/span><\/p>\n<p><span style=\"font-size: 8pt;\">1. L\u2019impl\u00e9mentation de cette \u00ab&nbsp;zone&nbsp;\u00bb de parking d\u00e9figure totalement cette place<\/span><br \/>\n<span style=\"font-size: 8pt;\"> 2. La circulation des pi\u00e9tons n\u2019est pas du tout optimis\u00e9e et peut m\u00eame s\u2019av\u00e9rer tr\u00e8s dangereuse par manque de visibilit\u00e9<\/span><br \/>\n<span style=\"font-size: 8pt;\"> 3. La circulation en voiture n\u2019est pas non plus fluide et pas du tout intuitive \u00e0 tel point que certains v\u00e9hicules utilisent la voie du milieu du parking comme voie de circulation!!!!!<\/span><\/p>\n<p><span style=\"font-size: 8pt;\">A revoir au plus vite\u2026<\/span><\/p>\n<div class=\"reply\"><span style=\"font-size: 8pt;\">&nbsp;<\/span><\/div>\n<\/div>\n<\/li>\n<li id=\"comment-1534\" class=\"comment odd alt thread-odd thread-alt depth-1\">\n<div id=\"div-comment-1534\" class=\"comment-body\">\n<div class=\"comment-author vcard\"><span style=\"font-size: 8pt;\"><img loading=\"lazy\" decoding=\"async\" class=\"avatar avatar-32 photo\" src=\"http:\/\/www.gravatar.com\/avatar\/9c0770f8241ab9409b7b5faf61e8a1aa?s=32&amp;d=http%3A%2F%2Fwww.gravatar.com%2Favatar%2Fad516503a11cd5ca435acc9bb6523536%3Fs%3D32&amp;r=G\" alt=\"\" width=\"32\" height=\"32\"> <cite class=\"fn\">Riverain<\/cite> <span class=\"says\">dit&nbsp;:<\/span><\/span><\/div>\n<div class=\"comment-meta commentmetadata\"><span style=\"font-size: 8pt;\">27 mars 2012 \u00e0 20 h 23 min<\/span><\/div>\n<p><span style=\"font-size: 8pt;\">J\u2019en ai connu des marronniers, mais des comme \u00e7a<\/span><\/p>\n<p><span style=\"font-size: 8pt;\">Heureuse initiative<\/span><\/p>\n<p><span style=\"font-size: 8pt;\">Les pi\u00e9tons et les v\u00e9los m\u00e9ritent mieux que cela en effet<\/span><br \/>\n<span style=\"font-size: 8pt;\"> Place des Marronniers comme ailleurs \u00e0 St-Maur<\/span><\/p>\n<p><span style=\"font-size: 8pt;\">En ces jours de pic de pollution, qui peut entendre cette \u00e9vidence ?<\/span><\/p>\n<p><span style=\"font-size: 8pt;\">A quand l\u2019inauguration potache d\u2019une pancarte PARKING DES MARRONNIERS rempla\u00e7ant les panneaux Place des Marronniers : pr\u00e9venez-moi : j\u2019accours pour ce grand moment<\/span><\/p>\n<div class=\"reply\"><span style=\"font-size: 8pt;\">&nbsp;<\/span><\/div>\n<\/div>\n<\/li>\n<li id=\"comment-1535\" class=\"comment even thread-even depth-1\">\n<div id=\"div-comment-1535\" class=\"comment-body\">\n<div class=\"comment-author vcard\"><span style=\"font-size: 8pt;\"><img loading=\"lazy\" decoding=\"async\" class=\"avatar avatar-32 photo\" src=\"http:\/\/www.gravatar.com\/avatar\/ef62b7b7c5c9251d331eb54123b23da9?s=32&amp;d=http%3A%2F%2Fwww.gravatar.com%2Favatar%2Fad516503a11cd5ca435acc9bb6523536%3Fs%3D32&amp;r=G\" alt=\"\" width=\"32\" height=\"32\"> <cite class=\"fn\">SOYEUX<\/cite> <span class=\"says\">dit&nbsp;:<\/span><\/span><\/div>\n<div class=\"comment-meta commentmetadata\"><span style=\"font-size: 8pt;\">28 mars 2012 \u00e0 5 h 50 min<\/span><\/div>\n<p><span style=\"font-size: 8pt;\">Ah la consultation du public par les \u00e9lus ! Le public a souvent l\u2019impression d\u2019\u00eatre consult\u00e9 pour la bonne forme et que les \u00e9lus et leur administration ont d\u00e9j\u00e0 arr\u00eat\u00e9 un projet. Alors quand le public, non content d\u2019\u00eatre consult\u00e9, propose un contre-projet, que faire ? Passer en force, non ? L\u2019endormir en lui disant que son contre-projet sera pris en compte et poursuivre le projet initial ? C\u2019est l\u2019impression qu\u2019ont les signataires de la p\u00e9tition et ils rappellent \u00e0 M. le Maire qu\u2019ils sont bien r\u00e9veill\u00e9s et qu\u2019ils n\u2019appr\u00e9cient pas qu\u2019il fasse semblant de les consulter.<\/span><\/p>\n<div class=\"reply\"><span style=\"font-size: 8pt;\">&nbsp;<\/span><\/div>\n<\/div>\n<\/li>\n<li id=\"comment-1536\" class=\"comment odd alt thread-odd thread-alt depth-1\">\n<div id=\"div-comment-1536\" class=\"comment-body\">\n<div class=\"comment-author vcard\"><span style=\"font-size: 8pt;\"><img loading=\"lazy\" decoding=\"async\" class=\"avatar avatar-32 photo\" src=\"http:\/\/www.gravatar.com\/avatar\/8e90cfc4b256e52db56dbe8f32a474cf?s=32&amp;d=http%3A%2F%2Fwww.gravatar.com%2Favatar%2Fad516503a11cd5ca435acc9bb6523536%3Fs%3D32&amp;r=G\" alt=\"\" width=\"32\" height=\"32\"> <cite class=\"fn\">Constant<\/cite> <span class=\"says\">dit&nbsp;:<\/span><\/span><\/div>\n<div class=\"comment-meta commentmetadata\"><span style=\"font-size: 8pt;\">28 mars 2012 \u00e0 10 h 53 min<\/span><\/div>\n<p><span style=\"font-size: 8pt;\">Rendez nous notre Place des Marronniers \u00ab&nbsp;Villageoise&nbsp;\u00bb.<\/span><br \/>\n<span style=\"font-size: 8pt;\"> L\u2019am\u00e9nagement a surement \u00e9t\u00e9 imagin\u00e9 par des mercenaires du BTP n\u2019habitant pas la ville et plus pr\u00e9occup\u00e9s de la facture que de l\u2019esth\u00e9tique.<\/span><\/p>\n<div class=\"reply\"><span style=\"font-size: 8pt;\">&nbsp;<\/span><\/div>\n<\/div>\n<\/li>\n<li id=\"comment-1537\" class=\"comment even thread-even depth-1\">\n<div id=\"div-comment-1537\" class=\"comment-body\">\n<div class=\"comment-author vcard\"><span style=\"font-size: 8pt;\"><img loading=\"lazy\" decoding=\"async\" class=\"avatar avatar-32 photo\" src=\"http:\/\/www.gravatar.com\/avatar\/745591f31a064e6aea4d1269d102dc58?s=32&amp;d=http%3A%2F%2Fwww.gravatar.com%2Favatar%2Fad516503a11cd5ca435acc9bb6523536%3Fs%3D32&amp;r=G\" alt=\"\" width=\"32\" height=\"32\"> <cite class=\"fn\">Charpateau<\/cite> <span class=\"says\">dit&nbsp;:<\/span><\/span><\/div>\n<div class=\"comment-meta commentmetadata\"><span style=\"font-size: 8pt;\">28 mars 2012 \u00e0 19 h 15 min<\/span><\/div>\n<p><span style=\"font-size: 8pt;\">C\u2019est le poumon du quartier que la ville a d\u00e9cid\u00e9 unilat\u00e9ralement d\u2019asphyxier! Quand a la concertation pr\u00e9alable, c\u2019est une mascarade ! L\u2019engagement du Maire a prendre en consid\u00e9ration le projet pr\u00e9sent\u00e9 par le Comit\u00e9 de quartier, un coup de Jarnac\u2026 Je suis venu habiter a deux pas de cette place en 1996 pour des atouts qui disparaissent d\u00e9sormais au profit des voitures\u2026 Les habitants du Parc et au del\u00e0, ne se laisserons pas abuser de la sorte.<\/span><\/p>\n<div class=\"reply\"><span style=\"font-size: 8pt;\">&nbsp;<\/span><\/div>\n<\/div>\n<\/li>\n<li id=\"comment-1538\" class=\"comment odd alt thread-odd thread-alt depth-1\">\n<div id=\"div-comment-1538\" class=\"comment-body\">\n<div class=\"comment-author vcard\"><span style=\"font-size: 8pt;\"><img loading=\"lazy\" decoding=\"async\" class=\"avatar avatar-32 photo\" src=\"http:\/\/www.gravatar.com\/avatar\/82655a072ad110ca93137a84ec05f444?s=32&amp;d=http%3A%2F%2Fwww.gravatar.com%2Favatar%2Fad516503a11cd5ca435acc9bb6523536%3Fs%3D32&amp;r=G\" alt=\"\" width=\"32\" height=\"32\"> <cite class=\"fn\">jfvc<\/cite> <span class=\"says\">dit&nbsp;:<\/span><\/span><\/div>\n<div class=\"comment-meta commentmetadata\"><span style=\"font-size: 8pt;\">28 mars 2012 \u00e0 21 h 32 min<\/span><\/div>\n<p><span style=\"font-size: 8pt;\">Notre maire semble de plus en plus pr\u00e9occup\u00e9 de sa r\u00e9\u00e9lection comme d\u00e9put\u00e9 que par les probl\u00e8mes quotidiens des saintmauriens\u2026.JFVC.<\/span><\/p>\n<div class=\"reply\"><span style=\"font-size: 8pt;\">&nbsp;<\/span><\/div>\n<\/div>\n<\/li>\n<li id=\"comment-1540\" class=\"comment even thread-even depth-1\">\n<div id=\"div-comment-1540\" class=\"comment-body\">\n<div class=\"comment-author vcard\"><span style=\"font-size: 8pt;\"><img loading=\"lazy\" decoding=\"async\" class=\"avatar avatar-32 photo\" src=\"http:\/\/www.gravatar.com\/avatar\/706cb73089f247b1564441c4b10b6345?s=32&amp;d=http%3A%2F%2Fwww.gravatar.com%2Favatar%2Fad516503a11cd5ca435acc9bb6523536%3Fs%3D32&amp;r=G\" alt=\"\" width=\"32\" height=\"32\"> <cite class=\"fn\">Merlin Ursula<\/cite> <span class=\"says\">dit&nbsp;:<\/span><\/span><\/div>\n<div class=\"comment-meta commentmetadata\"><span style=\"font-size: 8pt;\">29 mars 2012 \u00e0 9 h 40 min<\/span><\/div>\n<p><span style=\"font-size: 8pt;\">\u00ab&nbsp;Peut mieux faire&nbsp;\u00bb<\/span><\/p>\n<div class=\"reply\"><span style=\"font-size: 8pt;\">&nbsp;<\/span><\/div>\n<\/div>\n<\/li>\n<li id=\"comment-1544\" class=\"comment odd alt thread-odd thread-alt depth-1\">\n<div id=\"div-comment-1544\" class=\"comment-body\">\n<div class=\"comment-author vcard\"><span style=\"font-size: 8pt;\"><img loading=\"lazy\" decoding=\"async\" class=\"avatar avatar-32 photo\" src=\"http:\/\/www.gravatar.com\/avatar\/3b527623e7cf4f18a00f6363100b6bd7?s=32&amp;d=http%3A%2F%2Fwww.gravatar.com%2Favatar%2Fad516503a11cd5ca435acc9bb6523536%3Fs%3D32&amp;r=G\" alt=\"\" width=\"32\" height=\"32\"> <cite class=\"fn\">en colere<\/cite> <span class=\"says\">dit&nbsp;:<\/span><\/span><\/div>\n<div class=\"comment-meta commentmetadata\"><span style=\"font-size: 8pt;\">31 mars 2012 \u00e0 14 h 11 min<\/span><\/div>\n<p><span style=\"font-size: 8pt;\">je rejoins entierement charpateau et constant d autant qu il n y a plus de places pour les residents nous n avons que des desagrements de plus il est mal conform\u00e9 et dangereux et affreux cela resemble a un parking de grande surfaces de toute facon une voiture a cheval sur DEUX PLACES CELA NE CHANGE PAS LE PROBLEME DE STATIONNEMENTS . CELA RESEMBLERA a l avenue du general de gaulle devant la pharmacie du double files sauvage grrrrrrrrrrrr<\/span><\/p>\n<div class=\"reply\"><span style=\"font-size: 8pt;\">&nbsp;<\/span><\/div>\n<\/div>\n<\/li>\n<li id=\"comment-1546\" class=\"comment even thread-even depth-1\">\n<div id=\"div-comment-1546\" class=\"comment-body\">\n<div class=\"comment-author vcard\"><span style=\"font-size: 8pt;\"><img loading=\"lazy\" decoding=\"async\" class=\"avatar avatar-32 photo\" src=\"http:\/\/www.gravatar.com\/avatar\/4bc4f4d7253884bda3d09a6be15d7ae6?s=32&amp;d=http%3A%2F%2Fwww.gravatar.com%2Favatar%2Fad516503a11cd5ca435acc9bb6523536%3Fs%3D32&amp;r=G\" alt=\"\" width=\"32\" height=\"32\"> <cite class=\"fn\">binet Serge<\/cite> <span class=\"says\">dit&nbsp;:<\/span><\/span><\/div>\n<div class=\"comment-meta commentmetadata\"><span style=\"font-size: 8pt;\">3 avril 2012 \u00e0 21 h 54 min<\/span><\/div>\n<p><span style=\"font-size: 8pt;\">\u00ab&nbsp;DES VILLAGES DANS LA VILLE&nbsp;\u00bb C\u2019\u00e9tait dans une autre vie.<\/span><br \/>\n<span style=\"font-size: 8pt;\"> Pourtant : C\u2019\u00e9tait un beau slogan !\u2026<\/span><br \/>\n<span style=\"font-size: 8pt;\"> &gt;&gt; Il suffirait de peu de chose, pour am\u00e9liorer cette place (dite \u00ab&nbsp;des marronniers&nbsp;\u00bb) :<\/span><br \/>\n<span style=\"font-size: 8pt;\"> = MOINS DE VOITURE + DE VERDURE ET SURTOUT UN AMENAGEMENT PENSE DANS LE RESPECT DE TOUS.<\/span><br \/>\n<span style=\"font-size: 8pt;\"> Sergio des tilleuls.<\/span><\/p>\n<div class=\"reply\"><span style=\"font-size: 8pt;\">&nbsp;<\/span><\/div>\n<\/div>\n<\/li>\n<li id=\"comment-1550\" class=\"comment odd alt thread-odd thread-alt depth-1\">\n<div id=\"div-comment-1550\" class=\"comment-body\">\n<div class=\"comment-author vcard\"><span style=\"font-size: 8pt;\"><img loading=\"lazy\" decoding=\"async\" class=\"avatar avatar-32 photo\" src=\"http:\/\/www.gravatar.com\/avatar\/c6a36d7de40099bd162e36b0b7ea9608?s=32&amp;d=http%3A%2F%2Fwww.gravatar.com%2Favatar%2Fad516503a11cd5ca435acc9bb6523536%3Fs%3D32&amp;r=G\" alt=\"\" width=\"32\" height=\"32\"> <cite class=\"fn\">VAN DER GOOT ; architecte<\/cite> <span class=\"says\">dit&nbsp;:<\/span><\/span><\/div>\n<div class=\"comment-meta commentmetadata\"><span style=\"font-size: 8pt;\">12 avril 2012 \u00e0 9 h 54 min<\/span><\/div>\n<p><span style=\"font-size: 8pt;\">Qu\u2019est-ce que ce d\u00e9potoir de voitures, place des marronniers ? On se croirait chez un fabriquant d\u2019automobiles !<\/span><br \/>\n<span style=\"font-size: 8pt;\"> La deuxi\u00e8me plus grande place de France : une r\u00e9ussite ?<\/span><br \/>\n<span style=\"font-size: 8pt;\"> Place \u00e0 la vie, bon Dieu !<\/span><\/p>\n<p><span style=\"font-size: 8pt;\">D\u2019une mani\u00e8re g\u00e9n\u00e9rale, la ville de Saint-Maur offre une trop grande place aux voitures, au point o\u00f9 nous n\u2019osons m\u00eame plus circuler \u00e0 v\u00e9lo, voire m\u00eame \u00e0 pied (demandez \u00e0 vos enfants voire \u00e0 ceux qui se sont fait \u00e9craser) !<\/span><br \/>\n<span style=\"font-size: 8pt;\"> M\u00eame dans le Tiers-Monde, je n\u2019ai jamais vu une ville o\u00f9 il est aussi dangereux de circuler ; avec des automobilistes qui ne prennent m\u00eame plus la peine de regarder \u00e0 gauche ; qui laissent rarement la priorit\u00e9 aux pi\u00e9tons (3x je me suis arr\u00eat\u00e9 \u00e0 un passage pi\u00e9ton et c\u2019est une voiture d\u2019en face qui a failli \u00e9craser le pi\u00e9ton)\u2026 Une mentalit\u00e9 \u00e0 revoir de fond en comble.<\/span><\/p>\n<p><span style=\"font-size: 8pt;\">Pour revenir \u00e0 la place des M., il me semble encore pr\u00e9f\u00e9rable d\u2019autoriser la construction d\u2019un ou deux caf\u00e9s (structure l\u00e9g\u00e8re type Jardins des Tuileries) avec terrasse que de laisser la place \u00ab&nbsp;vacante&nbsp;\u00bb\u2026<\/span><\/p>\n<p><span style=\"font-size: 8pt;\">Il faut ramener la vie \u00e0 Saint-Maur ! Reloger le Franprix, place de la Louvi\u00e8res, pour que la place gagne en vie ; reloger les agences immobili\u00e8res et autres bangues de l\u2019avenue Charles de Gaulle ; r\u00e9glementer leurs signal\u00e9tiques (une honte !); cr\u00e9er des v\u00e9ritables pistes cyclables comme en Hollande ou au Danemark ; pas copier les mauvais exemples des am\u00e9ricains (parce qu\u2019il y en a aussi des bons).<\/span><\/p>\n<div class=\"reply\"><span style=\"font-size: 8pt;\">&nbsp;<\/span><\/div>\n<\/div>\n<\/li>\n<li id=\"comment-1553\" class=\"pingback even thread-even depth-1\">\n<div id=\"div-comment-1553\" class=\"comment-body\">\n<div class=\"comment-author vcard\"><span style=\"font-size: 8pt;\"><cite class=\"fn\">Continuons la mobilisation\u2026 \u00ab Comit\u00e9 de quartier du Parc de Saint Maur<\/cite> <span class=\"says\">dit&nbsp;:<\/span><\/span><\/div>\n<div class=\"comment-meta commentmetadata\"><span style=\"font-size: 8pt;\">13 avril 2012 \u00e0 19 h 30 min<\/span><\/div>\n<p><span style=\"font-size: 8pt;\">[&#8230;] https:\/\/leparcstmaur.org\/?p=1141 [&#8230;]<\/span><\/p>\n<div class=\"reply\"><span style=\"font-size: 8pt;\">&nbsp;<\/span><\/div>\n<\/div>\n<\/li>\n<li id=\"comment-1610\" class=\"comment odd alt thread-odd thread-alt depth-1\">\n<div id=\"div-comment-1610\" class=\"comment-body\">\n<div class=\"comment-author vcard\"><span style=\"font-size: 8pt;\"><img loading=\"lazy\" decoding=\"async\" class=\"avatar avatar-32 photo\" src=\"http:\/\/www.gravatar.com\/avatar\/ff5dbee465302f742847df2051548620?s=32&amp;d=http%3A%2F%2Fwww.gravatar.com%2Favatar%2Fad516503a11cd5ca435acc9bb6523536%3Fs%3D32&amp;r=G\" alt=\"\" width=\"32\" height=\"32\"> <cite class=\"fn\">Sphnx<\/cite> <span class=\"says\">dit&nbsp;:<\/span><\/span><\/div>\n<div class=\"comment-meta commentmetadata\"><span style=\"font-size: 8pt;\">15 mai 2012 \u00e0 10 h 21 min<\/span><\/div>\n<p><span style=\"font-size: 8pt;\">vous \u00eates quand m\u00eame gonfl\u00e9s ! Puisque l\u2019on vous dit que vous habitez le PARC\u2026 de stationnement de saint Maur, c\u2019est normal que la place se transforme ainsi.<\/span><br \/>\n<span style=\"font-size: 8pt;\"> Vaste zone r\u00e9sidentielle o\u00f9 les habitants ne rentrent pas leur voiture malgr\u00e9 la volont\u00e9 du PLU d\u2019avoir deux emplacements par habitat. La majorit\u00e9 utilisent le garage comme pi\u00e8ce \u00e0 vivre et tout le monde se gare dehors. Avec si peu de civisme il ne faut pas s\u2019\u00e9tonner d\u2019en arriver la.<\/span><br \/>\n<span style=\"font-size: 8pt;\"> Faites comme moi : roulez \u00e0 v\u00e9lo, prenez les transports en commun et sortez la voiture du garage pour faire les courses mais ne la laissez pas dehors !!!<\/span><br \/>\n<span style=\"font-size: 8pt;\"> \u00e9goistes qui d\u00e9figurez notre quartier avec vos bagnoles qui trainent \u00e0 cheval sur les trottoirs o\u00f9 l\u2019on ne peut m\u00eame plus passer.<\/span><br \/>\n<span style=\"font-size: 8pt;\"> Ce ne sont pas les gens des autres quartiers ou des autres villes qui se garent sur cette place, c\u2019est nous !<\/span><\/p>\n<\/div>\n<\/li>\n<\/ul>\n<p>&nbsp;<\/p>\n<\/div>\n<div class=\"post-1133 post hentry category-divers\">\n<h3 id=\"post-1133\"><span style=\"color: #0000ff;\">Agenda des conf\u00e9rences, des spectacles et des \u00e9v\u00e9nements culturels et sportifs \u2013 Mars 2012<\/span><\/h3>\n<p><small>Jeudi 15 mars 2012<\/small><\/p>\n<div class=\"entry\">\n<p>&#8211; Samedi 17 mars, \u00e0 15h30, Temple Protestant, 42 avenue Joffre<br \/>\nRencontre du groupe germanophone Amic\u2019Allemand<br \/>\nDiscussion et go\u00fbter autour d\u2019un th\u00e8me culturel ou d\u2019actualit\u00e9&nbsp;: po\u00e8tes et po\u00e9sies allemandes<\/p>\n<p>&#8211; 23, 24 et 25 mars,Stade Pierre Brossolette,<br \/>\nCoupes du Monde Ep\u00e9e Dames<br \/>\nIndividuelle et par \u00e9quipes<br \/>\nVGA Escrime<\/p>\n<p>&#8211; Mercredi 28 mars, de 9h \u00e0 17h, Stade Ch\u00e9ron et centre sportif Pierre Brossolette<br \/>\nChallenge Jacques Lesage<br \/>\nVGA EPIS<\/p>\n<p>&#8211; Jusqu\u2019au 30 mars, les vendredis \u00e0 14h, Maison de Quartier du Parc, 15 avenue des Fusill\u00e9s de Ch\u00e2teaubriant<br \/>\nRencontre de Scrabble<br \/>\nAmicale de Jeux<\/p>\n<p>&#8211; Jusqu\u2019au 27 mars, les lundis et mardis, \u00e0 14h, Maison de Quartier du Parc, 15 avenue des Fusill\u00e9s de Ch\u00e2teaubriant<br \/>\nRencontre de Tarot<br \/>\nAmicale de Jeux<\/p>\n<p>&#8211; Jusqu\u2019au 27 mars, les mardis, \u00e0 14h, Maison de Quartier du Parc, 15 avenue des Fusill\u00e9s de Ch\u00e2teaubriant<br \/>\nRencontre de Bridge<br \/>\nAmicale de Jeux<\/p>\n<p>&#8211; Samedi 31 mars, \u00e0 partir de 8h30, Maison des associations, 2 avenue du Mar\u00e9chal Lyautey,<br \/>\nInscription \u00e0 la Foire aux Trouvailles<\/p>\n<p>&#8211; Jusqu\u2019au 25 mars,Place des Marronniers,<br \/>\nMan\u00e8ge d\u2019hiver&nbsp;: Disco Baby<\/p>\n<p>&#8211; Du 20 mars au 29 avril, Place de la Louvi\u00e8re,<br \/>\nMan\u00e8ge d\u2019hiver&nbsp;: Carrousel des ch\u00e9rubins<\/p>\n<\/div>\n<p class=\"postmetadata\">&nbsp;<\/p>\n<\/div>\n<div class=\"post-1119 post hentry category-divers category-manifestations\">\n<h3 id=\"post-1119\"><span style=\"color: #0000ff;\">V\u00e9hicules d\u2019Epoque<\/span><\/h3>\n<p><small>Mardi 6 mars 2012<\/small><\/p>\n<div class=\"entry\">\n<p><a href=\"https:\/\/leparcstmaur.org\/wp-content\/uploads\/2012\/03\/2012-03-04-09.51.03-Large.jpg\"><img loading=\"lazy\" decoding=\"async\" class=\"size-full wp-image-1120 aligncenter\" title=\"2012-03-04 09.51.03 (Large)\" src=\"https:\/\/leparcstmaur.org\/wp-content\/uploads\/2012\/03\/2012-03-04-09.51.03-Large.jpg\" alt=\"2012-03-04 09.51.03 (Large)\" width=\"368\" height=\"277\"><\/a><\/p>\n<p>Les promeneurs de ce dimanche matin \u00e9taient nombreux \u00e0 venir admirer les voitures anciennes rassembl\u00e9es sur la Place des Marronniers.<\/p>\n<p>C\u2019est toujours un beau spectacle tr\u00e8s appr\u00e9ci\u00e9 !!!<\/p>\n<p><a href=\"https:\/\/leparcstmaur.org\/wp-content\/uploads\/2012\/03\/2012-03-04-12.32.22-Large1.jpg\"><img loading=\"lazy\" decoding=\"async\" class=\"size-full wp-image-1122 aligncenter\" title=\"2012-03-04 12.32.22 (Large)\" src=\"https:\/\/leparcstmaur.org\/wp-content\/uploads\/2012\/03\/2012-03-04-12.32.22-Large1.jpg\" alt=\"2012-03-04 12.32.22 (Large)\" width=\"368\" height=\"277\"><\/a><\/p>\n<p style=\"text-align: center;\"><span style=\"font-size: 18pt; color: #ff0000;\">Janvier 2012<\/span><\/p>\n<div class=\"post-1117 post hentry category-informations\">\n<h3 id=\"post-1117\">Concert : Allegro, 20\u00e8me anniversaire<\/h3>\n<p><small>Vendredi 27 janvier 2012<\/small><\/p>\n<div class=\"entry\">\n<p><a href=\"https:\/\/leparcstmaur.org\/wp-content\/uploads\/2012\/01\/Allegro-Large1.jpg\"><img loading=\"lazy\" decoding=\"async\" class=\"alignleft size-full wp-image-1116\" title=\"Allegro (Large)\" src=\"https:\/\/leparcstmaur.org\/wp-content\/uploads\/2012\/01\/Allegro-Large1.jpg\" alt=\"Allegro (Large)\" width=\"442\" height=\"614\"><\/a>Rendez vous musical et joyeux.<\/p>\n<p>Pour son vingti\u00e8me anniversaire, Allegro vous invite ce dimanche 29 janvier \u00e0 15h, Temple Protestant 42 avenue Joffre.<\/p>\n<\/div>\n<p class=\"postmetadata\">&nbsp;<\/p>\n<\/div>\n<div class=\"post-1111 post hentry category-informations\">\n<h3>&nbsp;&nbsp;<\/h3>\n<h3 id=\"post-1111\"><span style=\"color: #0000ff;\">Coll\u00e8ge Saint Padre Pio : Portes Ouvertes<\/span><\/h3>\n<p><small>Lundi 9 janvier 2012<\/small><\/p>\n<div class=\"entry\">\n<p><a href=\"https:\/\/leparcstmaur.org\/wp-content\/uploads\/2012\/01\/Padre-pio.jpg\"><img loading=\"lazy\" decoding=\"async\" class=\"alignleft size-medium wp-image-1112\" title=\"Padre pio\" src=\"https:\/\/leparcstmaur.org\/wp-content\/uploads\/2012\/01\/Padre-pio-209x300.jpg\" alt=\"Padre pio\" width=\"209\" height=\"300\"><\/a>Le 21 janvier 2012, de 10h \u00e0 16h, le coll\u00e8ge Saint Padre Pio organise une journ\u00e9e portes ouvertes pour vous permettre de rencontrer l\u2019\u00e9quipe enseignante ainsi que des parents d\u2019\u00e9l\u00e8ves.<\/p>\n<p>Le coll\u00e8ge est situ\u00e9 36 rue de la grande ceinture.<\/p>\n<\/div>\n<p class=\"postmetadata\">&nbsp;<\/p>\n<\/div>\n<div class=\"post-1108 post hentry category-divers\">\n<h3>&nbsp;<\/h3>\n<h3 id=\"post-1108\"><span style=\"color: #0000ff;\">2012\u2026<\/span><\/h3>\n<p><small>Dimanche 1 janvier 2012<\/small><\/p>\n<div class=\"entry\">\n<p>Toute l\u2019\u00e9quipe du Comit\u00e9 de Quartier du Parc de Saint Maur vous souhaite une tr\u00e8s bonne ann\u00e9e 2012.<\/p>\n<p>Qu\u2019elle vous apporte sant\u00e9, joie et bonheur.<\/p>\n<\/div>\n<\/div>\n<\/div>\n<\/div>\n","protected":false},"excerpt":{"rendered":"<p>D\u00e9cembre 2012 Bonne Ann\u00e9e 2013 Lundi 31 d\u00e9cembre 2012 Vin chaud de No\u00ebl Dimanche 16 d\u00e9cembre 2012 D\u00e8s 14h, nous \u00e9tions pr\u00eats, stand d\u00e9cor\u00e9, vin en chauffe en attendant les premiers voyageurs du petit train de No\u00ebl. Le temps \u00e9tait doux, le soleil pr\u00e9sent. Nous avons r\u00e9chauff\u00e9 les c\u0153urs jusqu\u2019\u00e0 &hellip;<\/p>\n","protected":false},"author":1,"featured_media":0,"parent":30,"menu_order":0,"comment_status":"closed","ping_status":"closed","template":"","meta":{"ngg_post_thumbnail":0,"footnotes":""},"class_list":["post-86","page","type-page","status-publish","hentry"],"_links":{"self":[{"href":"https:\/\/leparcstmaur.org\/index.php?rest_route=\/wp\/v2\/pages\/86","targetHints":{"allow":["GET"]}}],"collection":[{"href":"https:\/\/leparcstmaur.org\/index.php?rest_route=\/wp\/v2\/pages"}],"about":[{"href":"https:\/\/leparcstmaur.org\/index.php?rest_route=\/wp\/v2\/types\/page"}],"author":[{"embeddable":true,"href":"https:\/\/leparcstmaur.org\/index.php?rest_route=\/wp\/v2\/users\/1"}],"replies":[{"embeddable":true,"href":"https:\/\/leparcstmaur.org\/index.php?rest_route=%2Fwp%2Fv2%2Fcomments&post=86"}],"version-history":[{"count":19,"href":"https:\/\/leparcstmaur.org\/index.php?rest_route=\/wp\/v2\/pages\/86\/revisions"}],"predecessor-version":[{"id":401,"href":"https:\/\/leparcstmaur.org\/index.php?rest_route=\/wp\/v2\/pages\/86\/revisions\/401"}],"up":[{"embeddable":true,"href":"https:\/\/leparcstmaur.org\/index.php?rest_route=\/wp\/v2\/pages\/30"}],"wp:attachment":[{"href":"https:\/\/leparcstmaur.org\/index.php?rest_route=%2Fwp%2Fv2%2Fmedia&parent=86"}],"curies":[{"name":"wp","href":"https:\/\/api.w.org\/{rel}","templated":true}]}}