{"id":61,"date":"2018-03-05T20:14:17","date_gmt":"2018-03-05T20:14:17","guid":{"rendered":"http:\/\/xn--comitdequartierdupar-f2b.apps-1and1.net\/?page_id=61"},"modified":"2021-05-05T16:29:46","modified_gmt":"2021-05-05T16:29:46","slug":"archives-2010","status":"publish","type":"page","link":"https:\/\/leparcstmaur.org\/?page_id=61","title":{"rendered":"Archives 2010"},"content":{"rendered":"<p style=\"text-align: center;\"><span style=\"font-size: 18pt; color: #ff0000;\">D\u00e9cembre 2010<\/span><\/p>\n<div class=\"post-717 post hentry category-divers\">\n<h3 id=\"post-717\"><span style=\"color: #0000ff;\">Rencontre\u2026<\/span><\/h3>\n<p><small>Lundi 20 d\u00e9cembre 2010<\/small><\/p>\n<div class=\"entry\">\n<p><a href=\"https:\/\/leparcstmaur.org\/wp-content\/uploads\/2010\/12\/Chasse-neige-2.JPG\"><img loading=\"lazy\" decoding=\"async\" class=\"alignleft size-medium wp-image-718\" title=\"Chasse neige 2\" src=\"https:\/\/leparcstmaur.org\/wp-content\/uploads\/2010\/12\/Chasse-neige-2-300x225.jpg\" alt=\"Chasse neige 2\" width=\"300\" height=\"225\"><\/a><span style=\"font-size: 12pt;\">Au hasard d\u2019une promenade dans les rues presque d\u00e9neig\u00e9es (mais pas les trottoirs !), nous avons crois\u00e9 un chasse-neige Saint Maurien.<\/span><\/p>\n<p><span style=\"font-size: 12pt;\">Belle rencontre sympathique, quelques mots d\u2019encouragement, des sourires \u00e9chang\u00e9s.<\/span><\/p>\n<p><span style=\"font-size: 12pt;\">Pourquoi ce chasse-neige a-t-il \u00e9t\u00e9 la cible de caillassage dans la nuit de samedi \u00e0 dimanche aux alentours du pont de Cr\u00e9teil ?<\/span><\/p>\n<p><span style=\"font-size: 12pt;\">Merci aux agents qui continuent \u00e0 d\u00e9neiger malgr\u00e9 l\u2019absence de vitres lat\u00e9rales et pens\u00e9es \u00e0 ceux qui \u00e9taient dans le camion au moment du caillassage !<\/span><a href=\"https:\/\/leparcstmaur.org\/wp-content\/uploads\/2010\/12\/Chasse-Neige.JPG\"><img loading=\"lazy\" decoding=\"async\" class=\"alignright size-medium wp-image-719\" title=\"Chasse Neige\" src=\"https:\/\/leparcstmaur.org\/wp-content\/uploads\/2010\/12\/Chasse-Neige-300x225.jpg\" alt=\"Chasse Neige\" width=\"300\" height=\"225\"><\/a><\/p>\n<\/div>\n<\/div>\n<div class=\"post-690 post hentry category-divers\">\n<h3>&nbsp;<\/h3>\n<h3><span style=\"color: #0000ff;\">La neige est l\u00e0 !<\/span><\/h3>\n<p><small>Dimanche 19 d\u00e9cembre 2010<\/small><\/p>\n<div class=\"entry\">\n<p><a href=\"https:\/\/leparcstmaur.org\/wp-content\/uploads\/2010\/12\/Le-Parc-3.JPG\"><img loading=\"lazy\" decoding=\"async\" class=\"alignleft size-medium wp-image-693\" title=\"Le Parc 3\" src=\"https:\/\/leparcstmaur.org\/wp-content\/uploads\/2010\/12\/Le-Parc-3-225x300.jpg\" alt=\"Le Parc 3\" width=\"225\" height=\"300\"><\/a> <span style=\"font-size: 12pt;\">La neige est bien tomb\u00e9e cette nuit ! Pourquoi ne pas joindre l\u2019utile \u00e0 l\u2019agr\u00e9able\u2026<\/span><\/p>\n<div id=\"attachment_692\" class=\"wp-caption alignright\">\n<p class=\"wp-caption-text\">&nbsp;<\/p>\n<\/div>\n<div id=\"attachment_710\" class=\"wp-caption alignright\"><span style=\"font-size: 12pt;\"><a href=\"https:\/\/leparcstmaur.org\/wp-content\/uploads\/2010\/12\/Le-Parc-2.JPG\"><img loading=\"lazy\" decoding=\"async\" class=\"size-medium wp-image-692 \" title=\"Le Parc 2\" src=\"https:\/\/leparcstmaur.org\/wp-content\/uploads\/2010\/12\/Le-Parc-2-225x300.jpg\" alt=\"Le Parc 2\" width=\"225\" height=\"300\"><\/a><\/span><\/div>\n<div><span style=\"font-size: 12pt;\">&nbsp;<\/span><\/div>\n<div><span style=\"font-size: 12pt;\">&nbsp;<\/span><\/div>\n<div class=\"wp-caption alignnone\"><span style=\"font-size: 12pt;\">Sans compter les id\u00e9es que cela donne \u00e0 certains &#8230;Cliquez pour voir la vid\u00e9o<\/span><\/div>\n<div id=\"attachment_691\" class=\"wp-caption alignright\" style=\"width: 227px;\"><span style=\"font-size: 12pt;\">&nbsp;&nbsp; <\/span><\/div>\n<div class=\"wp-caption alignnone\"><span style=\"font-size: 12pt;\">Notre quartier est beau sous la neige !!<\/span><\/div>\n<\/div>\n<\/div>\n<div class=\"post-681 post hentry category-divers\">\n<h3 id=\"post-681\"><span style=\"font-size: 12pt;\"><img loading=\"lazy\" decoding=\"async\" class=\"wp-image-710 alignleft\" title=\"Surf au Parc\" src=\"https:\/\/leparcstmaur.org\/wp-content\/uploads\/2010\/12\/Surf-au-Parc-225x300.jpg\" alt=\"Sans compter les id\u00e9es que cela donne \u00e0 certains ...\" width=\"227\" height=\"303\"><a href=\"https:\/\/leparcstmaur.org\/wp-content\/uploads\/2010\/12\/Le-Parc-1.JPG\"><img loading=\"lazy\" decoding=\"async\" class=\"size-medium wp-image-691 alignnone\" title=\"Le Parc 1\" src=\"https:\/\/leparcstmaur.org\/wp-content\/uploads\/2010\/12\/Le-Parc-1-225x300.jpg\" alt=\"Notre quartier est beau sous la neige !\" width=\"225\" height=\"300\"><\/a><\/span><\/h3>\n<h3><span style=\"color: #0000ff;\">Arc Express \/ Grand Paris, tou<\/span><span style=\"color: #0000ff;\">jours l\u2019incertitude !<\/span><\/h3>\n<p><small>Mardi 14 d\u00e9cembre 2010<\/small><\/p>\n<div class=\"entry\">\n<p><span style=\"font-size: 12pt;\">L\u2019actualit\u00e9 sur le Grand Paris et Arc Express est plut\u00f4t modeste ces temps-ci. Pour ne pas oublier que le d\u00e9bat public se poursuit jusque fin janvier 2011, voici l\u2019article paru dans la Gazette du Parc de d\u00e9cembre 2010.<\/span><\/p>\n<p><span style=\"font-size: 12pt;\">Novembre 2010 fut un mois riche en informations diverses sur Le Grand Paris et Arc Express.<\/span><br \/>\n<span style=\"font-size: 12pt;\"> Une grande confusion r\u00e8gne encore due aux d\u00e9bats publics simultan\u00e9s. Les avis sont d\u2019ailleurs tr\u00e8s partag\u00e9s.<\/span><br \/>\n<span style=\"font-size: 12pt;\"> Pourtant, au fil du mois, les articles se sont succ\u00e9d\u00e9s dans la presse permettant de se faire une id\u00e9e de ce qui s\u2019annonce.<\/span><br \/>\n<span style=\"font-size: 12pt;\"> Pour rappel, Arc Express c\u2019est une ligne de m\u00e9tro automatique dont les gares sont espac\u00e9es de 1 \u00e0 1,5 km. La vitesse moyenne est estim\u00e9e \u00e0 40 km\/h et le temps d\u2019attente entre chaque rame est de l\u2019ordre de 2 minutes.<\/span><br \/>\n<span style=\"font-size: 12pt;\"> <a href=\"https:\/\/leparcstmaur.org\/wp-content\/uploads\/2010\/12\/Arc-Sud.jpg\"><img loading=\"lazy\" decoding=\"async\" class=\"alignleft size-medium wp-image-683\" title=\"Arc Sud\" src=\"https:\/\/leparcstmaur.org\/wp-content\/uploads\/2010\/12\/Arc-Sud-300x151.jpg\" alt=\"Arc Sud\" width=\"300\" height=\"151\"><\/a>Dans la partie Arc Sud, celle qui nous concerne, trois trac\u00e9s sont \u00e0 l\u2019\u00e9tude, dont deux (proche et interm\u00e9diaire) se rejoignent \u00e0 l\u2019entr\u00e9e de Saint Maur. Les deux premiers passent par la gare de Saint Maur-Cr\u00e9teil pour ensuite se diriger vers Val de Fontenay, le troisi\u00e8me entre \u00e0 Saint Maur par La pie et ressort vers Champigny en passant par Adamville et Champignol. Ce troisi\u00e8me trac\u00e9 implique la cr\u00e9ation de 2 gares : l\u2019une place d\u2019Adamville Kennedy, l\u2019autre place Jean Moulin et une interconnexion \u00e0 la gare de Champigny.<\/span><br \/>\n<span style=\"font-size: 12pt;\"> Dans tous les cas, les trac\u00e9s sont souterrains, \u00e0 moins 20 m\u00e8tres. Les gares seraient souterraines \u00e9galement avec une sortie&nbsp; vers la surface de type escalator et ascenseur pour les personnes \u00e0 mobilit\u00e9 r\u00e9duite. La mise en service de l\u2019Arc Sud est envisag\u00e9e pour 2017.<\/span><\/p>\n<div id=\"post-681\" class=\"post-681 post hentry category-divers\">\n<div class=\"entry\">\n<p><span style=\"font-size: 12pt;\">En d\u00e9but de mois, le Conseil d\u2019Etat a donn\u00e9 un avis n\u00e9gatif sur le SDRIF (Sch\u00e9ma Directeur de la R\u00e9gion Ile de France) en raison d\u2019une incompatibilit\u00e9 avec la loi sur le Grand Paris du 3 juin 2010 et avec le Grenelle de l\u2019Environnement.<\/span><br \/>\n<span style=\"font-size: 12pt;\"> Est-ce \u00e0 dire que le projet Arc Express sur lequel nous d\u00e9battons n\u2019est plus d\u2019actualit\u00e9 ? Pourquoi, alors, continuer \u00e0 d\u00e9penser tant de temps et d\u2019argent pour ces d\u00e9bats ?<\/span><\/p>\n<p><span style=\"font-size: 12pt;\">Le trac\u00e9 du Grand Paris a \u00e9volu\u00e9 ces derniers jours puisque un projet diff\u00e9rent est propos\u00e9 o\u00f9&nbsp; une gare d\u2019interconnexion&nbsp; est de nouveau envisag\u00e9e mais sur la gare de Champigny et non plus celle de Saint Maur Cr\u00e9teil.<\/span><br \/>\n<span style=\"font-size: 12pt;\"> Des lignes ont \u00e9galement \u00e9t\u00e9 rajout\u00e9es int\u00e9grant une partie des trac\u00e9s d\u2019Arc Express.<\/span><\/p>\n<p><span style=\"font-size: 12pt;\"><a href=\"https:\/\/leparcstmaur.org\/wp-content\/uploads\/2010\/12\/GP-1210.jpg\"><img loading=\"lazy\" decoding=\"async\" class=\"alignleft size-medium wp-image-682\" title=\"GP 1210\" src=\"https:\/\/leparcstmaur.org\/wp-content\/uploads\/2010\/12\/GP-1210-300x126.jpg\" alt=\"GP 1210\" width=\"300\" height=\"126\"><\/a>Ces derni\u00e8res modifications confirment&nbsp; les craintes n\u00e9es de la pr\u00e9sence simultan\u00e9e des deux projets dans le d\u00e9bat public.<\/span><\/p>\n<p><span style=\"font-size: 12pt;\">La encore, on ne voit pas comment \u00e9viter les fameux 400m de rayon de densification urbaine autour des futures gares.<\/span><br \/>\n<span style=\"font-size: 12pt;\"> En effet, comment ne pas imaginer, qu\u2019une fois l\u2019id\u00e9e acquise de l\u2019implantation d\u2019une ou plusieurs gares, dans le cadre d\u2019Arc Express, implantation ne g\u00e9n\u00e9rant pas de densification impos\u00e9e, la Soci\u00e9t\u00e9 du Grand Paris viendra, forte de la loi du 3 juin 2010, imposer une urbanisation digne des grands centres d\u2019affaires tels que La D\u00e9fense.<\/span><br \/>\n<span style=\"font-size: 12pt;\"> Les projets d\u2019architectes que nous connaissons ont beau pr\u00e9senter de la verdure, m\u00e9fions nous des dessins utopiques ! Rappelons-nous comment nous \u00e9tait pr\u00e9sent\u00e9e la place de la Louvi\u00e8re ! On est loin de la r\u00e9alit\u00e9 !<\/span><\/p>\n<p><span style=\"font-size: 12pt;\">Comment va \u00eatre financ\u00e9 le Grand Paris ?<\/span><br \/>\n<span style=\"font-size: 12pt;\"> Nous aurions aim\u00e9 en apprendre un peu plus lors de la r\u00e9union pr\u00e9vue \u00e0 Nogent sur Marne le 8 novembre 2010. Le financement du Grand Paris devait y \u00eatre pr\u00e9sent\u00e9. Malheureusement, cette r\u00e9union a \u00e9t\u00e9 annul\u00e9e et report\u00e9e en janvier 2011. L\u00e0 encore, on peut s\u2019interroger sur l\u2019int\u00e9r\u00eat d\u2019un d\u00e9bat public o\u00f9 les informations essentielles ne seront donn\u00e9es (peut \u00eatre !) qu\u2019\u00e0 la fin de la p\u00e9riode officielle.<\/span><br \/>\n<span style=\"font-size: 12pt;\"> En r\u00e9alit\u00e9, le budget global est loin d\u2019\u00eatre boucl\u00e9.<\/span><br \/>\n<span style=\"font-size: 12pt;\"> Il \u00e9tait envisag\u00e9 une taxe forfaitaire sur la valorisation des terrains et immeubles situ\u00e9s pr\u00e8s des gares. Cette taxe sera remplac\u00e9e par une augmentation (40% ?) de la taxe sur les bureaux, locaux commerciaux et surfaces de stationnement sup\u00e9rieures \u00e0 500 m2 (Arc Express appuie \u00e9galement une partie de son financement sur cette taxe).<\/span><br \/>\n<span style=\"font-size: 12pt;\"> Une autre taxe dite \u00ab d\u2019\u00e9quipement sp\u00e9cifique \u00bb s\u2019ajoutera \u00e0 la taxe d\u2019habitation. Apr\u00e8s les augmentations consid\u00e9rables des bases d\u2019imposition constat\u00e9es cette ann\u00e9e, les habitants appr\u00e9cieront.<\/span><\/p>\n<p><span style=\"font-size: 12pt;\">Compte tenu de l\u2019\u00e9volution de la situation, du peu d\u2019entrain avec lequel la Soci\u00e9t\u00e9 du Grand Paris nous pr\u00e9sente&nbsp; (ou pas !) le plan de financement de ce projet pharaonique, nos craintes \u00e9mises en mai 2010 ne sont pas lev\u00e9es.<\/span><\/p>\n<p><span style=\"font-size: 12pt;\">Aujourd\u2019hui, accepter une gare dans le cadre d\u2019Arc Express c\u2019est envisager l\u2019avenir avec une \u00e9p\u00e9e de Damocl\u00e8s au-dessus de nous.<\/span><\/p>\n<\/div>\n<\/div>\n<div class=\"navigation\">\n<div class=\"alignleft\">&nbsp;<\/div>\n<div class=\"alignright\">&nbsp;<\/div>\n<\/div>\n<ol class=\"commentlist\">\n<li id=\"comment-526\" class=\"comment even thread-even depth-1\">\n<div id=\"div-comment-526\" class=\"comment-body\">\n<div class=\"comment-author vcard\"><span style=\"font-size: 10pt;\"><img loading=\"lazy\" decoding=\"async\" class=\"avatar avatar-32 photo\" src=\"http:\/\/www.gravatar.com\/avatar\/82655a072ad110ca93137a84ec05f444?s=32&amp;d=http%3A%2F%2Fwww.gravatar.com%2Favatar%2Fad516503a11cd5ca435acc9bb6523536%3Fs%3D32&amp;r=G\" alt=\"\" width=\"32\" height=\"32\"> <cite class=\"fn\">jfvc<\/cite> <span class=\"says\">dit&nbsp;:<\/span><\/span><\/div>\n<div class=\"comment-meta commentmetadata\"><span style=\"font-size: 10pt;\">16 d\u00e9cembre 2010 \u00e0 21 h 54 min<\/span><\/div>\n<p><span style=\"font-size: 10pt;\">http:\/\/jfvc.skyrock.com\/ sur mon site, tous les avis contradictoires, des liens, des points de vues et vous \u00eates invit\u00e9s \u00e0 voter (sondage)\u2026JFVC.<\/span><\/p>\n<p><span style=\"font-size: 10pt;\">PS= c\u2019est une initiative citoyenne, je ne suis candidat \u00e0 rien !<\/span><\/p>\n<div class=\"reply\"><span style=\"font-size: 10pt;\">&nbsp;<\/span><\/div>\n<\/div>\n<\/li>\n<li id=\"comment-527\" class=\"comment odd alt thread-odd thread-alt depth-1\">\n<div id=\"div-comment-527\" class=\"comment-body\">\n<div class=\"comment-author vcard\"><span style=\"font-size: 10pt;\"><img loading=\"lazy\" decoding=\"async\" class=\"avatar avatar-32 photo\" src=\"http:\/\/www.gravatar.com\/avatar\/82655a072ad110ca93137a84ec05f444?s=32&amp;d=http%3A%2F%2Fwww.gravatar.com%2Favatar%2Fad516503a11cd5ca435acc9bb6523536%3Fs%3D32&amp;r=G\" alt=\"\" width=\"32\" height=\"32\"> <cite class=\"fn\">jfvc<\/cite> <span class=\"says\">dit&nbsp;:<\/span><\/span><\/div>\n<div class=\"comment-meta commentmetadata\"><span style=\"font-size: 10pt;\">17 d\u00e9cembre 2010 \u00e0 8 h 23 min<\/span><\/div>\n<p><span style=\"font-size: 10pt;\">aux derni\u00e8res nouvelles,l\u2019\u00e9tat demande imp\u00e9rativement la fusion des 2 projets Arc express et Grand Paris\u2026et impose \u00e0 tous (habitants et entreprises)une nouvelle taxe inclus dans les imp\u00f4ts locaux pour le financement ! D\u00e9cret sous peu\u2026<\/span><br \/>\n<span style=\"font-size: 10pt;\"> C\u2019est dire que le d\u00e9bat CONTRE est dej\u00e0 d\u00e9pass\u00e9,d\u2019autant que l\u2019ensemble des communes du 93 sont unanimement d\u2019accord sur la branche Arc express,en aval,donc passant par St Maur(avec gares et interconnexion RER A) !<\/span><br \/>\n<span style=\"font-size: 10pt;\"> Je pense sinc\u00e8rement, qu\u2019il serait plus utile de participer,en y influent, au projet\u2026.s\u2019il en est encore temps?Fin pr\u00e9vue du d\u00e9bat 31 janvier 2011.<\/span><\/p>\n<p><span style=\"font-size: 10pt;\">Tous les points de vues sur http:\/\/jfvc.skyrock.com\/ donnez le votre et votez<\/span><\/p>\n<div class=\"reply\"><span style=\"font-size: 10pt;\">&nbsp;<\/span><\/div>\n<\/div>\n<\/li>\n<li id=\"comment-532\" class=\"comment even thread-even depth-1\">\n<div id=\"div-comment-532\" class=\"comment-body\">\n<div class=\"comment-author vcard\"><span style=\"font-size: 10pt;\"><img loading=\"lazy\" decoding=\"async\" class=\"avatar avatar-32 photo\" src=\"http:\/\/www.gravatar.com\/avatar\/82655a072ad110ca93137a84ec05f444?s=32&amp;d=http%3A%2F%2Fwww.gravatar.com%2Favatar%2Fad516503a11cd5ca435acc9bb6523536%3Fs%3D32&amp;r=G\" alt=\"\" width=\"32\" height=\"32\"> <cite class=\"fn\">jfvc<\/cite> <span class=\"says\">dit&nbsp;:<\/span><\/span><\/div>\n<div class=\"comment-meta commentmetadata\"><span style=\"font-size: 10pt;\">18 d\u00e9cembre 2010 \u00e0 16 h 30 min<\/span><\/div>\n<p><span style=\"font-size: 10pt;\">D\u2019autre part, \u00ab&nbsp;afin de financer le r\u00e9seau de transport public du Grand Paris&nbsp;\u00bb, il est cr\u00e9\u00e9 \u00ab&nbsp;une taxe sp\u00e9ciale d\u2019\u00e9quipement sp\u00e9cifique&nbsp;\u00bb. Cette taxe, qui s\u2019ajoutera \u00e0 la taxe d\u2019habitation, s\u2019appliquera aux \u00ab&nbsp;diff\u00e9rentes cat\u00e9gories de contribuables de l\u2019ensemble de la r\u00e9gion IDF (m\u00e9nages, propri\u00e9taires et entreprises)&nbsp;\u00bb.<\/span><br \/>\n<span style=\"font-size: 10pt;\"> =extrait de la loi des finances rectificatives examin\u00e9e les 9 et 10 d\u00e9cembre\u2026.y compris par notre maire.la suite ?\u2026. Cherchez l\u2019erreur?<\/span><\/p>\n<div class=\"reply\"><span style=\"font-size: 10pt;\">&nbsp;<\/span><\/div>\n<\/div>\n<\/li>\n<li id=\"comment-536\" class=\"comment odd alt thread-odd thread-alt depth-1\">\n<div id=\"div-comment-536\" class=\"comment-body\">\n<div class=\"comment-author vcard\"><span style=\"font-size: 10pt;\"><img loading=\"lazy\" decoding=\"async\" class=\"avatar avatar-32 photo\" src=\"http:\/\/www.gravatar.com\/avatar\/70c4906c802be623d07a773034fa3954?s=32&amp;d=http%3A%2F%2Fwww.gravatar.com%2Favatar%2Fad516503a11cd5ca435acc9bb6523536%3Fs%3D32&amp;r=G\" alt=\"\" width=\"32\" height=\"32\"> <cite class=\"fn\">LT<\/cite> <span class=\"says\">dit&nbsp;:<\/span><\/span><\/div>\n<div class=\"comment-meta commentmetadata\"><span style=\"font-size: 10pt;\">20 d\u00e9cembre 2010 \u00e0 11 h 21 min<\/span><\/div>\n<p><span style=\"font-size: 10pt;\">Manifestement Saint Maur int\u00e9resse beaucoup les promoteurs. Avec 2 nouvelles gares, ils vont pouvoir construire une bande de 400 m\u00e8tres de larges qui traversera Saint Maur d\u2019une rive de la marne (la Pie) \u00e0 l\u2019autre (Le Parc \/ Champignol). Saint Maur sera alors coup\u00e9 en 2. En outre, quand on voie la d\u00e9gradation (violence, raquette, d\u00e9gradation urbaine, etc.) des gares de Saint Maur Cr\u00e9teil et de Champigny, je ne souhaite pas de nouvelle gare sur Saint Maur. Il me semble pr\u00e9f\u00e9rable de marcher (ou bus) 1\/4h dans des rues agr\u00e9ables pour prendre le RER plut\u00f4t que de vivre des nuisances permanentes que vont nous amener ces nouvelles gares.<\/span><\/p>\n<div class=\"reply\"><span style=\"font-size: 10pt;\">&nbsp;<\/span><\/div>\n<\/div>\n<\/li>\n<li id=\"comment-537\" class=\"comment even thread-even depth-1\">\n<div id=\"div-comment-537\" class=\"comment-body\">\n<div class=\"comment-author vcard\"><span style=\"font-size: 10pt;\"><img loading=\"lazy\" decoding=\"async\" class=\"avatar avatar-32 photo\" src=\"http:\/\/www.gravatar.com\/avatar\/568cbe9dd658a81102f871031549f8ac?s=32&amp;d=http%3A%2F%2Fwww.gravatar.com%2Favatar%2Fad516503a11cd5ca435acc9bb6523536%3Fs%3D32&amp;r=G\" alt=\"\" width=\"32\" height=\"32\"> <cite class=\"fn\">ER<\/cite> <span class=\"says\">dit&nbsp;:<\/span><\/span><\/div>\n<div class=\"comment-meta commentmetadata\"><span style=\"font-size: 10pt;\">20 d\u00e9cembre 2010 \u00e0 14 h 22 min<\/span><\/div>\n<p><span style=\"font-size: 10pt;\">La solution qui aurait le moins d\u2019impact n\u00e9gatif sur la ville serait une gare d\u2019interconnexion \u00e0 St Maur Cr\u00e9teil et non pas Champigny. Dans l\u2019hypoth\u00e8se Champigny, en effet, m\u00eame sans gares interm\u00e9diaires suppl\u00e9mentaires, il est difficile d\u2019imaginer que le paysage urbain ne serait pas affect\u00e9 en profondeur jusque dans le quartier du Parc, m\u00eame si la gare se trouve en p\u00e9riph\u00e9rie. Cette gare s\u2019accompagnera n\u00e9cessairement d\u2019am\u00e9nagements cons\u00e9quents (parkings, zones commerciales, gares de bus\u2026) qui non seulement vont d\u00e9figurer encore un peu plus ce secteur mais g\u00e9n\u00e9reront un trafic automobile accru. A moins que certains ne voient aucun inconv\u00e9nient \u00e0 ce que ce quartier prenne pour mod\u00e8le St Maur Cr\u00e9teil ou Val de Fontenay. Les secteurs entourant les gares deviennent vite des sortes de non-lieux sans \u00e2me et d\u00e9vitalisent \u00e0 grande \u00e9chelle. C\u2019est ce qu\u2019on veut ?? Des solutions plus simples et moins on\u00e9reuses ne sont m\u00eame pas envisag\u00e9es pour am\u00e9liorer les communications inter-banlieues : renforcer le maillage des bus et augmenter leur fr\u00e9quence.<\/span><br \/>\n<span style=\"font-size: 10pt;\"> Permettez \u00e0 une toute nouvelle habitante d\u2019exprimer ses craintes : je viens de Vitry et je sais ce que veut dire l\u2019urbanisme \u00e0 outrance\u2026<\/span><\/p>\n<\/div>\n<\/li>\n<\/ol>\n<\/div>\n<\/div>\n<div class=\"post-675 post hentry category-informations category-rendezvous\">\n<h3>&nbsp;<\/h3>\n<h3 id=\"post-675\"><span style=\"color: #0000ff;\">Plongeon : Championnats du CIF<\/span><\/h3>\n<p><small>Jeudi 2 d\u00e9cembre 2010<\/small><\/p>\n<div class=\"entry\">\n<p><a href=\"https:\/\/leparcstmaur.org\/wp-content\/uploads\/2010\/12\/MWSnap-2010-12-01-19_09_12-Large.jpg\"><img loading=\"lazy\" decoding=\"async\" class=\"alignleft size-medium wp-image-676\" title=\"Championnats du CIF - 12 d\u00e9cembre 2010 - Brossolette\" src=\"https:\/\/leparcstmaur.org\/wp-content\/uploads\/2010\/12\/MWSnap-2010-12-01-19_09_12-Large-300x212.jpg\" alt=\"MWSnap 2010-12-01, 19_09_12 (Large)\" width=\"300\" height=\"212\"><\/a>Les Championnats de L\u2019Ile de France de plongeon au tremplin de 1 m\u00e8tre se d\u00e9rouleront \u00e0 la piscine du centre sportif Brossolette le DIMANCHE 12 DECEMBRE 2010.<br \/>\nToutes les cat\u00e9gories seront repr\u00e9sent\u00e9es des poussins aux seniors avec la participation des plongeurs du centre national de l\u2019INSEP dont notre soci\u00e9taire de la VGA Damien CELY finaliste des Championnats d\u2019Europe.<br \/>\nLa VGA accueillera les clubs du CSVO Montmorency, RSC Montreuil et pour l\u2019INSEP le Lyon Plongeon Club et l\u2019USOL Vaugneray.<br \/>\nLes comp\u00e9titions d\u00e9buteront \u00e0 14h30 et l\u2019ouverture des portes se fera \u00e0 13h30, entr\u00e9e gratuite.<br \/>\nLa VGA Sport d\u2019eau<\/p>\n<\/div>\n<p class=\"postmetadata\">&nbsp;<\/p>\n<\/div>\n<div class=\"post-664 post hentry category-divers\">\n<h3 id=\"post-664\"><span style=\"color: #0000ff;\">Agenda des manifestations et travaux de d\u00e9cembre 2010<\/span><\/h3>\n<p><small>Mercredi 1 d\u00e9cembre 2010<\/small><\/p>\n<div class=\"entry\">\n<p><strong>Travaux pr\u00e9vus sur la chauss\u00e9e.<\/strong><\/p>\n<p><a href=\"https:\/\/leparcstmaur.org\/wp-content\/uploads\/2010\/12\/Travaux.jpg\"><img loading=\"lazy\" decoding=\"async\" class=\"alignleft size-full wp-image-666\" title=\"Travaux\" src=\"https:\/\/leparcstmaur.org\/wp-content\/uploads\/2010\/12\/Travaux.jpg\" alt=\"Travaux\" width=\"133\" height=\"118\"><\/a><br \/>\n&#8211; Les travaux d\u2019enfouissement du r\u00e9seau toiture ERDF continuent&nbsp; jusqu\u2019au 17 d\u00e9cembre, avenue du gouverneur G\u00e9n\u00e9ral Binger, avenue des Sapins, avenue Pierre Brossolette, avenue Charles VII.<br \/>\nJusqu\u2019en Janvier pour la rue Viala et le Boulevard de Champigny.<\/p>\n<p>&#8211; Travaux d\u2019eau avenue des Sapins.<\/p>\n<p>-Travaux du Parking en vis \u00e0 vis du march\u00e9, Place des Marronniers<br \/>\nMise en place de l\u2019ilot central permettant la travers\u00e9e des pi\u00e9tons de fa\u00e7on plus s\u00e9curis\u00e9e.<\/p>\n<p><strong>Agenda des conf\u00e9rences, des spectacles et&nbsp; des \u00e9v\u00e9nements culturels et sportifs.<\/strong><\/p>\n<p>&#8211; Vendredi 3 d\u00e9cembre, de 9h \u00e0 12h30, mairie-bus, place du march\u00e9 des Marronniers,<br \/>\nPermanence de l\u2019\u00e9lu du quartier du Parc<\/p>\n<p>&#8211; Vendredi 3 d\u00e9cembre, de 18h \u00e0 1h, centre Brossolette,<br \/>\nPortes ouvertes de nombreux clubs sportifs,<br \/>\nT\u00e9l\u00e9thon 2010<\/p>\n<p>&#8211; Samedi 4 d\u00e9cembre, de 8h \u00e0 13 h, parking du centre sportif Brossolette<br \/>\nSortie \u00e0 v\u00e9lo ou p\u00e9destres au profit du T\u00e9l\u00e9thon<br \/>\nCyclotouristes saint-mauriens<\/p>\n<p>&#8211; Samedi 4 d\u00e9cembre, Centre sportif Brossolette,<br \/>\nBourse aux v\u00eatements de ski et f\u00eates.<br \/>\nPEEP<\/p>\n<p>&#8211; Samedi 4 d\u00e9cembre, de 14h \u00e0 18 h, Piscine Brossolette<br \/>\nBapt\u00eame de plong\u00e9e au profit du T\u00e9l\u00e9thon<br \/>\nOVM- Oc\u00e9anautes du Val de Marne<\/p>\n<p>&#8211; Samedi 4 d\u00e9cembre et dimanche 5 d\u00e9cembre, Maison de Quartier du Parc, avenue des Fusill\u00e9s de Ch\u00e2teaubriant,<br \/>\nRencontre Peinture Dessin<\/p>\n<p>&#8211; Samedi 4 d\u00e9cembre et dimanche 5 d\u00e9cembre, de 11h \u00e0 18h, 11 avenue Joffre<br \/>\nVente de Charit\u00e9<br \/>\nAFE du Parc Saint Maur<\/p>\n<p>&#8211; Dimanche 5 d\u00e9cembre, \u00e0 20h30, 42 avenue Joffre,<br \/>\nConcert de l\u2019ensemble vocal Gabrielli<br \/>\nJeunesse et Culture Protestante<\/p>\n<p>&#8211; Vendredi 10 d\u00e9cembre 2010, \u00e0 20 h, \u00e9cole primaire des Tilleuls,<br \/>\nR\u00e9union sur le th\u00e8me du futur am\u00e9nagement de la place des Marronniers.<br \/>\nComit\u00e9 de Quartier du Parc de Saint Maur.<\/p>\n<p>&#8211; Samedi 11 d\u00e9cembre, Centre sportif Brossolette<br \/>\nChampionnat d\u2019halt\u00e9rophilie Elite Ile-de France<br \/>\nVGA Halt\u00e9rophilie<\/p>\n<p>&#8211; Dimanche 12 d\u00e9cembre, de 9h \u00e0 18h, Centre sportif Brossolette,<br \/>\nTournoi de mini-handball<br \/>\nStella Handball<\/p>\n<p>&#8211; Dimanche 12 d\u00e9cembre, \u00e0&nbsp; 15h, Eglise Notre Dame du Rosaire,<br \/>\nConcert de \u00ab&nbsp;No\u00ebl&nbsp;\u00bb<br \/>\nClasse d\u2019orgue du Conservatoire.<\/p>\n<p>&#8211; Vendredi 17, samedi 18 et dimanche 19 d\u00e9cembre,<br \/>\nanimations de No\u00ebl<\/p>\n<p>&#8211; Samedi 18 et dimanche 19 d\u00e9cembre, de 8h \u00e0 18h, Centre sportif Brossolette,<br \/>\nComp\u00e9tition du Circuit national&nbsp; V\u00e9t\u00e9rans Ep\u00e9e<\/p>\n<p>&#8211; du 27 au 29 d\u00e9cembre, de 8h \u00e0 18h, centre sportif Brossolette<br \/>\nTournoi de basket de No\u00ebl<br \/>\nComit\u00e9 94 de basket<\/p>\n<\/div>\n<\/div>\n<p style=\"text-align: center;\"><span style=\"font-size: 18pt; color: #ff0000;\">Novembre 2010<\/span><\/p>\n<div class=\"post-655 post hentry category-grand-paris category-informations tag-arc-express tag-champigny tag-creteil tag-debat-public tag-grand-paris tag-saint-maur\">\n<h3 id=\"post-655\"><span style=\"color: #0000ff;\">Arc Express : Verbatim de la r\u00e9union du 4 novembre 2010<\/span><\/h3>\n<p><small>Mardi 23 novembre 2010<\/small><\/p>\n<div class=\"entry\">\n<p><a href=\"https:\/\/leparcstmaur.org\/wp-content\/uploads\/2010\/11\/Arc-Sud-StM.jpg\"><img loading=\"lazy\" decoding=\"async\" class=\"alignleft size-medium wp-image-656\" title=\"Arc Sud StM\" src=\"https:\/\/leparcstmaur.org\/wp-content\/uploads\/2010\/11\/Arc-Sud-StM-300x281.jpg\" alt=\"Arc Sud StM\" width=\"243\" height=\"228\"><\/a>Pour tous ceux qui n\u2019ont pu assister \u00e0 la r\u00e9union publique du 4 novembre 2010 sur le projet du STIF, vous pouvez en trouver le verbatim (un dossier pdf de 40 pages)&nbsp; ainsi que les deux diaporamas pr\u00e9sent\u00e9s sur le site de la Commission Particuli\u00e8re du D\u00e9bat Public.<\/p>\n<p>http:\/\/www.debatpublic-arcexpress.org\/informer\/reunion20101104\/reunion-04-11-2010.html<\/p>\n<p>Rendez-vous tr\u00e8s vite sur ce site pour un nouvel article reprenant les derni\u00e8res informations sur le Grand Paris.<\/p>\n<\/div>\n<p class=\"postmetadata\">&nbsp;<\/p>\n<\/div>\n<div class=\"post-635 post hentry category-grand-paris category-informations\">\n<h3 id=\"post-635\"><span style=\"color: #0000ff;\">Arc Express, quel avenir ?<\/span><\/h3>\n<p><small>Lundi 8 novembre 2010<\/small><\/p>\n<div class=\"entry\">\n<p>Ce jeudi 4 novembre 2010, avait lieu, dans la salle des f\u00eates de la mairie,&nbsp; un d\u00e9bat public sur le projet Arc Express.&nbsp; Des membres du Stiff et de la Commission Nationale du D\u00e9bat Public \u00e9taient pr\u00e9sents pour nous d\u00e9crire le projet et r\u00e9pondre aux questions de l\u2019assistance.<\/p>\n<p><a href=\"https:\/\/leparcstmaur.org\/wp-content\/uploads\/2010\/11\/Arc-Sud.jpg\"><img loading=\"lazy\" decoding=\"async\" class=\"alignleft size-medium wp-image-643\" title=\"Arc Sud\" src=\"https:\/\/leparcstmaur.org\/wp-content\/uploads\/2010\/11\/Arc-Sud-300x151.jpg\" alt=\"Arc Sud\" width=\"300\" height=\"151\"><\/a><\/p>\n<p>La r\u00e9union commence par une pr\u00e9sentation du projet. Il s\u2019agit d\u2019une ligne de m\u00e9tro automatique dont les gares sont espac\u00e9es de 1 \u00e0 1,5 km. La vitesse moyenne est estim\u00e9e \u00e0 40 km\/h et le temps d\u2019attente entre chaque rame est de l\u2019ordre de 2 minutes.<br \/>\nDans la partie Arc Sud, celle qui nous concerne, trois trac\u00e9s sont \u00e0 l\u2019\u00e9tude, dont deux (proche et interm\u00e9diaire) se rejoignent \u00e0 l\u2019entr\u00e9e de Saint Maur. Les deux premiers passent par la gare de Saint Maur-Cr\u00e9teil pour ensuite se diriger vers Val de Fontenay, le troisi\u00e8me entre \u00e0 Saint Maur par La pie et ressort vers Champigny en passant par Adamville et Champignol. Ce troisi\u00e8me trac\u00e9 implique la cr\u00e9ation de 2 gares : l\u2019une place d\u2019Adamville Kennedy, l\u2019autre place Jean Moulin et une interconnexion \u00e0 la gare de Champigny.<br \/>\nDans tous les cas, les trac\u00e9s sont souterrains, \u00e0 moins 20 m\u00e8tres. Les gares seraient souterraines \u00e9galement avec une sortie&nbsp; vers la surface de type escalator et ascenseur pour les personnes \u00e0 mobilit\u00e9 r\u00e9duite.<\/p>\n<div id=\"post-635\" class=\"post-635 post hentry category-grand-paris category-informations\">\n<div class=\"entry\">\n<p>La mise en service de l\u2019Arc Sud est envisag\u00e9e pour 2017.<\/p>\n<p>Les questions et avis qui suivent la pr\u00e9sentation du projet mettent en avant les inqui\u00e9tudes li\u00e9es au mauvais \u00e9tat actuelle de la ligne A du RER, \u00e0 l\u2019urbanisation, \u00e0 l\u2019aspect des \u00e9ventuelles futures gares.<\/p>\n<p>Le Stif rappelle que dans le cadre de ce projet Arc Express, l\u2019am\u00e9nagement urbain&nbsp; reste du ressort de la ville.<\/p>\n<p>Il est not\u00e9 \u00e9galement et regrett\u00e9, par plusieurs intervenants (dont l\u2019adjoint au maire de Sucy en Brie), que l\u2019Arc Sud ne propose aucun trac\u00e9&nbsp; passant par une autre gare du RER A plus au sud telle que la gare de Sucy-Bonneuil et, de ce fait, \u00e9vitant Saint Maur.<\/p>\n<p>Le point important et qui remet en question l\u2019existence m\u00eame de ce projet dans son \u00e9tat actuel est l\u2019avis n\u00e9gatif rendu le 3 novembre par le Conseil d\u2019\u00e9tat sur le SDRIF (Sch\u00e9ma Directeur de la R\u00e9gion Ile de France). Le sch\u00e9ma r\u00e9gional serait incompatible avec la loi sur le Grand Paris du 3 juin 2010 et avec le Grenelle de l\u2019Environnement.<br \/>\nIl ne s\u2019agit que d\u2019un avis mais il est difficile d\u2019imaginer que le gouvernement n\u2019en tienne pas compte. Le pr\u00e9fet de r\u00e9gion lui-m\u00eame rappelait en juin 2010 que \u00ab&nbsp;Les contrats de d\u00e9veloppement territorial s\u2019imposent par rapport aux SDRIF&nbsp;\u00bb.<br \/>\nLa encore, on ne voit pas comment \u00e9viter les fameux 400m de rayon de densification urbaine autour des futures gares.<\/p>\n<p>Quel poids peut avoir un projet de r\u00e9gion tel que Arc Express face \u00e0 un projet d\u2019\u00e9tat comme le Grand Paris avec ses enjeux financiers li\u00e9s \u00e0 la densification immobili\u00e8re&nbsp;?<\/p>\n<p>Ce projet n\u2019est-il pas dans le d\u00e9bat public uniquement pour nous faire accepter l\u2019id\u00e9e d\u2019une ou plusieurs gares pour ensuite nous imposer la densification que la majorit\u00e9 d\u2019entre nous ne veut pas&nbsp;?<\/p>\n<p>C\u2019est cela qui inqui\u00e8te \u00e0 l\u2019heure actuelle&nbsp;!<\/p>\n<\/div>\n<\/div>\n<h3 id=\"comments\">&nbsp;<\/h3>\n<div class=\"navigation\">\n<div class=\"alignleft\">&nbsp;<\/div>\n<div class=\"alignright\">&nbsp;<\/div>\n<\/div>\n<ol class=\"commentlist\">\n<li id=\"comment-442\" class=\"comment even thread-even depth-1\">\n<div id=\"div-comment-442\" class=\"comment-body\">\n<div class=\"comment-author vcard\"><span style=\"font-size: 8pt;\"><img loading=\"lazy\" decoding=\"async\" class=\"avatar avatar-32 photo\" src=\"http:\/\/www.gravatar.com\/avatar\/4bc4f4d7253884bda3d09a6be15d7ae6?s=32&amp;d=http%3A%2F%2Fwww.gravatar.com%2Favatar%2Fad516503a11cd5ca435acc9bb6523536%3Fs%3D32&amp;r=G\" alt=\"\" width=\"32\" height=\"32\"> <cite class=\"fn\">Binet<\/cite> <span class=\"says\">dit&nbsp;:<\/span><\/span><\/div>\n<div class=\"comment-meta commentmetadata\"><span style=\"font-size: 8pt;\">9 novembre 2010 \u00e0 19 h 51 min<\/span><\/div>\n<p><span style=\"font-size: 8pt;\">En r\u00e9ponse par \u00e9crit : J\u2019ai propos\u00e9, suite \u00e0 l\u2019intervention de l\u2019\u00e9lu de Sucy en Brie et du refus des habitants de Saint Maur : Une \u00e9tude d\u2019un trajet :<\/span><br \/>\n<span style=\"font-size: 8pt;\"> Cr\u00e9teil Universit\u00e9\/ Cr\u00e9teil l\u2019\u00e9chat : Cr\u00e9teil Eglise (N19 jonction T.V.M.) Bonneuil,Mairie : Bonneuil le port\/ Z.I. : Sucy, Z.I. petits carreaux + (N19):<\/span><br \/>\n<span style=\"font-size: 8pt;\"> Sucy, gare (jonction ligne R.E.R \u00ab&nbsp;A&nbsp;\u00bb) Ormesson, Chateau : Ormesson, centre culturel Vladimir d\u2019Ormesson : Z.I.Pincevent, (N4) : Villiers-sur-Marne, Le Plessis Tr\u00e9vise(jonction R.E.R.&nbsp;\u00bbE&nbsp;\u00bb) : Centre Cial Arcades : Noisy-le Grand, Mont d\u2019est (jonction R.E.R.&nbsp;\u00bbA&nbsp;\u00bb) Puis voir projets en \u00e9tude.<\/span><br \/>\n<span style=\"font-size: 8pt;\"> Ce trajet \u00e9vite Saint Maur et desservirait des zones en besoin de transports.<\/span><br \/>\n<span style=\"font-size: 8pt;\"> Serge B. du comit\u00e9 de Quartier.<\/span><\/p>\n<div class=\"reply\"><span style=\"font-size: 8pt;\">&nbsp;<\/span><\/div>\n<\/div>\n<\/li>\n<li id=\"comment-453\" class=\"comment odd alt thread-odd thread-alt depth-1\">\n<div id=\"div-comment-453\" class=\"comment-body\">\n<div class=\"comment-author vcard\"><span style=\"font-size: 8pt;\"><img loading=\"lazy\" decoding=\"async\" class=\"avatar avatar-32 photo\" src=\"http:\/\/www.gravatar.com\/avatar\/82655a072ad110ca93137a84ec05f444?s=32&amp;d=http%3A%2F%2Fwww.gravatar.com%2Favatar%2Fad516503a11cd5ca435acc9bb6523536%3Fs%3D32&amp;r=G\" alt=\"\" width=\"32\" height=\"32\"> <cite class=\"fn\">jfvc<\/cite> <span class=\"says\">dit&nbsp;:<\/span><\/span><\/div>\n<div class=\"comment-meta commentmetadata\"><span style=\"font-size: 8pt;\">23 novembre 2010 \u00e0 8 h 30 min<\/span><\/div>\n<p><span style=\"font-size: 8pt;\">Bravo pour une gare Place Kennedy\/Adamville\u2026enfin, on pense aux actifs de notre cit\u00e9 !<\/span><\/p>\n<div class=\"reply\"><span style=\"font-size: 8pt;\">&nbsp;<\/span><\/div>\n<\/div>\n<\/li>\n<li id=\"comment-457\" class=\"comment even thread-even depth-1\">\n<div id=\"div-comment-457\" class=\"comment-body\">\n<div class=\"comment-author vcard\"><span style=\"font-size: 8pt;\"><img loading=\"lazy\" decoding=\"async\" class=\"avatar avatar-32 photo\" src=\"http:\/\/www.gravatar.com\/avatar\/82655a072ad110ca93137a84ec05f444?s=32&amp;d=http%3A%2F%2Fwww.gravatar.com%2Favatar%2Fad516503a11cd5ca435acc9bb6523536%3Fs%3D32&amp;r=G\" alt=\"\" width=\"32\" height=\"32\"> <cite class=\"fn\">jfvc<\/cite> <span class=\"says\">dit&nbsp;:<\/span><\/span><\/div>\n<div class=\"comment-meta commentmetadata\"><span style=\"font-size: 8pt;\">30 novembre 2010 \u00e0 9 h 34 min<\/span><\/div>\n<p><span style=\"font-size: 8pt;\">http:\/\/www.lepost.fr\/article\/2010\/11\/30\/2322993_tous-pour-l-avenir-de-saint-maur_1_0_1.html<\/span><\/p>\n<\/div>\n<\/li>\n<\/ol>\n<\/div>\n<\/div>\n<div class=\"post-648 post hentry category-divers\">\n<h3 id=\"post-648\"><span style=\"color: #0000ff;\">Agenda des manifestations et travaux de novembre 2010<\/span><\/h3>\n<p><small>Jeudi 4 novembre 2010<\/small><\/p>\n<div class=\"entry\">\n<p><strong>Travaux <\/strong><\/p>\n<p><a href=\"https:\/\/leparcstmaur.org\/wp-content\/uploads\/2010\/11\/Travaux.jpg\"><img loading=\"lazy\" decoding=\"async\" class=\"alignleft size-full wp-image-649\" title=\"Travaux\" src=\"https:\/\/leparcstmaur.org\/wp-content\/uploads\/2010\/11\/Travaux.jpg\" alt=\"Travaux\" width=\"154\" height=\"138\"><\/a>&#8211; Enfouissement du r\u00e9seau toiture ERDF&nbsp;: Avenue du Gouverneur G\u00e9n\u00e9ral Binger, avenue des Sapins, avenue Pierre Brossolette, Avenue Charles VII, avenue M\u00e9dicis, avenue du Midi, avenue de l\u2019Est.<br \/>\nA partir du 22 novembre, rue Viala.<\/p>\n<p>&#8211; R\u00e9fection des trottoirs&nbsp;suite aux travaux ERDF : Avenue Anatole France, avenue du r\u00e9servoir, avenue de Lattre de Tassigny, avenue Joffre,<\/p>\n<p>&#8211; Travaux d\u2019am\u00e9nagement du parking de la place des Marronniers.<\/p>\n<p>&#8211; Travaux d\u2019eau&nbsp;: avenue des Sapins.<\/p>\n<p><strong>Conf\u00e9rences, spectacles et&nbsp; \u00e9v\u00e9nements culturels et sportifs. <\/strong><br \/>\n&#8211; du vendredi 5 novembre au mardi 9 novembre, au 11 avenue Joffre<br \/>\nBourse aux v\u00eatements<br \/>\nAssociation d\u2019Ici et d\u2019Ailleurs<\/p>\n<p>&#8211; Mardi 16 novembre, Eglise Notre-Dame du Rosaire, place des Marronniers<br \/>\nConcert Saison d\u2019Orgue \u00ab&nbsp;Cycle Bach&nbsp;\u00bb<\/p>\n<p>&#8211; Samedi 20 et dimanche 21 novembre,<br \/>\nJourn\u00e9e d\u2019amiti\u00e9, Paroisse du Rosaire<\/p>\n<p>&#8211; Vendredi 26&nbsp; et Samedi 27 novembre, Centre sportif Pierre Brossolette :<br \/>\nBourse aux jouets, PEEP<\/p>\n<p>&#8211; Samedi 27 et Dimanche 28 novembre, 42 avenue Joffre<br \/>\nF\u00eate de l\u2019Eglise R\u00e9form\u00e9e<\/p>\n<p>&#8211; du 11 novembre au 5 D\u00e9cembre, place des Marronniers,<br \/>\nF\u00eate foraine<\/p>\n<\/div>\n<\/div>\n<p style=\"text-align: center;\"><span style=\"font-size: 18pt; color: #ff0000;\">Octobre 2010<\/span><\/p>\n<div class=\"post-627 post hentry category-divers\">\n<h3 id=\"post-627\"><span style=\"color: #0000ff;\">Chocolats de No\u00ebl<\/span><\/h3>\n<p><small>Mercredi 20 octobre 2010<\/small><\/p>\n<div class=\"entry\">\n<p><a href=\"https:\/\/leparcstmaur.org\/wp-content\/uploads\/2010\/10\/Chocolats.jpg\"><img loading=\"lazy\" decoding=\"async\" class=\"alignleft size-full wp-image-633\" title=\"Chocolats\" src=\"https:\/\/leparcstmaur.org\/wp-content\/uploads\/2010\/10\/Chocolats.jpg\" alt=\"Chocolats\" width=\"143\" height=\"143\"><\/a>Pour pr\u00e9parer No\u00ebl, comme l\u2019ann\u00e9e derni\u00e8re, L\u2019op\u00e9ration chocolat est lanc\u00e9e.<\/p>\n<p>Passez votre commande avant le 6 novembre 2010 (aucune commande ne sera prise apr\u00e8s cette date). Vous serez livr\u00e9 entre le 25&nbsp; novembre et le 17 d\u00e9cembre 2010.<\/p>\n<p>Le catalogue est disponible en cliquant ici.<\/p>\n<p>Merci d\u2019avance de votre participation.<\/p>\n<\/div>\n<\/div>\n<div class=\"post-623 post hentry category-evenements category-rendezvous\">\n<h3 id=\"post-623\"><span style=\"color: #0000ff;\">Observatoire : Portes Ouvertes<\/span><\/h3>\n<p><small>Mardi 19 octobre 2010<\/small><\/p>\n<div class=\"entry\">\n<p><a href=\"https:\/\/leparcstmaur.org\/wp-content\/uploads\/2010\/10\/F\u00eate-de-la-science.jpg\"><img loading=\"lazy\" decoding=\"async\" class=\"size-full wp-image-624 alignleft\" title=\"F\u00eate de la science\" src=\"https:\/\/leparcstmaur.org\/wp-content\/uploads\/2010\/10\/Fete-de-la-science.jpg\" alt=\"F\u00eate de la science\" width=\"140\" height=\"140\"><\/a>Samedi 23 octobre, de 10 heures \u00e0 16 heures, l\u2019Observatoire de Saint Maur des Foss\u00e9s, 4 avenue de Neptune, ouvre ses portes pour c\u00e9l\u00e9brer la f\u00eate de la science 2010. Le th\u00e8me d\u00e9velopp\u00e9 est : Diversit\u00e9 de la plan\u00e9tologie : mer, ciel, espace.<\/p>\n<\/div>\n<p class=\"postmetadata\">&nbsp;<\/p>\n<\/div>\n<div class=\"post-617 post hentry category-divers\">\n<h3>&nbsp;<\/h3>\n<h3 id=\"post-617\"><span style=\"color: #0000ff;\">Ramassage annuel des vieux papiers<\/span><\/h3>\n<p><small>Mercredi 13 octobre 2010<\/small><\/p>\n<div class=\"entry\">\n<p>Les b\u00e9n\u00e9voles de la Conf\u00e9rence Saint Vincent de Paul \u00e9taient fid\u00e8les au poste ce dimanche 10 octobre 2010, pour le Grand ramassage annuel des papiers.<\/p>\n<p>Contrairement aux ann\u00e9es pr\u00e9c\u00e9dentes, en raison des travaux engag\u00e9s depuis cet \u00e9t\u00e9, le rendez-vous n\u2019\u00e9tait pas sur la place des Marronniers mais place des Tilleuls. <a href=\"https:\/\/leparcstmaur.org\/wp-content\/uploads\/2010\/10\/Ramassage1.JPG\"><img loading=\"lazy\" decoding=\"async\" class=\"aligncenter size-medium wp-image-618\" title=\"Ramassage1\" src=\"https:\/\/leparcstmaur.org\/wp-content\/uploads\/2010\/10\/Ramassage1-300x225.jpg\" alt=\"Ramassage1\" width=\"300\" height=\"225\"><\/a><\/p>\n<p>Des changements qui n\u2019ont pas entam\u00e9 le moral des volontaires.<\/p>\n<p>Une autre \u00e9quipe \u00e9tait post\u00e9e au 68 avenue Joffre, lieu habituel du ramassage mensuel (tous les 1er et 3\u00e8me samedi de chaque mois).<a href=\"https:\/\/leparcstmaur.org\/wp-content\/uploads\/2010\/10\/Ramassage2.JPG\"><img loading=\"lazy\" decoding=\"async\" class=\"aligncenter size-medium wp-image-619\" title=\"Ramassage2\" src=\"https:\/\/leparcstmaur.org\/wp-content\/uploads\/2010\/10\/Ramassage2-300x225.jpg\" alt=\"Ramassage2\" width=\"300\" height=\"225\"><\/a><\/p>\n<\/div>\n<\/div>\n<div class=\"post-603 post hentry category-divers\">\n<h3 id=\"post-603\"><span style=\"color: #0000ff;\">Exposition Voitures Anciennes<\/span><\/h3>\n<p><small>Mardi 12 octobre 2010<\/small><\/p>\n<div class=\"entry\">\n<p><a href=\"https:\/\/leparcstmaur.org\/wp-content\/uploads\/2010\/10\/Voitures-anciennes-3.JPG\"><img loading=\"lazy\" decoding=\"async\" class=\"size-medium wp-image-604 alignleft\" title=\"Voitures anciennes 3\" src=\"https:\/\/leparcstmaur.org\/wp-content\/uploads\/2010\/10\/Voitures-anciennes-3-300x225.jpg\" alt=\"Voitures anciennes 3\" width=\"300\" height=\"225\"><\/a>Le Lions Club organisait ce week end du 9-10 octobre, place des Marronniers, une exposition d\u2019anciennes voitures.<\/p>\n<p>Un temps estival pour prendre le temps d\u2019admirer ces bijoux !<\/p>\n<p><a href=\"https:\/\/leparcstmaur.org\/wp-content\/uploads\/2010\/10\/Voitures-anciennes.JPG\"><img loading=\"lazy\" decoding=\"async\" class=\"size-medium wp-image-605 alignright\" title=\"Voitures anciennes\" src=\"https:\/\/leparcstmaur.org\/wp-content\/uploads\/2010\/10\/Voitures-anciennes-300x225.jpg\" alt=\"Voitures anciennes\" width=\"300\" height=\"225\"><\/a><a href=\"https:\/\/leparcstmaur.org\/wp-content\/uploads\/2010\/10\/Voitures-anciennes-2.JPG\"><img loading=\"lazy\" decoding=\"async\" class=\"size-medium wp-image-606 alignleft\" title=\"Voitures anciennes 2\" src=\"https:\/\/leparcstmaur.org\/wp-content\/uploads\/2010\/10\/Voitures-anciennes-2-300x225.jpg\" alt=\"Voitures anciennes 2\" width=\"300\" height=\"225\"><\/a><\/p>\n<\/div>\n<p class=\"postmetadata\">&nbsp;<\/p>\n<\/div>\n<div class=\"post-594 post hentry category-evenements category-rendezvous\">\n<h3>&nbsp;<\/h3>\n<h3>&nbsp;<\/h3>\n<h3>&nbsp;<\/h3>\n<h3>&nbsp;<\/h3>\n<h3>&nbsp;<\/h3>\n<h3>&nbsp;<\/h3>\n<h3>&nbsp;<\/h3>\n<h3 id=\"post-594\"><span style=\"color: #0000ff;\">Inauguration de la piscine Brossolette<\/span><\/h3>\n<p><small>Vendredi 8 octobre 2010<\/small><\/p>\n<div class=\"entry\">\n<p>Pour f\u00eater la r\u00e9ouverture de la piscine Brossolette apr\u00e8s 3 mois de travaux, l\u2019entr\u00e9e sera gratuite le 23 octobre 2010, de 14 heures \u00e0 18 heures.<\/p>\n<p><a href=\"https:\/\/leparcstmaur.org\/wp-content\/uploads\/2010\/10\/Inauguration-piscine1.jpg\"><img loading=\"lazy\" decoding=\"async\" class=\"aligncenter size-medium wp-image-599\" title=\"Inauguration piscine\" src=\"https:\/\/leparcstmaur.org\/wp-content\/uploads\/2010\/10\/Inauguration-piscine1-300x204.jpg\" alt=\"Inauguration piscine\" width=\"300\" height=\"204\"><\/a><\/p>\n<p>Les clubs seront au rendez-vous pour animer cet apr\u00e8s-midi de 14 heures \u00e0 17 heures.<\/p>\n<p>Et des d\u00e9monstrations de plongeon, de natation synchronis\u00e9e, de nage avec palmes et de kayak-polo auront lieu de 17 heures \u00e0 18 heures.<\/p>\n<p>Un vin d\u2019honneur et une exposition photos cl\u00f4tureront cette journ\u00e9e de f\u00eate.<\/p>\n<\/div>\n<\/div>\n<p style=\"text-align: center;\"><span style=\"font-size: 18pt; color: #ff0000;\">Septembre 2010<\/span><\/p>\n<div class=\"post-585 post hentry category-divers\">\n<h3 id=\"post-585\"><span style=\"color: #0000ff;\">Les artistes ouvrent leurs ateliers.<\/span><\/h3>\n<p><small>Mardi 28 septembre 2010<\/small><\/p>\n<div class=\"entry\">\n<p>Les 2 et 3 octobre 2010, de 14 heures \u00e0 19 heures, les artistes ouvrent leurs portes afin de nous faire d\u00e9couvrir leurs oeuvres.<\/p>\n<p><a href=\"https:\/\/leparcstmaur.org\/wp-content\/uploads\/2010\/09\/jfparadivin-Large1.jpg\"><img loading=\"lazy\" decoding=\"async\" class=\"aligncenter size-medium wp-image-590\" title=\"jfparadivin (Large)\" src=\"https:\/\/leparcstmaur.org\/wp-content\/uploads\/2010\/09\/jfparadivin-Large1-300x163.jpg\" alt=\"jfparadivin (Large)\" width=\"300\" height=\"163\"><\/a><\/p>\n<p>Pour vous faciliter votre promenade, voici la liste des artistes de notre quartier :<\/p>\n<ul>\n<li><strong>Isabelle Badinier<\/strong>, 9 avenue du R\u00e9servoir, C\u00e9ramique<\/li>\n<li><strong>B\u00e9atrice Bissara<\/strong>, 37 avenue Joffre, Sculpture<\/li>\n<li><strong>Doru Covrig<\/strong>, 24 quai du Parc, Sculpture, Dessin<\/li>\n<li><strong>Anne Cruciani-Palomino<\/strong>, 36 rue de la Grande Ceinture, L\u2019Atelier du Bonheur<\/li>\n<li><strong>Karina Filliozat<\/strong>, 5 avenue du Bel Air, Huile, Croquis<\/li>\n<li><strong>Jacques Le Foll<\/strong>, 22 avenue du Rocher,Huile sur toile, sur coffrets et sur malles<\/li>\n<li><strong>Jehan-Fran\u00e7ois Paradivin<\/strong>, 9 avenue du Colis\u00e9e, Technique Mixte<\/li>\n<li><strong>Brigitte Perol-Schneider<\/strong>, 16 avenue de la Tourelle, Sculpture, dessin, gravure, aquarelle<\/li>\n<li><strong>Val\u00e9rie Piquard<\/strong>, 7bis avenue M\u00e9dicis, Acrylique et mati\u00e8re, aquarelle<\/li>\n<li><strong>Solange Sennepin<\/strong>, 15 place des Marronniers, Aquarelle<\/li>\n<li>Atelier collectif \u00e0 la maison de quartier, 15 avenue des Fusill\u00e9s de Ch\u00e2teaubriant.<br \/>\n<strong>Jacqueline Boucard<\/strong>, Huile<br \/>\n<strong>Fran\u00e7oise Gazel<\/strong>, Huile, Acrylique<br \/>\n<strong>Daniel Parent<\/strong>, Huile<br \/>\n<strong>Fran\u00e7oise Rosalia<\/strong>, Aquarelle<\/li>\n<\/ul>\n<p>Bonne d\u00e9couverte \u00e0 tous et n\u2019h\u00e9sitez pas \u00e0 venir ici partager vos \u00e9motions !<\/p>\n<\/div>\n<\/div>\n<div class=\"post-580 post hentry category-divers\">\n<h3 id=\"post-580\"><span style=\"color: #0000ff;\">Qualit\u00e9 de l\u2019eau pour l\u2019ann\u00e9e 2009<\/span><\/h3>\n<p><small>Mardi 21 septembre 2010<\/small><\/p>\n<div class=\"entry\">\n<p><a href=\"https:\/\/leparcstmaur.org\/wp-content\/uploads\/2010\/09\/Qualit\u00e9-de-leau-2009-.jpg\"><img loading=\"lazy\" decoding=\"async\" class=\"alignleft size-medium wp-image-581\" title=\"Qualit\u00e9 de l'eau 2009\" src=\"https:\/\/leparcstmaur.org\/wp-content\/uploads\/2010\/09\/Qualite-de-leau-2009--207x300.jpg\" alt=\"Qualit\u00e9 de l'eau 2009\" width=\"207\" height=\"300\"><\/a>Nous savons tous que l\u2019eau qui sort de notre robinet vient de la Marne.&nbsp; Elle est capt\u00e9e puis trait\u00e9e par l\u2019usine des eaux situ\u00e9e sur notre quartier. La gestion est en r\u00e9gie municipale.<\/p>\n<p>Notre eau est sous contr\u00f4le permanent et des pr\u00e9l\u00e8vements sont effectu\u00e9s r\u00e9guli\u00e8rement.<\/p>\n<p>La Mairie vient de rendre publique une synth\u00e8se pour l\u2019ann\u00e9e 2009.<\/p>\n<p>On rel\u00e8ve que l\u2019eau de Saint Maur est de tr\u00e8s bonne qualit\u00e9 bact\u00e9riologique, qu\u2019elle contient peu de nitrates, 16.8 mg\/l en moyenne (limite : 50 mg\/l). C\u2019est une eau calcaire, tr\u00e8s peu fluor\u00e9e, moyenne de 0.23 mg\/l (limite 1.5 mg\/l). Un l\u00e9ger d\u00e9passement de la norme&nbsp; en pesticides a \u00e9t\u00e9 relev\u00e9 mais n\u2019a pas d\u00e9pass\u00e9 une p\u00e9riode de 30 jours et n\u2019a&nbsp; pas entrain\u00e9 de restriction d\u2019usage.<\/p>\n<p>Les trois pr\u00e9l\u00e8vements effectu\u00e9s sur le quartier du Parc, ne rel\u00e8vent aucun d\u00e9passement de limite de qualit\u00e9.<\/p>\n<\/div>\n<div class=\"comment-author vcard\"><span style=\"font-size: 8pt;\"><cite class=\"fn\">jfvc<\/cite> <span class=\"says\">dit&nbsp;:<\/span><\/span><\/div>\n<div class=\"comment-meta commentmetadata\"><span style=\"font-size: 8pt;\">24 septembre 2010 \u00e0 18 h 25 min<\/span><\/div>\n<p><span style=\"font-size: 8pt;\">des pesticides dans la marne \u00e0 St Maur c\u2019est tous les ans\u2026il viennent de la champagne,r\u00e9gion viticole intensive ! Ce dont les services techniques municipaux laissent sous silence , ce sont les taux de m\u00e9tabolites m\u00e9dicamenteux importants du fait de la proximit\u00e9 de notre hopital intercommunal de Cr\u00e9teil(CHIC 94)et d\u2019Henri Mondor qui polluent la nappe phr\u00e9atique;ce probl\u00e8me fait actuellement l\u2019objet d\u2019\u00e9tudes du minist\u00e8re de la sant\u00e9,mais dans ce domaine notre pays a pris bien du retard\u2026voir l\u2019article suivant = http:\/\/www.agoravox.fr\/actualites\/sante\/article\/inquietudes-sur-la-qualite-de-l-81765<\/span><br \/>\n<span style=\"font-size: 8pt;\"> Dans d\u2019autres quartiers les r\u00e9sultats sont l\u00e9g\u00e8rement plus contrast\u00e9s,mais en gros, c\u2019est une eau de bonne qualit\u00e9 dans le contexte actuelle et il est dommage qu\u2019on l\u2019utilise,comme le font nos services municipaux, \u00e0 des usages industriels =http:\/\/www.votresaintmaur.com\/?L=blogs.blog&amp;article=2334 , enfin, c\u2019est juste mon avis.JFVC.<\/span><\/p>\n<\/div>\n<div class=\"post-574 post hentry category-manifestations\">\n<h3 id=\"post-574\"><span style=\"color: #0000ff;\">Bilan de la journ\u00e9e des Associations\u2026<\/span><\/h3>\n<p><small>Mercredi 15 septembre 2010<\/small><\/p>\n<div class=\"entry\">\n<p><a href=\"https:\/\/leparcstmaur.org\/wp-content\/uploads\/2010\/09\/Associations-2010-Large1.JPG\"><img loading=\"lazy\" decoding=\"async\" class=\"alignleft size-medium wp-image-577\" title=\"Associations 2010 (Large)\" src=\"https:\/\/leparcstmaur.org\/wp-content\/uploads\/2010\/09\/Associations-2010-Large1-300x225.jpg\" alt=\"Associations 2010 (Large)\" width=\"300\" height=\"225\"><\/a>Ce samedi 11 septembre 2010 fut une belle journ\u00e9e, tant au niveau du temps qu\u2019au niveau des rencontres.<\/p>\n<p>Beaucoup de monde, une bonne ambiance et du temps pour discuter avec chacun.<\/p>\n<p>L\u2019int\u00e9r\u00eat des habitants pour leur quartier et le Comit\u00e9 de Quartier est r\u00e9el. Cela nous encourage \u00e0 continuer notre action de tous les instants.<\/p>\n<p>Merci \u00e0 tous pour votre soutien.<\/p>\n<\/div>\n<p class=\"postmetadata\">&nbsp;<\/p>\n<\/div>\n<div class=\"post-567 post hentry category-manifestations category-rendezvous\">\n<h3 id=\"post-567\"><span style=\"color: #0000ff;\">Journ\u00e9e des Associations<\/span><\/h3>\n<p><small>Vendredi 10 septembre 2010<\/small><\/p>\n<div class=\"entry\">\n<p>Ce samedi 11 septembre 2010, le Comit\u00e9 de Quartier du Parc de Saint Maur sera pr\u00e9sent, pour la premi\u00e8re fois,&nbsp; sur la place des Marronniers de 11h \u00e0 18h.<\/p>\n<p>Nous esp\u00e9rons que cette journ\u00e9e, que la m\u00e9t\u00e9o nous promet ensoleill\u00e9e et chaude, nous permettra de nous rencontrer et de discuter de ce qui concerne le quartier et de vos attentes !<\/p>\n<p>A demain, donc !<\/p>\n<\/div>\n<\/div>\n<div class=\"post-553 post hentry category-informations category-rendezvous\">\n<h3 id=\"post-553\"><span style=\"color: #0000ff;\">C\u2019est la rentr\u00e9e\u2026<\/span><\/h3>\n<p><small>Lundi 6 septembre 2010<\/small><\/p>\n<div class=\"entry\">\n<p>Les vacances sont termin\u00e9es.<br \/>\n<a href=\"https:\/\/leparcstmaur.org\/wp-content\/uploads\/2010\/09\/Marche-travaux.JPG\"><img loading=\"lazy\" decoding=\"async\" class=\"alignleft size-medium wp-image-554\" title=\"Marche travaux\" src=\"https:\/\/leparcstmaur.org\/wp-content\/uploads\/2010\/09\/Marche-travaux-300x225.jpg\" alt=\"Marche travaux\" width=\"300\" height=\"225\"><\/a><a href=\"https:\/\/leparcstmaur.org\/wp-content\/uploads\/2010\/09\/Marche-provisoire.jpg\"><img loading=\"lazy\" decoding=\"async\" class=\"alignright size-medium wp-image-555\" title=\"Marche provisoire\" src=\"https:\/\/leparcstmaur.org\/wp-content\/uploads\/2010\/09\/Marche-provisoire-300x225.jpg\" alt=\"Marche provisoire\" width=\"300\" height=\"225\"><\/a>Apr\u00e8s des travaux qui ont dur\u00e9 tout l\u2019\u00e9t\u00e9, le march\u00e9 quittera, ce mardi 7 septembre,&nbsp; son emplacement provisoire pour r\u00e9int\u00e9grer une zone remise \u00e0 neuf et r\u00e9am\u00e9nag\u00e9e.<\/p>\n<p>A la mi-septembre, les travaux du parking en vis-\u00e0-vis pourront commencer et dureront en principe jusqu\u2019\u00e0 fin novembre.<\/p>\n<p>Pendant la dur\u00e9e de ces travaux, une zone de stationnement&nbsp; sera organis\u00e9e sur l\u2019emplacement du march\u00e9 provisoire.<\/p>\n<p>Dans le m\u00eame temps, les \u00e9tudes sont en cours en vue de s\u00e9curiser la circulation sur l\u2019ensemble de la place.<\/p>\n<p>C\u2019\u00e9tait la rentr\u00e9e&nbsp; \u00e9galement pour les clubs sportifs et l\u2019occasion de f\u00e9liciter les champions de Plongeon, de Voile et de Tennis de Table !<br \/>\n<a href=\"https:\/\/leparcstmaur.org\/wp-content\/uploads\/2010\/09\/Rentr\u00e9e-VGA-2010.jpg\"><img loading=\"lazy\" decoding=\"async\" class=\"aligncenter size-medium wp-image-560\" title=\"Rentr\u00e9e VGA 2010\" src=\"https:\/\/leparcstmaur.org\/wp-content\/uploads\/2010\/09\/Rentree-VGA-2010-190x300.jpg\" alt=\"Rentr\u00e9e VGA 2010\" width=\"190\" height=\"300\"><\/a>C\u2019est aussi la rentr\u00e9e pour le Comit\u00e9 de Quartier : nous pr\u00e9parons activement la journ\u00e9e des Associations, samedi 11 septembre 2010. Nous serons heureux de vous y retrouver, de 11 heures \u00e0 18 heures, pour \u00e9changer les derni\u00e8res nouvelles du quartier !<\/p>\n<\/div>\n<\/div>\n<div class=\"comment-author vcard\"><span style=\"font-size: 8pt;\"><cite class=\"fn\">BURONFOSSE<\/cite> <span class=\"says\">dit&nbsp;:<\/span><\/span><\/div>\n<div class=\"comment-meta commentmetadata\"><span style=\"font-size: 8pt;\">16 septembre 2010 \u00e0 8 h 49 min<\/span><\/div>\n<p><span style=\"font-size: 8pt;\">Bonjour,<\/span><\/p>\n<p><span style=\"font-size: 8pt;\">Riverain de l\u2019avenue Joffre, plus pr\u00e9cis\u00e9ment de la portion qui vient d\u2019\u00eatre r\u00e9nov\u00e9e, j\u2019aimerais savoir s\u2019il existe dans votre association le moyen de parler de la vitesse excessive des v\u00e9hicules. Malgr\u00e9 la limitation \u00e0 30km\/h, force est de constater que les voitures roulent \u00e0 des vitesses souvent largement au del\u00e0 des 50km\/h. Les ralentisseurs pr\u00e9vus \u00e0 l\u2019origine n\u2019ont pas \u00e9t\u00e9 install\u00e9s, sous la pression de quelques riverains. Si vous pensez qu\u2019une action concert\u00e9e puisse \u00eatre entreprise aupr\u00e8s de la Mairie, merci de m\u2019en informer.<\/span><br \/>\n<span style=\"font-size: 8pt;\"> Cordialement.<\/span><\/p>\n<p style=\"text-align: center;\"><span style=\"font-size: 18pt; color: #ff0000;\">Juillet 2010<\/span><\/p>\n<div class=\"post-546 post hentry category-divers\">\n<h3 id=\"post-546\"><span style=\"color: #0000ff;\">Plan Anti Canicule<\/span><\/h3>\n<p><small>Vendredi 9 juillet 2010<\/small><\/p>\n<div class=\"entry\">\n<p><a href=\"https:\/\/leparcstmaur.org\/wp-content\/uploads\/2010\/07\/Soleil.jpg\"><img loading=\"lazy\" decoding=\"async\" class=\"alignleft size-full wp-image-547\" title=\"Soleil\" src=\"https:\/\/leparcstmaur.org\/wp-content\/uploads\/2010\/07\/Soleil.jpg\" alt=\"Soleil\" width=\"225\" height=\"184\"><\/a>En ces temps de fortes chaleurs de d\u00e9but d\u2019\u00e9t\u00e9, il est bon de rappeler que la mairie a mis en place un plan de pr\u00e9vention qui r\u00e9pertorie les personnes fragiles et isol\u00e9es de plus de 65 ans.<\/p>\n<p>Si vous connaissez des personnes qui pourraient \u00eatre concern\u00e9es, si vous ne pouvez, vous-m\u00eame, en tant que voisin, \u00eatre attentif \u00e0 leur sant\u00e9 pendant cette p\u00e9riode, vous pouvez contacter le centre communal d\u2019action sociale \u00e0 l\u2019H\u00f4tel de ville au 01.45.11.65.51.<\/p>\n<p>Les personnes susceptibles d\u2019\u00eatre en difficult\u00e9 n\u2019y sont pas toujours sensibles.<\/p>\n<p>A nous d\u2019\u00eatre vigilants.<\/p>\n<\/div>\n<\/div>\n<div class=\"post-542 post hentry category-grand-paris\">\n<h3 id=\"post-542\"><span style=\"color: #0000ff;\">Grand Paris : La premi\u00e8re victime !<\/span><\/h3>\n<p><small>Dimanche 4 juillet 2010<\/small><\/p>\n<div class=\"entry\">\n<p><a href=\"https:\/\/leparcstmaur.org\/wp-content\/uploads\/2010\/07\/cigares.jpg\"><img loading=\"lazy\" decoding=\"async\" class=\"alignleft size-medium wp-image-543\" title=\"cigares\" src=\"https:\/\/leparcstmaur.org\/wp-content\/uploads\/2010\/07\/cigares-300x169.jpg\" alt=\"cigares\" width=\"300\" height=\"169\"><\/a>Sur les boites de cigares devrait figurer cet avertissement: <strong>trop fumer peut entra\u00eener une mort (politique) rapide et douloureuse.<\/strong><br \/>\nC\u2019est, en tous cas, la morale qu\u2019il faut tirer de l\u2019expulsion brutale de son poste de \u00ab&nbsp;Pr\u00e9sident&nbsp;\u00bb tout puissant de la Soci\u00e9t\u00e9 du Grand Paris, de Monsieur Christian Blanc, un proche de Nicolas Sarkozy qui, sans doute emport\u00e9 dans la tourmente des mauvaises mani\u00e8res du gouvernement en exercice a r\u00e9ussi \u00e0 consommer pour 12 000 euros de cigares en dix mois, aux frais du service public.<br \/>\nLe Grand Paris est bien parti\u2026<br \/>\nSon rempla\u00e7ant, Michel Mercier est un \u00e9lu centriste dont la carri\u00e8re universitaire et politique s\u2019est faite \u00e0 Lyon. Il est presque inconnu du grand public (et m\u00eame de ses coll\u00e8gues). Nous lui souhaitons bien du courage !<\/p>\n<\/div>\n<\/div>\n<div class=\"post-531 post hentry category-manifestations\">\n<h3 id=\"post-531\"><span style=\"color: #0000ff;\">Premier diner de rue\u2026<\/span><\/h3>\n<p><small>Samedi 3 juillet 2010<\/small><\/p>\n<div class=\"entry\">\n<p><a href=\"https:\/\/leparcstmaur.org\/wp-content\/uploads\/2010\/07\/Diner-de-rue-02072010.JPG\"><img loading=\"lazy\" decoding=\"async\" class=\"alignleft size-medium wp-image-532\" title=\"Diner de rue 02072010\" src=\"https:\/\/leparcstmaur.org\/wp-content\/uploads\/2010\/07\/Diner-de-rue-02072010-300x225.jpg\" alt=\"Diner de rue 02072010\" width=\"300\" height=\"225\"><\/a>Ce vendredi 2 juillet au soir, le comit\u00e9 de quartier organisait son premier repas de rue.<\/p>\n<p>Un bel orage \u00e0 17 heures n\u2019a pas diminu\u00e9 l\u2019enthousiasme de l\u2019\u00e9quipe qui a pris un grand plaisir \u00e0 pr\u00e9parer cet \u00e9v\u00e8nement et \u00e0 installer le mat\u00e9riel pr\u00eat\u00e9 par le service des f\u00eates de la mairie.<\/p>\n<p>Malgr\u00e9 la date tardive et le d\u00e9part en vacances de beaucoup de&nbsp; Saint-Mauriens, nous nous sommes retrouv\u00e9s nombreux autour d\u2019une sangria rafraichissante. Etaient invit\u00e9s les adh\u00e9rents du Comit\u00e9<a href=\"https:\/\/leparcstmaur.org\/wp-content\/uploads\/2010\/07\/Sangria.JPG\"><img loading=\"lazy\" decoding=\"async\" class=\"alignright size-medium wp-image-535\" title=\"Sangria\" src=\"https:\/\/leparcstmaur.org\/wp-content\/uploads\/2010\/07\/Sangria-300x225.jpg\" alt=\"Sangria\" width=\"300\" height=\"225\"><\/a> ainsi que les riverains concern\u00e9s par le blocage de la rue.&nbsp; Nous avons, en toute convivialit\u00e9, partag\u00e9 le repas \u2018tir\u00e9 du sac\u2019 dans une ambiance joyeuse et amicale.<\/p>\n<p>Au fil de la soir\u00e9e, des promeneurs se sont joints \u00e0 nous pour partager le verre de l\u2019amiti\u00e9.<\/p>\n<p><a href=\"https:\/\/leparcstmaur.org\/wp-content\/uploads\/2010\/07\/Diner-de-rue-02072010-1.JPG\"><img loading=\"lazy\" decoding=\"async\" class=\"alignleft size-medium wp-image-538\" title=\"Diner de rue 02072010 1\" src=\"https:\/\/leparcstmaur.org\/wp-content\/uploads\/2010\/07\/Diner-de-rue-02072010-1-300x225.jpg\" alt=\"Diner de rue 02072010 1\" width=\"300\" height=\"225\"><\/a><\/p>\n<p>Un grand merci \u00e0 tous les participants qui ont fait de ce premier repas une vraie r\u00e9ussite que nous n\u2019h\u00e9siterons pas \u00e0 renouveler !<\/p>\n<\/div>\n<\/div>\n<p class=\"postmetadata\">&nbsp;<\/p>\n<p>&nbsp;<\/p>\n<p>&nbsp;<\/p>\n<div class=\"post-520 post hentry category-informations\">\n<h3 id=\"post-520\"><span style=\"color: #0000ff;\">D\u00e9placement provisoire du March\u00e9\u2026<\/span><\/h3>\n<p><small>Samedi 3 juillet 2010<\/small><\/p>\n<div class=\"entry\">\n<p><a href=\"https:\/\/leparcstmaur.org\/wp-content\/uploads\/2010\/07\/Projet-1-2-3-Marronniers-Large.jpg\"><img loading=\"lazy\" decoding=\"async\" class=\"alignleft size-medium wp-image-521\" title=\"Projet 1 2 3 Marronniers (Large)\" src=\"https:\/\/leparcstmaur.org\/wp-content\/uploads\/2010\/07\/Projet-1-2-3-Marronniers-Large-300x224.jpg\" alt=\"Projet 1 2 3 Marronniers (Large)\" width=\"300\" height=\"224\"><\/a>Les travaux de mise en conformit\u00e9 du march\u00e9 aux normes europ\u00e9ennes d\u00e9buteront cette semaine.<\/p>\n<p>Ce mardi 6 juillet, et pour les deux mois \u00e0 venir, le march\u00e9 de la place des Marronniers s\u2019installera&nbsp; provisoirement&nbsp; autour du terre plein au d\u00e9bouch\u00e9 de l\u2019avenue M\u00e9dicis.<\/p>\n<p>Cela permettra d\u2019entamer la phase 2 du r\u00e9am\u00e9nagement de la place des Marronniers.<\/p>\n<p>Une r\u00e9union de pr\u00e9sentation du projet s\u2019est tenue lundi 28 juin.&nbsp; Les Saint-Mauriens ont \u00e9t\u00e9 nombreux \u00e0 se d\u00e9placer pour cette occasion et nombreux \u00e0 s\u2019exprimer, notamment sur les probl\u00e8mes de s\u00e9curit\u00e9 li\u00e9s \u00e0 l\u2019\u00e9tendue de la place.<\/p>\n<p><a href=\"https:\/\/leparcstmaur.org\/wp-content\/uploads\/2010\/07\/March\u00e9-Large.jpg\"><img loading=\"lazy\" decoding=\"async\" class=\"alignright size-medium wp-image-522\" title=\"March\u00e9 (Large)\" src=\"https:\/\/leparcstmaur.org\/wp-content\/uploads\/2010\/07\/Marche-Large-300x225.jpg\" alt=\"March\u00e9 (Large)\" width=\"300\" height=\"225\"><\/a>Durant l\u2019\u00e9t\u00e9, c\u2019est donc la place du march\u00e9 qui va \u00eatre r\u00e9nov\u00e9e. Le rev\u00eatement va \u00eatre refait, des places de stationnement, dont une place PMR, mat\u00e9rialis\u00e9es sur le pourtour. Pour r\u00e9pondre aux normes d\u2019hygi\u00e8ne, le stationnement des v\u00e9hicules ne sera plus autoris\u00e9 sur cette place.<\/p>\n<p>A la fin de ces travaux, le march\u00e9 r\u00e9int\u00e8grera la place et les travaux du parking situ\u00e9 le long de l\u2019avenue du Bel Air pourront commencer.<\/p>\n<p><a href=\"https:\/\/leparcstmaur.org\/wp-content\/uploads\/2010\/07\/Parking-Large.jpg\"><img loading=\"lazy\" decoding=\"async\" class=\"alignleft size-medium wp-image-525\" title=\"Parking (Large)\" src=\"https:\/\/leparcstmaur.org\/wp-content\/uploads\/2010\/07\/Parking-Large-300x219.jpg\" alt=\"Parking (Large)\" width=\"300\" height=\"219\"><\/a>Ce parking va \u00eatre bitum\u00e9, le stationnement mat\u00e9rialis\u00e9 (dont 3 places PMR). Les conteneurs vont \u00eatre enterr\u00e9s ce qui r\u00e9duira consid\u00e9rablement les nuisances. La promenade pi\u00e9ton sera \u00e9galement \u00e9quip\u00e9e d\u2019un rev\u00eatement propre mais perm\u00e9able. Enfin, des toilettes publiques seront install\u00e9es.<\/p>\n<p>Un ilot&nbsp; permettra de s\u00e9curiser la travers\u00e9e des pi\u00e9tons depuis les deux places r\u00e9nov\u00e9es vers la place centrale de l\u2019\u00e9glise.<\/p>\n<p>A l\u2019automne, une partie des arbres abattus sera remplac\u00e9e par des marronniers rouges. Cette esp\u00e8ce est, pour l\u2019instant, r\u00e9sistante \u00e0 la mineuse, responsable de la couleur brune que nous constatons actuellement sur les feuilles et du dess\u00e8chement pr\u00e9coce de celles-ci en \u00e9t\u00e9. Malheureusement, comme nous le signalait \u2018Emmanuel\u2019 dans son commentaire,&nbsp; cette esp\u00e8ce reste sensible au chancre, maladie qui provoque \u00e9galement des d\u00e9g\u00e2ts importants.<\/p>\n<p>La phase suivante concernant l\u2019am\u00e9nagement de la partie du terre-plein M\u00e9dicis est \u00e0 l\u2019\u00e9tude.<\/p>\n<p>Avant m\u00eame d\u2019entamer cette phase qui n\u2019interviendra pas imm\u00e9diatement, il convient de r\u00e9fl\u00e9chir \u00e0 l\u2019am\u00e9lioration de la s\u00e9curit\u00e9 pour tous. L\u2019implantation du march\u00e9 provisoire et les modifications de la circulation que cela entraine sont un bon test pour ce qui concerne le d\u00e9bouch\u00e9 de l\u2019avenue M\u00e9dicis. Reste \u00e0 am\u00e9liorer la signalisation verticale peu visible \u00e0 certains endroits.<\/p>\n<p>Nous somme \u00e0 l\u2019\u00e9coute de vos id\u00e9es, de vos remarques.&nbsp; N\u2019h\u00e9sitez pas \u00e0 vous faire entendre !<\/p>\n<p>&nbsp;<\/p>\n<\/div>\n<\/div>\n<p style=\"text-align: center;\"><span style=\"font-size: 18pt; color: #ff0000;\">Juin 2010<\/span><\/p>\n<div class=\"post-516 post hentry category-informations category-rendezvous\">\n<h3 id=\"post-516\"><span style=\"color: #0000ff;\">Travaux d\u2019am\u00e9nagement Place des Marronniers<\/span><\/h3>\n<p><small>Dimanche 27 juin 2010<\/small><\/p>\n<div class=\"entry\">\n<p>Pour rappel, demain, lundi 28 juin 2010 \u00e0 20h15 \u00e0 l\u2019\u00e9cole des Tilleuls, aura lieu une r\u00e9union de pr\u00e9sentation des travaux d\u2019am\u00e9nagement de la place des Marronniers.<\/p>\n<p>Il est important de venir nombreux !<\/p>\n<\/div>\n<\/div>\n<div class=\"post-506 post hentry category-informations\">\n<h3 id=\"post-506\"><span style=\"color: #0000ff;\">Am\u00e9nagement de la place des Marronniers<\/span><\/h3>\n<p><small>Vendredi 18 juin 2010<\/small><\/p>\n<div class=\"entry\">\n<p><a href=\"https:\/\/leparcstmaur.org\/wp-content\/uploads\/2010\/06\/Place-des-marronniers-2.jpg\"><img loading=\"lazy\" decoding=\"async\" class=\"alignleft size-medium wp-image-510\" title=\"Place des marronniers 2\" src=\"https:\/\/leparcstmaur.org\/wp-content\/uploads\/2010\/06\/Place-des-marronniers-2-300x175.jpg\" alt=\"Place des marronniers 2\" width=\"300\" height=\"175\"><\/a>Durant l\u2019\u00e9t\u00e9, une partie de la place des Marronniers va \u00eatre r\u00e9am\u00e9nag\u00e9e. Il s\u2019agit de la zone du march\u00e9 et du parking situ\u00e9 face \u00e0 la boulangerie.<\/p>\n<p>Pendant les travaux, le march\u00e9 sera d\u00e9plac\u00e9 et la circulation&nbsp; modifi\u00e9e ponctuellement le mardi et le vendredi.<br \/>\nPour pr\u00e9parer cet emplacement provisoire, des travaux sont pr\u00e9vus d\u00e8s cette semaine pour installer les douilles qui permettront de recevoir le mat\u00e9riel de couverture du march\u00e9.<\/p>\n<p>La phase num\u00e9ro un du projet d\u2019am\u00e9nagement de la place sera pr\u00e9sent\u00e9e aux riverains et Saint-Mauriens que cela int\u00e9resse le 28 juin 2010 \u00e0 20h15 \u00e0 l\u2019\u00e9cole des Tilleuls.<\/p>\n<p class=\"postmetadata\">Priorit\u00e9 est donn\u00e9e \u00e0 la s\u00e9curit\u00e9 et \u00e0 la protection des arbres restants et de ceux qui seront replant\u00e9s \u00e0 l\u2019automne.<\/p>\n<\/div>\n<\/div>\n<div class=\"post-498 post hentry category-evenements\">\n<h3 id=\"post-498\"><span style=\"color: #0000ff;\">Inauguration d\u2019une sculpture du G\u00e9n\u00e9ral de Gaulle.<\/span><\/h3>\n<p><small>Vendredi 18 juin 2010<\/small><\/p>\n<div class=\"entry\">\n<p><a href=\"https:\/\/leparcstmaur.org\/wp-content\/uploads\/2010\/06\/Sculpture.JPG\"><img loading=\"lazy\" decoding=\"async\" class=\"alignleft size-medium wp-image-499\" title=\"Sculpture\" src=\"https:\/\/leparcstmaur.org\/wp-content\/uploads\/2010\/06\/Sculpture-300x225.jpg\" alt=\"Sculpture\" width=\"300\" height=\"225\"><\/a>Hier soir, lors d\u2019une c\u00e9r\u00e9monie officielle pour c\u00e9l\u00e9brer les 70 ans de l\u2019appel du 18 juin, une sculpture du G\u00e9n\u00e9ral de Gaulle a \u00e9t\u00e9 inaugur\u00e9e place du 8 mai 1945.<\/p>\n<p>La foule \u00e9tait nombreuse pour \u00e9couter les discours de Messieurs Andr\u00e9 Kaspy, Pierre de Gaulle (petit-fils du G\u00e9n\u00e9ral), Henri Plagnol Maire de Saint-Maur-des-Foss\u00e9s&nbsp; et du Pr\u00e9fet du Val-de-Marne, Monsieur Michel Camux.<\/p>\n<p>Apr\u00e8s d\u00e9pose de gerbes au pied du monument, la sculpture a \u00e9t\u00e9 d\u00e9voil\u00e9e et l\u2019artiste a pris la parole.<\/p>\n<p>A intervalles r\u00e9guliers, nous avons \u00e9cout\u00e9 avec plaisir la fanfare. <a href=\"https:\/\/leparcstmaur.org\/wp-content\/uploads\/2010\/06\/Fanfare.JPG\"><img loading=\"lazy\" decoding=\"async\" class=\"alignleft size-medium wp-image-500\" title=\"Fanfare\" src=\"https:\/\/leparcstmaur.org\/wp-content\/uploads\/2010\/06\/Fanfare-300x225.jpg\" alt=\"Fanfare\" width=\"300\" height=\"225\"><\/a><\/p>\n<p>Seul regret, que la chorale d\u2019enfants n\u2019ait pas eu de micro \u00e0 sa disposition.<\/p>\n<p><a href=\"https:\/\/leparcstmaur.org\/wp-content\/uploads\/2010\/06\/Chorale.JPG\"><img loading=\"lazy\" decoding=\"async\" class=\"alignright size-medium wp-image-501\" title=\"Chorale\" src=\"https:\/\/leparcstmaur.org\/wp-content\/uploads\/2010\/06\/Chorale-300x225.jpg\" alt=\"Chorale\" width=\"300\" height=\"225\"><\/a><\/p>\n<\/div>\n<p class=\"postmetadata\">&nbsp;<\/p>\n<\/div>\n<div class=\"post-433 post hentry category-evenements category-rendezvous\">\n<h3>&nbsp;<\/h3>\n<h3>&nbsp;<\/h3>\n<h3>&nbsp;<\/h3>\n<h3>&nbsp;<\/h3>\n<\/div>\n<p>&nbsp;<\/p>\n<p>&nbsp;<\/p>\n<p style=\"text-align: center;\"><span style=\"font-size: 18pt; color: #ff0000;\">Mai 2010<\/span><\/p>\n<div class=\"post-491 post hentry category-grand-paris category-informations\">\n<h3 id=\"post-491\"><span style=\"color: #0000ff;\">Le \u00ab&nbsp;Grand Paris&nbsp;\u00bb: champ libre aux pr\u00e9dateurs !<\/span><\/h3>\n<p><small>Vendredi 28 mai 2010<\/small><\/p>\n<div class=\"entry\">\n<p><a href=\"https:\/\/leparcstmaur.org\/wp-content\/uploads\/2010\/05\/hyene.gif\"><img loading=\"lazy\" decoding=\"async\" class=\"alignleft size-full wp-image-492\" title=\"hyene\" src=\"https:\/\/leparcstmaur.org\/wp-content\/uploads\/2010\/05\/hyene.gif\" alt=\"hyene\" width=\"156\" height=\"227\"><\/a>Le projet de loi sur le \u00ab&nbsp;Grand Paris&nbsp;\u00bb a \u00e9t\u00e9 vot\u00e9 d\u00e9finitivement par l\u2019assembl\u00e9e le 27 mai et par le S\u00e9nat le 28 Mai 2010. La loi sera donc promulgu\u00e9e apr\u00e8s parution au journal officiel.<\/p>\n<p>Le S\u00e9nat avait r\u00e9duit \u00e0 250 m\u00e8tres de rayon le secteur autour des nouvelles gares \u00e0 l\u2019int\u00e9rieur duquel la Soci\u00e9t\u00e9 du Grand Paris pourra construire et am\u00e9nager sans se soucier des r\u00e8glements d\u2019urbanismes communaux. Sous la pression du lobby des promoteurs, la commission mixte Assembl\u00e9e-S\u00e9nat&nbsp; a augment\u00e9 ce rayon \u00e0 400 m\u00e8tres. Ce sont donc 50 hectares de terrains autour de chacune des futures gares qui vont se trouver livr\u00e9s \u00e0 une densification sans limite et \u00e0 un urbanisme anarchique et d\u00e9vastateur. Les \u00e9lus ont donn\u00e9 leur accord \u00e0 un projet dont on ne conna\u00eet v\u00e9ritablement ni la dimension ni l\u2019objet v\u00e9ritable. Celui-ci&nbsp; reste en effet tr\u00e8s flou puisqu\u2019il s\u2019agirait de relier neuf \u00ab&nbsp;territoires de projet&nbsp;\u00bb qui n\u2019existent encore que dans l\u2019imagination d\u00e9brid\u00e9e de leurs instigateurs. Pour amadouer les socialistes qui ont vu leur l\u00e9gitimit\u00e9 de leader en Ile-de-France renforc\u00e9e lors des \u00e9lections r\u00e9gionales, le projet \u00ab&nbsp;arc express&nbsp;\u00bb a \u00e9t\u00e9 ressorti du placard dans lequel l\u2019avaient enferm\u00e9 les d\u00e9put\u00e9s de la majorit\u00e9 lors du pr\u00e9c\u00e9dent vote. Ceci ajoute encore \u00e0 la confusion qui r\u00e8gne sur la faisabilit\u00e9 de ce r\u00e9seau de transport.<\/p>\n<div id=\"post-491\" class=\"post-491 post hentry category-grand-paris category-informations\">\n<div class=\"entry\">\n<p>Ce \u00ab&nbsp;grand huit&nbsp;\u00bb appara\u00eet de plus en plus comme un simple pr\u00e9texte \u00e0 une gigantesque braderie portant sur 2 000 hectares (au minimum) de terrains situ\u00e9s au c\u0153ur de la r\u00e9gion parisienne. Compte tenu de l\u2019incapacit\u00e9 manifeste de l\u2019\u00e9tat \u00e0 lib\u00e9rer, pour la d\u00e9cennie \u00e0 venir, le moindre milliard d\u2019euros en investissement d\u2019infrastructure, il semble \u00e9vident que le r\u00e9seau de transport r\u00eav\u00e9 par certains ne sera qu\u2019un bricolage laborieux et jamais accompli. Par contre, il faut s\u2019attendre \u00e0 voir d\u00e9marrer, de fa\u00e7on fulgurante et financ\u00e9s par des capitaux priv\u00e9s, les quelques travaux sur les gares qui serviront de pr\u00e9texte \u00e0 des promotions immobili\u00e8res et \u00e0 des constructions \u00ab&nbsp;sauvages&nbsp;\u00bb massives. On en vient m\u00eame \u00e0 se demander si la r\u00e9surrection du projet \u00ab&nbsp;arc express&nbsp;\u00bb n\u2019est pas destin\u00e9 \u00e0 rendre la situation inextricable et \u00e0 justifier, par avance, la non-r\u00e9alisation du projet, du moins pour ce qui concerne les transports. L\u2019avenir nous en sera t\u00e9moin.<\/p>\n<p>Les politiciens font preuve, une fois de plus dans cette affaire d\u2019une na\u00efvet\u00e9 confondante, pour la plupart, et pour certains, dont les plus hauts responsables, d\u2019un affairisme scandaleux.<\/p>\n<\/div>\n<\/div>\n<h3 id=\"comments\"><span style=\"font-size: 8pt;\">6 r\u00e9ponses <\/span><\/h3>\n<div class=\"navigation\">\n<div class=\"alignleft\"><span style=\"font-size: 8pt;\">&nbsp;<\/span><\/div>\n<div class=\"alignright\"><span style=\"font-size: 8pt;\">&nbsp;<\/span><\/div>\n<\/div>\n<ol class=\"commentlist\">\n<li id=\"comment-237\" class=\"comment even thread-even depth-1\">\n<div id=\"div-comment-237\" class=\"comment-body\">\n<div class=\"comment-author vcard\"><span style=\"font-size: 8pt;\"><img loading=\"lazy\" decoding=\"async\" class=\"avatar avatar-32 photo\" src=\"http:\/\/www.gravatar.com\/avatar\/82655a072ad110ca93137a84ec05f444?s=32&amp;d=http%3A%2F%2Fwww.gravatar.com%2Favatar%2Fad516503a11cd5ca435acc9bb6523536%3Fs%3D32&amp;r=G\" alt=\"\" width=\"32\" height=\"32\"> <cite class=\"fn\">jfvc<\/cite> <span class=\"says\">dit&nbsp;:<\/span><\/span><\/div>\n<div class=\"comment-meta commentmetadata\"><span style=\"font-size: 8pt;\">29 mai 2010 \u00e0 7 h 44 min<\/span><\/div>\n<p><span style=\"font-size: 8pt;\">Malgr\u00e9 tout le tapage m\u00e9diatique ,il semble que nos \u00e9lus locaux aient vot\u00e9 la loi sans broncher\u2026Il y a les mots et il y a les actes ! Chez certains ,il semble que les neurones qui commandent ces deux fonctions ne soient jamais synchrones???<\/span><\/p>\n<div class=\"reply\"><span style=\"font-size: 8pt;\">&nbsp;<\/span><\/div>\n<\/div>\n<\/li>\n<li id=\"comment-246\" class=\"comment odd alt thread-odd thread-alt depth-1\">\n<div id=\"div-comment-246\" class=\"comment-body\">\n<div class=\"comment-author vcard\"><span style=\"font-size: 8pt;\"><img loading=\"lazy\" decoding=\"async\" class=\"avatar avatar-32 photo\" src=\"http:\/\/www.gravatar.com\/avatar\/82655a072ad110ca93137a84ec05f444?s=32&amp;d=http%3A%2F%2Fwww.gravatar.com%2Favatar%2Fad516503a11cd5ca435acc9bb6523536%3Fs%3D32&amp;r=G\" alt=\"\" width=\"32\" height=\"32\"> <cite class=\"fn\">jfvc<\/cite> <span class=\"says\">dit&nbsp;:<\/span><\/span><\/div>\n<div class=\"comment-meta commentmetadata\"><span style=\"font-size: 8pt;\">5 juin 2010 \u00e0 15 h 52 min<\/span><\/div>\n<p><span style=\"font-size: 8pt;\">AFP<\/span><br \/>\n<span style=\"font-size: 8pt;\"> 26\/05\/2010 | Mise \u00e0 jour : 17:48<\/span><br \/>\n<span style=\"font-size: 8pt;\"> L\u2019Assembl\u00e9e nationale a approuv\u00e9 aujourd\u2019hui par un ultime vote, avant celui du S\u00e9nat jeudi, le projet de loi sur le Grand Paris, qui pr\u00e9voit notamment une double boucle de m\u00e9tro automatique de 130 km autour de Paris.<\/span><\/p>\n<p><span style=\"font-size: 8pt;\">Les d\u00e9put\u00e9s ont adopt\u00e9 le texte de compromis mis au point jeudi dernier en commission mixte paritaire (7 d\u00e9put\u00e9s et 7 s\u00e9nateurs). Cette adoption permettra le lancement conjoint de deux proc\u00e9dures de d\u00e9bat public, l\u2019une sur la double boucle, l\u2019autre sur le projet r\u00e9gional de rocade automatique en m\u00e9tro Arc Express, soutenu notamment par les \u00e9lus du Val-de-Marne, toutes tendances politiques confondues.<\/span><\/p>\n<p><span style=\"font-size: 8pt;\">Les d\u00e9put\u00e9s UMP et Nouveau Centre ont vot\u00e9 pour, les d\u00e9put\u00e9s PS, Verts et PCF ont vot\u00e9 contre.<\/span><\/p>\n<p><span style=\"font-size: 8pt;\">C\u2019est clair=notre d\u00e9put\u00e9-maire dit une chose et vote son contraire\u2026<\/span><\/p>\n<div class=\"reply\"><span style=\"font-size: 8pt;\">&nbsp;<\/span><\/div>\n<\/div>\n<\/li>\n<li id=\"comment-247\" class=\"comment byuser comment-author-admin bypostauthor even thread-even depth-1\">\n<div id=\"div-comment-247\" class=\"comment-body\">\n<div class=\"comment-author vcard\"><span style=\"font-size: 8pt;\"><img loading=\"lazy\" decoding=\"async\" class=\"avatar avatar-32 photo\" src=\"http:\/\/www.gravatar.com\/avatar\/238ea6b3d949303196d1b65dea1f7219?s=32&amp;d=http%3A%2F%2Fwww.gravatar.com%2Favatar%2Fad516503a11cd5ca435acc9bb6523536%3Fs%3D32&amp;r=G\" alt=\"\" width=\"32\" height=\"32\"> <cite class=\"fn\">admin<\/cite> <span class=\"says\">dit&nbsp;:<\/span><\/span><\/div>\n<div class=\"comment-meta commentmetadata\"><span style=\"font-size: 8pt;\">5 juin 2010 \u00e0 16 h 01 min<\/span><\/div>\n<p><span style=\"font-size: 8pt;\">Le Grand Paris est le sujet du dossier double page de la Gazette de juin 2010 (num\u00e9ro 3).<\/span><\/p>\n<div class=\"reply\"><span style=\"font-size: 8pt;\">&nbsp;<\/span><\/div>\n<\/div>\n<\/li>\n<li id=\"comment-307\" class=\"comment odd alt thread-odd thread-alt depth-1\">\n<div id=\"div-comment-307\" class=\"comment-body\">\n<div class=\"comment-author vcard\"><span style=\"font-size: 8pt;\"><img loading=\"lazy\" decoding=\"async\" class=\"avatar avatar-32 photo\" src=\"http:\/\/www.gravatar.com\/avatar\/1f039b6f7c4a53162cd28123fbd1fefc?s=32&amp;d=http%3A%2F%2Fwww.gravatar.com%2Favatar%2Fad516503a11cd5ca435acc9bb6523536%3Fs%3D32&amp;r=G\" alt=\"\" width=\"32\" height=\"32\"> <cite class=\"fn\">bauer<\/cite> <span class=\"says\">dit&nbsp;:<\/span><\/span><\/div>\n<div class=\"comment-meta commentmetadata\"><span style=\"font-size: 8pt;\">16 ao\u00fbt 2010 \u00e0 12 h 41 min<\/span><\/div>\n<p><span style=\"font-size: 8pt;\">Ma famille habite \u00e0 Saint maur depuis plus d\u2019un si\u00e9cle.Je ne pourrais pas me r\u00e9soudre \u00e0 voir notre village d\u00e9figur\u00e9 de la sorte.Que doit-on faire pour n\u00e9gocier ce projet?.J\u2019appelle \u00e0 l\u2019aide.<\/span><\/p>\n<div class=\"reply\"><span style=\"font-size: 8pt;\">&nbsp;<\/span><\/div>\n<\/div>\n<\/li>\n<li id=\"comment-308\" class=\"comment even thread-even depth-1\">\n<div id=\"div-comment-308\" class=\"comment-body\">\n<div class=\"comment-author vcard\"><span style=\"font-size: 8pt;\"><img loading=\"lazy\" decoding=\"async\" class=\"avatar avatar-32 photo\" src=\"http:\/\/www.gravatar.com\/avatar\/1f039b6f7c4a53162cd28123fbd1fefc?s=32&amp;d=http%3A%2F%2Fwww.gravatar.com%2Favatar%2Fad516503a11cd5ca435acc9bb6523536%3Fs%3D32&amp;r=G\" alt=\"\" width=\"32\" height=\"32\"> <cite class=\"fn\">bauer<\/cite> <span class=\"says\">dit&nbsp;:<\/span><\/span><\/div>\n<div class=\"comment-meta commentmetadata\"><span style=\"font-size: 8pt;\">16 ao\u00fbt 2010 \u00e0 12 h 44 min<\/span><\/div>\n<p><span style=\"font-size: 8pt;\">Que faire pour Saint maur ?A l\u2019aide<\/span><\/p>\n<div class=\"reply\"><span style=\"font-size: 8pt;\">&nbsp;<\/span><\/div>\n<\/div>\n<\/li>\n<li id=\"comment-340\" class=\"comment odd alt thread-odd thread-alt depth-1\">\n<div id=\"div-comment-340\" class=\"comment-body\">\n<div class=\"comment-author vcard\"><span style=\"font-size: 8pt;\"><img loading=\"lazy\" decoding=\"async\" class=\"avatar avatar-32 photo\" src=\"http:\/\/www.gravatar.com\/avatar\/4bc4f4d7253884bda3d09a6be15d7ae6?s=32&amp;d=http%3A%2F%2Fwww.gravatar.com%2Favatar%2Fad516503a11cd5ca435acc9bb6523536%3Fs%3D32&amp;r=G\" alt=\"\" width=\"32\" height=\"32\"> <cite class=\"fn\">Binet<\/cite> <span class=\"says\">dit&nbsp;:<\/span><\/span><\/div>\n<div class=\"comment-meta commentmetadata\"><span style=\"font-size: 8pt;\">8 septembre 2010 \u00e0 18 h 07 min<\/span><\/div>\n<p><span style=\"font-size: 8pt;\">S.B. dit :<\/span><\/p>\n<p><span style=\"font-size: 8pt;\">Si vous vous promenez dans Saint Maur vous constaterez que la densification immobili\u00e8re n\u2019a pas attendue la mise en place du \u00ab&nbsp;Grand Paris&nbsp;\u00bb : Les immeubles poussent plus vite que les maisons individuelles.<\/span><br \/>\n<span style=\"font-size: 8pt;\"> + D\u2019habitants = + de circulation automobiles, + de cr\u00e8ches, + d\u2019\u00e9coles.<\/span><br \/>\n<span style=\"font-size: 8pt;\"> chacun paiera \u2013 d\u2019imp\u00f4t, ce n\u2019est pas sur !\u2026..Mais Saint Maur ne sera plus \u00a0\u00bb Des villages dans la ville&nbsp;\u00bb &lt;&gt;<\/span><\/p>\n<\/div>\n<\/li>\n<\/ol>\n<\/div>\n<p class=\"postmetadata\">&nbsp;<\/p>\n<\/div>\n<div class=\"post-478 post hentry category-manifestations\">\n<h3 id=\"post-478\"><span style=\"color: #0000ff;\">Week-end Jumelage\u2026<\/span><\/h3>\n<p><small>Mercredi 26 mai 2010<\/small><\/p>\n<div class=\"entry\">\n<p><a href=\"https:\/\/leparcstmaur.org\/wp-content\/uploads\/2010\/05\/SNC00279-Large.jpg\"><img loading=\"lazy\" decoding=\"async\" class=\"alignleft size-medium wp-image-479\" title=\"SNC00279 (Large)\" src=\"https:\/\/leparcstmaur.org\/wp-content\/uploads\/2010\/05\/SNC00279-Large-300x225.jpg\" alt=\"SNC00279 (Large)\" width=\"300\" height=\"225\"><\/a>Temps exceptionnel pour un week-end riche en rencontres et en convivialit\u00e9.<\/p>\n<p>Apr\u00e8s l\u2019arriv\u00e9e vendredi de la d\u00e9l\u00e9gation de Hameln, place des Marronniers, c\u2019est samedi vers 15h que de nombreuses personnes ont accueilli le groupe de Pforzheim.<br \/>\nLa fanfare, \u00e0 peine descendue du car,&nbsp; a offert une aubade aux Saint-Mauriens pr\u00e9sents.<\/p>\n<p>L\u2019apr\u00e8s-midi a \u00e9t\u00e9&nbsp; sportif autour de rencontres de tir, de water-polo,&nbsp; d\u2019halt\u00e9rophilie, de judo et de handball.<\/p>\n<p>La journ\u00e9e s\u2019est termin\u00e9e par un bon repas, anim\u00e9 par la chorale Atout Chant et les danseurs de Ten Dance.<\/p>\n<p>Dimanche, \u00e9taient organis\u00e9es des rencontres de football, de voile et d\u2019aviron. Certains ont pr\u00e9f\u00e9r\u00e9 aller se promener \u00e0 Paris.<\/p>\n<p>La journ\u00e9e s\u2019est termin\u00e9e autour d\u2019un repas dans la salle d\u2019honneur du Centre Brossolette. 700 personnes se sont r\u00e9unies autour d\u2019un buffet, agr\u00e9ment\u00e9 de deux&nbsp; spectacles.<\/p>\n<p>Les tables ont laiss\u00e9 la place \u00e0 une piste de danse pour le plaisir de tous.<\/p>\n<p><a href=\"https:\/\/leparcstmaur.org\/wp-content\/uploads\/2010\/05\/SNC00295-Large.jpg\"><img loading=\"lazy\" decoding=\"async\" class=\"size-medium wp-image-481 alignright\" title=\"SNC00295 (Large)\" src=\"https:\/\/leparcstmaur.org\/wp-content\/uploads\/2010\/05\/SNC00295-Large-300x225.jpg\" alt=\"SNC00295 (Large)\" width=\"300\" height=\"225\"><\/a>Et c\u2019est d\u00e9j\u00e0 lundi, et le d\u00e9part de HAMELN en d\u00e9but de matin\u00e9e alors que commence une matin\u00e9e d\u2019Initiation aux premiers secours par la Croix Rouge fran\u00e7aise et allemande. Il est toujours bon, quelque soit son \u00e2ge,&nbsp; de se rem\u00e9morer les gestes d\u2019urgence.<\/p>\n<p><a href=\"https:\/\/leparcstmaur.org\/wp-content\/uploads\/2010\/05\/SNC00301-Large.jpg\"><img loading=\"lazy\" decoding=\"async\" class=\"size-medium wp-image-482 alignleft\" title=\"SNC00301 (Large)\" src=\"https:\/\/leparcstmaur.org\/wp-content\/uploads\/2010\/05\/SNC00301-Large-300x225.jpg\" alt=\"SNC00301 (Large)\" width=\"300\" height=\"225\"><\/a><\/p>\n<p>La fanfare de Forzheim nous a propos\u00e9 \u00e0 nouveau un interm\u00e8de musical, \u00e0 la bonne franquette, alors que tout le monde se pr\u00e9parait pour un tir \u00e0 la corde m\u00e9morable.<\/p>\n<p><a href=\"https:\/\/leparcstmaur.org\/wp-content\/uploads\/2010\/05\/SNC00303-Large.jpg\"><img loading=\"lazy\" decoding=\"async\" class=\"size-medium wp-image-483 alignright\" title=\"SNC00303 (Large)\" src=\"https:\/\/leparcstmaur.org\/wp-content\/uploads\/2010\/05\/SNC00303-Large-300x225.jpg\" alt=\"SNC00303 (Large)\" width=\"300\" height=\"225\"><\/a>Apr\u00e8s un pique-nique sur le stade, tout le monde s\u2019est retrouv\u00e9 sur la place des Marronniers pour le d\u00e9part des cars de Pforzheim.<\/p>\n<p>Vivement la prochaine rencontre !<\/p>\n<\/div>\n<\/div>\n<div class=\"post-468 post hentry category-divers\">\n<h3>&nbsp;<\/h3>\n<h3>&nbsp;<\/h3>\n<h3 id=\"post-468\"><span style=\"color: #0000ff;\">Agenda des manifestations et travaux de mai 2010<\/span><\/h3>\n<p><small>Mercredi 5 mai 2010<\/small><\/p>\n<div class=\"entry\">\n<p><strong>Manifestations<\/strong>.<\/p>\n<ul>\n<li>Du samedi 1er au dimanche 2 mai&nbsp; au Stade Ch\u00e9ron,<br \/>\nTournoi mini hand, CD 94 de Handball<\/li>\n<\/ul>\n<ul>\n<li>Du samedi 6 au mardi 11 mai, Salle Paroissiale, 11 avenue Joffre, de 14 heures \u00e0 17 heures,<br \/>\nBourse aux v\u00eatements \u00e9t\u00e9, b\u00e9b\u00e9 et adultes, Enfants d\u2019Ici et d\u2019Ailleurs<\/li>\n<\/ul>\n<ul>\n<li>Samedi 8 mai, de 10 heures \u00e0 20 heures, Centre sportif Brossolette&nbsp; :<br \/>\nChampionnats d\u2019Halt\u00e9rophilie, VGA halt\u00e9rophilie.<\/li>\n<\/ul>\n<ul>\n<li>Mardi 18 mai, \u00e0 20 heures, Eglise Notre Dame du Rosaire, Place des Marronniers :<br \/>\nPremi\u00e8re saison d\u2019orgue. Robert Schumann, Franz Schubert, F\u00e9lix Mendelssohn. Le romantisme allemand et l\u2019orgue. .<\/li>\n<\/ul>\n<ul>\n<li>Vendredi 21 mai, \u00e0 20 heures 30 au 42 avenue Joffre :<br \/>\nRegards protestants sur la Palestine.<\/li>\n<\/ul>\n<ul>\n<li>Samedi 22 mai, au gymnase Pierre Brossolette :<br \/>\nComp\u00e9tition r\u00e9gionale de gymnastique par \u00e9quipes, VGA Gymnastique<\/li>\n<\/ul>\n<ul>\n<li>Du samedi 22 au lundi 24 mai, Centre sportif Brossolette et stade Ch\u00e9ron :<br \/>\nGrande rencontre sportive jumelage Pforzheim\/Hameln, Comit\u00e9 de jumelage<\/li>\n<\/ul>\n<ul>\n<li>Du samedi 22 au dimanche 24 mai, stade Ch\u00e9ron :<br \/>\nTournoi International de football, Saint Maur Lusitanos<\/li>\n<\/ul>\n<ul>\n<li>Vendredi 28, de 15 heures \u00e0 22 heures et samedi 29 mai de 8 heures \u00e0 22 heures ,au centre sportif Pierre Brossolette :<br \/>\nComp\u00e9tition de Zone. VGA Gymnastique.<\/li>\n<\/ul>\n<ul>\n<li>Samedi 29 mai,<br \/>\nde 8 heures \u00e0 17 heures, au centre sportif Pierre Brossolette&nbsp; et au stade Cheron :<br \/>\n40\u00e8me jeux sp\u00e9ciaux du Val-de-Marne, FAVA du Val-de-Marne.\u00e0 15 heures 30 et 16 heures 30, place des Marronniers :<br \/>\nSpectacle de marionnettes \u00ab&nbsp;Un d\u00e9jeuner au ch\u00e2teau&nbsp;\u00bb<\/li>\n<\/ul>\n<ul>\n<li>Jusqu\u2019au Mardi 1er Juin, aux Archives Municipales \u2013 19-23, avenue d\u2019Arromanches<br \/>\nExposition sur l\u2019histoire du \u00ab PARC SAINT-MAUR \u00bb<\/li>\n<\/ul>\n<p><strong>Trava<\/strong><a href=\"https:\/\/leparcstmaur.org\/wp-content\/uploads\/2010\/05\/Travaux1.jpg\"><img loading=\"lazy\" decoding=\"async\" class=\"alignleft size-full wp-image-470\" title=\"Travaux\" src=\"https:\/\/leparcstmaur.org\/wp-content\/uploads\/2010\/05\/Travaux1.jpg\" alt=\"Travaux\" width=\"93\" height=\"84\"><\/a><strong>ux<\/strong><\/p>\n<p>Courant mai,<br \/>\nles travaux d\u2019enfouissement du r\u00e9seau \u00e9lectrique se poursuivent dans l\u2019avenue du Buisson et l\u2019avenue de l\u2019Est.<\/p>\n<p>La r\u00e9paration des nids de poule les plus importants se poursuit sur les chauss\u00e9es.<\/p>\n<\/div>\n<\/div>\n<p style=\"text-align: center;\"><span style=\"font-size: 18pt; color: #ff0000;\">Avril 2010<\/span><\/p>\n<div id=\"post-462\" class=\"post-462 post hentry category-grand-paris category-informations\">\n<h2><span style=\"color: #0000ff; font-size: 14pt;\">Grand Paris, ce sera 250 m\u00e8tres !<\/span><\/h2>\n<div class=\"entry\">\n<p><a href=\"https:\/\/leparcstmaur.org\/wp-content\/uploads\/2010\/04\/GPsenat-Medium.jpg\"><img loading=\"lazy\" decoding=\"async\" class=\"alignleft size-medium wp-image-464\" title=\"GPsenat (Medium)\" src=\"https:\/\/leparcstmaur.org\/wp-content\/uploads\/2010\/04\/GPsenat-Medium-300x272.jpg\" alt=\"GPsenat (Medium)\" width=\"300\" height=\"272\"><\/a>Le s\u00e9nat a adopt\u00e9 aujourd\u2019hui 9 avril 2010 \u00e0 17 heures, l\u2019amendement num\u00e9ro 300 pr\u00e9sent\u00e9 par le rapporteur de la commission sp\u00e9ciale du S\u00e9nat, Jean-Pierre Fourcade.<br \/>\nPour la premi\u00e8re fois, \u00e0 propos de ce projet de loi, ce texte pr\u00e9cise les dimensions de l\u2019emprise \u00e0 l\u2019int\u00e9rieur de laquelle la dite soci\u00e9t\u00e9 pourra construire et am\u00e9nager en s\u2019exon\u00e9rant de la r\u00e9glementation du POS et, le cas \u00e9ch\u00e9ant, contre l\u2019avis de la municipalit\u00e9. Il s\u2019agit d\u2019une zone d\u2019un <strong>\u00ab&nbsp;rayon inf\u00e9rieur \u00e0 250 m\u00e8tres autour des gares du r\u00e9seau de transport public du Grand Paris&nbsp;\u00bb.<br \/>\n<\/strong>Cet amendement avait pour origine la commission du s\u00e9nat. Il a \u00e9t\u00e9 vot\u00e9 avec avis favorable du repr\u00e9sentant de l\u2019\u00e9tat (et actuel pr\u00e9sident de la SGP) Christian Blanc. On peut donc <span id=\"more-462\"><\/span>le consid\u00e9rer comme faisant partie, d\u00e8s \u00e0 pr\u00e9sent, de la r\u00e9daction d\u00e9finitive de la loi.<br \/>\nPourtant, le gouvernement ne voulait manifestement pas, jusqu\u2019\u00e0 aujourd\u2019hui, que soit pr\u00e9cis\u00e9e la &nbsp;dimension de la zone d\u2019action de la SGP. Il est tr\u00e8s probable que le Conseil d\u2019 Etat qui a \u00e9t\u00e9 consult\u00e9 il y a peu (et dont la r\u00e9ponse n\u2019est pas publique) a d\u00fb mettre en garde les initiateurs du projet contre les risques de multiples recours juridiques face \u00e0 des dispositions qui violaient ouvertement l\u2019esprit et les termes de la loi de d\u00e9centralisation.<\/p>\n<p>Le risque est donc un peu mieux connu d\u00e9sormais, en ce qui concerne notre commune (et notre quartier).<br \/>\nSi, comme nous le supposons (sans en avoir de preuve concr\u00e8te) la gare de liaison entre la boucle du GP et la ligne A du RER est \u00e9tablie sur notre commune, elle devrait \u00eatre, compte tenu des diff\u00e9rentes contraintes qui s\u2019imposent aux am\u00e9nageurs, positionn\u00e9e tout-contre l\u2019actuelle gare du RER Saint-Maur-Cr\u00e9teil. C\u2019est en tout cas un pronostic que nous chercherons d\u00e9sormais \u00e0 v\u00e9rifier.<\/p>\n<p>Nous vous informerons au mieux de l\u2019\u00e9volution de la situation.<\/p>\n<p>Texte de l\u2019amendement vot\u00e9 ce jour au S\u00e9nat (origine Site Internet du S\u00e9nat) :<\/p>\n<p>Article 7<br \/>\nAlin\u00e9as 5 et 6<br \/>\nRemplacer ces alin\u00e9as par trois alin\u00e9as ainsi r\u00e9dig\u00e9s&nbsp;:<br \/>\nIV&nbsp;<em>(nouveau).&nbsp;&#8211; <\/em>L\u2019\u00e9tablissement public \u00ab&nbsp;Soci\u00e9t\u00e9 du Grand Paris&nbsp;\u00bb peut conduire des op\u00e9rations d\u2019am\u00e9nagement ou de construction.<br \/>\nLorsque ces op\u00e9rations interviennent sur le territoire des communes signataires d\u2019un contrat de d\u00e9veloppement territorial, l\u2019\u00e9tablissement public \u00ab&nbsp;Soci\u00e9t\u00e9 du Grand Paris&nbsp;\u00bb ne peut conduire de telles op\u00e9rations que si ce contrat le pr\u00e9voit. Dans ce cas, ce dernier pr\u00e9voit \u00e9galement, dans le ressort territorial des \u00e9tablissements publics d\u2019am\u00e9nagement autres que l\u2019\u00e9tablissement public \u00ab&nbsp;Agence fonci\u00e8re et technique de la r\u00e9gion parisienne&nbsp;\u00bb, lequel de ces \u00e9tablissements publics ou de la \u00ab&nbsp;Soci\u00e9t\u00e9 du Grand Paris&nbsp;\u00bb conduit ces op\u00e9rations d\u2019am\u00e9nagement ou de construction.<br \/>\nLorsque ces op\u00e9rations interviennent sur le territoire des communes non signataires d\u2019un contrat de d\u00e9veloppement territorial, l\u2019\u00e9tablissement public \u00ab&nbsp;Soci\u00e9t\u00e9 du Grand Paris&nbsp;\u00bb peut, apr\u00e8s avis des communes et \u00e9tablissements publics de coop\u00e9ration intercommunale comp\u00e9tents concern\u00e9s, conduire ces op\u00e9rations dans un rayon inf\u00e9rieur \u00e0 250 m\u00e8tres autour des gares du r\u00e9seau de transport public du Grand Paris.<br \/>\n<strong>Objet<\/strong><br \/>\nL\u2019amendement pr\u00e9cise que les op\u00e9rations d\u2019am\u00e9nagement ou de construction conduites par la Soci\u00e9t\u00e9 du Grand Paris ne peuvent \u00eatre r\u00e9alis\u00e9es que dans un rayon inf\u00e9rieur \u00e0 250 m\u00e8tres autour des gares du r\u00e9seau de transport public du Grand Paris et apr\u00e8s avis des communes et \u00e9tablissements publics de coop\u00e9ration intercommunale (EPCI) comp\u00e9tents concern\u00e9s.<br \/>\nEn cons\u00e9quence, au-del\u00e0 de ce rayon de 250 m\u00e8tres,&nbsp;la Soci\u00e9t\u00e9 du Grand Paris (SGP) ne pourra intervenir qu\u2019avec l\u2019accord des communes et EPCI comp\u00e9tents concern\u00e9s, en cas de&nbsp;signature soit d\u2019un contrat de d\u00e9veloppement territorial, soit d\u2019une convention permettant \u00e0 la SGP d\u2019exercer une mission d\u2019int\u00e9r\u00eat g\u00e9n\u00e9ral pr\u00e9sentant un caract\u00e8re compl\u00e9mentaire ou connexe&nbsp;\u00e0 sa comp\u00e9tence dans le domaine de l\u2019am\u00e9nagement, possibilit\u00e9 ouverte par l\u2019alin\u00e9a 9 de l\u2019article 7.<br \/>\nCet amendement satisfait donc largement les sept amendements n\u00b0s 130, 93, 131, 40, 294, 216 rect et 132, en particulier le n\u00b0 294 pr\u00e9sent\u00e9 par notre coll\u00e8gue M. Nicolas About.<\/p>\n<p class=\"postmetadata alt\">&nbsp;<\/p>\n<\/div>\n<\/div>\n<h3 id=\"comments\">Une r\u00e9ponse \u00e0 \u201cGrand Paris, ce sera 250 m\u00e8tres !\u201d<\/h3>\n<div class=\"navigation\">\n<div class=\"alignleft\">&nbsp;<\/div>\n<div class=\"alignright\">&nbsp;<\/div>\n<\/div>\n<ol class=\"commentlist\">\n<li id=\"comment-234\" class=\"comment even thread-even depth-1\">\n<div id=\"div-comment-234\" class=\"comment-body\">\n<div class=\"comment-author vcard\"><span style=\"font-size: 8pt;\"><img loading=\"lazy\" decoding=\"async\" class=\"avatar avatar-32 photo\" src=\"http:\/\/www.gravatar.com\/avatar\/568cbe9dd658a81102f871031549f8ac?s=32&amp;d=http%3A%2F%2Fwww.gravatar.com%2Favatar%2Fad516503a11cd5ca435acc9bb6523536%3Fs%3D32&amp;r=G\" alt=\"\" width=\"32\" height=\"32\"> <cite class=\"fn\">Eliane<\/cite> <span class=\"says\">dit&nbsp;:<\/span><\/span><\/div>\n<div class=\"comment-meta commentmetadata\"><span style=\"font-size: 8pt;\">20 mai 2010 \u00e0 16 h 01 min<\/span><\/div>\n<p><span style=\"font-size: 8pt;\">Ce sera finalement 400 m\u00e8tres !!!!<\/span><br \/>\n<span style=\"font-size: 8pt;\"> Les d\u00e9put\u00e9s et s\u00e9nateurs, r\u00e9unis jeudi en commission mixte paritaire (CMP), se sont mis d\u2019accord pour lancer deux d\u00e9bats publics sur les deux projets de m\u00e9tro automatique, la double boucle de Christian Blanc et le projet Arc Express de la r\u00e9gion IdF pr\u00e9sid\u00e9e par Jean-Paul Huchon (PS).<\/span><br \/>\n<span style=\"font-size: 8pt;\"> Autre question abord\u00e9e par la CMP : le p\u00e9rim\u00e8tre d\u2019intervention de la Soci\u00e9t\u00e9 du Grand Paris (SGP), charg\u00e9e d\u2019am\u00e9nager les quartiers autour des futures nouvelles gares. Ce p\u00e9rim\u00e8tre a \u00e9t\u00e9 port\u00e9 de 250 \u00e0 400 m\u00e8tres par les d\u00e9put\u00e9s et s\u00e9nateurs. \u00ab En portant le p\u00e9rim\u00e8tre de 20 \u00e0 50 hectares, il est possible de rendre possible un am\u00e9nagement coh\u00e9rent \u00bb, ont expliqu\u00e9 les deux rapporteurs UMP, \u00e0 l\u2019origine de l\u2019amendement d\u00e9sapprouv\u00e9 par les parlementaires de gauche.<\/span><br \/>\n<span style=\"font-size: 8pt;\"> Chacun appr\u00e9ciera\u2026<\/span><\/p>\n<\/div>\n<\/li>\n<\/ol>\n<p style=\"text-align: center;\"><span style=\"font-size: 18pt; color: #ff0000;\">Mars 2010<\/span><\/p>\n<div class=\"post-451 post hentry category-divers category-evenements\">\n<h3 id=\"post-451\"><span style=\"color: #0000ff;\">Vide Grenier du Lions Club<\/span><\/h3>\n<p><small>Mardi 30 mars 2010<\/small><\/p>\n<div class=\"entry\">\n<p><a href=\"https:\/\/leparcstmaur.org\/wp-content\/uploads\/2010\/03\/VideGrenier-Medium.jpg\"><img loading=\"lazy\" decoding=\"async\" class=\"alignleft size-medium wp-image-450\" title=\"VideGrenier (Medium)\" src=\"https:\/\/leparcstmaur.org\/wp-content\/uploads\/2010\/03\/VideGrenier-Medium-300x237.jpg\" alt=\"VideGrenier (Medium)\" width=\"300\" height=\"237\"><\/a>Malgr\u00e9 une m\u00e9t\u00e9o maussade, le Comit\u00e9 de Quartier a particip\u00e9, pour la premi\u00e8re fois, au vide-grenier du Lions Club ce dimanche 28 mars 2010 sur la place des Marronniers.<\/p>\n<p>Ce f\u00fbt une journ\u00e9e agr\u00e9able pour tout le monde et utile pour notre Comit\u00e9.<\/p>\n<p>Gr\u00e2ce aux dons des adh\u00e9rents, le stand \u00e9tait tr\u00e8s largement pourvu et a attir\u00e9 de tr\u00e8s nombreux visiteurs et acheteurs.<\/p>\n<p>Nous remercions les membres du&nbsp; Lions Club qui nous ont permis de participer \u00e0 cet \u00e9v\u00e8nement et nous ont apport\u00e9 aide et appui. Nous esp\u00e9rons nous retrouver, l\u2019ann\u00e9e prochaine, dans ce cadre sympathique.<\/p>\n<\/div>\n<\/div>\n<div class=\"post-446 post hentry category-evenements category-rendezvous\">\n<h3 id=\"post-446\"><span style=\"color: #0000ff;\">Venez Chiner ce dimanche.<\/span><\/h3>\n<p><small>Mercredi 24 mars 2010<\/small><\/p>\n<div class=\"entry\">\n<p><a href=\"https:\/\/leparcstmaur.org\/wp-content\/uploads\/2010\/03\/VG-Small.jpg\"><img loading=\"lazy\" decoding=\"async\" class=\"alignleft size-medium wp-image-447\" title=\"VG (Small)\" src=\"https:\/\/leparcstmaur.org\/wp-content\/uploads\/2010\/03\/VG-Small-300x261.jpg\" alt=\"VG (Small)\" width=\"300\" height=\"261\"><\/a>Le Comit\u00e9 de Quartier du Parc de Saint Maur sera pr\u00e9sent ce dimanche 28 mars 2010 sur la place des Marronniers pour le&nbsp; vide-grenier du Lions Club.<\/p>\n<p>Ce sera l\u2019occasion de rencontrer les habitants du Parc, adh\u00e9rents ou non, et de partager un bon moment de convivialit\u00e9.<\/p>\n<p>Gr\u00e2ce \u00e0 la contribution des adh\u00e9rents le stand sera bien garni.<br \/>\nAlors n\u2019h\u00e9sitez pas \u00e0 venir chiner !<\/p>\n<\/div>\n<p>&nbsp;<\/p>\n<p class=\"postmetadata\">&nbsp;<\/p>\n<\/div>\n<div class=\"post-437 post hentry category-informations category-rendezvous\">\n<h3 id=\"post-437\"><span style=\"color: #0000ff;\">Op\u00e9ration coup de propre avenue du Midi<\/span><\/h3>\n<p><small>Lundi 15 mars 2010<\/small><\/p>\n<div class=\"entry\">\n<p><a href=\"https:\/\/leparcstmaur.org\/wp-content\/uploads\/2010\/03\/Nettoyage-midi.jpg\"><img loading=\"lazy\" decoding=\"async\" class=\"alignleft size-medium wp-image-438\" title=\"Nettoyage midi\" src=\"https:\/\/leparcstmaur.org\/wp-content\/uploads\/2010\/03\/Nettoyage-midi-225x300.jpg\" alt=\"Nettoyage midi\" width=\"225\" height=\"300\"><\/a>Le Service Propret\u00e9 de la ville organise une op\u00e9ration nettoyage dans l\u2019avenue du Midi le mercredi 17 mars 2010.<\/p>\n<p>Il sera&nbsp; demand\u00e9 aux propri\u00e9taires des v\u00e9hicules de ne pas garer les voitures dans la rue ce jour l\u00e0 afin de faciliter le travail des agents et permettre d\u2019atteindre des endroits difficilement accessibles habituellement.<\/p>\n<\/div>\n<p class=\"postmetadata\">&nbsp;<\/p>\n<\/div>\n<div class=\"post-433 post hentry category-evenements category-rendezvous\">\n<h3>&nbsp;<\/h3>\n<h3>&nbsp;<\/h3>\n<h3>&nbsp;<\/h3>\n<h3 id=\"post-433\"><span style=\"color: #0000ff;\">Inscription \u00e0 la Foire aux Trouvailles<\/span><\/h3>\n<p><small>Mercredi 10 mars 2010<\/small><\/p>\n<div class=\"entry\">\n<p><img loading=\"lazy\" decoding=\"async\" class=\"alignleft size-medium wp-image-434\" title=\"Foire aux trouvailles\" src=\"https:\/\/leparcstmaur.org\/wp-content\/uploads\/2010\/03\/Foire-aux-trouvailles-300x225.jpg\" alt=\"Foire aux trouvailles\" width=\"300\" height=\"225\">La Foire aux Trouvailles aura lieu cette ann\u00e9e le dimanche 6 juin 2010 sur la place des Marronniers.<br \/>\nLes inscriptions se feront le samedi 10 avril 2010 \u00e0 partir de 8h30, \u00e0 la maison des associations, 2 avenue du Mar\u00e9chal Lyautey. Il faudra vous munir d\u2019une pi\u00e8ce d\u2019identit\u00e9 et d\u2019un justificatif de domicile.<\/p>\n<\/div>\n<p class=\"postmetadata\">&nbsp;<\/p>\n<\/div>\n<div class=\"post-428 post hentry category-grand-paris category-informations\">\n<h3>&nbsp;<\/h3>\n<h3>&nbsp;<\/h3>\n<h3 id=\"post-428\"><span style=\"color: #0000ff;\">Le vrai visage du \u00ab&nbsp;Grand Paris&nbsp;\u00bb<\/span><\/h3>\n<p><small>Mercredi 10 mars 2010<\/small><\/p>\n<div class=\"entry\">\n<p><img loading=\"lazy\" decoding=\"async\" class=\"alignleft size-medium wp-image-429\" title=\"Immeuble\" src=\"https:\/\/leparcstmaur.org\/wp-content\/uploads\/2010\/03\/Immeuble-300x225.jpg\" alt=\"Immeuble\" width=\"300\" height=\"225\">Depuis l\u2019entretien accord\u00e9 par Nicolas Sarkozy \u00e0 la revue \u00ab&nbsp;l\u2019architecture d\u2019aujourd\u2019hui&nbsp;\u00bb et publi\u00e9e &nbsp;dans le num\u00e9ro 376 du 2 mars 2010, on peut se faire une meilleure id\u00e9e de la pens\u00e9e qui sous-tend ce projet du Grand Paris dont le sens, la nature et l\u2019utilit\u00e9 \u00e9taient jusqu\u2019\u00e0 pr\u00e9sent plut\u00f4t flous.<br \/>\nCe que l\u2019on d\u00e9couvre n\u2019est pas particuli\u00e8rement rassurant.<br \/>\nAu moment o\u00f9 les franciliens r\u00e9clament sans grand succ\u00e8s plus de dessertes, plus de confort et plus de s\u00e9curit\u00e9 sur le r\u00e9seau existant, on pouvait s\u2019interroger sur le sens de ce projet pharaonique cens\u00e9 relier, par un m\u00e9tro \u00e0 grande vitesse, des quartiers excentr\u00e9s \u00e0 des \u00ab&nbsp;p\u00f4les d\u2019activit\u00e9&nbsp;\u00bb plus ou moins fictifs ou pour le moins \u00ab&nbsp;r\u00eav\u00e9s&nbsp;\u00bb.<\/p>\n<p>Ce fantasme nous apparaissait, dans sa bizarrerie, seulement comme un pr\u00e9texte pour distribuer aux \u00ab amis \u00bb entrepreneurs du BTP et aux promoteurs qui ont \u00e9t\u00e9 les principaux contributeurs financiers \u00e0 la campagne \u00e9lectorale du pr\u00e9sident, un certain nombre de chantiers et de terrains \u00e0 b\u00e2tir \u00e0 fortes plus-values en remerciement de leurs bons et loyaux services.<br \/>\nIl ne s\u2019agissait donc, dans notre esprit, que d\u2019une forme sophistiqu\u00e9e mais b\u00e9nigne de pr\u00e9varication, co\u00fbteuse certes pour le budget de l\u2019\u00e9tat mais, somme toute, tr\u00e8s ordinaire et vulgaire.<br \/>\nEt bien, il n\u2019y a pas que \u00e7\u00e0 !<br \/>\nA la lecture de cet article, on d\u00e9couvre avec un certain effroi que le pr\u00e9sident en exercice a aussi des id\u00e9es sur notre cadre de vie et sur notre environnement. Le pr\u00e9sident sait ce qui est bon pour nous et il ne se prive pas pour nous le faire savoir!<\/p>\n<p>Parmi d\u2019autres incongruit\u00e9s nous relevons les phrases suivantes:<\/p>\n<p>Pour ce grand humaniste doubl\u00e9 d\u2019un fervent \u00e9cologiste, il faut:<\/p>\n<p>\u00ab Affronter sans tabou la question de la densit\u00e9 et de la hauteur des constructions \u00bb<\/p>\n<p>\u00ab Chaque fois que c\u2019est possible et pertinent, il faut ajouter des \u00e9tages aux immeubles, construire de nouvelles tours ou m\u00eame simplement recoller les maisons les unes aux autres \u00bb<\/p>\n<p>\u00ab Il faut stopper d\u2019urgence une d\u00e9rive pavillonnaire qui gangr\u00e8ne nos paysages, \u00e0 Paris et bien au-del\u00e0 \u00bb<\/p>\n<p>Vaste programme ! Et bien, monsieur le pr\u00e9sident, nous ne sommes d\u2019accord sur rien dans ce discours.<br \/>\nComme indig\u00e8nes de Saint-Maur, nous revendiquons le tabou de ne pas vouloir vivre dans des clapiers, des barres d\u2019immeubles ou \u00e0 l\u2019ombre des tours. Allez-y vous-m\u00eame si cela vous plait tant !<\/p>\n<p>Nous disons qu\u2019il est sans doute toujours possible, mais jamais pertinent d\u2019ajouter des \u00e9tages aux immeubles ou de construire de nouvelles tours. Quant \u00e0 recoller les maisons les unes aux autres, on a du mal \u00e0 vous suivre ! Des corons peut-\u00eatre ?<\/p>\n<p>En conclusion, avant de stopper la d\u00e9rive pavillonnaire cens\u00e9e gangrener nos paysages, veillez \u00e0 stopper vos d\u00e9rives verbales qui insultent \u00e0 nos intelligences.<\/p>\n<\/div>\n<\/div>\n<div class=\"post-414 post hentry category-informations\">\n<h3 id=\"post-414\"><span style=\"color: #0000ff;\">Que faire de nos antennes-relais ?<\/span><\/h3>\n<p><small>Lundi 8 mars 2010<\/small><\/p>\n<div class=\"entry\">\n<p><img loading=\"lazy\" decoding=\"async\" class=\"alignleft size-full wp-image-415\" title=\"antenne2\" src=\"https:\/\/leparcstmaur.org\/wp-content\/uploads\/2010\/03\/antenne2.jpg\" alt=\"antenne2\" width=\"84\" height=\"126\">Le mercredi 17 f\u00e9vrier 2010, s\u2019est tenue, dans la salle des commissions de la Mairie de Saint-Maur, la premi\u00e8re r\u00e9union de la commission sur les antennes\u2013relais.<br \/>\nNous vous communiquons quelques informations que nous avons collect\u00e9es \u00e0 propos de ce dossier ainsi que nos r\u00e9flexions et les actions que nous allons mener.<\/p>\n<p><strong>LES INTERROGATIONS<\/strong><\/p>\n<p>Pour nous, habitants du quartier du Parc de Saint-Maur, il s\u2019agit de savoir, au travers des travaux de cette commission, si les ondes radio\u00e9lectriques \u00e9mises par les antennes des r\u00e9seaux commerciaux de t\u00e9l\u00e9phonie mobile (GSM 900, GSM 1800 ou UMTS dit 3G) sont un danger pour notre sant\u00e9. Et si c\u2019est le cas, comment faire pour y rem\u00e9dier ?<\/p>\n<p>Rappelons en quelques lignes les donn\u00e9es \u00e9l\u00e9mentaires du probl\u00e8me.<br \/>\nLes ondes radio\u00e9lectriques sont un segment du spectre du rayonnement \u00e9lectromagn\u00e9tique. Au m\u00eame titre que les ondes acoustiques (le bruit), que les ondes infrarouges (la chaleur), que les ondes lumineuses (toutes les couleurs de l\u2019arc en ciel, du rouge \u00e0 l\u2019ultraviolet), que les rayons X (imagerie m\u00e9dicale et industrielle) ou m\u00eame que les rayons ionisants (effets malfaisants des armes nucl\u00e9aires), elles correspondent \u00e0 la mise en vibration de la mati\u00e8re.<\/p>\n<p><strong>DES RAISONS DE S\u2019INQUIETER<\/strong><\/p>\n<p>Depuis la fin du 19 \u00e8me si\u00e8cle, les humains utilisent &nbsp;les particularit\u00e9s de certaines de ces fr\u00e9quences, le plus souvent pour communiquer. Apr\u00e8s la t\u00e9l\u00e9phonie filaire, nous avons int\u00e9gr\u00e9 dans notre quotidien la radiophonie, la radiographie, la t\u00e9l\u00e9vision. Nous avons d\u00e9couvert ensuite le radar (celui des contraventions!), la radioth\u00e9rapie, le laser, le four \u00e0 micro-ondes et bien d\u2019autres technologies encore. Aujourd\u2019hui, le grand sujet d\u2019actualit\u00e9 c\u2019est la t\u00e9l\u00e9phonie mobile.<br \/>\nLa plupart des technologies \u00e9voqu\u00e9es ont \u00e9t\u00e9, \u00e0 l\u2019\u00e9poque de leur apparition, suspect\u00e9es de nuire \u00e0 la sant\u00e9 publique, certaines \u00e0 juste titre. La radiologie a tu\u00e9, la radioth\u00e9rapie a tu\u00e9, le radar a tu\u00e9, les rayons ionisants ont tu\u00e9. Les principales victimes ont \u00e9t\u00e9 les chercheurs puis les techniciens et parfois des utilisateurs. A chaque fois l\u2019esprit inventif de l\u2019\u00eatre humain a su trouver des parades aux effets n\u00e9fastes de ces inventions et en rendre les risques acceptables.<\/p>\n<p>Comme il n\u2019est pas av\u00e9r\u00e9, \u00e0 ce jour, que le t\u00e9l\u00e9phone mobile ou ses antennes relais aient tu\u00e9 ou bless\u00e9 qui que ce soit, l\u2019inqui\u00e9tude repose sur une menace plus diffuse, plus floue. Nous craignons pour notre int\u00e9grit\u00e9 mentale (atteintes neuronales), g\u00e9n\u00e9tique (mutations, canc\u00e9risation) ou g\u00e9n\u00e9sique (capacit\u00e9 de reproduction et par extension, virilit\u00e9). &nbsp;Etrangement, tous ces domaines de la vitalit\u00e9 humaine recoupent des pr\u00e9occupations psychologiques tr\u00e8s actuelles. En effet, la d\u00e9g\u00e9n\u00e9rescence neuronale est devenue un probl\u00e8me de soci\u00e9t\u00e9 avec la mont\u00e9e en puissance de la maladie d\u2019Alzheimer, la mutation cellulaire \u00e9voque le cancer, premi\u00e8re cause de d\u00e9c\u00e8s pour l\u2019esp\u00e8ce humaine et l\u2019impuissance sexuelle ou g\u00e9n\u00e9sique nous renvoie \u00e0 l\u2019impasse de notre situation d\u00e9mographique.<br \/>\nLe danger ressenti est donc tr\u00e8s particulier. Il est myst\u00e9rieux, multiforme, insidieux.<\/p>\n<p><strong>UNE EVOLUTION FULGURANTE<\/strong><\/p>\n<p>La t\u00e9l\u00e9phonie mobile a surpris tout un chacun (y compris les professionnels) par l\u2019aspect fulgurant, massif, presque invasif de son d\u00e9veloppement. En quelques ann\u00e9es, depuis 1998, chacun s\u2019est retrouv\u00e9 avec un \u00ab&nbsp;portable&nbsp;\u00bb \u00e0 la main et les toits se sont couverts de for\u00eats d\u2019antennes. Il existerait aujourd\u2019hui, en France, 67 millions de t\u00e9l\u00e9phones portables. Cela implique la pr\u00e9sence d\u2019environ 150 000 antennes relais.<br \/>\nPouss\u00e9s par la concurrence et l\u2019app\u00e2t du gain, les op\u00e9rateurs de t\u00e9l\u00e9phonie cellulaire (c\u2019est ainsi qu\u2019on doit l\u2019appeler) ont implant\u00e9 leurs \u00e9quipements un peu n\u2019importe o\u00f9, jusque et y compris dans les \u00e9coles, les cr\u00e8ches et les h\u00f4pitaux !<\/p>\n<p>Les ondes \u00e9lectromagn\u00e9tiques ont la particularit\u00e9, dans les fr\u00e9quences qui nous int\u00e9ressent (entre 900 m\u00e9gahertz et 3 gigahertz) d\u2019\u00eatre invisibles, inodores et sans saveur.<br \/>\nSauf \u00e0 s\u2019asseoir sur l\u2019\u00e9metteur en plein hiver, elles ne g\u00e9n\u00e8rent pas non plus de chaleur perceptible. C\u2019est ce caract\u00e8re discret qui les rend encore plus inqui\u00e9tantes. Comment se d\u00e9fendre contre ces entit\u00e9s impalpables, comment en mesurer le danger, comment les contourner, comment les \u00e9viter ?<br \/>\nC\u2019est une des probl\u00e9matiques essentielles de ce dossier que le myst\u00e8re qui r\u00e8gne sur la pr\u00e9sence du danger et sur sa nature exacte.<br \/>\nQue risquons nous vraiment ?<br \/>\nA partir de cette interrogation l\u00e9gitime mais anxiog\u00e8ne des affirmations diversement pertinentes ont fait leur apparition.<br \/>\nVous ne risquez rien ! disent les op\u00e9rateurs.<br \/>\nOn ne sait pas trop, disent les politiciens, mais ne vous inqui\u00e9tez surtout pas, on va vous prot\u00e9ger en vertu du sacro-saint principe de pr\u00e9caution.<br \/>\nOn vous ment, disent un certain nombre de particuliers et d\u2019associations, il faut \u00e9radiquer les antennes !<br \/>\nQuinze ans apr\u00e8s le d\u00e9but de la mise en place des r\u00e9seaux cellulaires, on en est toujours au m\u00eame point du questionnement !<\/p>\n<p><strong> L\u2019IMPACT SUR NOTRE QUARTIER<\/strong><\/p>\n<p>Le quartier du Parc de Saint-Maur, o\u00f9 nous vivons, ne souffre, si l\u2019on peut dire, que d\u2019une pollution radio\u00e9lectrique \u00ab&nbsp;ordinaire&nbsp;\u00bb. Nous n\u2019avons, sur notre territoire, ni \u00e9metteur radar, ni relais de radiodiffusion HF ou FM, ni installation exp\u00e9rimentale institutionnelle ou priv\u00e9e. La presque totalit\u00e9 du champ \u00e9lectromagn\u00e9tique ambiant provient&nbsp; donc de la t\u00e9l\u00e9phonie cellulaire. Il existe trois types de r\u00e9seaux&nbsp; en activit\u00e9 : le GSM 900&nbsp; \u00ab&nbsp;Global System for Mobile communication&nbsp;\u00bb fonctionnant dans les bandes 890-915 et 935-960 M\u00e9gahertz, le GSM 1800 fonctionnant dans les bandes 1710-1785 et 1805-1880 m\u00e9gahertz et le UMTS&nbsp; \u00ab&nbsp;Universal Mobile Telecommunications System&nbsp;\u00bb de conception plus r\u00e9cente qui utilise la technologie&nbsp; W-CDMA et fonctionne dans la bande 2 Ghz.<\/p>\n<p>A l\u2019heure actuelle, selon les donn\u00e9es de l\u2019Agence Nationale des Fr\u00e9quences, notre quartier est desservi par :<\/p>\n<p>9 \u00e9metteurs plac\u00e9s en son centre, de part et d\u2019autre du stade Ch\u00e9ron. Les antennes surplombent les pyl\u00f4nes supportant l\u2019\u00e9clairage du stade. Sur ces&nbsp; 9 \u00e9metteurs 4 fonctionnent sur&nbsp; 900 Mhz, 2 en 1800 Mhz et 3 en UMTS sous 2,1 Ghz.<br \/>\n15 \u00e9metteurs plac\u00e9s aux limites du quartier, soit:<br \/>\n7 install\u00e9s au 42 Avenue Foch, avec antennes sur l\u2019immeuble de la poste dont 2 fonctionnent sur 900 Mhz, 2 sur 1800 Mhz et 3 en UMTS.<br \/>\n5 install\u00e9s au 32 bd de Champigny dont 2 GSM 900 Mhz et 3 UMTS en 2,1 Ghz.<br \/>\n3 install\u00e9s au 90 bis rue Marignan (Champignol) tous les 3 en UMTS.<\/p>\n<p><strong>QUE SAVONS NOUS ?<\/strong><\/p>\n<p>Quelques mesures ont \u00e9t\u00e9 effectu\u00e9es par l\u2019ANFR. Elles ont \u00e9t\u00e9 r\u00e9alis\u00e9es en int\u00e9rieur, en 2007 \u00e0 partir de la poste de l\u2019avenue Foch et du square qui jouxte la police municipale \u00e0 La Varenne.<br \/>\nLes valeurs mesur\u00e9es sont inf\u00e9rieures aux seuils r\u00e9glementaires. Pour simplifier, disons que le seuil autoris\u00e9 est de 28 volts par m\u00e8tre et que les valeurs mesur\u00e9es s\u2019\u00e9chelonnaient entre 0,1 et 0,9 V\/m.<br \/>\nIl faut pr\u00e9ciser que la propagation des ondes radio est un ph\u00e9nom\u00e8ne extr\u00eamement complexe qui d\u00e9pend de la hauteur de l\u2019\u00e9metteur, du type de l\u2019antenne, de l\u2019environnement de l\u2019antenne et de nombreux autres param\u00e8tres.<br \/>\nMais surtout la puissance du champ \u00e9lectromagn\u00e9tique en un point donn\u00e9 d\u00e9pend essentiellement de la distance de l\u2019antenne (la puissance rayonn\u00e9e diminue en proportion du carr\u00e9 de la distance de l\u2019\u00e9metteur) et de l\u2019\u00e9ventuelle superposition des champs de plusieurs \u00e9metteurs.<br \/>\nA quelques dizaines de m\u00e8tres de distance on peut donc mesurer des valeurs variant du simple au d\u00e9cuple.<br \/>\nLa seule fa\u00e7on de d\u00e9couvrir une \u00e9ventuelle anomalie constituant danger est donc de multiplier les mesures en quadrillant syst\u00e9matiquement le secteur concern\u00e9.<\/p>\n<p>Reste ensuite \u00e0 s\u2019entendre sur la pertinence des valeurs minimum adopt\u00e9es par le l\u00e9gislateur.<br \/>\nPour beaucoup d\u2019experts raisonnables, le seuil de 2 V\/m ne devrait jamais \u00eatre d\u00e9pass\u00e9. C\u2019est en effet celui qu\u2019il ne faut pas d\u00e9passer pour \u00e9viter la perturbation des dispositifs \u00e9lectroniques sensibles (capteurs, instruments de mesure, pacemakers etc). Bizarrement la norme en vigueur est plus laxiste pour les \u00eatres humains que pour la m\u00e9canique !<\/p>\n<p><strong>DES SOLUTIONS<\/strong><\/p>\n<p>Il nous appara\u00eet urgent, avant tout, de conna\u00eetre la situation des quartiers de Saint-Maur au travers d\u2019une expertise ind\u00e9pendante. A partir de l\u00e0, une discussion \u00e9clair\u00e9e pourra avoir lieu afin de concilier les besoins de communication et les nouvelles habitudes de la population avec un minimum de risques sanitaires (par exemple en augmentant le nombre d\u2019\u00e9metteurs pour pouvoir en r\u00e9duire la puissance).<\/p>\n<p>Vous trouverez ici le texte du courrier \u00e9lectronique que le Comit\u00e9 de Quartier a fait parvenir aux responsables de la commission le 21 f\u00e9vrier 2010&nbsp;:<\/p>\n<p>Mesdames, Messieurs,<\/p>\n<p>Apr\u00e8s un examen rapide du dossier \u00ab&nbsp;antennes de t\u00e9l\u00e9phonie cellulaire&nbsp;\u00bb qui a fait l\u2019objet de la premi\u00e8re r\u00e9union de la commission en date du 17 f\u00e9vrier 2010 nous vous soumettons quelques observations et les remarques qui nous paraissent en d\u00e9couler.<br \/>\nLe niveau actuel des champs radio\u00e9lectriques sur la commune de Saint-Maur n\u2019est pas connu.<br \/>\nSi l\u2019on se base sur les informations disponibles sur son site&nbsp; Internet&nbsp; \u00ab&nbsp;cartoradio&nbsp;\u00bb, l\u2019ANFR semble n\u2019avoir effectu\u00e9 des mesures que sur trois sites:<br \/>\n6 rue Gallieni, en int\u00e9rieur et ext\u00e9rieur en 2002<br \/>\n46 avenue Foch, 3 s\u00e9ries de mesures en int\u00e9rieur en 2007<br \/>\n65 avenue du Bac, 2 s\u00e9ries en int\u00e9rieur, une en ext\u00e9rieur en 2009<\/p>\n<p>Selon la m\u00eame autorit\u00e9, il semble exister \u00e0 ce jour, sur la commune de Saint-Maur, dans la bande de fr\u00e9quence qui nous int\u00e9resse (0,9 Ghz \u00e0 3 Ghz), 18 sites d\u2019\u00e9mission abritant 101 \u00e9metteurs.<br \/>\nIl faut ajouter \u00e0 cet effectif, 18 sites d\u2019\u00e9missions situ\u00e9s sur les communes voisines mais \u00e9mettant \u00e0 destination de la commune de Saint-Maur avec environ&nbsp; 40 \u00e9metteurs (le nombre exact d\u2019antennes d\u00e9di\u00e9es \u00e0 la couverture de Saint-Maur est \u00e0 v\u00e9rifier aupr\u00e8s des op\u00e9rateurs).<\/p>\n<p>Selon les analyses de spectre de l\u2019ANFR, la quasi-totalit\u00e9 des \u00e9missions radio\u00e9lectriques mesur\u00e9es sur notre commune avec un champ significatif (sup\u00e9rieur \u00e0 0,1 V\/m) sont g\u00e9n\u00e9r\u00e9es par les r\u00e9seaux de t\u00e9l\u00e9phonie mobile (GSM 900, GSM 1800, UMTS).<\/p>\n<p>Nous savons par ailleurs que, ces derni\u00e8res ann\u00e9es, les op\u00e9rateurs de t\u00e9l\u00e9phonie mobile, face \u00e0 une augmentation tr\u00e8s rapide de la demande ont \u00e9t\u00e9 amen\u00e9s \u00e0 :<\/p>\n<p>&#8211; R\u00e9duire la taille des cellules de leur r\u00e9seau (pour \u00e9viter la saturation du r\u00e9seau, la dimension d\u2019une cellule de t\u00e9l\u00e9phonie mobile est directement proportionn\u00e9e au nombre des utilisateurs) ce qui implique une augmentation du nombre des \u00e9metteurs (3 \u00e9metteurs, en moyenne, par cellule et par mode).<\/p>\n<p>&#8211; Implanter de nouveaux \u00e9metteurs en UMTS pour satisfaire la demande&nbsp; en 3G (t\u00e9l\u00e9phonie de 3\u00e9me g\u00e9n\u00e9ration incluant Internet sur portable, radio et t\u00e9l\u00e9vision num\u00e9rique nomade etc.\u2026)<\/p>\n<p>&#8211; Reconvertir les \u00e9metteurs GSM 900, mode en voie de disparition, en \u00e9metteurs UMTS dont la technologie est plus moderne et plus rentable.<\/p>\n<p>Le niveau global des \u00e9missions a donc fortement augment\u00e9. Il continuera d\u2019augmenter pour faire face \u00e0 des demandes technologiques nouvelles. Cette \u00e9volution implique, de la part des administrations concern\u00e9es, une surveillance dynamique de la situation en mati\u00e8re de nuisances radio\u00e9lectriques.<\/p>\n<p>La pollution radio\u00e9lectrique rattach\u00e9e \u00e0 la t\u00e9l\u00e9phonie mobile n\u2019est pas globale mais bien essentiellement locale. La puissance des \u00e9metteurs restant limit\u00e9e (de 15 \u00e0 40 watts antenne) et l\u2019intensit\u00e9 du champ radio\u00e9lectrique&nbsp; diminuant en proportion du carr\u00e9 de la distance lorsque l\u2019on s\u2019\u00e9loigne de l\u2019antenne, le danger, si il existe, est directement corr\u00e9l\u00e9 \u00e0 la proximit\u00e9 de l\u2019antenne.<\/p>\n<p>Des niveaux relativement forts de rayonnement peuvent \u00e9galement provenir de l\u2019addition, en un point donn\u00e9, des \u00e9missions issues de diff\u00e9rentes op\u00e9rateurs (3 pour l\u2019instant, un quatri\u00e8me en devenir) et des diff\u00e9rents modes (3 \u00e0 ce jour) utilis\u00e9s par ces op\u00e9rateurs.<\/p>\n<p>Sans pr\u00e9juger du risque que peuvent pr\u00e9senter ces champs radio\u00e9lectriques et des niveaux acceptables, il faut reconna\u00eetre que les donn\u00e9es existantes ne nous renseignent absolument pas sur le niveau des \u00e9missions re\u00e7ues par les saint-mauriens du fait des antennes-relais.<\/p>\n<p>Ces niveaux sont tr\u00e8s diff\u00e9rents en des points distants de quelques dizaines de m\u00e8tres et selon que l\u2019on est en int\u00e9rieur ou en ext\u00e9rieur. A l\u2019int\u00e9rieur d\u2019une m\u00eame habitation, le niveau du rayonnement radio\u00e9lectrique peut varier d\u2019un facteur 10 selon la disposition des lieux et la position dans l\u2019immeuble.<br \/>\nC\u2019est pourquoi les mesures dont nous disposons et dont nous ignorons le protocole de r\u00e9alisation ne sont ni pertinentes ni m\u00eame utiles.<\/p>\n<p>La population, tenue dans l\u2019ignorance de la situation exacte et face \u00e0 une menace dont la nature et les effets restent impr\u00e9cis (pour ne pas dire myst\u00e9rieux !) est naturellement inqui\u00e8te.<\/p>\n<p>Avant m\u00eame d\u2019en venir \u00e0 s\u2019interroger sur le seuil de dangerosit\u00e9 des \u00e9missions de ces antennes (A partir de quel niveau d\u2019\u00e9mission, de quelle dur\u00e9e d\u2019exposition, pour quelles fr\u00e9quences ?), sur la nature du danger (imm\u00e9diat, dans le long terme ?) et sur ses effets suppos\u00e9s (inconfort, \u00e9nervement, l\u00e9sions neurologiques, canc\u00e9risation, vieillissement acc\u00e9l\u00e9r\u00e9, maladie d\u2019Alzheimer ?), il importe d\u2019en conna\u00eetre le niveau.<\/p>\n<p>Nous pensons qu\u2019il est possible de commencer rapidement une enqu\u00eate, avec de tr\u00e8s petits moyens et en \u00e9vitant de faire appel \u00e0 des structures institutionnelles qui ont perdu tout cr\u00e9dit dans l\u2019opinion publique.<\/p>\n<p>L\u2019id\u00e9e consiste \u00e0 effectuer des&nbsp; mesures syst\u00e9matiques par quadrillage g\u00e9ographique du territoire de la commune, avec un renforcement du maillage sur les points suspects ou sensibles (\u00e9coles, grands ensembles, proximit\u00e9 des antennes).<br \/>\nCes mesures peuvent \u00eatre effectu\u00e9es par des volontaires rapidement form\u00e9s, des membres d\u2019associations telles que la croix rouge ou la protection civile ou encore le personnel communal au moyen de mesureurs de champ ou d\u2019analyseurs de spectre ou bien d\u2019appareils combinant ces deux principes.<br \/>\nCes mat\u00e9riels sont disponibles sur le march\u00e9 \u00e0 des prix abordables (de 150 \u20ac \u00e0 450 \u20ac, voir fichier joint), avec une bonne sensibilit\u00e9 et une fiabilit\u00e9 correcte.<\/p>\n<p>Une telle op\u00e9ration n\u2019aurait pas pour but de r\u00e9aliser des expertises opposables aux op\u00e9rateurs ou&nbsp; aux autorit\u00e9s administratives ou judiciaires mais plut\u00f4t, si la situation est reconnue bonne, de rassurer les habitants et si elle est mauvaise de d\u00e9clencher des mesures plus fines et les actions appropri\u00e9es.<\/p>\n<p>Quelques mesures r\u00e9alis\u00e9es \u00e0 notre demande par des op\u00e9rateurs homologu\u00e9s sur des sites choisis de fa\u00e7on al\u00e9atoire,&nbsp; nous permettraient de calibrer et de valider nos \u00e9chantillonnages.<br \/>\nCes analyses traditionnelles, co\u00fbteuses et laborieuses, n\u2019ont d\u2019int\u00e9r\u00eat que si elles sont r\u00e9alis\u00e9es \u00e0 notre discr\u00e9tion et sans interf\u00e9rence avec les intervenants \u00e9conomiques et politiques du dossier.<br \/>\nNous sommes \u00e0 votre disposition pour toute information compl\u00e9mentaire ou pour participer \u00e0 toutes initiatives en rapport avec ce dossier, par exemple un test effectu\u00e9 sur notre quartier ou un de ses secteurs. Une telle action resterait dans la limite de notre objet social qui concerne directement et exclusivement la promotion de notre quartier du Parc de Saint-Maur et la d\u00e9fense des int\u00e9r\u00eats de ses habitants.<\/p>\n<p>Cordialement<br \/>\nAnne Romain<br \/>\nPr\u00e9sidente<\/p>\n<p><img loading=\"lazy\" decoding=\"async\" class=\"alignleft size-full wp-image-55\" title=\"Blason du Comit\u00e9 de Quartier du Parc\" src=\"https:\/\/leparcstmaur.org\/wp-content\/uploads\/2009\/09\/Blason-CQPSMgf.jpg\" alt=\"Blason du Comit\u00e9 de Quartier du Parc\" width=\"60\" height=\"80\"><\/p>\n<p><strong>Comit\u00e9 de Quartier du Parc de Saint Maur<\/strong><br \/>\n14 avenue des Erables<br \/>\n94100 Saint Maur<br \/>\nTel 06.12.93.69.60<br \/>\n<a href=\"https:\/\/leparcstmaur.org\/\" target=\"_blank\" rel=\"noopener\">https:\/\/leparcstmaur.org<\/a><\/p>\n<\/div>\n<ul>\n<li id=\"comment-87\" class=\"comment even thread-even depth-1\">\n<div id=\"div-comment-87\" class=\"comment-body\">\n<div class=\"comment-author vcard\"><span style=\"font-size: 8pt;\"><cite class=\"fn\">jean michel duniau<\/cite> <span class=\"says\">dit&nbsp;:<\/span><\/span><\/div>\n<div class=\"comment-meta commentmetadata\"><span style=\"font-size: 8pt;\">19 mars 2010 \u00e0 8 h 22 min<\/span><\/div>\n<p><span style=\"font-size: 8pt;\">je suis &nbsp;\u00bb heureux &nbsp;\u00bb d\u2019habiter assez pr\u00e8s des antennes relais du stade. Cela me permet en effet d\u2019avoir un portable qui utilise une tr\u00e8s faible puissance d\u2019\u00e9mission, et c\u2019est cela l\u2019essentiel !<\/span><br \/>\n<span style=\"font-size: 8pt;\"> Les \u00e9tudes et avis des scientifiques, et non des op\u00e9rateurs, sont unanimes: le probl\u00e8me \u00e9ventuel vient du portable, tr\u00e8s proche de notre t\u00eate, et non pas des antennes relais, \u00e9loign\u00e9es.<\/span><br \/>\n<span style=\"font-size: 8pt;\"> Je souhaiterai que le Comit\u00e9 de quartier soit un lieu de reflexion, et ne soit pas un simple &nbsp;\u00bb relai &nbsp;\u00bb de th\u00e8mes \u00e0 la mode .<\/span><\/p>\n<div class=\"reply\"><span style=\"font-size: 8pt;\">&nbsp;<\/span><\/div>\n<\/div>\n<\/li>\n<li id=\"comment-88\" class=\"comment byuser comment-author-admin bypostauthor odd alt thread-odd thread-alt depth-1\">\n<div id=\"div-comment-88\" class=\"comment-body\">\n<div class=\"comment-author vcard\"><span style=\"font-size: 8pt;\"><img loading=\"lazy\" decoding=\"async\" class=\"avatar avatar-32 photo\" src=\"http:\/\/www.gravatar.com\/avatar\/238ea6b3d949303196d1b65dea1f7219?s=32&amp;d=http%3A%2F%2Fwww.gravatar.com%2Favatar%2Fad516503a11cd5ca435acc9bb6523536%3Fs%3D32&amp;r=G\" alt=\"\" width=\"32\" height=\"32\"> <cite class=\"fn\">admin<\/cite> <span class=\"says\">dit&nbsp;:<\/span><\/span><\/div>\n<div class=\"comment-meta commentmetadata\"><span style=\"font-size: 8pt;\">19 mars 2010 \u00e0 18 h 54 min<\/span><\/div>\n<p><span style=\"font-size: 8pt;\">Votre message, par ailleurs tr\u00e8s courtois, appelle de notre part quelques remarques.<\/span><br \/>\n<span style=\"font-size: 8pt;\"> Tout d\u2019abord vous dites \u00eatre \u00ab&nbsp;heureux&nbsp;\u00bb d\u2019habiter assez pr\u00e8s (?) des antennes relais du stade. Nous ne pouvons que nous associer \u00e0 votre bonheur car, selon nous, chacun est ma\u00eetre de ses choix comme de ses plaisirs.<\/span><span style=\"font-size: 8pt;\">Plus s\u00e9rieusement, quand vous opposez \u00ab&nbsp;l\u2019\u00e9ventuel probl\u00e8me&nbsp;\u00bb venant de l\u2019antenne relais \u00e0 celui venant du portable \u00e9mettant \u00e0 proximit\u00e9 directe de la t\u00eate de l\u2019op\u00e9rateur, vous avez parfaitement raison. Les puissances de rayonnement re\u00e7ues sont sans commune mesure.<\/span><br \/>\n<span style=\"font-size: 8pt;\"> A noter, cependant, que dans certaines situations, des champs \u00e9lectromagn\u00e9tiques importants (jusqu\u2019\u00e0 10 volts par m\u00e8tre) peuvent \u00eatre mesur\u00e9s dans des locaux habit\u00e9s proches des antennes.<\/span><br \/>\n<span style=\"font-size: 8pt;\"> Concernant la dangerosit\u00e9 de ces rayonnements, le moins que l\u2019on puisse dire c\u2019est que les avis des \u00ab&nbsp;scientifiques&nbsp;\u00bb sont loin d\u2019\u00eatre clairs et unanimes.<\/span><br \/>\n<span style=\"font-size: 8pt;\"> Pour ce qui nous concerne, nous pensons que la gestion des risques \u00e9ventuels li\u00e9s aux portables est du domaine strictement priv\u00e9 de l\u2019usager qui est libre de choisir d\u2019utiliser cette technologie plut\u00f4t que d\u2019autres, de choisir des appareils plus ou moins performants, d\u2019utiliser ou non un combin\u00e9 d\u00e9port\u00e9 ou, de fa\u00e7on plus radicale, de ne pas utiliser de portable (on s\u2019en est pass\u00e9 pendant des d\u00e9cennies!);<\/span><br \/>\n<span style=\"font-size: 8pt;\"> Les antennes relais, par contre, tout un chacun en \u00ab&nbsp;profite&nbsp;\u00bb, souvent \u00e0 son corps d\u00e9fendant; Que cela nous plaise ou non, que nous soyons abonn\u00e9s ou non, nous \u00e9voluons quotidiennement au milieu d\u2019\u00e9missions \u00e9lectromagn\u00e9tiques de plus en plus nombreuses et de plus en plus diversifi\u00e9es. Il s\u2019agit donc bien d\u2019un probl\u00e8me de sant\u00e9 publique et d\u2019une \u00e9ventuelle nuisance qui nous concerne tous, individuellement et collectivement. Cela m\u00e9rite donc, au moins une analyse et une r\u00e9flexion.<\/span><span style=\"font-size: 8pt;\">Si vous prenez la peine de nous relire attentivement et de ne pas vous laisser entra\u00eener \u00e0 reproduire un sch\u00e9ma mental standardis\u00e9, vous constaterez que nous ne prenons absolument pas position dans ce dossier, pas plus que nous ne soutenons les arguments d\u2019un quelconque op\u00e9rateur. Nous pr\u00e9conisons, avant tout, un bilan de situation afin de pouvoir r\u00e9fl\u00e9chir sur des bases saines.<\/span><br \/>\n<span style=\"font-size: 8pt;\"> Pour ces diff\u00e9rentes raisons, nous ne pouvons accepter le proc\u00e8s d\u2019intention qui transpara\u00eet dans votre derni\u00e8re phrase: \u2013Je souhaiterais que le comit\u00e9 de quartier soit un lieu de r\u00e9flexion et ne soit pas un \u00ab&nbsp;simple&nbsp;\u00bb relai de th\u00e8mes \u00e0 la mode\u2014<\/span><br \/>\n<span style=\"font-size: 8pt;\"> Que savez-vous du comit\u00e9 de quartier du Parc de Saint-Maur ? Sauf erreur, nous ne vous y avons jamais rencontr\u00e9. Pour conna\u00eetre la nature et la qualit\u00e9 de nos r\u00e9flexions le mieux serait sans doute d\u2019y adh\u00e9rer. Cela vous autoriserait aussi \u00e0 \u00e9carter de nos pr\u00e9occupations les \u00ab&nbsp;th\u00e8mes \u00e0 la mode&nbsp;\u00bb et \u00e0 en proposer de plus judicieux. Nous vous le disons sans aucune acrimonie et en toute cordialit\u00e9, monsieur Duniau, si vous voulez nous rejoindre, vous serez bien accueilli. Notre vocation, c\u2019est en effet de transformer les souhaits en action !<\/span><\/p>\n<div class=\"reply\"><span style=\"font-size: 8pt;\">&nbsp;<\/span><\/div>\n<\/div>\n<\/li>\n<li id=\"comment-90\" class=\"comment even thread-even depth-1\">\n<div id=\"div-comment-90\" class=\"comment-body\">\n<div class=\"comment-author vcard\"><span style=\"font-size: 8pt;\"><img loading=\"lazy\" decoding=\"async\" class=\"avatar avatar-32 photo\" src=\"http:\/\/www.gravatar.com\/avatar\/7f1b016e71c4625246eec7b9dfd5ceb9?s=32&amp;d=http%3A%2F%2Fwww.gravatar.com%2Favatar%2Fad516503a11cd5ca435acc9bb6523536%3Fs%3D32&amp;r=G\" alt=\"\" width=\"32\" height=\"32\"> <cite class=\"fn\">Anne-Marie ROBERT<\/cite> <span class=\"says\">dit&nbsp;:<\/span><\/span><\/div>\n<div class=\"comment-meta commentmetadata\"><span style=\"font-size: 8pt;\">20 mars 2010 \u00e0 9 h 23 min<\/span><\/div>\n<p><span style=\"font-size: 8pt;\">Les antennes relais, c\u2019est peut-\u00eatre un sujet \u00e0 la mode mais c\u2019est surtout un sujet d\u2019actualit\u00e9 \u00e0 Saint-maur. Les op\u00e9rateurs de t\u00e9l\u00e9phonie faisant pression sur la municipalit\u00e9 pour implanter de nouvelles antennes dans la commune, une commission (qui comprend des \u00e9lus, des repr\u00e9sentants des professionnels et des membres des associations qui se sentent concern\u00e9es) a \u00e9t\u00e9 cr\u00e9\u00e9e pour r\u00e9examiner la situation. Cette commission doit tenir sa deuxi\u00e8me r\u00e9union en juin 2010.<\/span><\/p>\n<div class=\"reply\"><span style=\"font-size: 8pt;\">&nbsp;<\/span><\/div>\n<\/div>\n<\/li>\n<li id=\"comment-98\" class=\"comment odd alt thread-odd thread-alt depth-1\">\n<div id=\"div-comment-98\" class=\"comment-body\">\n<div class=\"comment-author vcard\"><span style=\"font-size: 8pt;\"><img loading=\"lazy\" decoding=\"async\" class=\"avatar avatar-32 photo\" src=\"http:\/\/www.gravatar.com\/avatar\/82655a072ad110ca93137a84ec05f444?s=32&amp;d=http%3A%2F%2Fwww.gravatar.com%2Favatar%2Fad516503a11cd5ca435acc9bb6523536%3Fs%3D32&amp;r=G\" alt=\"\" width=\"32\" height=\"32\"> <cite class=\"fn\">jf van campo<\/cite> <span class=\"says\">dit&nbsp;:<\/span><\/span><\/div>\n<div class=\"comment-meta commentmetadata\"><span style=\"font-size: 8pt;\">25 mars 2010 \u00e0 5 h 39 min<\/span><\/div>\n<p><span style=\"font-size: 8pt;\">des relais ,il y en a partout \u00e0 St Maur ,m\u00eame \u00e0 des endroits ou personne ne s\u2019y attendrait et \u00ab&nbsp;nous baignons dans un grand magn\u00e9tisme ambiant&nbsp;\u00bb\u2026.comment penser que cel\u00e0 est sans cons\u00e9quences pour les plus jeunes et les plus sensibles \u00e0 terme????<\/span><br \/>\n<span style=\"font-size: 8pt;\"> Pr\u00e9f\u00e9reriez-vous que telle l\u2019autruche,on fasse comme si,ou encore comme d\u2019autres comit\u00e9s qui ne parlent que festivit\u00e9s ou d\u00e9jections canines ?\u2026.<\/span><br \/>\n<span style=\"font-size: 8pt;\"> Bravo \u00e0 votre pr\u00e9sidente qui participe \u00e0 de nombreuses r\u00e9unions et fait une large publicit\u00e9 aux informations et vous propose d\u2019en d\u00e9battre ouvertement sur un forum\u2026.<\/span><br \/>\n<span style=\"font-size: 8pt;\"> A titre de comparaison <a href=\"http:\/\/www.comitedadamville.com\" rel=\"nofollow\">http:\/\/www.comitedadamville.com<\/a><\/span><br \/>\n<span style=\"font-size: 8pt;\"> ou encore http:\/\/www.votresaintmaur.com Enfin ,c\u2019est juste mon avis JFVC.<\/span><\/p>\n<div class=\"reply\"><span style=\"font-size: 8pt;\">&nbsp;<\/span><\/div>\n<\/div>\n<\/li>\n<li id=\"comment-146\" class=\"comment even thread-even depth-1\">\n<div id=\"div-comment-146\" class=\"comment-body\">\n<div class=\"comment-author vcard\"><span style=\"font-size: 8pt;\"><img loading=\"lazy\" decoding=\"async\" class=\"avatar avatar-32 photo\" src=\"http:\/\/www.gravatar.com\/avatar\/82655a072ad110ca93137a84ec05f444?s=32&amp;d=http%3A%2F%2Fwww.gravatar.com%2Favatar%2Fad516503a11cd5ca435acc9bb6523536%3Fs%3D32&amp;r=G\" alt=\"\" width=\"32\" height=\"32\"> <cite class=\"fn\">jfvc<\/cite> <span class=\"says\">dit&nbsp;:<\/span><\/span><\/div>\n<div class=\"comment-meta commentmetadata\"><span style=\"font-size: 8pt;\">6 avril 2010 \u00e0 7 h 11 min<\/span><\/div>\n<p><span style=\"font-size: 8pt;\">Inqui\u00e9tante jurisprudence?\u2026.<\/span><br \/>\n<span style=\"font-size: 8pt;\"> En renon\u00e7ant \u00e0 se pourvoir en cassation contre une d\u00e9cision qui le condamnait, l\u2019op\u00e9rateur Bouygues T\u00e9l\u00e9com laisse planer le doute sur la dangerosit\u00e9 de ses relais.<\/span><br \/>\n<span style=\"font-size: 8pt;\"> Plusieurs autorit\u00e9s ont confirm\u00e9 l\u2019innocuit\u00e9 des antennes relais&nbsp;\u00bb a soutenu Bouygues, \u00ab&nbsp;on estime qu\u2019il n\u2019est plus n\u00e9cessaire d\u2019aller en cassation&nbsp;\u00bb.<\/span><br \/>\n<span style=\"font-size: 8pt;\"> Une approche assez irrationnelle, m\u00eame s\u2019il est vrai que la Cour de cassation ne juge pas en fait, mais uniquement sur la bonne application du droit. La d\u00e9marche a aussi le parfum d\u2019une strat\u00e9gie de communication et d\u2019une pr\u00e9caution \u00e9l\u00e9mentaire, encore : le risque d\u2019une nouvelle claque en justice aurait sans doute provoqu\u00e9 plus de bruit que l\u2019actuel renoncement.<\/span><span style=\"font-size: 8pt;\">L\u2019arr\u00eat contre Bouygues T\u00e9l\u00e9com date de f\u00e9vrier 2009.<\/span><\/p>\n<div class=\"reply\"><span style=\"font-size: 8pt;\">&nbsp;<\/span><\/div>\n<\/div>\n<\/li>\n<li id=\"comment-227\" class=\"comment odd alt thread-odd thread-alt depth-1\">\n<div id=\"div-comment-227\" class=\"comment-body\">\n<div class=\"comment-author vcard\"><span style=\"font-size: 8pt;\"><img loading=\"lazy\" decoding=\"async\" class=\"avatar avatar-32 photo\" src=\"http:\/\/www.gravatar.com\/avatar\/f699d37c62b886aa20537934a8df8a39?s=32&amp;d=http%3A%2F%2Fwww.gravatar.com%2Favatar%2Fad516503a11cd5ca435acc9bb6523536%3Fs%3D32&amp;r=G\" alt=\"\" width=\"32\" height=\"32\"> <cite class=\"fn\">Bernard<\/cite> <span class=\"says\">dit&nbsp;:<\/span><\/span><\/div>\n<div class=\"comment-meta commentmetadata\"><span style=\"font-size: 8pt;\">2 mai 2010 \u00e0 17 h 03 min<\/span><\/div>\n<p><span style=\"font-size: 8pt;\">Vous avez raison de vous pencher sur la dangerosit\u00e9 des ondes destin\u00e9es \u00e0 nos chers t\u00e9l\u00e9phones portables mais il sera tr\u00e8s difficile de supprimer le moteur d\u2019un \u00e9l\u00e9ment consid\u00e9r\u00e9 aujourd\u2019hui comme le psychanalyste des temps modernes.<\/span><br \/>\n<span style=\"font-size: 8pt;\"> Puisque nous sommes dans le quartier du Parc, penchons nous \u00e9galement sur l\u2019usine des<\/span><br \/>\n<span style=\"font-size: 8pt;\"> eaux class\u00e9 SEVESO, mais l\u00e0 comme ailleurs nous ne pouvons que nous incliner devant les<\/span><br \/>\n<span style=\"font-size: 8pt;\"> imp\u00e9ratifs d\u2019une vie dite \u00ab&nbsp;moderne&nbsp;\u00bb.<\/span><\/p>\n<div class=\"reply\"><span style=\"font-size: 8pt;\">&nbsp;<\/span><\/div>\n<\/div>\n<\/li>\n<li id=\"comment-248\" class=\"comment even thread-even depth-1\">\n<div id=\"div-comment-248\" class=\"comment-body\">\n<div class=\"comment-author vcard\"><span style=\"font-size: 8pt;\"><img loading=\"lazy\" decoding=\"async\" class=\"avatar avatar-32 photo\" src=\"http:\/\/www.gravatar.com\/avatar\/82655a072ad110ca93137a84ec05f444?s=32&amp;d=http%3A%2F%2Fwww.gravatar.com%2Favatar%2Fad516503a11cd5ca435acc9bb6523536%3Fs%3D32&amp;r=G\" alt=\"\" width=\"32\" height=\"32\"> <cite class=\"fn\">jfvc<\/cite> <span class=\"says\">dit&nbsp;:<\/span><\/span><\/div>\n<div class=\"comment-meta commentmetadata\"><span style=\"font-size: 8pt;\">7 juin 2010 \u00e0 16 h 39 min<\/span><\/div>\n<p><span style=\"font-size: 8pt;\">de source s\u00fbre, plus de 70% des antennes et des relais t\u00e9l\u00e9phoniques(100% en ce qui concerne Buygues), qui seraient install\u00e9es sur la commune de St Maur,le seraient sans aucune autorisation \u00e9crite de la municipalit\u00e9???Ce qui ,\u00e9videmment est contraire \u00e0 la l\u00e9gislation en vigueur !<\/span><br \/>\n<span style=\"font-size: 8pt;\"> Avant qu\u2019un quidam ai l\u2019id\u00e9e de saisir un tribunal administratif,ce qui risquerait de priver les saintmauriens d\u2019un service de qualit\u00e9 et de mettre dans l\u2019embarras nos \u00e9lus, pourriez vous interroger et demander \u00e0 ces derniers de commenter cel\u00e0(si confirm\u00e9)?\u2026.<\/span><\/p>\n<div class=\"reply\"><span style=\"font-size: 8pt;\">&nbsp;<\/span><\/div>\n<\/div>\n<\/li>\n<li id=\"comment-286\" class=\"comment odd alt thread-odd thread-alt depth-1\">\n<div id=\"div-comment-286\" class=\"comment-body\">\n<div class=\"comment-author vcard\"><span style=\"font-size: 8pt;\"><img loading=\"lazy\" decoding=\"async\" class=\"avatar avatar-32 photo\" src=\"http:\/\/www.gravatar.com\/avatar\/dbb68e9fdf94a87e44970d082409991c?s=32&amp;d=http%3A%2F%2Fwww.gravatar.com%2Favatar%2Fad516503a11cd5ca435acc9bb6523536%3Fs%3D32&amp;r=G\" alt=\"\" width=\"32\" height=\"32\"> <cite class=\"fn\">jour<\/cite> <span class=\"says\">dit&nbsp;:<\/span><\/span><\/div>\n<div class=\"comment-meta commentmetadata\"><span style=\"font-size: 8pt;\">23 juillet 2010 \u00e0 12 h 09 min<\/span><\/div>\n<p><span style=\"font-size: 8pt;\">on peut augmenter la qualite de reception de relais ( et donc reduire les emissions de notre GSM colle a nos oreilles..ces emissions sont le + nocives)\u2026il faudrait utiliser des nouvelles techno.. http:\/\/www.mesaplexx.com<\/span><\/p>\n<div class=\"reply\"><span style=\"font-size: 8pt;\">&nbsp;<\/span><\/div>\n<\/div>\n<\/li>\n<li id=\"comment-1623\" class=\"comment even thread-even depth-1\">\n<div id=\"div-comment-1623\" class=\"comment-body\">\n<div class=\"comment-author vcard\"><span style=\"font-size: 8pt;\"><img loading=\"lazy\" decoding=\"async\" class=\"avatar avatar-32 photo\" src=\"http:\/\/www.gravatar.com\/avatar\/82655a072ad110ca93137a84ec05f444?s=32&amp;d=http%3A%2F%2Fwww.gravatar.com%2Favatar%2Fad516503a11cd5ca435acc9bb6523536%3Fs%3D32&amp;r=G\" alt=\"\" width=\"32\" height=\"32\"> <cite class=\"fn\">jfvc<\/cite> <span class=\"says\">dit&nbsp;:<\/span><\/span><\/div>\n<div class=\"comment-meta commentmetadata\"><span style=\"font-size: 8pt;\">25 mai 2012 \u00e0 16 h 48 min<\/span><\/div>\n<p><span style=\"font-size: 8pt;\">Pour info =<\/span><br \/>\n<span style=\"font-size: 8pt;\"> Monsieur CJ Soussy<\/span><br \/>\n<span style=\"font-size: 8pt;\"> Monsieur le pr\u00e9sident de la dite commission<\/span><br \/>\n<span style=\"font-size: 8pt;\"> Par la pr\u00e9sente ,et en r\u00e9f\u00e9rence au principe de pr\u00e9caution ,je m\u2019oppose \u00e0 l\u2019implantation d\u2019antennes \u201cFree\u201ddans le clocher de l\u2019\u00e9glise d\u2019adamville ou d\u00e9j\u00e0 2 antennes relais sont en fonction\u2026.<\/span><br \/>\n<span style=\"font-size: 8pt;\"> Mes arguments sont les suivants:<\/span><br \/>\n<span style=\"font-size: 8pt;\"> -Nous n\u2019avons aucune confirmation qu\u2019avec 4 antennes au lieu de 2 ,les flux \u00e9lectromagn\u00e9tiques n\u2019augmenteraient pas ? Le contraire m\u2019\u00e9tonnerai d\u2019autant que pour garder un flux identique global,il faudrait que le premier op\u00e9rateur baisse l\u2019intensit\u00e9 d\u2019\u00e9mission des antennes existantes\u2026De plus , \u00e0 ma connaissance ,voil\u00e0 plus de 18 mois que nous n\u2019avons pas de mesure de densit\u00e9 au sol alors que la loi actuelle pr\u00e9voit au moins une mesure\/an rendue publique ???<\/span><br \/>\n<span style=\"font-size: 8pt;\"> -Si les textes sont respect\u00e9s,pas d\u2019antennes \u00e0 moins de 100m d\u2019une \u00e9cole ou autre collectivit\u00e9,nous n\u2019avons pas moins de 6 groupes scolaires public et\/ou priv\u00e9s dans un rayon de 300 m \u00e0 vol d\u2019oiseau =Bled \u00e9l\u00e9mentaire+Ferry Maternelle+De Foucault(rue Garibaldi)+Europe Infant Academy(\u00e0 proximit\u00e9)+School time(H;Martin)\u2026ce qui repr\u00e9sente un bon milliers d\u2019enfants \u00e0 mettre en balance avec les quelques dizaines de riverains contents de voir partir ce choix d\u2019implantation de la rue de bellechasse\u2026.N\u2019oublions pas que les quelques \u00e9tudes \u00e9pid\u00e9miologiques rendues publiques (accessibles via PRIARTEM)montrent que les enfants sont beaucoup plus sensibles aux ondes \u00e9lectromagn\u00e9tiques avec un risque tr\u00e8s \u00e9lev\u00e9 de d\u00e9velopper des leuc\u00e9mies\u2026<\/span><br \/>\n<span style=\"font-size: 8pt;\"> -Si pour satisfaire la tranquillit\u00e9 des beaux quartiers tout en les desservant mieux on implante que dans les n\u00f4tres avec plus de puissance d\u2019\u00e9mission,ce choix est fort injuste ! D\u2019autant qu\u2019il existent d\u2019autres points hauts (clochers d\u2019\u00e9glises)sur notre commune ,telle celle des marronniers ou autre ?Pourquoi ne pas le proposer?Ainsi les indemnit\u00e9s resteraient au b\u00e9n\u00e9fice de l\u2019\u00e9v\u00each\u00e9\u2026Pour moi ce n\u2019est pas\u201dqu\u2019une querelle de clocher\u201d !<\/span><br \/>\n<span style=\"font-size: 8pt;\"> -Enfin je m\u2019\u00e9tonne de la non r\u00e9action des associations pr\u00e9sentes \u00e0 votre commission,ce qui laisserait supposer que leur lourd silence(pas la moindre r\u00e9serve manifest\u00e9e) laisse privil\u00e9gier un confort relatif de communication de t\u00e9l\u00e9phonie et d\u2019int\u00e9r\u00eats \u00e9conomiques priv\u00e9s au d\u00e9triment de la sant\u00e9 publique et du principe de pr\u00e9caution ?<\/span><br \/>\n<span style=\"font-size: 8pt;\"> -Pour terminer, pouvez vous faire en sorte que les travaux et r\u00e9flexions de votre commission profite de plus de transparence et de publicit\u00e9 aupr\u00e8s de nos concitoyens,car actuellement cela est plus que discret\u2026.<\/span><span style=\"font-size: 8pt;\">Vous remerciant de votre bienveillante attention ,ainsi que de celle de votre commission, veillez agr\u00e9er monsieur le pr\u00e9sident, et dans l\u2019attente de vos conclusions, l\u2019expression de mes salutations reconnaissantes.<\/span><span style=\"font-size: 8pt;\">JF VAN CAMPO Citoyen de St Maur\/Membre du CA du comit\u00e9 d\u2019Adamville<\/span><\/p>\n<\/div>\n<\/li>\n<\/ul>\n<p>&nbsp;<\/p>\n<\/div>\n<div class=\"post-410 post hentry category-divers category-rendezvous\">\n<h3 id=\"post-410\"><span style=\"color: #0000ff;\">Agenda des manifestations et Travaux de Mars 2010<\/span><\/h3>\n<p><small>Lundi 8 mars 2010<\/small><\/p>\n<div class=\"entry\">\n<p><strong>Mars 2010<\/strong><\/p>\n<p><strong>Manifestations<br \/>\n<\/strong><\/p>\n<ul>\n<li>Mardi 9 mars : L\u2019\u00e9cole fran\u00e7aise, du r\u00e8gne de Louis IV au d\u00e9but du romantisme, Notre Dame du Rosaire, place des Marronniers, 20h<\/li>\n<\/ul>\n<ul>\n<li>Jeudi 18 mars : La fabrication de la porcelaine, Conf\u00e9rence, Maison de quartier du Parc, 15 avenue des Fusill\u00e9s de Ch\u00e2teaubriant, 20h.<\/li>\n<\/ul>\n<ul>\n<li>Dimanche 21 mars :&nbsp; Comp\u00e9tition Jeunes Judo, Centre sportif Brossolette.<\/li>\n<\/ul>\n<ul>\n<li>Dimanche 28 mars : Vide grenier du Lions Club, place des Marronniers,&nbsp; 8h \u00e0 18h.<\/li>\n<\/ul>\n<ul>\n<li>Mercredi 31 mars : Challenge Jacques Lesage,&nbsp; VGA EPIS, Stade Cheron\/Centre sportif Brossolette.<\/li>\n<\/ul>\n<p><strong>Travaux<\/strong><\/p>\n<ul>\n<li>Abattage de 39 marronniers sur la place des Marronniers<\/li>\n<\/ul>\n<\/div>\n<\/div>\n<p>&nbsp;<\/p>\n<p style=\"text-align: center;\"><span style=\"font-size: 18pt; color: #ff0000;\">F\u00e9vrier 2010<\/span><\/p>\n<div class=\"post-401 post hentry category-informations\">\n<h3 id=\"post-401\"><span style=\"color: #0000ff;\">R\u00e9flexions sur la dette<\/span><\/h3>\n<p><small>Lundi 15 f\u00e9vrier 2010<\/small><\/p>\n<div class=\"entry\">\n<p><img loading=\"lazy\" decoding=\"async\" class=\"alignleft size-medium wp-image-402\" title=\"CA2008 st maur\" src=\"https:\/\/leparcstmaur.org\/wp-content\/uploads\/2010\/02\/CA2008-st-maur-300x190.jpg\" alt=\"CA2008 st maur\" width=\"300\" height=\"190\">La lecture du budget primitif 2009&nbsp; (document disponible depuis peu sur le nouveau site de la mairie \u00e0 : http:\/\/saint-maur.com) apporte quelques lumi\u00e8res sur l\u2019endettement de la ville de Saint-Maur et sur la part de responsabilit\u00e9 imputable dans cette affaire \u00e0 l\u2019ancienne ou \u00e0 la nouvelle \u00e9quipe municipale.<br \/>\nCe document, dat\u00e9 du 10 mars 2009&nbsp; ne nous renseigne que sur les emprunts contract\u00e9s avant le 1<sup>er<\/sup> janvier 2009. Il s\u2019agit donc, pour l\u2019essentiel, de d\u00e9cisions prises par la municipalit\u00e9 sortante. Il est dommage que la lecture et l\u2019analyse de ces comptes ne permettent pas, en l\u2019\u00e9tat, de s\u00e9parer les engagements pris en 2008 sous la responsabilit\u00e9 de l\u2019ancienne \u00e9quipe, de ceux pris par la nouvelle municipalit\u00e9. Pour en savoir plus sur la politique nouvelle, il nous faut donc attendre la publication du budget primitif 2010 (sans doute disponible en avril 2010) qui devrait faire appara\u00eetre les emprunts r\u00e9alis\u00e9s en 2009.<\/p>\n<p><strong>Niveau d\u2019endettement de la commune<\/strong><\/p>\n<p>Nous pensons qu\u2019il ne faut prendre en compte, dans l\u2019examen de l\u2019endettement de notre commune, que le budget principal en laissant de cot\u00e9 les budgets annexes de l\u2019eau, de l\u2019assainissement et des parcs de stationnement. En effet, ces secteurs sont gouvern\u00e9s par une logique \u00e9conomique propre et ressortissent du secteur productif. En g\u00e9n\u00e9ral, ces activit\u00e9s obligent au recours \u00e0 l\u2019emprunt, dans les limites, bien sur, du raisonnable.<\/p>\n<p>Le budget g\u00e9n\u00e9ral correspond globalement au d\u00e9tail de l\u2019emploi des ressources fiscales pour financer le service public.<br \/>\nA notre avis, dans le cadre de ce budget, l\u2019emprunt ne doit \u00eatre utilis\u00e9 que pour des d\u00e9penses d\u2019investissement que leur importance oblige \u00e0 r\u00e9partir sur le long terme. Il ne doit jamais, comme cela a \u00e9t\u00e9 fait longtemps, servir \u00e0 alimenter le d\u00e9ficit issu d\u2019une gestion laxiste des d\u00e9penses de fonctionnement.<br \/>\nA la lecture du rapport de la cour r\u00e9gionale des comptes, le d\u00e9s\u00e9quilibre des comptes de Saint-Maur semble avoir eu pour origine une gestion approximative des ressources humaines (effectifs en surnombre, affectations floues, absent\u00e9isme), des subventions excessives, inadapt\u00e9es ou d\u00e9voy\u00e9es (associations imbriqu\u00e9es au sein du service public) et une mauvaise appr\u00e9hension, de la part de l\u2019\u00e9quipe municipale, de la complexit\u00e9 de gestion d\u2019une collectivit\u00e9 de 75 000 habitants.<\/p>\n<p>Toujours est-il que, au 1<sup>er<\/sup> janvier 2009, la ville de Saint-Maur devait \u00e0 ses cr\u00e9anciers, au titre de 40 lignes d\u2019emprunts diff\u00e9rents (!) la somme de <strong>202 147 293 euros et 77 cents.<\/strong> (Pour les plus anciens d\u2019entre nous qui ont eu parfois du mal \u00e0 s\u2019adapter \u00e0 l\u2019euro et m\u00eame auparavant aux nouveaux francs, cela repr\u00e9sente la somme astronomique de 132 milliards et 609 millions d\u2019anciens francs ou 1 milliard et 326 millions de nouveaux francs).<\/p>\n<p>Pour obtenir le montant de la dette actualis\u00e9 au 1<sup>er<\/sup> janvier 2010 il faut soustraire de cette somme les remboursements en capital (9 254 073, 81 \u20ac) pr\u00e9vus au budget et probablement effectu\u00e9s courant 2009 et ajouter \u00e0 ce r\u00e9sultat les emprunts \u00e9ventuellement &nbsp;souscrits au cours de l\u2019ann\u00e9e 2009.<br \/>\nDonc, la dette de notre commune au 1<sup>er<\/sup> janvier 2010 pour le budget g\u00e9n\u00e9ral doit \u00eatre de :<br \/>\n202 147 293, 77 \u2013 9 254 073, 81 = <strong>192 893 219, 96 \u20ac<\/strong> auxquels il faut ajouter, si il en existe, les engagements pris en 2009, emprunts dont le montant et la nature ne nous sont pas connus.<\/p>\n<p>Le document mis \u00e0 disposition par la mairie&nbsp; appel\u00e9 \u00ab&nbsp;compte administratif 2008\u2033 publi\u00e9 \u00e0 la mi-2009, par ailleurs fort clair, d\u00e9taill\u00e9 et didactique, ne permet pas non plus de savoir qui a fait quoi, en terme d\u2019emprunt, en 2008. Cela s\u2019explique peut-\u00eatre par la complexit\u00e9 des op\u00e9rations de ren\u00e9gociation des pr\u00eats et par l\u2019incontournable p\u00e9riode de passation de service, d\u00e9but 2008, entre l\u2019ancienne et la nouvelle administration.<\/p>\n<p>Il est \u00e0 remarquer que la d\u00e9rive financi\u00e8re de Saint-Maur a \u00e9t\u00e9 un argument important dans la campagne de l\u2019\u00e9lection municipale de 2008. On peut donc l\u00e9gitimement attendre du nouveau maire qu\u2019il apporte la plus grande attention \u00e0 ces probl\u00e8mes.<br \/>\n<strong><br \/>\nComparaisons<\/strong><\/p>\n<p>On entend dire, ici ou l\u00e0 que l\u2019endettement de Saint-Maur n\u2019est pas le pire du d\u00e9partement ou de la r\u00e9gion. C\u2019est vrai, si l\u2019on parle en termes de charge annuelle de remboursement. Fin&nbsp; 2008, Saint-Maur figurait en 16\u00e8me position au palmar\u00e8s d\u00e9partemental de la plus lourde charge \u00e0 supporter par habitant. Mais si l\u2019on tient compte de la charge globale de la dette, tant en valeur qu\u2019en montant par habitant, notre commune h\u00e9rite de la premi\u00e8re place. Ce paradoxe met en avant une autre sp\u00e9cificit\u00e9 de notre dette, qui est la tr\u00e8s longue dur\u00e9e de son \u00e9ch\u00e9ance. Nos concitoyens auront \u00e0 supporter, pendant de tr\u00e8s longues ann\u00e9es une lourde charge de remboursement et cela ob\u00e8re, pour longtemps, l\u2019action des municipalit\u00e9s \u00e0 venir, quelle qu\u2019en soit la couleur politique et les vertus administratives.<\/p>\n<p>En exemple, au vu du tableau annex\u00e9 au budget primitif 2009, l\u2019un, au moins, des emprunts contract\u00e9s en 2008 (emprunt Dexia-CLT, page&nbsp; 136, ligne 10153) parait \u00eatre d\u2019une dur\u00e9e de 45 ans. Plusieurs autres semblent n\u00e9goci\u00e9s pour une dur\u00e9e de 35 ou 30 ans. Si ces faits sont av\u00e9r\u00e9s, est-il acceptable, est-il moral de se d\u00e9fausser de nos turpitudes avec autant de d\u00e9sinvolture sur nos enfants, nos petits-enfants ou m\u00eame nos arri\u00e8re-petits-enfants ?<\/p>\n<p><strong>Evolutions<\/strong><\/p>\n<p>Revenons sur l\u2019aspect \u00ab&nbsp;toxique&nbsp;\u00bb de cette dette, \u00e9voqu\u00e9e dans un article pr\u00e9c\u00e9dent. La tr\u00e8s grave crise que nous traversons n\u2019a eu, jusqu\u2019\u00e0 pr\u00e9sent que des effets d\u00e9flationnistes, \u00e0 savoir: une baisse de l\u2019activit\u00e9, l\u2019augmentation du ch\u00f4mage et&nbsp; une baisse des prix. Les gouvernements combattent ces effets par la relance du cr\u00e9dit (m\u00e9thode keyn\u00e9sienne de relance par la demande) en inondant les march\u00e9s de liquidit\u00e9s. Cette politique implique le &nbsp;maintien aux \u00c9tats-unis et en Europe de taux tr\u00e8s bas. A noter que les m\u00eames banques qui pr\u00eatent, sur certains dossiers \u00e0 la ville de Saint-Maur au taux de 4,50% se refinancent en ce moment sur les march\u00e9s \u00e0 0,5 ou 1% !<br \/>\nLes m\u00e9canismes pervers inscrits dans les contrats des dettes dites \u00ab&nbsp;toxiques&nbsp;\u00bb ne se d\u00e9clenchent donc pas pour l\u2019instant car ils sont li\u00e9s \u00e0 une mont\u00e9e des taux de base ou bien rattach\u00e9s \u00e0 divers indices techniques boursiers.<br \/>\nLe danger qui nous guette c\u2019est que l\u2019inflation appara\u00eet aujourd\u2019hui aux \u00e9conomistes et aux financiers comme la seule fa\u00e7on de r\u00e9sorber les liquidit\u00e9s qui inondent le march\u00e9 et surtout pour redonner du pouvoir d\u2019achat aux consommateurs en effa\u00e7ant partiellement leurs dettes.<br \/>\nCette op\u00e9ration (l\u2019inflation \u00ab&nbsp;pilot\u00e9e&nbsp;\u00bb) est, d\u2019une certaine fa\u00e7on, planifi\u00e9e et in\u00e9luctable.&nbsp; La meilleure&nbsp; probabilit\u00e9 est qu\u2019elle d\u00e9butera en&nbsp; 2011. A ce moment, nous risquons de voir le taux des int\u00e9r\u00eats de notre dette s\u2019envoler et leur paiement absorber une part importante du budget de fonctionnement de notre commune.<br \/>\nC\u2019est \u00e0 cette m\u00eame \u00e9ch\u00e9ance (d\u00e9but 2012) que la crise de la dette des \u00e9tats conna\u00eetra son paroxysme. . Il faut donc s\u2019attendre, en France comme dans toute l\u2019Europe, \u00e0 une diminution g\u00e9n\u00e9rale des revenus. Cette r\u00e9duction sera encore aggrav\u00e9e pour les classes moyennes qui sont traditionnellement la \u00ab&nbsp;variable d\u2019ajustement&nbsp;\u00bb en cas de crise.<br \/>\nComme ce sont ces \u00ab&nbsp;classes moyennes&nbsp;\u00bb qui assurent l\u2019essentiel de la base taxable, le revenu de la commune en sera fortement r\u00e9duit, sauf \u00e0 augmenter massivement le taux de l\u2019imp\u00f4t.<\/p>\n<p><strong>Solutions<\/strong><\/p>\n<p>Il est de la responsabilit\u00e9 de la municipalit\u00e9 de r\u00e9fl\u00e9chir \u00e0 cette situation dangereuse. Il lui faut restructurer sa dette dans la mesure du possible et r\u00e9duire progressivement (mais de fa\u00e7on drastique et par tous les moyens) ses d\u00e9penses. Sachant que des temps difficiles approchent, il lui faut s\u2019informer au mieux de l\u2019\u00e9volution de la situation, proc\u00e9der \u00e0 des simulations selon diff\u00e9rentes hypoth\u00e8ses de l\u2019\u00e9volution des fondamentaux et adopter des proc\u00e9dures tr\u00e8s r\u00e9actives (r\u00e9vision du budget, examens fr\u00e9quents de l\u2019\u00e9tat des d\u00e9penses engag\u00e9es, ren\u00e9gociation de certains contrats).<br \/>\nDes temps difficiles s\u2019annoncent pour les individus comme pour les collectivit\u00e9s. Pour y faire face il nous faut de la lucidit\u00e9, de la r\u00e9activit\u00e9 et de plus en plus de solidarit\u00e9.<\/p>\n<\/div>\n<\/div>\n<div class=\"post-395 post hentry category-divers\">\n<h3 id=\"post-395\"><span style=\"color: #0000ff;\">Op\u00e9ration Chocolats de P\u00e2ques<\/span><\/h3>\n<p><small>Jeudi 11 f\u00e9vrier 2010<\/small><\/p>\n<div class=\"entry\">\n<p><img loading=\"lazy\" decoding=\"async\" class=\"alignleft size-full wp-image-398\" title=\"catalogue\" src=\"https:\/\/leparcstmaur.org\/wp-content\/uploads\/2010\/02\/catalogue1.jpg\" alt=\"catalogue\" width=\"227\" height=\"228\">Bient\u00f4t P\u00e2ques<\/p>\n<p>L\u2019op\u00e9ration chocolat est lanc\u00e9e.<\/p>\n<p>Cette op\u00e9ration permet \u00e0 chacun de b\u00e9n\u00e9ficier de tarifs avantageux sur des produits de qualit\u00e9 et d\u2019aider \u00e0 financer des animations au sein de notre quartier.<\/p>\n<p>Passez votre commande <strong>avant le 8 mars 2010<\/strong> (aucune commande ne sera prise en compte apr\u00e8s cette date). Vous serez livr\u00e9 avant les f\u00eates de P\u00e2ques.<\/p>\n<p>Catalogue et bon de commande disponibles ici<\/p>\n<p>Les bons de commandes accompagn\u00e9s de leur r\u00e8glement (ch\u00e8que \u00e0 l\u2019ordre du Comit\u00e9 de Quartier du Parc de Saint Maur) doivent \u00eatre retourn\u00e9s \u00e0 : Comit\u00e9 de Quartier du Parc de Saint Maur, 14 avenue des Erables 94100 Saint Maur.<\/p>\n<\/div>\n<\/div>\n<div class=\"post-378 post hentry category-informations\">\n<h3 id=\"post-378\"><span style=\"color: #0000ff;\">La dette de St-Maur est-elle toxique?<\/span><\/h3>\n<p><small>Samedi 6 f\u00e9vrier 2010<\/small><\/p>\n<div class=\"entry\">\n<p><img loading=\"lazy\" decoding=\"async\" class=\"alignleft size-full wp-image-380\" title=\"Toxique2\" src=\"https:\/\/leparcstmaur.org\/wp-content\/uploads\/2010\/02\/Toxique2.jpg\" alt=\"Toxique2\" width=\"167\" height=\"196\">S\u2019il faut sept mots pour poser la question, un seul suffit pour y r\u00e9pondre et ce mot c\u2019est OUI.<\/p>\n<p><strong>Explication: <\/strong><\/p>\n<p>La Chambre r\u00e9gionale des comptes d\u2019Ile-de-France a notifi\u00e9, le 8 janvier 2010, au maire, Monsieur Plagnol, son rapport d\u2019observations d\u00e9finitives concernant la commune de Saint-Maur-des-Foss\u00e9s. Ce rapport est dat\u00e9 du 26 octobre 2009. Il comporte des observations sur la gestion municipale durant les ann\u00e9es 2001 \u00e0 2007.<\/p>\n<p>Ayant \u00e9t\u00e9 pr\u00e9sent\u00e9 lors du conseil municipal du 28 janvier 2010, ce rapport est, \u00e0 pr\u00e9sent, communicable au public.<\/p>\n<p>Entre diverses remarques concernant la situation financi\u00e8re de la commune, les effectifs du personnel communal, la s\u00e9curit\u00e9 publique et certaines d\u00e9rives concernant trois associations municipales (sujets sur lesquels nous reviendrons bient\u00f4t sur ce site), nous avons relev\u00e9 des informations particuli\u00e8rement inqui\u00e9tantes en ce qui concerne l\u2019endettement de notre commune. Il appara\u00eet, \u00e0 la lecture du rapport (pages 10 \u00e0 16) que <span id=\"more-378\"><\/span>l\u2019endettement de Saint-Maur a doubl\u00e9 entre 2001 et 2008 pour atteindre 248 millions d\u2019euros&nbsp; (1 milliard 628 millions de nouveaux francs) au 31 d\u00e9cembre 2008. C\u2019est environ le double de la dette moyenne des villes de population \u00e9quivalente.<\/p>\n<p>Au cours de la p\u00e9riode 2001-2007, la progression du remboursement de la dette n\u2019a pu \u00eatre support\u00e9e qu\u2019en ren\u00e9gociant cette dette.<\/p>\n<p>C\u2019est le maire de l\u2019\u00e9poque, Monsieur BEAUMONT qui a personnellement conduit ces op\u00e9rations dans le cadre de la d\u00e9l\u00e9gation qui lui a \u00e9t\u00e9 consentie conform\u00e9ment \u00e0 l\u2019article L2122-22 du code g\u00e9n\u00e9ral des collectivit\u00e9s territoriales. A noter que cette ren\u00e9gociation de la dette n\u2019a jamais fait l\u2019objet d\u2019une pr\u00e9sentation ou d\u2019une discussion devant le conseil municipal.<\/p>\n<p>Suite \u00e0 ces op\u00e9rations, fin 2008, 91% des emprunts de la commune \u00e9taient compos\u00e9s de produits bancaires dits \u00ab&nbsp;structur\u00e9s&nbsp;\u00bb. 51% de ces pr\u00eats \u00e9taient rattach\u00e9s, pour le calcul de leur remboursement, \u00e0 l\u2019\u00e9volution de parit\u00e9s mon\u00e9taires et 40% rattach\u00e9s \u00e0 l\u2019\u00e9cart existant entre les taux courts et les taux longs sur les diff\u00e9rents march\u00e9s financiers (&nbsp;\u00bbspread \u00ab&nbsp;dans le jargon des financiers anglo-saxons).<\/p>\n<p>Dans les ann\u00e9es 2001-2006, les dangers de ce type d\u2019emprunt \u00e9taient peu connus, m\u00eame des professionnels. Les banquiers ne mettaient en avant, pour ces produits, que les avantages, par exemple: un remboursement diff\u00e9r\u00e9 du capital, un faible taux d\u2019int\u00e9r\u00eat (du moins au d\u00e9but !) en oubliant d\u2019en pr\u00e9ciser les risques (impr\u00e9visibilit\u00e9 des annuit\u00e9s, sensibilit\u00e9 aux al\u00e9as \u00e9conomiques). Depuis la crise du cr\u00e9dit de 2007 qui a \u00e9t\u00e9, en partie, g\u00e9n\u00e9r\u00e9e par la multiplication de ces montages dans la finance internationale, la m\u00e9fiance est g\u00e9n\u00e9rale.<\/p>\n<p>Depuis quelques mois, il est devenu \u00e9vident que la crise financi\u00e8re mondiale perdure. Il est tr\u00e8s probable qu\u2019elle s\u2019amplifiera tout au long de l\u2019ann\u00e9e 2010. Pour l\u2019instant, les effets de la crise sont d\u00e9flationnistes du fait d\u2019une r\u00e9duction de la production et du commerce mondial. Mais comme elle a \u00e9t\u00e9 trait\u00e9e massivement par l\u2019injection, de la part des banques centrales, de milliers de milliards de dollars et par une baisse des taux qui favorise encore plus l\u2019endettement des diff\u00e9rents op\u00e9rateurs \u00e9conomiques, cette crise ne pourra \u00eatre r\u00e9duite que par une p\u00e9riode d\u2019inflation massive et g\u00e9n\u00e9ralis\u00e9e. D\u2019ici l\u00e0, tous les \u00e9l\u00e9ments susceptibles de faire d\u00e9raper le co\u00fbt du remboursement de notre dette viendront au jour (inflation, augmentation des taux de base et du spread, d\u00e9sordres mon\u00e9taires, faillites d\u2019\u00e9tats).<\/p>\n<p>Il faut donc s\u2019attendre \u00e0 voir se refermer tr\u00e8s bient\u00f4t le pi\u00e8ge qui est inscrit dans le montant et la nature de notre dette municipale.<\/p>\n<p>Existe-t-il des solutions?<\/p>\n<p>Oui, les banques et \u00e9tablissements financiers qui ont, de fa\u00e7on malhonn\u00eate, \u2018embrouill\u00e9\u2019 des \u00e9diles peu form\u00e9s en science \u00e9conomique et naturellement confiants face \u00e0 des \u00e9tablissements plus ou moins \u00ab&nbsp;institutionnels&nbsp;\u00bb sont \u00e0 pr\u00e9sent sur la sellette. Ils peuvent \u00eatre contraints \u00e0 ren\u00e9gocier les termes de ces contrats ou, pour le moins, \u00eatre amen\u00e9s \u00e0 en abandonner les clauses les plus abusives.<\/p>\n<p>Il appara\u00eet, dans le contenu du rapport, qu\u2019une au moins des clauses cit\u00e9es&nbsp; (page 13, ligne 32) est manifestement l\u00e9onine et peut faire l\u2019objet d\u2019un recours en annulation.<\/p>\n<p>Sans conna\u00eetre le fond du dossier, il nous semble m\u00eame que l\u2019op\u00e9ration de ren\u00e9gociation initi\u00e9e en 2001-2002 peut \u00eatre consid\u00e9r\u00e9e dans son ensemble, du fait de sa relative clandestinit\u00e9, du caract\u00e8re massif et excessif des montants sur lesquels elle a port\u00e9 (la quasi-totalit\u00e9 de la dette) et de l\u2019aspect souvent abusif de ses modalit\u00e9s, comme un abus de faiblesse susceptible d\u2019entrainer des poursuites judiciaires \u00e0 l\u2019encontre des \u00e9tablissements bancaires.<\/p>\n<p>Selon les crit\u00e8res du moment, l\u2019existence dans les comptes d\u2019une commune, de 40% de dette \u00ab&nbsp;toxique&nbsp;\u00bb est d\u00e9j\u00e0 consid\u00e9r\u00e9e comme tr\u00e8s dangereuse. Que faut-il penser des 91% (au minimum) de ce type de dette qui figurent dans les engagements de la commune de Saint-Maur ?<\/p>\n<\/div>\n<h3 class=\"postmetadata\"><span style=\"color: #0000ff; font-size: 18pt;\">Ouverture demain de la Poste Principale, avenue Foch<\/span><\/h3>\n<\/div>\n<div class=\"post-374 post hentry category-informations\">\n<p><small>Lundi 1 f\u00e9vrier 2010<\/small><\/p>\n<div class=\"entry\">\n<p><img loading=\"lazy\" decoding=\"async\" class=\"alignleft size-medium wp-image-375\" title=\"La Poste\" src=\"https:\/\/leparcstmaur.org\/wp-content\/uploads\/2010\/02\/La-Poste-300x225.jpg\" alt=\"La Poste\" width=\"300\" height=\"225\">Comme annonc\u00e9 il y a quelques jours, le bureau de poste ouvrira ses portes demain 2 f\u00e9vrier d\u00e8s 8h apr\u00e8s 4 mois de travaux d\u2019am\u00e9nagement.<\/p>\n<p>Tout est&nbsp; pr\u00eat (ou presque) pour recevoir et orienter les clients de la Poste vers les nouveaux ilots de service.<\/p>\n<p>On retrouve un guichet pro, un espace r\u00e9serv\u00e9 \u00e0 la gestion des comptes (commandes de ch\u00e9quiers, carte bleue etc), des espaces pour les op\u00e9rations li\u00e9es aux courriers et colis, un espace d\u2019attente pour les rendez-vous avec les conseillers financiers et de gestion de patrimoine.<\/p>\n<p>Tout a \u00e9t\u00e9 pens\u00e9 et organis\u00e9 afin de r\u00e9duire l\u2019attente au maximum. Le but est ambitieux : 5 mn maximum pour les op\u00e9rations de type courrier et 10 mn maximum pour les op\u00e9rations \u2018longues\u2019.<\/p>\n<p>A suivre donc\u2026<\/p>\n<\/div>\n<\/div>\n<p style=\"text-align: center;\"><span style=\"font-size: 18pt; color: #ff0000;\">Janvier 2010<\/span><\/p>\n<div class=\"post-367 post hentry category-informations\">\n<h3 id=\"post-367\"><span style=\"color: #0000ff;\">Abattage de 35 marronniers<\/span><\/h3>\n<p><small>Vendredi 29 janvier 2010<\/small><\/p>\n<div class=\"entry\">\n<p><img loading=\"lazy\" decoding=\"async\" class=\"alignleft size-medium wp-image-368\" title=\"Mineuse\" src=\"https:\/\/leparcstmaur.org\/wp-content\/uploads\/2010\/01\/Mineuse-300x225.jpg\" alt=\"Mineuse\" width=\"300\" height=\"225\">Fin f\u00e9vrier, la place des Marronniers se verra amput\u00e9e de 35 de ses marronniers.<\/p>\n<p>Comme chacun sait, les marronniers en France sont malades.<br \/>\nCes d\u00e9g\u00e2ts sont dus, en partie, \u00e0 un petit papillon (mineuse) appel\u00e9 cameraria ohridella dont les chenilles d\u00e9vorent l\u2019int\u00e9rieur des feuilles pendant l\u2019\u00e9t\u00e9. Observ\u00e9 en Ile de France en 2001, il a progress\u00e9 rapidement et s\u2019\u00e9tend sur presque toute la France.<\/p>\n<p>Ces marronniers seront remplac\u00e9s par des marronniers rouges, \u00e9pargn\u00e9s pour l\u2019instant, par ces parasites.<\/p>\n<p>Le d\u00e9lai de replantation est pour l\u2019instant inconnu. Le remplacement serait envisag\u00e9 dans le cadre du r\u00e9am\u00e9nagement de la Place des Marronniers.<\/p>\n<p>Si ces travaux ne sont pas encore planifi\u00e9s, est-il indispensable d\u2019abattre ces arbres d\u00e8s \u00e0 pr\u00e9sent ?<\/p>\n<\/div>\n<\/div>\n<div class=\"post-359 post hentry category-informations\">\n<h3 id=\"post-359\"><span style=\"color: #0000ff;\">Assembl\u00e9e g\u00e9n\u00e9rale de l\u2019Association Marne Vive<\/span><\/h3>\n<p><small>Jeudi 21 janvier 2010<\/small><\/p>\n<div class=\"entry\">\n<p><img loading=\"lazy\" decoding=\"async\" class=\"alignleft size-medium wp-image-360\" title=\"Marne\" src=\"https:\/\/leparcstmaur.org\/wp-content\/uploads\/2010\/01\/Marne-225x300.jpg\" alt=\"Marne\" width=\"225\" height=\"300\">Ce mardi 19 janvier 2010 s\u2019est tenue l\u2019assembl\u00e9e g\u00e9n\u00e9rale de l\u2019Association Marne Vive.<\/p>\n<p>Cette association d\u00e9fend depuis 20 ans la qualit\u00e9 de l\u2019eau de la Marne et de ses berges.<br \/>\nLe but ultime : pouvoir se baigner \u00e0 nouveau, comme cela se faisait avant 1970.<\/p>\n<p>Pour y arriver, l\u2019association m\u00e8ne de nombreuses actions de sensibilisation et d\u2019information dans les \u00e9coles et centres de loisirs. Les enfants sont ainsi inform\u00e9s de la vie de la Marne : La faune, la flore, les pollutions, la fragilit\u00e9 des \u00eeles, la r\u00e9gulation du fleuve avec des visites de l\u2019\u00e9cluse de Saint Maurice et prennent conscience de l\u2019importance de respecter l\u2019environnement.<br \/>\nMarne Vive assure \u00e9galement un suivi de la vie de la rivi\u00e8re et des berges, des projets d\u2019assainissement et des am\u00e9nagements des bassins.<\/p>\n<p>Notre quartier, riverain de la Marne et soucieux de conserver, voire d\u2019am\u00e9liorer notre environnement, se devait de soutenir Marne Vive.<br \/>\nNous avons adh\u00e9r\u00e9&nbsp; \u00e0 cette association en 2009. N\u2019h\u00e9sitez pas \u00e0 faire de m\u00eame pour les soutenir.<\/p>\n<\/div>\n<\/div>\n<div class=\"post-352 post hentry category-evenements category-rendezvous\">\n<h3 id=\"post-352\"><span style=\"color: #0000ff;\">R\u00e9ouverture prochaine du bureau de poste !<\/span><\/h3>\n<p><small>Mercredi 20 janvier 2010<\/small><\/p>\n<div class=\"entry\">\n<p><img loading=\"lazy\" decoding=\"async\" class=\"alignleft size-medium wp-image-354\" title=\"La poste\" src=\"https:\/\/leparcstmaur.org\/wp-content\/uploads\/2010\/01\/La-poste1-300x262.jpg\" alt=\"La poste\" width=\"150\" height=\"131\">Apr\u00e8s 4 mois de travaux de r\u00e9am\u00e9nagement, le bureau de poste , 46 avenue Foch ouvrira ses portes le 2 f\u00e9vrier&nbsp; 2010 \u00e0 8h00.<\/p>\n<p>C\u2019est une nouvelle qui ravira, sans nul doute,&nbsp; l\u2019ensemble des habitants de notre quartier.<\/p>\n<\/div>\n<\/div>\n<div class=\"post-347 post hentry category-informations\">\n<h3>&nbsp;<\/h3>\n<h3 id=\"post-347\"><span style=\"color: #0000ff;\">Premi\u00e8re assembl\u00e9e g\u00e9n\u00e9rale du Comit\u00e9 de Quartier<\/span><\/h3>\n<p><small>Lundi 18 janvier 2010<\/small><\/p>\n<div class=\"entry\">\n<p><img loading=\"lazy\" decoding=\"async\" class=\"alignleft size-medium wp-image-348\" title=\"Tshirt\" src=\"https:\/\/leparcstmaur.org\/wp-content\/uploads\/2010\/01\/Tshirt-300x264.jpg\" alt=\"Tshirt\" width=\"300\" height=\"264\"><\/p>\n<p>Le vendredi 15 janvier \u00e0 20 heures s\u2019est tenue, \u00e0 l\u2019\u00e9cole primaire des Tilleuls, la premi\u00e8re assembl\u00e9e g\u00e9n\u00e9rale de notre comit\u00e9.<br \/>\nNotre association, qui compte \u00e0 ce jour, 116 adh\u00e9rents a \u00e9lu 6 nouveaux administrateurs.<br \/>\nUne nouvelle structuration qui partage notre quartier en cinq secteurs dot\u00e9s chacun de deux responsables a \u00e9t\u00e9 mise en place. Cela permettra d\u2019am\u00e9liorer le contact avec nos adh\u00e9rents et de respecter, pour toutes nos actions, l\u2019imp\u00e9ratif de proximit\u00e9.<br \/>\nUne campagne d\u2019information et d\u2019adh\u00e9sion est pr\u00e9vue pour la fin de ce mois de janvier \u00e0 destination des habitants de notre quartier et plus particuli\u00e8rement des entrepreneurs et des commer\u00e7ants.<\/p>\n<\/div>\n<p class=\"postmetadata\">&nbsp;<\/p>\n<\/div>\n<div class=\"post-337 post hentry category-manifestations\">\n<h3 id=\"post-337\"><span style=\"color: #0000ff;\">Agenda des manifestations de Janvier-F\u00e9vrier 2010<\/span><\/h3>\n<p><small>Vendredi 15 janvier 2010<\/small><\/p>\n<div class=\"entry\">\n<p><strong>Janvier 2010<br \/>\n<\/strong><\/p>\n<ul>\n<li>Mardi 19 janvier :&nbsp; Bach,&nbsp; Pr\u00e9ludes, Sonates et toccates, Notre Dame du Rosaire, place des Marronniers<\/li>\n<\/ul>\n<ul>\n<li>Jeudi 21 janvier : Le th\u00e9\u00e2tre de Tchekhov, Conf\u00e9rence,&nbsp; Maison de quartier du Parc,&nbsp; 15 avenue des Fusill\u00e9s de Ch\u00e2teaubriant.<\/li>\n<\/ul>\n<ul>\n<li>Samedi 23 janvier :<br \/>\n&#8211; Championnats d\u2019halt\u00e9rophilie, centre sportif Brossolette.<br \/>\n&#8211; Coupe d\u2019hiver de judo, Centre sportif Brossolette.<\/li>\n<\/ul>\n<ul>\n<li>Dimanche 24 janvier :<br \/>\n&#8211; Concert divertissant, Temple protestant, 42 avenue Joffre.<br \/>\n&#8211; Comp\u00e9titions jeunes Judo, centre sportif Brossolette.<\/li>\n<\/ul>\n<ul>\n<li>Samedi 30 et dimanche 31 janvier : Crit\u00e9rium d\u00e9partemental des jeunes de Tennis de Table, Centre sportif Brossolette.<\/li>\n<\/ul>\n<p><strong>F\u00e9vrier 2010<\/strong><\/p>\n<ul>\n<li>Samedi 6 f\u00e9vrier : Taille des rosiers, 14 avenue de la Grange.<\/li>\n<\/ul>\n<ul>\n<li>Samedi 6 et dimanche 7 f\u00e9vrier : comp\u00e9tition d\u00e9partementale par \u00e9quipes de gymnastique, centre sportif Brossolette.<\/li>\n<\/ul>\n<ul>\n<li>Dimanche 7 f\u00e9vrier : L\u2019Europe du Baroque, Notre Dame du Rosaire, place des Marronniers.<\/li>\n<\/ul>\n<ul>\n<li>Samedi 13 f\u00e9vrier : Championnats d\u2019halt\u00e9rophilie, centre Brossolette.<\/li>\n<\/ul>\n<ul>\n<li>Samedi 13 et dimanche 14 f\u00e9vrier : Comp\u00e9tition r\u00e9gionale par \u00e9quipes de gymnastique, centre Brossolette.<\/li>\n<\/ul>\n<ul>\n<li>Mardi 16 f\u00e9vrier : r\u00e9cital d\u2019orgue, Notre Dame du Rosaire, place des Marronniers.<\/li>\n<\/ul>\n<ul>\n<li>Jeudi 18 f\u00e9vrier : Les transhumances Kurdes, Maison de quartier du Parc, 14 avenue des Fusill\u00e9s de Ch\u00e2teaubriant.<\/li>\n<\/ul>\n<ul>\n<li>Du vendredi 19 au dimanche 21 f\u00e9vrier : Coupe du monde d\u2019escrime, Centre Brossolette.<\/li>\n<\/ul>\n<\/div>\n<\/div>\n<div class=\"post-330 post hentry category-divers\">\n<h3 id=\"post-330\"><span style=\"color: #0000ff;\">Meilleurs voeux 2010<\/span><\/h3>\n<p><small>Jeudi 7 janvier 2010<\/small><\/p>\n<div class=\"entry\">\n<h2><img loading=\"lazy\" decoding=\"async\" class=\"alignleft size-full wp-image-332\" title=\"Meilleurs-voeux\" src=\"https:\/\/leparcstmaur.org\/wp-content\/uploads\/2010\/01\/Meilleurs-voeux.gif\" alt=\"Meilleurs-voeux\" width=\"225\" height=\"300\"><\/h2>\n<h2>Bonne et Heureuse ann\u00e9e.<\/h2>\n<h2>Que 2010 soit une ann\u00e9e de joie, d\u2019entraide et de belles rencontres !<\/h2>\n<\/div>\n<\/div>\n","protected":false},"excerpt":{"rendered":"<p>D\u00e9cembre 2010 Rencontre\u2026 Lundi 20 d\u00e9cembre 2010 Au hasard d\u2019une promenade dans les rues presque d\u00e9neig\u00e9es (mais pas les trottoirs !), nous avons crois\u00e9 un chasse-neige Saint Maurien. Belle rencontre sympathique, quelques mots d\u2019encouragement, des sourires \u00e9chang\u00e9s. Pourquoi ce chasse-neige a-t-il \u00e9t\u00e9 la cible de caillassage dans la nuit de &hellip;<\/p>\n","protected":false},"author":1,"featured_media":0,"parent":30,"menu_order":0,"comment_status":"closed","ping_status":"closed","template":"","meta":{"ngg_post_thumbnail":0,"footnotes":""},"class_list":["post-61","page","type-page","status-publish","hentry"],"_links":{"self":[{"href":"https:\/\/leparcstmaur.org\/index.php?rest_route=\/wp\/v2\/pages\/61","targetHints":{"allow":["GET"]}}],"collection":[{"href":"https:\/\/leparcstmaur.org\/index.php?rest_route=\/wp\/v2\/pages"}],"about":[{"href":"https:\/\/leparcstmaur.org\/index.php?rest_route=\/wp\/v2\/types\/page"}],"author":[{"embeddable":true,"href":"https:\/\/leparcstmaur.org\/index.php?rest_route=\/wp\/v2\/users\/1"}],"replies":[{"embeddable":true,"href":"https:\/\/leparcstmaur.org\/index.php?rest_route=%2Fwp%2Fv2%2Fcomments&post=61"}],"version-history":[{"count":14,"href":"https:\/\/leparcstmaur.org\/index.php?rest_route=\/wp\/v2\/pages\/61\/revisions"}],"predecessor-version":[{"id":364,"href":"https:\/\/leparcstmaur.org\/index.php?rest_route=\/wp\/v2\/pages\/61\/revisions\/364"}],"up":[{"embeddable":true,"href":"https:\/\/leparcstmaur.org\/index.php?rest_route=\/wp\/v2\/pages\/30"}],"wp:attachment":[{"href":"https:\/\/leparcstmaur.org\/index.php?rest_route=%2Fwp%2Fv2%2Fmedia&parent=61"}],"curies":[{"name":"wp","href":"https:\/\/api.w.org\/{rel}","templated":true}]}}