{"id":53,"date":"2018-03-05T19:25:09","date_gmt":"2018-03-05T19:25:09","guid":{"rendered":"http:\/\/xn--comitdequartierdupar-f2b.apps-1and1.net\/?page_id=53"},"modified":"2021-05-05T16:29:41","modified_gmt":"2021-05-05T16:29:41","slug":"archives-2009","status":"publish","type":"page","link":"https:\/\/leparcstmaur.org\/?page_id=53","title":{"rendered":"Archives 2009"},"content":{"rendered":"<div class=\"post-34 post hentry category-informations\">\n<h3 style=\"text-align: center;\"><span style=\"color: #ff0000; font-size: 18pt;\">D\u00e9cembre 2009<\/span><\/h3>\n<div class=\"post-324 post hentry category-manifestations\">\n<h3 id=\"post-324\"><span style=\"color: #0000ff;\">T\u00e9l\u00e9thon : Soir\u00e9e sportive \u00e0 Brossolette.<\/span><\/h3>\n<p><small>Mardi 8 d\u00e9cembre 2009<\/small><\/p>\n<div class=\"entry\">\n<p>Ce vendredi 4 d\u00e9cembre 2009, pour soutenir le T\u00e9l\u00e9thon,&nbsp; \u00e9tait pr\u00e9vue une soir\u00e9e sportive au centre Brossolette de 18h \u00e0 1h !Nous nous \u00e9tions pr\u00e9par\u00e9s avec les enfants pour essayer le maximum de disciplines.L\u2019accueil \u00e0 l\u2019entr\u00e9e comme sur les&nbsp; sites des diff\u00e9rents sports \u00e9tait chaleureux et convivial.Et nous voil\u00e0 partis vers le stand de tir, l\u2019Avant-Garde, pour une s\u00e9ance de tir \u00e0 la carabine et au pistolet, appr\u00e9ci\u00e9e des petits comme des grands.<img loading=\"lazy\" decoding=\"async\" class=\"size-medium wp-image-325 aligncenter\" title=\"T\u00e9l\u00e9thon Tir\" src=\"https:\/\/leparcstmaur.org\/wp-content\/uploads\/2009\/12\/S7302436-Large-225x300.jpg\" alt=\"T\u00e9l\u00e9thon Tir\" width=\"225\" height=\"300\"><\/p>\n<p>Puis, au pas de course tellement l\u2019enthousiasme \u00e9tait grand, nous sommes descendus vers la salle d\u2019escalade.<br \/>\nCe mur a toujours autant de succ\u00e8s. La foule \u00e9tait nombreuse pour tester sa capacit\u00e9 \u00e0 vaincre les sommets <img decoding=\"async\" class=\"wp-smiley\" src=\"https:\/\/leparcstmaur.org\/wp-includes\/images\/smilies\/icon_smile.gif\" alt=\":)\"><\/p>\n<p><img loading=\"lazy\" decoding=\"async\" class=\"size-full wp-image-326 aligncenter\" title=\"Escalade\" src=\"https:\/\/leparcstmaur.org\/wp-content\/uploads\/2009\/12\/Escalade.JPG\" alt=\"Escalade\" width=\"320\" height=\"240\"><\/p>\n<p>Etape suivante, la piscine pour se rafraichir apr\u00e8s tous ces efforts.<br \/>\nEt c\u2019est parti pour un bapt\u00eame de plong\u00e9e, au milieu des algues, des coquillages et des tr\u00e9sors cach\u00e9s.<img loading=\"lazy\" decoding=\"async\" class=\"aligncenter wp-image-327 size-medium\" title=\"Plong\u00e9e\" src=\"https:\/\/leparcstmaur.org\/wp-content\/uploads\/2009\/12\/Plongee-Small-300x225.jpg\" alt=\"Plong\u00e9e (Small)\" width=\"300\" height=\"225\">S\u00e9ch\u00e9s, habill\u00e9s, nous avons \u00e9t\u00e9 d\u00e9\u00e7us de ne plus trouver d\u2019activit\u00e9s sportives \u00e0 partir de 22h45.<br \/>\nTant pis pour le badminton, l\u2019escrime, la gymnastique, le trampoline que nous avions planifi\u00e9s dans notre soir\u00e9e.Gr\u00e2ce au stand de tir, encore ouvert et actif \u00e0 cette heure tardive nous avons pu continuer \u00e0 partager cette ambiance festive.Merci \u00e0 tous pour cette tr\u00e8s agr\u00e9able soir\u00e9e !<\/p>\n<\/div>\n<\/div>\n<div class=\"post-308 post hentry category-divers\">\n<h3 id=\"post-308\"><span style=\"color: #0000ff;\">Avenue Joffre : Un peu de civisme, s\u2019il vous plait !<\/span><\/h3>\n<p><small>Mardi 8 d\u00e9cembre 2009<\/small><\/p>\n<div class=\"entry\"><img loading=\"lazy\" decoding=\"async\" class=\"alignleft size-medium wp-image-310\" title=\"Stationnement Joffre \" src=\"https:\/\/leparcstmaur.org\/wp-content\/uploads\/2009\/12\/Stationnement-Joffre-2-Large-300x225.jpg\" alt=\"Stationnement Joffre \" width=\"300\" height=\"225\">L\u2019avenue Joffre, en travaux depuis le 14 septembre, devient un vaste parking o\u00f9 toutes les r\u00e8gles de stationnement semblent avoir disparues !M\u00eame si la signalisation au sol n\u2019est pas encore marqu\u00e9e, les emplacements des futures places de parking&nbsp; sont parfaitement visibles.<br \/>\nMalgr\u00e9 cela, les stationnements en \u00e9pi se g\u00e9n\u00e9ralisent tout au long de la voie en travaux, condamnant les trottoirs et obligeant les pi\u00e9tons \u00e0 utiliser la chauss\u00e9e.Mesdames et Messieurs les \u00e9lus, mettez en place une signal\u00e9tique, des barri\u00e8res afin de canaliser le stationnement et permettre enfin aux pi\u00e9tons, pendant la dur\u00e9e des travaux, de circuler sans craindre de se faire renverser !<img loading=\"lazy\" decoding=\"async\" class=\"aligncenter size-medium wp-image-320\" title=\"Stationnement Joffre \" src=\"https:\/\/leparcstmaur.org\/wp-content\/uploads\/2009\/12\/Stationnement-Joffre-4-Large2-300x225.jpg\" alt=\"Stationnement Joffre \" width=\"300\" height=\"225\"><br \/>\nAnecdote : Un enfant de 8 ans qui se rendait \u00e0 la vente de charit\u00e9, 11 avenue Joffre,&nbsp; ce dimanche \u00e0 17h30, a voulu emprunter le trottoir car il faisait d\u00e9j\u00e0 nuit. Il s\u2019est accroch\u00e9 sur l\u2019avant d\u2019une voiture gar\u00e9e en \u00e9pi. \u00ab&nbsp;Heureusement&nbsp;\u00bb, il n\u2019y a eu que le pantalon d\u2019abim\u00e9 ! L\u2019enfant aurait pu \u00eatre bless\u00e9 \u00e0 la jambe !<img loading=\"lazy\" decoding=\"async\" class=\"size-medium wp-image-314 aligncenter\" title=\"Stationnement Joffre \" src=\"https:\/\/leparcstmaur.org\/wp-content\/uploads\/2009\/12\/Stationnement-Joffre-5-225x300.jpg\" alt=\"Stationnement Joffre 5\" width=\"225\" height=\"300\"><\/div>\n<p class=\"postmetadata\">&nbsp;<\/p>\n<\/div>\n<div class=\"post-303 post hentry category-manifestations\">\n<h3 id=\"post-303\"><span style=\"color: #0000ff;\">Exposition Rencontre Peinture Dessin<\/span><\/h3>\n<p><small>Mardi 8 d\u00e9cembre 2009<\/small><\/p>\n<div class=\"entry\"><img loading=\"lazy\" decoding=\"async\" class=\"alignleft size-medium wp-image-304\" title=\"Rencontre Peinture Dessin\" src=\"https:\/\/leparcstmaur.org\/wp-content\/uploads\/2009\/12\/S7302435-Large-300x225.jpg\" alt=\"Rencontre Peinture Dessin\" width=\"300\" height=\"225\">Les amateurs \u00e9taient au rendez-vous ce vendredi 4 d\u00e9cembre 2009, \u00e0 la maison de quartier du Parc de Saint Maur, pour l\u2019ouverture de l\u2019exposition Rencontre Peinture Dessin.En l\u2019absence de Madame Jacqueline Boucard, fondatrice de l\u2019amicale \u00ab&nbsp;Rencontre Peinture Dessin&nbsp;\u00bb, Madame Solange&nbsp; Sennepin nous a accueillis autour d\u2019un pot partag\u00e9 en toute amiti\u00e9.De nombreux artistes exposaient pour le plaisir des yeux.Un week-end artistique appr\u00e9ci\u00e9 de tous.<img loading=\"lazy\" decoding=\"async\" class=\"size-medium wp-image-305 alignright\" title=\"S7302431 (Large)\" src=\"https:\/\/leparcstmaur.org\/wp-content\/uploads\/2009\/12\/S7302431-Large-300x225.jpg\" alt=\"Rencontre Peinture Dessin\" width=\"300\" height=\"225\"><\/div>\n<\/div>\n<div class=\"post-298 post hentry category-grand-paris category-informations\">\n<h3 id=\"post-298\"><span style=\"color: #0000ff;\">\u00ab&nbsp;Grand Paris&nbsp;\u00bb : une loi mal vot\u00e9e pour un projet mal con\u00e7u.<\/span><\/h3>\n<p><small>Mercredi 2 d\u00e9cembre 2009<\/small><\/p>\n<div class=\"entry\"><img loading=\"lazy\" decoding=\"async\" class=\"alignleft size-medium wp-image-301\" title=\"Paris tete en bas (Medium)\" src=\"https:\/\/leparcstmaur.org\/wp-content\/uploads\/2009\/12\/Paris-tete-en-bas-Medium-225x300.jpg\" alt=\"Paris tete en bas (Medium)\" width=\"225\" height=\"300\">Par 299 voix contre 216, les d\u00e9put\u00e9s ont vot\u00e9 la loi qui cr\u00e9e la Soci\u00e9t\u00e9 du Grand Paris et lui donne des moyens l\u00e9gaux, exorbitants du droit commun,&nbsp; pour r\u00e9aliser son programme.<br \/>\nLa gauche a vot\u00e9 contre, les verts aussi. Du cot\u00e9 majorit\u00e9, deux d\u00e9put\u00e9s ont vot\u00e9 contre le projet. Ce sont Henri Plagnol, d\u00e9put\u00e9-maire de Saint-Maur et Franck Marlin, d\u00e9put\u00e9 de l\u2019Essonne. Deux autres d\u00e9put\u00e9s de la majorit\u00e9 se sont abstenus. 34 autres d\u00e9put\u00e9s n\u2019ont pas pris part au vote.On est loin du consensus qui aurait permis \u00e0 cette op\u00e9ration extr\u00eamement complexe d\u2019\u00eatre mise en \u0153uvre dans de bonnes conditions.L\u2019affrontement entre les \u00e9lus locaux, d\u00e9partementaux et r\u00e9gionaux qui sont globalement oppos\u00e9s \u00e0 la nature du projet et \u00e0 la proc\u00e9dure de sa mise en oeuvre, d\u2019une part, et la \u00ab&nbsp;Soci\u00e9t\u00e9 du Grand Paris, d\u2019autre part, risque de durer en se renfor\u00e7ant.Mal pr\u00e9par\u00e9, le dossier est aussi, mal con\u00e7u.<span id=\"more-298\"><\/span>En effet, bien que portant principalement sur les transports banlieue-banlieue&nbsp; et la mise en relation de futurs \u00ab&nbsp;clusters&nbsp;\u00bb ou p\u00f4les d\u2019activit\u00e9 \u00e9conomique \u00e0 cr\u00e9er en Ile-de-France, il n\u2019int\u00e8gre aucune r\u00e9flexion sur l\u2019\u00e9volution actuelle et future du tissu \u00e9conomique r\u00e9gional.Trois \u00e9vidences s\u2019imposent pourtant depuis quelques ann\u00e9es et plus particuli\u00e8rement depuis la crise financi\u00e8re et \u00e9conomique qui a d\u00e9but\u00e9 fin 2007.La premi\u00e8re c\u2019est que la forte progression de l\u2019\u00e9conomie mondiale, cons\u00e9quence de la globalisation des march\u00e9s et du r\u00e9\u00e9quilibrage des \u00e9changes, a trouv\u00e9 ses limites. L\u2019augmentation lin\u00e9aire des PIB ou de l\u2019activit\u00e9 \u00e9conomique n\u2019est plus un dogme. La stagnation sinon&nbsp; la r\u00e9gression des \u00e9conomies occidentales est d\u00e9sormais probable.<br \/>\nElle va rendre caducs tous les sch\u00e9mas construits par extrapolation des mod\u00e8les actuels.La seconde \u00e9vidence c\u2019est que la France, comme le reste de l\u2019Europe, est en phase de rapide d\u00e9sindustrialisation et qu\u2019elle voit son activit\u00e9 manufacturi\u00e8re se r\u00e9duire comme une peau de chagrin. La r\u00e9gion parisienne qui repr\u00e9sente le tiers de l\u2019activit\u00e9 industrielle nationale est touch\u00e9e en priorit\u00e9 par les d\u00e9localisations vers la province ou l\u2019\u00e9tranger.La troisi\u00e8me \u00e9vidence, enfin, c\u2019est la r\u00e9volution apport\u00e9e par l\u2019int\u00e9gration progressive, dans les entreprises manufacturi\u00e8res ou de services, de l\u2019outil informatique et, surtout, de la t\u00e9l\u00e9matique.Le pr\u00e9sident Sarkozy et son clone Christian Blanc, s\u2019\u00e9garent compl\u00e8tement en pensant qu\u2019ils vont faire se promener, dans leur \u00ab&nbsp;grand huit&nbsp;\u00bb fantasmagorique, d\u2019un p\u00f4le \u00e0 l\u2019autre ou d\u2019une universit\u00e9 vers un p\u00f4le, des entrepreneurs, des financiers ou des scientifiques. Depuis des ann\u00e9es, les acteurs de la vie publique et professionnelle communiquent entre eux par le Net, Skype, et tous autres syst\u00e8mes de visioconf\u00e9rences. Cela est vrai d\u2019un bout \u00e0 l\u2019autre de la plan\u00e8te. Il faut \u00eatre un politicien ou un&nbsp; \u00e9narque compl\u00e8tement coup\u00e9 des r\u00e9alit\u00e9s de la vie quotidienne pour ignorer cette pratique et les nouvelles habitudes qu\u2019elle a entra\u00een\u00e9es.<\/div>\n<div class=\"entry\">Avec leur vision autocentr\u00e9e, leur m\u00e9connaissance du monde de l\u2019entreprise et des r\u00e9alit\u00e9s \u00e9conomique, certains dirigeants de notre classe politique ont tendance \u00e0 privil\u00e9gier le virtuel par rapport au r\u00e9el. Comme ils m\u00e9prisent de fa\u00e7on de plus en plus visible l\u2019opinion de leurs \u00e9lecteurs, il ne fait aucun doute qu\u2019ils vont \u00ab&nbsp;dans le mur&nbsp;\u00bb.L\u2019aspect inqui\u00e9tant, dans cette affaire, c\u2019est que la fantaisie co\u00fbteuse qu\u2019est le \u00ab&nbsp;Grand Paris&nbsp;\u00bb n\u2019a de sens que si elle dissimule un tout autre projet. Ce n\u2019est peut-\u00eatre que le pr\u00e9lude \u00e0 une gigantesque op\u00e9ration de promotion immobili\u00e8re ex\u00e9cut\u00e9e aux frais du contribuable et au profit de quelques \u00ab&nbsp;copains&nbsp;\u00bb.<\/div>\n<p class=\"postmetadata\">&nbsp;<\/p>\n<\/div>\n<div class=\"post-288 post hentry category-evenements\">\n<h3 id=\"post-288\"><span style=\"color: #0000ff;\">Il \u00e9tait une fois\u2026.. Le Parc Saint-Maur<\/span><\/h3>\n<p><small>Mercredi 2 d\u00e9cembre 2009<\/small><\/p>\n<div class=\"entry\">\n<p><img loading=\"lazy\" decoding=\"async\" class=\"alignleft size-medium wp-image-287\" title=\"Saint Maur 1649\" src=\"https:\/\/leparcstmaur.org\/wp-content\/uploads\/2009\/12\/Saint-Maur-1649-300x194.jpg\" alt=\"Saint Maur 1649\" width=\"300\" height=\"194\">Depuis le 19 septembre et jusqu\u2019au premier juin 2010, une exposition consacr\u00e9e au quartier du Parc de Saint-Maur est organis\u00e9e par les Archives Municipales, dans son local situ\u00e9 19-23 rue d\u2019Arromanches dans le quartier de la Pie.<\/p>\n<p>On peut y voir des cartes et des plans anciens du parc du ch\u00e2teau de Cond\u00e9 sur lequel s\u2019est construit notre quartier, des affiches publicitaires concernant le lotissement et la vente des terrains dans les ann\u00e9es 1850. Des panneaux th\u00e9matiques pr\u00e9sentent les personnages illustres qui sont n\u00e9s \u00e0 saint Maur ou qui y ont v\u00e9cu et de nombreux autres documents.<\/p>\n<p>On peut apprendre beaucoup sur notre quartier au travers de cette exposition. Par exemple, sur l\u2019origine du nom de ses rues et sur l\u2019\u00e9volution qui, depuis le sch\u00e9ma des premiers lotissements,&nbsp; a conduit \u00e0&nbsp; l\u2019implantation actuelle des immeubles et des \u00e9difices.<\/p>\n<p>A voir, pour tous ceux qui s\u2019int\u00e9ressent \u00e0 notre quartier.<\/p>\n<p>Horaires : du lundi au jeudi, de 8 heures 30 \u00e0 midi puis de 13 heures 30 \u00e0 18 heures et le vendredi, de 8 heures 30 \u00e0 midi puis de 13 heures 30 \u00e0 17 heures. Entr\u00e9e gratuite.<\/p>\n<\/div>\n<\/div>\n<h3 style=\"text-align: center;\"><span style=\"color: #ff0000; font-size: 18pt;\">Novembre 2009<\/span><\/h3>\n<div class=\"post-270 post hentry category-grand-paris category-informations tag-christian-blanc tag-comite-de-quartier tag-gilles-carrez tag-grand-paris tag-henri-plagnol tag-le-parc-de-saint-maur tag-yves-albarello\">\n<h3 id=\"post-270\"><span style=\"color: #0000ff;\">Le Grand Paris, un bilan d\u2019\u00e9tape.<\/span><\/h3>\n<p><small>Lundi 30 novembre 2009<\/small><\/p>\n<div class=\"entry\">\n<p><img loading=\"lazy\" decoding=\"async\" class=\"alignleft size-medium wp-image-271\" title=\"projetTransportRegionCapitaleV2 (Medium)\" src=\"https:\/\/leparcstmaur.org\/wp-content\/uploads\/2009\/11\/projetTransportRegionCapitaleV2-Medium-300x189.jpg\" alt=\"projetTransportRegionCapitaleV2 (Medium)\" width=\"300\" height=\"189\"><\/p>\n<p>La discussion du projet de loi a eu lieu, du mardi 24 au vendredi 27 novembre devant l\u2019Assembl\u00e9e Nationale.<br \/>\nLes d\u00e9put\u00e9s \u00e9taient tr\u00e8s peu nombreux ce qui pourrait laisser penser que le projet n\u2019int\u00e9resse qu\u2019une partie infime de la repr\u00e9sentation nationale. Il est aussi possible que les d\u00e9put\u00e9s, de droite comme de gauche, soient convaincus que les jeux sont faits, que le gouvernement, sous l\u2019impulsion du pr\u00e9sident Sarkozy ait d\u00e9cid\u00e9 de passer en force et que les d\u00e9cisions importantes seront prises sans tenir compte des critiques et des propositions.<br \/>\nLe d\u00e9roulement des d\u00e9bats renforce cette derni\u00e8re hypoth\u00e8se.<\/p>\n<p>En effet, malgr\u00e9 l\u2019attitude plut\u00f4t critique du rapporteur du texte, Yves Albarello, d\u00e9put\u00e9 UMP de Seine-et-Marne et du rapporteur de la commission des finances, Gilles Carrez, d\u00e9put\u00e9 du Val-de-Marne lui aussi UMP, le grand \u00ab ordonnateur \u00bb du projet Christian Blanc s\u2019est comport\u00e9 de fa\u00e7on totalement autiste en refusant syst\u00e9matiquement tout am\u00e9nagement \u00e0 son texte.<br \/>\nL\u2019opposition socialiste et n\u00e9o-communiste a pu d\u00e9velopper des critiques souvent justifi\u00e9es sans avoir de r\u00e9ponses pertinentes \u00e0 ses attaques.<\/p>\n<p>Il r\u00e9sulte des d\u00e9bats que les d\u00e9put\u00e9s ne sont pas totalement oppos\u00e9s \u00e0 la cr\u00e9ation de cette nouvelle ligne de m\u00e9tro, malgr\u00e9 son trac\u00e9 incertain et son co\u00fbt d\u00e9mesur\u00e9. Mais l\u2019unanimit\u00e9 des intervenants s\u2019est faite sur la priorit\u00e9 \u00e0 apporter au recalibrage et au d\u00e9veloppement du r\u00e9seau existant qui est manifestement compl\u00e8tement satur\u00e9.<br \/>\nLe deuxi\u00e8me volet du projet, la cr\u00e9ation d\u2019un p\u00f4le d\u2019activit\u00e9 sur le plateau de Saclay, n\u2019a pas \u00e9t\u00e9 non plus critiqu\u00e9 m\u00eame si personne n\u2019en voit pr\u00e9cis\u00e9ment l\u2019int\u00e9r\u00eat ni l\u2019urgence.<\/p>\n<p>Au fil des d\u00e9bats, le projet du Grand Paris, mollement d\u00e9fendu par un Christian Blanc un peu bouscul\u00e9 et visiblement fatigu\u00e9 s\u2019est progressivement d\u00e9gonfl\u00e9, laissant voir l\u2019incoh\u00e9rence de sa structuration, l\u2019absence de r\u00e9flexion qui a pr\u00e9sid\u00e9 \u00e0 sa conception et les insuffisances de sa pr\u00e9paration.<br \/>\nComme pratiquement tous ceux pr\u00e9sent\u00e9s devant l\u2019assembl\u00e9e, les cinq amendements soutenus par le d\u00e9put\u00e9\u2013maire de Saint-Maur, Henri Plagnol ont \u00e9t\u00e9 soit retir\u00e9s, soit rejet\u00e9s.<\/p>\n<p>Apr\u00e8s ce d\u00e9bat, la plus totale obscurit\u00e9 r\u00e8gne toujours sur le trac\u00e9 de cette future ligne de m\u00e9tro rapide et sur la nature de sa construction.<br \/>\nA\u00e9rien ou souterrain ? Myst\u00e8re !<br \/>\nSelon une r\u00e9ponse de Monsieur Blanc faite \u00e0 une demande de pr\u00e9cision de Monsieur Plagnol, ce pourrait \u00eatre souterrain.<br \/>\nQuant au nombre de gares et \u00e0 leur positionnement, m\u00eame approximatif, myst\u00e8re aussi !<br \/>\nPour le co\u00fbt exact du projet et \u00e0 la proc\u00e9dure de son financement, myst\u00e8re encore !<br \/>\nFeuilleton \u00e0 suivre donc !<\/p>\n<p>Prochain \u00e9pisode, mardi 1er d\u00e9cembre \u00e0 16 heures pour le vote \u00e0 l\u2019assembl\u00e9e.<\/p>\n<p>Note: Le plan qui pr\u00e9c\u00e8de cet article a \u00e9t\u00e9 publi\u00e9 dans le Journal Du Dimanche du 21\/22 novembre. C\u2019est donc le document graphique le plus r\u00e9cent concernant ce dossier. A pr\u00e9ciser qu\u2019il ne pr\u00e9sente aucun caract\u00e8re officiel. On y remarque, dans la zone qui int\u00e9resse les saint-mauriens, un infl\u00e9chissement vers le sud du trac\u00e9 entre la future gare de Villejuif-Evry et celle de Descartes-Noisy. Pour l\u2019auteur du dessin, la connexion entre le \u00ab grand huit \u00bb et la ligne A du RER se ferait \u00e0 Sucy-Bonneuil.<br \/>\nSur le m\u00eame document figure une liaison bus entre Noisy-le-Grand et la gare RER de Saint-Maur-Cr\u00e9teil.<br \/>\nReprise du projet \u00ab Orbi Val \u00bb ?<\/p>\n<\/div>\n<\/div>\n<div class=\"post-266 post hentry category-divers\">\n<h3 id=\"post-266\"><span style=\"color: #0000ff;\">Agenda des Travaux et Manifestations de D\u00e9cembre 2009<\/span><\/h3>\n<p><small>Samedi 28 novembre 2009<\/small><\/p>\n<div class=\"entry\">\n<p><strong>Calendrier des travaux pr\u00e9vus pendant le mois de D\u00e9cembre 2009<\/strong><\/p>\n<ul>\n<li>Am\u00e9nagement de l\u2019avenue Joffre, de la place du 8 mai 1945 \u00e0 l\u2019avenue des Erables (enfouissement des r\u00e9seaux France Telecom, r\u00e9fection de la chauss\u00e9e et des trottoirs, cr\u00e9ation de place de stationnement pour les personnes handicap\u00e9es, cr\u00e9ation d\u2019am\u00e9nagement de s\u00e9curit\u00e9 et modernisation de l\u2019\u00e9clairage public)<\/li>\n<li>Ramassage des feuilles quai du Parc du 15 octobre au 31 d\u00e9cembre<\/li>\n<li>Travaux de voirie : travaux de r\u00e9fection du stabilis\u00e9 des trottoirs, avenue du Gouverneur G\u00e9n\u00e9ral Binger, du 2 novembre au 24 d\u00e9cembre.<\/li>\n<\/ul>\n<p><strong>Calendrier des manifestations &nbsp;pr\u00e9vues pendant le mois de D\u00e9cembre 2009<\/strong><\/p>\n<ul>\n<li>Man\u00e8ges&nbsp;: Place des Marronniers du 15 d\u00e9cembre au 11 f\u00e9vrier 2010<\/li>\n<\/ul>\n<ul>\n<li>D\u00e9jeuner des Seniors<br \/>\nMardi 1<sup>er<\/sup> d\u00e9cembre au restaurant \u00ab&nbsp;l\u2019Arganier&nbsp;\u00bb (35 avenue Joffre)<br \/>\nMardi 8 d\u00e9cembre&nbsp; au restaurant La Table des Marronniers (place des Marronniers)<\/li>\n<\/ul>\n<ul>\n<li>Exposition Peinture Dessin, Samedi 5 et dimanche 6 d\u00e9cembre \u00e0 la maison de quartier avenue des Fusill\u00e9s de Ch\u00e2teaubriant<\/li>\n<\/ul>\n<ul>\n<li>Vente de Charit\u00e9, Samedi 5 et dimanche 6 d\u00e9cembre, de 11h \u00e0 18h, 11 avenue Joffre<\/li>\n<\/ul>\n<ul>\n<li>Cal\u00e8che, mardi 22 d\u00e9cembre, de 10h30 \u00e0 12h, place des Marronniers<\/li>\n<\/ul>\n<ul>\n<li>T\u00e9l\u00e9thon, vendredi 4 et samedi 5 d\u00e9cembre, nombreuses animation au centre Brossolette<\/li>\n<\/ul>\n<ul>\n<li>Tournoi de mini handball, le 13 d\u00e9cembre, de 9h \u00e0 18h, Centre Brossolette<\/li>\n<\/ul>\n<ul>\n<li>Comp\u00e9tition Jeunes Judo, le 13 d\u00e9cembre, Centre Brossolette<\/li>\n<\/ul>\n<ul>\n<li>Tournoi Europ\u00e9en F\u00e9minin de Hand-ball (moins de 16 ans), du 18 au 20 d\u00e9cembre, Centre Brossolette.<\/li>\n<\/ul>\n<\/div>\n<p class=\"postmetadata\">&nbsp;<\/p>\n<\/div>\n<div class=\"post-247 post hentry category-grand-paris category-informations\">\n<h3 id=\"post-247\"><span style=\"color: #0000ff;\">Le projet \u00ab&nbsp;Grand Paris&nbsp;\u00bb soumis au vote de l\u2019Assembl\u00e9e<\/span><\/h3>\n<p><small>Mardi 24 novembre 2009<\/small><\/p>\n<div class=\"entry\">\n<p><img loading=\"lazy\" decoding=\"async\" class=\"alignleft size-medium wp-image-248\" title=\"GP AN 241109\" src=\"https:\/\/leparcstmaur.org\/wp-content\/uploads\/2009\/11\/GP-AN-241109-300x225.jpg\" alt=\"GP AN 241109\" width=\"300\" height=\"225\">Aujourd\u2019hui mardi 24 novembre 2009, le projet de loi concernant la mise en place du cadre administratif et juridique n\u00e9cessaire \u00e0 la r\u00e9alisation du \u00ab&nbsp;Grand Paris&nbsp;\u00bb voulu par le pr\u00e9sident Sarkozy va \u00eatre pr\u00e9sent\u00e9 aux d\u00e9put\u00e9s. La discussion doit durer jusqu\u2019au vendredi 27 novembre. Le vote aura lieu le mardi 1 d\u00e9cembre 2009.Ce projet comporte, pour notre commune et ses habitants, des risques importants de nuisances.En modifiant en profondeur les r\u00e8gles d\u2019urbanismes actuellement en vigueur \u00e0 Saint-Maur et dans les communes concern\u00e9es par le projet, il risque, \u00e0 court terme, de transformer notre vie quotidienne. En d\u00e9poss\u00e9dant les autorit\u00e9s communales de tout pouvoir de contr\u00f4le, il permettra, en l\u2019\u00e9tat, sur certains secteurs de notre commune, la&nbsp; construction de tours et d\u2019immeubles locatifs qui entra\u00eeneront une modification d\u00e9finitive de notre environnement et de notre cadre de vie.Le Comit\u00e9 de Quartier du Parc de Saint-Maur est oppos\u00e9 \u00e0 ces initiatives. Nous consid\u00e9rons que, sous couvert d\u2019une am\u00e9lioration des axes de transports r\u00e9gionaux et de la cr\u00e9ation d\u2019hypoth\u00e9tiques \u00ab&nbsp;p\u00f4les de d\u00e9veloppement&nbsp;\u00bb aux contours particuli\u00e8rement flous, c\u2019est en r\u00e9alit\u00e9 un permis de d\u00e9molir et d\u2019am\u00e9nager sans aucune contrainte et sans aucun contr\u00f4le qui va \u00eatre donn\u00e9 aux am\u00e9nageurs et \u00e0 leurs comparses promoteurs.A ce jour, en dehors de l\u2019opposition socialiste et communiste qui semble surtout chercher \u00e0 faire perdurer son emprise politique et \u00e9conomique sur la r\u00e9gion Ile-de-France, un seul d\u00e9put\u00e9, \u00e9lu local, Henri Plagnol, s\u2019oppose clairement au projet pr\u00e9sidentiel. Appartenant lui-m\u00eame \u00e0 la majorit\u00e9, il fait preuve \u00e0 cette occasion d\u2019un courage politique que nous nous devons de souligner.Il importe de pr\u00e9ciser ici, une fois de plus, que nous n\u2019avons aucun lien de subordination ou de d\u00e9pendance avec la mairie de Saint-Maur non plus qu\u2019avec son maire. Pour autant, nous appuyons, sur ce dossier, les initiatives de notre maire.Pour faciliter aux lecteurs de ce site, la compr\u00e9hension d\u2019un dossier assez complexe et rarement document\u00e9, nous vous pr\u00e9sentons, ci-apr\u00e8s, les amendements que d\u00e9fendra Henri Plagnol devant l\u2019assembl\u00e9e nationale ces prochains jours. Vous pouvez consulter le texte du projet de loi pr\u00e9sent\u00e9 au vote (avec en rouge les suppressions et en bleu les ajouts demand\u00e9s par les diff\u00e9rents amendements Plagnol) en cliquant sur ce lien&nbsp;: Projet de loi.<\/p>\n<p align=\"center\">ASSEMBL\u00c9E NATIONALE<\/p>\n<p align=\"center\"><em>20 novembre 2009<\/em><\/p>\n<p align=\"center\"><em>GRAND PARIS \u2013 (n\u00b0 2068)<\/em><\/p>\n<p align=\"center\">AMENDEMENTS pr\u00e9sent\u00e9s par M. PLAGNOL<\/p>\n<p><strong><em>Amendement n\u00b016<\/em><\/strong><\/p>\n<p><strong><em>ARTICLE 3<\/em><\/strong><\/p>\n<p>\u00c0 l\u2019alin\u00e9a&nbsp;10, apr\u00e8s le mot&nbsp;: \u00ab&nbsp;dossier&nbsp;\u00bb, ins\u00e9rer les mots&nbsp;:\u00ab&nbsp;et des avis \u00e9mis par les communes et \u00e9tablissements publics de coop\u00e9ration intercommunale comp\u00e9tents en mati\u00e8re d\u2019urbanisme et d\u2019am\u00e9nagement concern\u00e9s&nbsp;\u00bb.Il s\u2019agit de donner au public souhaitant participer aux r\u00e9unions les moyens d\u2019avoir une meilleure connaissance du dossier et de ses enjeux dans leurs communes, en ayant acc\u00e8s aux avis \u00e9mis par les \u00e9lus qui les repr\u00e9sentent.<strong><em>Amendement n\u00b0 17<\/em><\/strong><strong><em>ARTICLE 7<\/em><\/strong><\/p>\n<p>\u00c0 l\u2019alin\u00e9a&nbsp;5, apr\u00e8s le mot&nbsp;: \u00ab&nbsp;mobiliers,&nbsp;\u00bb, ins\u00e9rer le mot&nbsp;: \u00ab&nbsp;strictement&nbsp;\u00bb.Le pouvoir d\u2019expropriation de la \u00ab&nbsp;Soci\u00e9t\u00e9 du Grand Paris&nbsp;\u00bb \u00e9tant d\u00e9rogatoire au droit commun, il doit \u00eatre strictement encadr\u00e9 en \u00e9tant limit\u00e9 aux propri\u00e9t\u00e9s et biens dont l\u2019acquisition est indispensable pour la r\u00e9alisation du trac\u00e9 du r\u00e9seau de transport public du Grand Paris.<strong><em>Amendement n\u00b0 18<\/em><\/strong><strong><em>ARTICLE 7<\/em><\/strong><\/p>\n<p>\u00c0 l\u2019alin\u00e9a&nbsp;5, apr\u00e8s le mot&nbsp;: \u00ab&nbsp;acqu\u00e9rir&nbsp;\u00bb, ins\u00e9rer les mots&nbsp;: \u00ab&nbsp;apr\u00e8s avis des collectivit\u00e9s concern\u00e9es&nbsp;\u00bb.Il s\u2019agit de donner aux collectivit\u00e9s la possibilit\u00e9 d\u2019\u00eatre directement inform\u00e9es des choix effectu\u00e9s par la Soci\u00e9t\u00e9 du Grand Paris en mati\u00e8re d\u2019expropriation et de pr\u00e9emption, et de donner \u00e9ventuellement un avis sur ces choix s\u2019agissant par exemple de la nature des terrains, de la v\u00e9tust\u00e9 des biens mobiliers, etc.<strong><em>Amendement n\u00b0 19<\/em><\/strong><strong><em>ARTICLE 7<\/em><\/strong><\/p>\n<p>Supprimer l\u2019alin\u00e9a&nbsp;6.Il s\u2019agit de permettre aux collectivit\u00e9s de conserver sur leur territoire une comp\u00e9tence d\u2019am\u00e9nagement et de ne pas \u00eatre d\u00e9poss\u00e9d\u00e9es de leurs droits d\u2019expropriation et de pr\u00e9emption.<strong><em>Amendement n\u00b0 20<\/em><\/strong><strong><em>ARTICLE 18<\/em><\/strong><\/p>\n<p>Compl\u00e9ter l\u2019alin\u00e9a&nbsp;6 par la phrase suivante&nbsp;:\u00ab&nbsp;Il doit dans ce cas fixer les modalit\u00e9s de financement des op\u00e9rations d\u2019am\u00e9nagement envisag\u00e9es dans ces zones ainsi que les modalit\u00e9s de partage, entre la collectivit\u00e9 et la Soci\u00e9t\u00e9 du Grand Paris, des revenus qui en seront retir\u00e9s&nbsp;\u00bb.Il s\u2019agit d\u2019\u00e9viter que la cr\u00e9ation de ces Zones d\u2019Am\u00e9nagement Diff\u00e9r\u00e9 sur le territoire des collectivit\u00e9s n\u2019entra\u00eene une perte de ressources trop importantes pour elles.<strong><em>Amendement n\u00b0 21<\/em><\/strong><strong><em>ARTICLE 18<\/em><\/strong><\/p>\n<p>\u00c0 l\u2019alin\u00e9a&nbsp;1, apr\u00e8s le mot&nbsp;: \u00ab&nbsp;conclus&nbsp;\u00bb, ins\u00e9rer les mots&nbsp;: \u00ab&nbsp;\u00e0 titre facultatif&nbsp;\u00bb.Il s\u2019agit de garantir le caract\u00e8re facultatif de la signature des contrats de d\u00e9veloppement territorial.<strong><em>Amendement n\u00b0 22<\/em><\/strong><strong><em>ARTICLE 18<\/em><\/strong><\/p>\n<p>Apr\u00e8s le mot&nbsp;: \u00ab&nbsp;communes&nbsp;\u00bb, supprimer la fin de la premi\u00e8re phrase de l\u2019alin\u00e9a&nbsp;2.Il s\u2019agit de garantir une n\u00e9gociation avec chacune des communes concern\u00e9es afin d\u2019assurer la prise en compte de leurs int\u00e9r\u00eats sur leur territoire.<strong><em>Amendement n\u00b0 23<\/em><\/strong><strong><em>ARTICLE 18<\/em><\/strong><\/p>\n<p>Apr\u00e8s la premi\u00e8re occurrence du mot&nbsp;: \u00ab&nbsp;part,&nbsp;\u00bb, r\u00e9diger ainsi la fin de l\u2019alin\u00e9a 1&nbsp;:\u00ab&nbsp;et chacune des communes ou \u00e9tablissements publics de coop\u00e9ration intercommunale concern\u00e9s, d\u2019autre part&nbsp;\u00bb.Il s\u2019agit de garantir aux communes concern\u00e9es que les contrats de d\u00e9veloppement territorial seront n\u00e9goci\u00e9s directement avec elles de fa\u00e7on \u00e0 tenir compte de leurs int\u00e9r\u00eats sur leurs propres territoires et non de fa\u00e7on globale, avec un ensemble de communes.<strong><em>Amendement n\u00b0 24<\/em><\/strong><strong><em>ARTICLE 18<\/em><\/strong><\/p>\n<p>Compl\u00e9ter l\u2019alin\u00e9a&nbsp;9 par la phrase suivante&nbsp;:\u00ab&nbsp;Lorsque le b\u00e9n\u00e9ficiaire du droit de pr\u00e9emption \u00e0 titre principal d\u00e9cide de faire usage de son droit, il ne pourra le faire qu\u2019apr\u00e8s avoir obtenu l\u2019accord pr\u00e9alable du maire de la commune ou du repr\u00e9sentant de l\u2019\u00e9tablissement public de coop\u00e9ration intercommunal concern\u00e9.&nbsp;\u00bb.Il s\u2019agit de garantir aux communes concern\u00e9es que les contrats de d\u00e9veloppement territorial constituent de v\u00e9ritables partenariats entre l\u2019Etat et les collectivit\u00e9s. Il s\u2019agit plus particuli\u00e8rement de donner aux collectivit\u00e9s la possibilit\u00e9 de participer pleinement \u00e0 la proc\u00e9dure de pr\u00e9emption, lorsqu\u2019elles ne b\u00e9n\u00e9ficient pas de ce droit, et d\u2019avoir un droit de regard sur les choix effectu\u00e9s par le titulaire du droit de pr\u00e9emption ainsi que sur les utilisations qui sont faites des biens pr\u00e9empt\u00e9s.<strong><em>Amendement n\u00b0 25<\/em><\/strong><strong><em>ARTICLE 18<\/em><\/strong><\/p>\n<p>Compl\u00e9ter l\u2019alin\u00e9a&nbsp;11 par la phrase suivante&nbsp;:\u00ab&nbsp;Aucune proc\u00e9dure de mise en compatibilit\u00e9 des documents d\u2019urbanisme ne pourra \u00eatre exig\u00e9e des communes ou \u00e9tablissements publics de coop\u00e9ration intercommunal qui n\u2019auront pas sign\u00e9 de contrats de d\u00e9veloppement territorial.&nbsp;\u00bb.Il s\u2019agit de garantir aux communes n\u2019ayant pas sign\u00e9 un contrat de d\u00e9veloppement territorial que leurs documents d\u2019urbanisme n\u2019auront pas \u00e0 \u00eatre mis en compatibilit\u00e9 avec un projet auquel elles n\u2019auront pas adh\u00e9r\u00e9 et qui ne devra, dans tous les cas, pas concerner leur territoire.<\/p>\n<\/div>\n<p class=\"postmetadata\">&nbsp;<\/p>\n<\/div>\n<div class=\"post-257 post hentry category-rendezvous\">\n<h3 id=\"post-257\"><span style=\"color: #0000ff;\">Rencontre Peinture Dessin<\/span><\/h3>\n<p><small>Mardi 24 novembre 2009<\/small><\/p>\n<p class=\"entry\"><img loading=\"lazy\" decoding=\"async\" class=\"alignleft size-medium wp-image-259\" title=\"Expo peinture (Large)\" src=\"https:\/\/leparcstmaur.org\/wp-content\/uploads\/2009\/11\/Expo-peinture-Large1-225x300.jpg\" alt=\"Expo peinture (Large)\" width=\"225\" height=\"300\">Le samedi 5 et dimanche 6 d\u00e9cembre 2009 aura&nbsp; lieu, \u00e0 la maison de quartier du Parc, 15 avenue des Fusill\u00e9s de Ch\u00e2teaubriant, une exposition de peinture. L\u2019entr\u00e9e sera libre, sans interruption, de 10h \u00e0 18h.<\/p>\n<p class=\"postmetadata\">&nbsp;<\/p>\n<\/div>\n<div class=\"post-243 post hentry category-manifestations category-rendezvous\">\n<p>&nbsp;<\/p>\n<h3 id=\"post-243\"><span style=\"color: #0000ff;\">Agenda des Travaux et Manifestations de Novembre 2009<\/span><\/h3>\n<p><small>Mercredi 11 novembre 2009<\/small><\/p>\n<div class=\"entry\">\n<p>Calendrier des travaux pr\u00e9vus pendant le mois de Novembre 2009<\/p>\n<ul>\n<li>Am\u00e9nagement de l\u2019avenue Joffre, de la place du 8 mai 1945 \u00e0 l\u2019avenue des Erables (enfouissement des r\u00e9seaux France Telecom, r\u00e9fection de la chauss\u00e9e et des trottoirs, cr\u00e9ation de place de stationnement pour les personnes handicap\u00e9es, cr\u00e9ation d\u2019am\u00e9nagement de s\u00e9curit\u00e9 et modernisation de l\u2019\u00e9clairage public)<\/li>\n<li>Ramassage des feuilles quai du Parc du 15 octobre au 31 d\u00e9cembre<\/li>\n<li>Travaux de voirie : travaux de r\u00e9fection du stabilis\u00e9 des trottoirs, avenue du Gouverneur G\u00e9n\u00e9ral Binger, du 2 novembre au 24 d\u00e9cembre.<\/li>\n<\/ul>\n<p>Calendrier des manifestations pr\u00e9vues pendant le mois de Novembre 2009<\/p>\n<ul>\n<li>La f\u00eate foraine s\u2019installe sur la place des Marronniers du 11 novembre au 6 d\u00e9cembre<\/li>\n<li>F\u00eate de l\u2019\u00e9glise r\u00e9form\u00e9e les 14 et 15 novembre 2009 au 42 avenue Joffre<\/li>\n<li>March\u00e9 \u00e9quitable et solidaire le samedi 21 novembre 2009, place des Marronniers<\/li>\n<\/ul>\n<\/div>\n<\/div>\n<div class=\"post-231 post hentry category-informations\">\n<h3 id=\"post-231\"><span style=\"color: #0000ff;\">Premi\u00e8re r\u00e9union de notre Comit\u00e9 de Quartier: constats et impressions<\/span><\/h3>\n<p><small>Dimanche 8 novembre 2009<\/small><\/p>\n<div class=\"entry\"><img loading=\"lazy\" decoding=\"async\" class=\"alignleft size-medium wp-image-232\" title=\"Quartier (Medium)\" src=\"https:\/\/leparcstmaur.org\/wp-content\/uploads\/2009\/11\/Quartier-Medium-300x225.jpg\" alt=\"Quartier (Medium)\" width=\"300\" height=\"225\">Le comit\u00e9 de Quartier du Parc de Saint-Maur a tenu sa premi\u00e8re r\u00e9union le samedi 7 novembre 2009 \u00e0 15 heures, dans la salle de la vie associative du \u00ab&nbsp;Centre Brossolette&nbsp;\u00bb.<br \/>\nSur les 90 adh\u00e9rents que comptait notre association \u00e0 la date de la r\u00e9union, 48 \u00e9taient pr\u00e9sents et 17 s\u2019\u00e9taient excus\u00e9s. En comptant les parents et amis, c\u2019est donc une soixantaine de personnes qui ont particip\u00e9 \u00e0 notre assembl\u00e9e.<br \/>\nIl s\u2019agissait d\u2019abord de faire connaissance car nos adh\u00e9rents, pour la plupart, ne s\u2019\u00e9taient jamais rencontr\u00e9s.Cette r\u00e9union a donn\u00e9 aussi l\u2019occasion \u00e0 la pr\u00e9sidente, Anne ROMAIN, et au tr\u00e9sorier qui a pris la parole apr\u00e8s elle, de pr\u00e9ciser les modalit\u00e9s de fonctionnement de notre association et les grandes lignes de notre action future.La premi\u00e8re sp\u00e9cificit\u00e9 du Comit\u00e9 du Parc de Saint-Maur c\u2019est sa totale ind\u00e9pendance vis-\u00e0-vis de la majorit\u00e9 municipale comme de l\u2019opposition.<br \/>\nLe souci principal de l\u2019association c\u2019est de repr\u00e9senter, le plus fid\u00e8lement possible, le sentiment de ses adh\u00e9rents. Ceux-ci sont tous des habitants du quartier ou des personnes en relation directe avec le quartier du Parc de Saint-Maur pour des raisons familiales, patrimoniales ou professionnelles.<br \/>\nPour renforcer encore cette proximit\u00e9 du Comit\u00e9 avec les pr\u00e9occupations des habitants de notre quartier, il a \u00e9t\u00e9 d\u00e9cid\u00e9 de mettre en place des Responsables de Secteur. Ces responsables, au nombre de 2 par secteur seront charg\u00e9s, dans chacun des 5 secteurs g\u00e9ographiques d\u00e9limit\u00e9s, d\u2019assurer un contact permanent avec nos adh\u00e9rents.<strong>Les objectifs du Comit\u00e9<br \/>\n<\/strong>La pr\u00e9sidente et le tr\u00e9sorier ont rappel\u00e9 que, dans l\u2019esprit de ses initiateurs, le Comit\u00e9 doit servir \u00e0 collecter et r\u00e9pertorier les motifs de pr\u00e9occupation ou d\u2019insatisfaction de nos concitoyens concernant la propret\u00e9, la tranquillit\u00e9 et la s\u00e9curit\u00e9 de notre quartier. Il doit aussi mettre en avant les probl\u00e8mes li\u00e9s aux am\u00e9nagements publics, au mobilier urbain, \u00e0 la circulation des pi\u00e9tons, des cyclistes, des automobiles, au stationnement des v\u00e9hicules, en un mot \u00e0 tous les aspects de la vie collective qui se posent au quotidien.<br \/>\nDe fa\u00e7on plus positive, notre association doit imaginer et proposer des solutions originales et r\u00e9alistes aux difficult\u00e9s rencontr\u00e9es par les saint-mauriens et, le cas \u00e9ch\u00e9ant, participer \u00e0 la conception et \u00e0 la r\u00e9alisation de projets novateurs et ambitieux en mati\u00e8re de nouveaux \u00e9quipements collectifs ou d\u2019am\u00e9lioration de l\u2019existant.<br \/>\nLe Comit\u00e9 de quartier a aussi pour vocation de participer \u00e0 l\u2019animation du quartier en organisant des \u00ab&nbsp;\u00e9v\u00e9nements&nbsp;\u00bb tels que des expositions artistiques, des repr\u00e9sentations th\u00e9\u00e2trales, des march\u00e9s et des foires et toutes autres animations pour les enfants, les adultes et les anciens.<strong>La discussion.<br \/>\n<\/strong>Apr\u00e8s plusieurs interventions d\u2019adh\u00e9rents portant sur la mise \u00e0 disposition tardives des nouvelles poubelles, les difficult\u00e9s de circulation des v\u00e9los, l\u2019opportunit\u00e9 de r\u00e9tablir ou d\u2019\u00e9tablir des axes de circulation \u00e0 sens unique ou l\u2019inqui\u00e9tude partag\u00e9e par beaucoup \u00e0 propos des retomb\u00e9es, sur notre commune, du projet du \u00ab&nbsp;Grand Paris&nbsp;\u00bb, l\u2019assembl\u00e9e s\u2019est retrouv\u00e9e pour \u00e9changer des id\u00e9es et des commentaires sur l\u2019actualit\u00e9 et l\u2019avenir de notre commune devant un \u00ab&nbsp;pot de l\u2019amiti\u00e9&nbsp;\u00bb.<strong>Premi\u00e8res impressions.<br \/>\n<\/strong>Notre premi\u00e8re impression, comme celle des participants que nous avons interrog\u00e9s, c\u2019est que nos adh\u00e9rents sont des gens r\u00e9fl\u00e9chis et raisonnables, plus enclins \u00e0 \u00ab&nbsp;positiver&nbsp;\u00bb qu\u2019\u00e0 critiquer de fa\u00e7on st\u00e9rile. Le d\u00e9bat a \u00e9t\u00e9 serein et courtois. Nous partageons visiblement les m\u00eames valeurs et la sympathie na\u00eetra facilement sit\u00f4t que seront lev\u00e9es les r\u00e9serves naturellement de mises entre des personnes qui viennent de faire connaissance.<strong>Calendrier de nos activit\u00e9s:<br \/>\n<\/strong>Il a \u00e9t\u00e9 convenu, \u00e0 la suite de ces \u00e9changes d\u2019id\u00e9es, que la p\u00e9riode qui nous s\u00e9pare de la fin de l\u2019ann\u00e9e sera mise \u00e0 profit pour poursuivre le recrutement de nouveaux adh\u00e9rents selon le principe du parrainage (chaque membre de l\u2019association ayant pour t\u00e2che le recrutement d\u2019un nouvel adh\u00e9rent) et pour structurer notre organisation. Un nouveau \u00ab&nbsp;mailing&nbsp;\u00bb sera organis\u00e9 pour contacter les habitants de notre quartier que nous n\u2019avons pu encore pu joindre et pour les informer, en particulier, de l\u2019\u00e9volution du dossier \u00ab&nbsp;Gand Paris&nbsp;\u00bb.D\u00e9but janvier 2010, une assembl\u00e9e g\u00e9n\u00e9rale sera convoqu\u00e9e pour \u00e9lire des administrateurs qui eux-m\u00eames \u00e9liront le bureau. Ce bureau animera la vie quotidienne de notre association. D\u2019ici l\u00e0 nos adh\u00e9rents seront tenus inform\u00e9s, par email ou par courrier des initiatives engag\u00e9es et des d\u00e9veloppements de notre action.<\/div>\n<\/div>\n<div class=\"post-221 post hentry category-grand-paris category-informations\">\n<h3 id=\"post-221\"><span style=\"color: #0000ff;\">Le projet de loi \u00ab&nbsp;Grand Paris&nbsp;\u00bb devant l\u2019Assembl\u00e9e Nationale.<\/span><\/h3>\n<p><small>Jeudi 5 novembre 2009<\/small><\/p>\n<div class=\"entry\"><img loading=\"lazy\" decoding=\"async\" class=\"size-full wp-image-222 alignleft\" title=\"assemblee-nationale\" src=\"https:\/\/leparcstmaur.org\/wp-content\/uploads\/2009\/11\/assemblee-nationale.jpg\" alt=\"assemblee-nationale\" width=\"90\" height=\"76\">Selon une d\u00e9p\u00eache AFP du 3 novembre 2009, la conf\u00e9rence des Pr\u00e9sidents a fix\u00e9 la date de discussion, devant l\u2019Assembl\u00e9e Nationale, du projet de loi sur le \u00ab&nbsp;Grand Paris&nbsp;\u00bb entre le 24 et le 26 novembre 2009. Il sera d\u00e9fendu par Christian Blanc, le Secr\u00e9taire d\u2019Etat au d\u00e9veloppement de la \u00ab&nbsp;R\u00e9gion-Capitale&nbsp;\u00bb (qui a \u00e9t\u00e9 le coordinateur des \u00e9tudes de ce projet). Le texte vot\u00e9 par l\u2019Assembl\u00e9e en premi\u00e8re lecture sera pr\u00e9sent\u00e9 au S\u00e9nat en f\u00e9vrier 2010.<\/div>\n<\/div>\n<div class=\"post-214 post hentry category-evenements\">\n<h3 id=\"post-214\"><span style=\"color: #0000ff;\">Retour vers le pass\u00e9 !<\/span><\/h3>\n<p><small>Jeudi 5 novembre 2009<\/small><\/p>\n<div class=\"entry\"><img loading=\"lazy\" decoding=\"async\" class=\"alignleft size-medium wp-image-216\" title=\"Loco141TB407\" src=\"https:\/\/leparcstmaur.org\/wp-content\/uploads\/2009\/11\/loco-300x259.jpg\" alt=\"loco\" width=\"200\" height=\"172\">Quelques uns d\u2019entre nous ont eu, le 10 et 11 octobre dernier, le privil\u00e8ge de voir surgir, dans un panache de fum\u00e9e, la locomotive \u00e0 vapeur 141 TB 407.<br \/>\nSon coup de sifflet a retenti \u00e0 intervalles r\u00e9guliers pour le bonheur de tous.<br \/>\nCe train circulait entre les gares de Boissy-Saint-L\u00e9ger et de Joinville le Pont.<br \/>\nUn de nos adh\u00e9rents a pu filmer le passage et nous avons mis la vid\u00e9o en ligne sur Youtube.<\/div>\n<\/div>\n<h3>&nbsp;<\/h3>\n<h3 style=\"text-align: center;\"><span style=\"color: #ff0000; font-size: 18pt;\">Octobre 2009<\/span><\/h3>\n<div class=\"post-208 post hentry category-grand-paris category-informations\">\n<h3 id=\"post-208\"><span style=\"color: #0000ff; font-size: 14pt;\">Lettre ouverte au Maire de Saint-Maur et aux conseillers g\u00e9n\u00e9raux \u00e0 propos du GRAND PARIS.<\/span><\/h3>\n<p><small>Jeudi 29 octobre 2009<\/small><\/p>\n<div class=\"entry\">\n<p><img loading=\"lazy\" decoding=\"async\" class=\"alignleft size-medium wp-image-209\" title=\"GPlettre\" src=\"https:\/\/leparcstmaur.org\/wp-content\/uploads\/2009\/10\/GPlettre-300x173.jpg\" alt=\"GPlettre\" width=\"300\" height=\"173\">Tr\u00e8s pr\u00e9occup\u00e9s par la mont\u00e9e en puissance du projet \u00ab&nbsp;Grand Paris&nbsp;\u00bb, nous avons envoy\u00e9 \u00e0 notre maire et aux conseillers g\u00e9n\u00e9raux, \u00e9lus de notre commune, une lettre dont nous vous communiquons le texte ci-apr\u00e8s. Nous vous tiendrons inform\u00e9s des r\u00e9ponses \u00e0 ce courrier dont une nous est d\u00e9j\u00e0 parvenue.&nbsp;<\/p>\n<p>&nbsp;<\/p>\n<p>Monsieur Le D\u00e9put\u00e9-maire,<\/p>\n<p>Notre association a \u00e9t\u00e9 cr\u00e9\u00e9e il y a quelques mois pour faire \u00e9cho aux pr\u00e9occupations des habitants du quartier du Parc, et plus particuli\u00e8rement&nbsp; \u00e0 celles li\u00e9es aux probl\u00e8mes de la vie quotidienne. Elle est, par d\u00e9finition, ouverte \u00e0 tous les habitants du quartier et \u00e0 tous ceux, commer\u00e7ants, propri\u00e9taires, entrepreneurs qui y ont des int\u00e9r\u00eats \u00e9conomiques ou patrimoniaux. Son action est exclusive de toute orientation politique ou partisane.Notre d\u00e9marche semble r\u00e9pondre \u00e0 un besoin r\u00e9el car son succ\u00e8s a \u00e9t\u00e9 rapide et nous comptons d\u00e9sormais de nombreux adh\u00e9rents.Depuis quelques semaines, nos concitoyens nous font part de leur grande inqui\u00e9tude face au projet du Grand Paris.Ce projet a b\u00e9n\u00e9fici\u00e9 r\u00e9cemment d\u2019une certaine publicit\u00e9 suite \u00e0 l\u2019affrontement entre son actuel responsable, Christian Blanc et le Premier Ministre mais aussi du fait de la pr\u00e9sentation du texte du projet de loi en Conseil des Ministres.Nous partageons les pr\u00e9occupations de nos adh\u00e9rents car, au del\u00e0 du flou du projet et de la pr\u00e9cipitation de la d\u00e9marche gouvernementale, nous distinguons deux dangers bien r\u00e9els qui menacent&nbsp; notre environnement, la tranquillit\u00e9 de notre quartier et la qualit\u00e9 de vie \u00e0 laquelle les saint-mauriens sont particuli\u00e8rement attach\u00e9s.<br \/>\nLe premier de ces dangers, c\u2019est la travers\u00e9e programm\u00e9e de notre commune par le M\u00e9tro \u00e0 Grande Vitesse.<br \/>\nLe trac\u00e9 de cette travers\u00e9e n\u2019a pas encore \u00e9t\u00e9 d\u00e9voil\u00e9 mais la g\u00e9ographie de Saint-Maur, presqu\u2019\u00eele ins\u00e9r\u00e9e dans une boucle de la Marne comme le plan de son actuelle urbanisation ne laissent aux am\u00e9nageurs que deux possibilit\u00e9s, qui toutes deux vont g\u00e9n\u00e9rer des nuisances consid\u00e9rables, surtout si les voies sont r\u00e9alis\u00e9es en a\u00e9rien.L\u2019un des trac\u00e9s pourrait r\u00e9utiliser la bretelle de la Grande Ceinture passant par le pont m\u00e9tallique situ\u00e9 quai du Parc pour rejoindre la gare de Saint-Maur-Champigny. Un tel projet entra\u00eenera des nuisances sonores insupportables pour les riverains qui auront \u00e0 subir, d\u2019une part le passage des rames sur un pont dont la structure m\u00e9tallique fait caisse de r\u00e9sonance et d\u2019autre part, en plus du bruit inh\u00e9rent \u00e0 la circulation d\u2019un convoi sur rail, les crissements de freins in\u00e9vitables pour n\u00e9gocier la courbe situ\u00e9e en sortie du pont.<br \/>\nL\u2019autre trac\u00e9 couperait Saint-Maur dans sa partie la plus \u00e9troite pour desservir la gare de Saint-Maur-Cr\u00e9teil et y assurer une interconnexion avec la ligne A du RER. Elle n\u00e9cessitera d\u2019importants travaux de recalibrage et de nombreuses expropriations. Elle bouleversera l\u2019\u00e9quilibre d\u2019une agglom\u00e9ration dont l\u2019urbanisme est stabilis\u00e9 depuis 150 ans.Planifi\u00e9 dans l\u2019urgence, r\u00e9alis\u00e9 sous la pression d\u2019un pouvoir politique qui entend passer en force et r\u00e9duire tous les obstacles, un tel chantier nous r\u00e9serve bien des mauvaises surprises, pendant et apr\u00e8s sa r\u00e9alisation.Ce catalogue des atteintes graves et pr\u00e9visibles \u00e0 la tranquillit\u00e9 et au patrimoine des saint-mauriens est peu de choses par rapport au bouleversement g\u00e9n\u00e9ralis\u00e9 qu\u2019entra\u00eenera, sur l\u2019urbanisme municipal, l\u2019application de la loi en projet. On constate en effet, \u00e0 la lecture du texte, qu\u2019il sera conf\u00e9r\u00e9 \u00e0 l\u2019Etat, via la Soci\u00e9t\u00e9 du Grand Paris, la possibilit\u00e9 de cr\u00e9er, autour de chacune des gares du projet, une zone d\u2019am\u00e9nagement diff\u00e9r\u00e9e (ZAD) totalement exon\u00e9r\u00e9e des r\u00e8gles d\u2019urbanisme municipal. Dans cette zone, l\u2019Etat b\u00e9n\u00e9ficierait d\u2019un droit de pr\u00e9emption et d\u2019expropriation imm\u00e9diate de toute parcelle de terrain, b\u00e2ti ou non, n\u00e9cessaire \u00e0 la r\u00e9alisation du m\u00e9tro rapide ou \u00e0 l\u2019am\u00e9nagement des abords de chaque gare. La dimension de la zone impact\u00e9e qui \u00e9tait de 1 500 m\u00e8tres de rayon dans la premi\u00e8re mouture du projet a \u00e9t\u00e9 prudemment escamot\u00e9e dans le texte pr\u00e9sent\u00e9 en Conseil des Ministres pour \u00eatre soumis au vote du Parlement. Ce recul apparent est d\u00fb \u00e0 l\u2019opposition unanime des municipalit\u00e9s concern\u00e9es. Pourtant, si elle a disparu des documents, la dimension des emprises projet\u00e9es reste bien s\u00fbr dans l\u2019esprit des concepteurs et nous la retrouverons le moment venu !<br \/>\nCette disposition est d\u2019autant plus importante que c\u2019est d\u2019elle que les intervenants attendent les plus grands b\u00e9n\u00e9fices, tant pour le projet que pour eux-m\u00eames. Nous avons calcul\u00e9 que 40 emprises (pour 40 gares) de 1500 m\u00e8tres de rayon, cela repr\u00e9sentait 282 743 338 m\u00e8tres carr\u00e9s ou 28 274 hectares de terrains qui vont se trouver tr\u00e8s fortement valoris\u00e9s par leur nouvelle proximit\u00e9 avec le centre de Paris. On comprend l\u2019enthousiasme de certains. M\u00eame apr\u00e8s une dure n\u00e9gociation avec les Ediles Municipaux, il y aura encore de beaux restes\u2026.L\u2019envers de la m\u00e9daille, ce sont les retomb\u00e9es qui vont nous atteindre tous, peu ou prou, que nous soyons proches riverains des chantiers ou simples habitants de la commune.Ces nuisances, nous allons les partager avec les expropri\u00e9s, les pr\u00e9empt\u00e9s et les futurs voisins ou habitants des tours et des barres&nbsp; qui vont champignonner autour des gares futures, dans un habitat in\u00e9vitablement densifi\u00e9 pour le plus grand b\u00e9n\u00e9fice des promoteurs-am\u00e9nageurs. On n\u2019ose penser aux riverains du m\u00e9tro, coll\u00e9s le long d\u2019une voie o\u00f9 circuleront, toutes les deux ou trois minutes et 24 heures sur 24 des rames lanc\u00e9es \u00e0 80 \u00e0 l\u2019heure (dixit l\u2019\u00e9tude d\u2019impact jointe au projet de loi, \u00e0 la page 33, deuxi\u00e8me alin\u00e9a. Document disponible sur www.legifrance.gouv.fr).<br \/>\nAu mieux, on nous ment, au pire, c\u2019est l\u2019enfer programm\u00e9.Dans tous les cas, c\u2019en sera termin\u00e9 du calme et de l\u2019atmosph\u00e8re conviviale de notre quartier, de son urbanisme \u00e9quilibr\u00e9 et d\u2019un certain bonheur de vivre qui nous a fait choisir cette commune.En votre qualit\u00e9 de maire et de d\u00e9put\u00e9 de la commune, vous serez amen\u00e9 \u00e0 prendre position sur ce projet de loi.Tous nos adh\u00e9rents comptent sur vous pour porter haut les couleurs de notre Ville dans la d\u00e9fense de son urbanisme et de sa qualit\u00e9 de vie. Si vous menez le combat contre ces aberrations, vous nous trouverez toujours \u00e0 vos cot\u00e9s.Connaissant les positions fermes que vous avez clairement expos\u00e9es \u00e0 plusieurs occasions et encore tr\u00e8s r\u00e9cemment (dans Saint-Maur Infos) sur le sujet, nous souhaiterions pouvoir renseigner nos adh\u00e9rents sur votre r\u00e9action \u00e0 ce projet, tel qu\u2019il appara\u00eet dans l\u2019\u00e9tat actuel de sa divulgation.Voterez-vous contre ce projet de loi&nbsp;?Comptez-vous pr\u00e9senter un ou plusieurs amendements&nbsp;?Envisagez-vous une action commune avec des \u00e9lus et des maires d\u2019autres communes \u00e9galement concern\u00e9s par le projet&nbsp;?Dans l\u2019hypoth\u00e8se o\u00f9 cette loi serait malgr\u00e9 tout vot\u00e9e, envisagez-vous des actions particuli\u00e8res&nbsp;?En vous remerciant d\u2019avance pour votre r\u00e9ponse, nous vous prions de croire, Monsieur le D\u00e9put\u00e9-maire, \u00e0 l\u2019assurance de nos sentiments les meilleurs.<\/p>\n<\/div>\n<div class=\"entry\">Anne Romain<br \/>\nPr\u00e9sidente<\/div>\n<\/div>\n<div class=\"post-186 post hentry category-informations\">\n<h3 id=\"post-186\"><span style=\"color: #0000ff; font-size: 14pt;\">L\u2019am\u00e9nagement de l\u2019avenue Joffre : un m\u00e9diocre compromis !<\/span><\/h3>\n<p><small>Dimanche 25 octobre 2009<\/small><\/p>\n<div class=\"entry\">\n<p><img loading=\"lazy\" decoding=\"async\" class=\"alignleft size-medium wp-image-187\" title=\"AvJoffre (Large)\" src=\"https:\/\/leparcstmaur.org\/wp-content\/uploads\/2009\/10\/AvJoffre-Large1-225x300.jpg\" alt=\"AvJoffre\" width=\"225\" height=\"300\">L\u2019abattage des arbres malades, dans la partie basse de l\u2019avenue Joffre, entre le carrefour du 8 mai 1945 et l\u2019intersection avec l\u2019avenue des \u00c9rables a cr\u00e9\u00e9 l\u2019occasion, pour l\u2019\u00e9quipe municipale, de r\u00e9am\u00e9nager cette voie. Les travaux d\u2019infrastructure sont pratiquement termin\u00e9s et, d\u00e9j\u00e0, on peut se faire une id\u00e9e du r\u00e9sultat final de cette transformation.La premi\u00e8re impression est plut\u00f4t n\u00e9gative\u2026<\/p>\n<p>Un examen plus approfondi du dossier donne les cl\u00e9s pour comprendre les raisons de cette insatisfaction diffuse.<\/p>\n<p><strong>Ce qui a chang\u00e9.<\/strong><\/p>\n<p>La modification la plus radicale, c\u2019est d\u2019abord la largeur de chauss\u00e9e. L\u2019avenue Joffre est pass\u00e9e, sur cette section, d\u2019une largeur utile de 6,80 m\u00e8tres \u00e0 une largeur de 5,50 m\u00e8tres.<\/p>\n<p>Des emplacements, dits \u00ab&nbsp;contours d\u2019arbre&nbsp;\u00bb au nombre de 47, sortes d\u2019enceintes de ma\u00e7onnerie garnies de pav\u00e9s en granit ont \u00e9t\u00e9 dispos\u00e9es pour recevoir les arbres replant\u00e9s (\u00e0 peu pr\u00e8s en nombre \u00e9gal et sur emplacements identiques \u00e0 l\u2019ancienne plantation) et former des \u00ab&nbsp;jardini\u00e8res&nbsp;\u00bb pour recevoir une garniture de fleurs ou de v\u00e9g\u00e9tation.<\/p>\n<\/div>\n<div class=\"entry\">La bande de circulation pi\u00e9tonne a \u00e9t\u00e9 ramen\u00e9e, au droit de ces imposants massifs (3,10 m\u00e8tres X 2,80 m\u00e8tres, en moyenne) \u00e0 une largeur de 140 centim\u00e8tres.<\/div>\n<div class=\"entry\">\n<p>53 emplacements de stationnement ont \u00e9t\u00e9 r\u00e9serv\u00e9s (dont deux pour les personnes \u00e0 mobilit\u00e9 r\u00e9duite) de part et d\u2019autre de l\u2019avenue, partout o\u00f9 l\u2019absence de \u00ab&nbsp;bateaux&nbsp;\u00bb d\u2019acc\u00e8s aux garages le permettait.<strong>Ce qui nous semble positif.<\/strong><\/p>\n<p>Le remplacement, presque \u00e0 l\u2019identique, des arbres abattus est une bonne chose. La r\u00e9fection des rev\u00eatements de la chauss\u00e9e et des trottoirs aussi. A cela s\u2019ajoute la modernisation de quelques installations techniques (bouches \u00e0 cl\u00e9, tampons).<\/p>\n<p><strong>Ce qui nous parait sans int\u00e9r\u00eat.<\/strong><\/p>\n<p>Sur cette portion de l\u2019avenue Joffre, il n\u2019existe aucune activit\u00e9 commerciale ou industrielle susceptible de g\u00e9n\u00e9rer un besoin de stationnement ponctuel des fournisseurs ou des clients.<\/p>\n<p>L\u2019augmentation&nbsp; des places de stationnement&nbsp; ne profite qu\u2019\u00e0 ceux qui, bien que &nbsp;disposant d\u2019un garage ou d\u2019une place de stationnement en sous-sol d\u2019immeuble (comme la plupart des riverains de cette avenue), pr\u00e9f\u00e8rent, par commodit\u00e9, stationner sur la voie publique.<\/p>\n<p>Quant \u00e0 la cr\u00e9ation d\u2019un nombre aussi consid\u00e9rable de &nbsp;massifs de v\u00e9g\u00e9tation, d\u2019un entretien co\u00fbteux et difficile du fait de leur multiplicit\u00e9 et de leur positionnement sur un axe de circulation, elle ne s\u2019imposait pas sur cette avenue qui jouit, par ailleurs, d\u2019un environnement esth\u00e9tique plut\u00f4t favorable.<\/p>\n<p><strong>Ce qui pose probl\u00e8me.<\/strong><\/p>\n<p>Ce qui nous g\u00eane le plus, dans cette r\u00e9alisation, c\u2019est d\u2019abord le r\u00e9tr\u00e9cissement de la voie de circulation qui augmente les dangers de la circulation en&nbsp;v\u00e9los.<\/p>\n<p>Auparavant il existait une marge raisonnable de s\u00e9curit\u00e9 lors du d\u00e9passement d\u2019un v\u00e9lo par une automobile ou un camion. Cela permettait aussi une certaine fluidit\u00e9 de la circulation en cas de stationnement irr\u00e9gulier sur la chauss\u00e9e (cela existe, quelle que soit la rigueur de la r\u00e9pression polici\u00e8re) lors du passage des camions de ramassage des ordures m\u00e9nag\u00e8res, ou encore en pr\u00e9sence de poids-lourds de tr\u00e8s gros gabarit. Aujourd\u2019hui, il faudra sans doute renoncer \u00e0 tout d\u00e9passement. En th\u00e9orie, cela peut se concevoir, ce n\u2019est qu\u2019une contrainte de plus, parmi beaucoup d\u2019autres. Dans la pratique, il est d\u2019observation courante que le conducteur novice ou \u00e9nerv\u00e9, apr\u00e8s avoir roul\u00e9 quelques dizaines de m\u00e8tres derri\u00e8re et \u00e0 la vitesse d\u2019un v\u00e9lo, tentera de le d\u00e9passer, dans une man\u0153uvre dangereuse\u2026..surtout pour le cycliste ! C\u2019est une r\u00e9alit\u00e9 que l\u2019on ne devrait pas n\u00e9gliger.<\/p>\n<p>Dans la m\u00eame logique, les cyclistes, surtout les plus jeunes, pour \u00e9viter de se lancer dans un flot de circulation o\u00f9 ils se trouveront en permanence pr\u00e9c\u00e9d\u00e9s et suivis par des automobilistes et des camionneurs impatients, seront tent\u00e9s de rouler sur les trottoirs\u2026. d\u2019o\u00f9 des risques accrus d\u2019accidents, en particulier, de collision avec des automobilistes sortant de leur garage.<\/p>\n<p>La circulation, sur l\u2019avenue Joffre restera, parait-il, limit\u00e9e apr\u00e8s les travaux, \u00e0 30 km\/heure. Il est l\u00e0 aussi patent qu\u2019\u00e0 trop vouloir r\u00e9glementer on nuit au respect de la r\u00e9glementation. Qui respectera une telle vitesse ? Qui la fera respecter ?<\/p>\n<p>Les automobilistes, emp\u00each\u00e9s de rouler \u00ab&nbsp;normalement&nbsp;\u00bb sur ce tron\u00e7on o\u00f9 ils n\u2019ont pas grand-chose \u00e0 faire (c\u2019est &nbsp;une voie de liaison plut\u00f4t qu\u2019une voie de desserte) utiliseront tr\u00e8s rapidement des itin\u00e9raires de contournement qui viendront surcharger les axes avoisinants en cr\u00e9ant des difficult\u00e9s impr\u00e9visibles.<\/p>\n<p>Quant \u00e0 la pose, au sol, d\u2019une bande cyclable \u00ab&nbsp;sugg\u00e9r\u00e9e&nbsp;\u00bb, c\u2019est associer le d\u00e9risoire \u00e0 l\u2019inutile et au compliqu\u00e9. Que signifie, en langage administratif,&nbsp; le verbe sugg\u00e9rer ? L\u2019exp\u00e9rience tent\u00e9e en bord de Marne, quai de la pie, avec ses v\u00e9los dessin\u00e9s au sol tous les cinq m\u00e8tres et qui a fait sourire tous les t\u00e9moins de cette initiative (en disant \u00ab&nbsp;sourire&nbsp;\u00bb, nous sommes gentils\u2026..) d\u00e9montre qu\u2019il s\u2019agit d\u2019un gadget probablement co\u00fbteux, d\u2019entretien difficile et totalement farfelu.<\/p>\n<p>Le second d\u00e9faut important, dans la r\u00e9alisation de ce projet c\u2019est l\u2019emprise d\u00e9mesur\u00e9e de ces \u00ab&nbsp;jardini\u00e8res&nbsp;\u00bb (ou \u00ab&nbsp;contours d\u2019arbres&nbsp;\u00bb dans le langage de leurs concepteurs).<\/p>\n<p>En surdimensionnant et en multipliant&nbsp;ces petits monuments d\u2019une esth\u00e9tique tr\u00e8s discutable (mais tr\u00e8s dans l\u2019esprit du moment !) on a accumul\u00e9 les obstacles \u00e0 la circulation des pi\u00e9tons, ces pi\u00e9tons qui restent pourtant, en principe, les l\u00e9gitimes utilisateurs des trottoirs. Pour les personnes \u00e0 vision r\u00e9duite, le danger de collision avec les murets au ras du sol de ces \u00e9dicules risque d\u2019\u00eatre une pr\u00e9occupation permanente.<\/p>\n<p>Confront\u00e9s \u00e0 des difficult\u00e9s techniques pour positionner ces constructions, les am\u00e9nageurs ont \u00e9t\u00e9 contraints de se limiter \u00e0 la valeur inf\u00e9rieure de la norme r\u00e9gissant la largeur minimale de la bande de circulation r\u00e9serv\u00e9e aux pi\u00e9tons. Au final, on peut m\u00eame affirmer qu\u2019ils n\u2019ont respect\u00e9 ni l\u2019esprit ni la lettre de cette norme.<\/p>\n<p><strong>Rappel de quelques r\u00e8gles en mati\u00e8re d\u2019urbanisme.<\/strong><\/p>\n<p>Les r\u00e8gles d\u2019urbanismes concernant&nbsp; la circulation des pi\u00e9tons sur la voie publique et celles, plus contraignantes encore, qui s\u2019appliquent aux personnes handicap\u00e9es ou \u00e0 visibilit\u00e9 r\u00e9duite, sont \u00e9tablies par les d\u00e9crets n\u00b0 99-756 et 99-757 et l\u2019arr\u00eat\u00e9 du 31 ao\u00fbt 1999. Elles sont rappel\u00e9es et pr\u00e9cis\u00e9es dans la circulaire 2000-51 du 23 juin 2000 qui se r\u00e9f\u00e8re, pour l\u2019essentiel, \u00e0 la norme AFNOR d\u00e9finie dans le fascicule P 98-350.<\/p>\n<p>Pour ce qui concerne la largeur de la bande de circulation r\u00e9serv\u00e9e aux pi\u00e9tons (et aux v\u00e9hicules des handicap\u00e9s) elle est d\u00e9finie dans le texte du 31 ao\u00fbt 1999 comme \u00e9tant \u00ab&nbsp;au minimum de 140 cm hors mobilier ou autre obstacle \u00e9ventuel&nbsp;\u00bb. Cette largeur minimum acceptable s\u2019entend \u00ab&nbsp;pour de courtes distances&nbsp;\u00bb. Dans le cas de notre avenue Joffre, la longueur cumul\u00e9e des zones r\u00e9tr\u00e9cies &nbsp;est de 142 m pour une longueur de voie de 346 m.<\/p>\n<p>Rappel\u00e9e par la circulaire&nbsp; 2000-51 de juin 2000, la norme P 98-350 est encore plus contraignante. Elle recommande de rendre possible le croisement de deux v\u00e9hicules handicap\u00e9s d\u2019un empattement de 90 cm, soit une largeur de 180 cm.<\/p>\n<p><strong>En conclusion.<\/strong><\/p>\n<p>\u00ab&nbsp;La critique est facile, l\u2019art est difficile&nbsp;\u00bb dit le dicton. Cela est vrai. Nous sommes parfaitement conscients de la complexit\u00e9 d\u2019un tel dossier qui doit concilier des contraintes physiques de situation, les pr\u00e9occupations des riverains et l\u2019int\u00e9r\u00eat des utilisateurs de la voie et des trottoirs. C\u2019est pourquoi nous ne mettons pas en cause la volont\u00e9 de bien faire des intervenants.<\/p>\n<p>Pour autant, en tant qu\u2019utilisateurs et contributeurs financiers de cette r\u00e9alisation, nous revendiquons un droit \u00e0 la critique.<\/p>\n<p>Pour les am\u00e9nagements \u00e0 venir, nous recommandons aux concepteurs de se m\u00e9fier des modes et des effets \u00ab&nbsp;gadget&nbsp;\u00bb si souvent pr\u00e9sents lors de la conception des architectures urbaines. La pseudo \u00e9cologie des \u00ab&nbsp;plantes en pots&nbsp;\u00bb, les micro perspectives monumentales, l\u2019utilisation de mat\u00e9riaux \u00ab&nbsp;bruts&nbsp;\u00bb ou&nbsp; \u00ab&nbsp;naturels&nbsp;\u00bb, la surcharge dans la d\u00e9coration : tout cela conduit \u00e0 des r\u00e9alisations confuses et peu pratiques. Privil\u00e9gions la simplicit\u00e9; c\u2019est beau et c\u2019est moins cher, surtout \u00e0 entretenir !<\/p>\n<\/div>\n<\/div>\n<div class=\"post-177 post hentry category-manifestations category-rendezvous\">\n<h3 id=\"post-177\"><span style=\"color: #0000ff;\">Tournoi National de Tennis de Table<\/span><\/h3>\n<p><small>Samedi 24 octobre 2009<\/small><\/p>\n<div class=\"entry\">\n<p><img loading=\"lazy\" decoding=\"async\" class=\"alignleft size-medium wp-image-178\" title=\"TennisDeTable\" src=\"https:\/\/leparcstmaur.org\/wp-content\/uploads\/2009\/10\/TennisDeTable-300x200.jpg\" alt=\"TennisDeTable\" width=\"300\" height=\"200\">Samedi 30 octobre et dimanche 1er novembre 2009, se d\u00e9roulera le tournoi national de Tennis de Table au centre sportif Pierre Brossolette, 51 avenue Pierre Brossolette. Les matchs commenceront d\u00e8s 9h.Venez nombreux !<\/p>\n<p>Informations compl\u00e9mentaires sur le site de la VGA Tennis de Table.<\/p>\n<\/div>\n<p class=\"postmetadata\">&nbsp;<\/p>\n<\/div>\n<div class=\"post-141 post hentry category-evenements category-rendezvous\">\n<h3>&nbsp;<\/h3>\n<h3 id=\"post-141\"><span style=\"color: #0000ff;\">Op\u00e9ration Chocolats de No\u00ebl.<\/span><\/h3>\n<p><small>Mardi 20 octobre 2009<\/small><\/p>\n<div class=\"entry\">\n<p><img loading=\"lazy\" decoding=\"async\" class=\"alignright size-full wp-image-144\" title=\"Chocolats\" src=\"https:\/\/leparcstmaur.org\/wp-content\/uploads\/2009\/10\/Chocolats1.jpg\" alt=\"Chocolats\" width=\"215\" height=\"198\">Bient\u00f4t No\u00ebl<\/p>\n<p>L\u2019op\u00e9ration chocolat est lanc\u00e9e.<\/p>\n<p>La premi\u00e8re initiative du comit\u00e9 pour financer des projets et animations afin de&nbsp; faire vivre notre quartier.<\/p>\n<p>Passez votre commande avant le 14 novembre 2009 (aucune commande ne sera prise apr\u00e8s cette date). Vous serez livr\u00e9 entre le 25&nbsp; novembre et le 17 d\u00e9cembre 2009.<\/p>\n<p>Catalogue et bon de commande disponibles ici<\/p>\n<\/div>\n<p class=\"postmetadata\">&nbsp;<\/p>\n<\/div>\n<div class=\"post-164 post hentry category-evenements\">\n<h3 id=\"post-164\"><span style=\"color: #0000ff;\">La Saint Maurienne<\/span><\/h3>\n<p><small>Mardi 20 octobre 2009<\/small><\/p>\n<div class=\"entry\">\n<p>Sous un beau soleil, ce dimanche 18 octobre se courait pour la premi\u00e8re fois la Saint Maurienne, course de 7 km du stade de Corneilles au stade Ch\u00e9ron.<br \/>\nLa course \u00ab&nbsp;Run and bike&nbsp;\u00bb <img loading=\"lazy\" decoding=\"async\" class=\"alignnone size-medium wp-image-165\" title=\"StMaurienne (2) (Small)\" src=\"https:\/\/leparcstmaur.org\/wp-content\/uploads\/2009\/10\/StMaurienne-2-Small-225x300.jpg\" alt=\"StMaurienne (2) (Small)\" width=\"225\" height=\"300\"> a attir\u00e9 les petits comme les grands et<\/p>\n<p><span id=\"more-164\"><\/span>les plus jeunes (8-14 ans) ont pu faire une course-cross au stade Ch\u00e9ron .<img loading=\"lazy\" decoding=\"async\" class=\"size-medium wp-image-166 alignleft\" title=\"StMaurienne (1) (Small)\" src=\"https:\/\/leparcstmaur.org\/wp-content\/uploads\/2009\/10\/StMaurienne-1-Small-225x300.jpg\" alt=\"StMaurienne (1) (Small)\" width=\"225\" height=\"300\"><\/p>\n<p>La foule \u00e9tait nombreuse malgr\u00e9 le temps frais. L\u2019occasion de partager de bons moments entre sportifs et <img loading=\"lazy\" decoding=\"async\" class=\"size-medium wp-image-172 alignleft\" title=\"StMaurienne (Small)\" src=\"https:\/\/leparcstmaur.org\/wp-content\/uploads\/2009\/10\/StMaurienne-Small-300x225.jpg\" alt=\"StMaurienne (Small)\" width=\"300\" height=\"225\">spectateurs.<\/p>\n<p>Rendez-vous l\u2019ann\u00e9e prochaine sans aucun doute !<\/p>\n<\/div>\n<p class=\"postmetadata\">&nbsp;<\/p>\n<\/div>\n<div class=\"post-149 post hentry category-divers\">\n<h3>&nbsp;<\/h3>\n<h3>&nbsp;<\/h3>\n<h3 id=\"post-149\"><span style=\"color: #0000ff;\">Bilan du ramassage des papiers.<\/span><\/h3>\n<p><small>Lundi 19 octobre 2009<\/small><\/p>\n<div class=\"entry\">\n<p>La conf\u00e9rence Saint Vincent de Paul organisait, ce week-end, comme chaque ann\u00e9e \u00e0 cette \u00e9poque, le grand ramassage des papiers.<\/p>\n<p>Comme d\u2019habitude, le temps \u00e9tait au beau fixe.<\/p>\n<p><img loading=\"lazy\" decoding=\"async\" class=\"size-medium wp-image-150 aligncenter\" title=\"S7302311 (Small)\" src=\"https:\/\/leparcstmaur.org\/wp-content\/uploads\/2009\/10\/S7302311-Small-300x225.jpg\" alt=\"S7302311 (Small)\" width=\"300\" height=\"225\"><\/p>\n<p>Le d\u00e9chargement des voitures, comme <span id=\"more-149\"><\/span>le tri pour \u00e9carter cartons et enveloppes et le ravitaillement pendant de courtes pauses se sont pass\u00e9s dans un<img loading=\"lazy\" decoding=\"async\" class=\"size-medium wp-image-151 alignleft\" title=\"S7302308 (Small)\" src=\"https:\/\/leparcstmaur.org\/wp-content\/uploads\/2009\/10\/S7302308-Small-300x225.jpg\" alt=\"S7302308 (Small)\" width=\"300\" height=\"225\">e ambiance agr\u00e9able comme \u00e0 l\u2019accoutum\u00e9e.<img loading=\"lazy\" decoding=\"async\" class=\"size-medium wp-image-152 aligncenter\" title=\"S7302307 (Small)\" src=\"https:\/\/leparcstmaur.org\/wp-content\/uploads\/2009\/10\/S7302307-Small-300x225.jpg\" alt=\"S7302307 (Small)\" width=\"300\" height=\"225\"><\/p>\n<p>Pour autant,&nbsp; le bilan est moins bon que les ann\u00e9es pr\u00e9c\u00e9dentes. Peut \u00eatre est-ce d\u00fb \u00e0 la mise en place du tri s\u00e9lectif ?<\/p>\n<p>A cette occasion, nous rappelons que la Conf\u00e9rence de Saint Vincent de Paul continue, tout au long de l\u2019ann\u00e9e, le premier samedi de chaque mois de 9h \u00e0 midi, au 68 avenue Joffre la r\u00e9cup\u00e9ration des journaux, papiers et revues.<br \/>\nUne bourse aux livres est \u00e9galement organis\u00e9e en m\u00eame temps et au m\u00eame endroit.<\/p>\n<\/div>\n<p class=\"postmetadata\">&nbsp;<\/p>\n<\/div>\n<div class=\"post-120 post hentry category-grand-paris category-informations\">\n<h3 id=\"post-120\"><span style=\"color: #0000ff;\">Les requins pr\u00e9f\u00e8rent l\u2019eau trouble.<\/span><\/h3>\n<p><small>Vendredi 16 octobre 2009<\/small><\/p>\n<div class=\"entry\">\n<p><img loading=\"lazy\" decoding=\"async\" class=\"alignleft size-full wp-image-119\" title=\"Requin\" src=\"https:\/\/leparcstmaur.org\/wp-content\/uploads\/2009\/10\/Requin1.jpg\" alt=\"Requin\" width=\"227\" height=\"225\">Depuis la publication du projet de loi \u00ab&nbsp;relatif au Grand Paris&nbsp;\u00bb et son adoption en conseil des ministres, on en sait un peu plus sur la fa\u00e7on dont l\u2019Etat, sous l\u2019impulsion de l\u2019actuel Pr\u00e9sident de la R\u00e9publique, entend d\u00e9manteler les barri\u00e8res juridiques et r\u00e9glementaires qu\u2019il avait lui-m\u00eame mises en place pour donner aux communes et aux collectivit\u00e9s territoriales la ma\u00eetrise de leur foncier.<br \/>\nCe projet de loi, mais surtout l\u2019\u00e9tude d\u2019impact qui l\u2019accompagne d\u00e9taille en effet, avec un certain cynisme, la proc\u00e9dure et les modalit\u00e9s du d\u00e9mant\u00e8lement de la l\u00e9gislation en vigueur qui a le tort de contrarier les initiateurs de ce projet mirifique.<br \/>\nUn seul oubli, dans ce texte, c\u2019est le positionnement et l\u2019ampleur des \u00ab&nbsp;d\u00e9g\u00e2ts collat\u00e9raux&nbsp;\u00bbque ce passage en force va naturellement occasionner.<br \/>\nChose bizarre, les d\u00e9put\u00e9s vont \u00eatre amen\u00e9s \u00e0 donner tous les pouvoirs \u00e0 l\u2019Etablissement Public du Grand Paris, pour r\u00e9aliser un chantier dont ils ne conna\u00eetront ni les d\u00e9tails de l\u2019implantation ni la nature exacte des atteintes \u00e0 la propri\u00e9t\u00e9 et les nuisances occasionn\u00e9es.<br \/>\nUne fois la loi vot\u00e9e, les pr\u00e9tendues consultations, la soit-disant concertation ne seront plus que des formalit\u00e9s. Le flou des textes est significatif. L\u2019Elys\u00e9e, sous couvert de l\u2019Etablissement Public du Grand Paris, aura le dernier mot.<\/p>\n<h3><span style=\"color: #000000;\"><strong>Ce que nous risquons.<\/strong><\/span><\/h3>\n<p>Peu \u00e0 peu des informations filtrent sur ce projet encore tr\u00e8s secret. (Lire la suite\u2026)<\/p>\n<\/div>\n<p class=\"postmetadata\">&nbsp;<\/p>\n<\/div>\n<div class=\"post-114 post hentry category-divers category-rendezvous\">\n<h3 id=\"post-114\"><span style=\"color: #0000ff;\">Le 18 octobre, Grand ramassage des papiers<\/span><\/h3>\n<p><small>Lundi 12 octobre 2009<\/small><\/p>\n<div class=\"entry\">\n<p>Ce dimanche 18 octobre 2009, place des marronniers, des bennes seront install\u00e9es par la Conf\u00e9rence Saint Vincent de Paul afin de r\u00e9cup\u00e9rer les vieux journaux, papiers et livres destin\u00e9s au recyclage.<br \/>\nUne \u00e9quipe sera sur place pour r\u00e9ceptionner vos d\u00e9p\u00f4ts et les trier d\u00e8s 9h du matin.<br \/>\nSi vous ne pouvez pas vous d\u00e9placer, vous pouvez les d\u00e9poser devant votre porte, en tas ficel\u00e9s. Un ramassage sera effectu\u00e9.<br \/>\nToutes les bonnes volont\u00e9s sont les bienvenues, tant au niveau du tri qu\u2019au niveau de la collecte.<br \/>\nRappelons que les ressources issues de cette op\u00e9ration servent \u00e0 venir en aide aux personnes dans le besoin.<\/p>\n<\/div>\n<p class=\"postmetadata\">&nbsp;<\/p>\n<\/div>\n<div class=\"post-104 post hentry category-evenements\">\n<h3 id=\"post-104\"><span style=\"color: #0000ff;\">Artistes \u00ab&nbsp;portes ouvertes&nbsp;\u00bb, un vrai succ\u00e8s.<\/span><\/h3>\n<p><small>Jeudi 8 octobre 2009<\/small><\/p>\n<div class=\"entry\">\n<p>Le week-end \u00ab&nbsp;portes ouvertes&nbsp;\u00bb&nbsp; qui a permis aux artistes saint-mauriens et en particulier \u00e0 ceux qui habitent notre quartier, de pr\u00e9senter leurs travaux, a \u00e9t\u00e9 une r\u00e9ussite.<\/p>\n<p><img loading=\"lazy\" decoding=\"async\" class=\"size-full wp-image-105 aligncenter\" title=\"Jehan-Fran\u00e7ois Paradivin\" src=\"https:\/\/leparcstmaur.org\/wp-content\/uploads\/2009\/10\/JFParadivin1.jpg\" alt=\"Jehan-Fran\u00e7ois Paradivin\" width=\"227\" height=\"287\"><\/p>\n<p>Selon les exposants que nous avons rencontr\u00e9s ou interrog\u00e9s, la fr\u00e9quentation des ateliers et lieux d\u2019exposition a \u00e9t\u00e9, selon les sites, de trente \u00e0 cent visiteurs durant les 2 ou 3 jours pr\u00e9vus pour cet \u00e9v\u00e9nement.<\/p>\n<p><img loading=\"lazy\" decoding=\"async\" class=\"aligncenter size-full wp-image-106\" title=\"PierreLouisBadia\" src=\"https:\/\/leparcstmaur.org\/wp-content\/uploads\/2009\/10\/PierreLouisBadia.JPG\" alt=\"PierreLouisBadia\" width=\"255\" height=\"191\"><\/p>\n<p>Dans leur majorit\u00e9, les 12 artistes de notre quartier qui ont particip\u00e9 \u00e0 l\u2019op\u00e9ration \u00ab&nbsp;104 artistes saint-mauriens vous ouvrent leur atelier&nbsp;\u00bb jugent cette initiative tr\u00e8s positive et sont pr\u00eats \u00e0 participer \u00e0 de nouvelles manifestations. Beaucoup d\u2019entre eux aimeraient aussi disposer, au sein m\u00eame de leur quartier, d\u2019un lieu d\u2019exposition pour organiser des pr\u00e9sentations de leurs \u0153uvres sur des p\u00e9riodes un peu plus longues et dans un environnement et un cadre plus favorables que celui de leurs ateliers dont les dimensions sont le plus souvent, assez modestes.<\/p>\n<p><img loading=\"lazy\" decoding=\"async\" class=\"aligncenter size-full wp-image-107\" title=\"Jehan-Francois Paradivin\" src=\"https:\/\/leparcstmaur.org\/wp-content\/uploads\/2009\/10\/JFParadivin2.jpg\" alt=\"Jehan-Francois Paradivin\" width=\"227\" height=\"201\"><\/p>\n<\/div>\n<p class=\"postmetadata\">&nbsp;<\/p>\n<\/div>\n<div class=\"post-102 post hentry category-rendezvous\">\n<h3 id=\"post-102\"><span style=\"color: #0000ff;\">Premi\u00e8re r\u00e9union<\/span><\/h3>\n<p><small>Mercredi 7 octobre 2009<\/small><\/p>\n<div class=\"entry\">\n<p>La premi\u00e8re r\u00e9union du comit\u00e9 de quartier se d\u00e9roulera le samedi 7 novembre 2009 \u00e0 15h dans la salle de la vie associative&nbsp; situ\u00e9e au niveau du solarium du centre Brossolette. Un fl\u00e9chage vous indiquera l\u2019endroit exact.<\/p>\n<p>Nous esp\u00e9rons vous voir nombreux pour discuter des projets et \u00e9changer des id\u00e9es sur notre quartier.<\/p>\n<\/div>\n<\/div>\n<h3 style=\"text-align: center;\"><span style=\"color: #ff0000; font-size: 18pt;\">Septembre 2009<\/span><\/h3>\n<div class=\"post-67 post hentry category-divers\">\n<h3 id=\"post-67\"><span style=\"color: #0000ff;\">Il fait toujours beau\u2026<\/span><\/h3>\n<p><small>Lundi 28 septembre 2009<\/small><\/p>\n<div class=\"entry\">\n<p>Le jour de la \u00ab&nbsp;foire aux trouvailles&nbsp;\u00bb !<\/p>\n<p>Cet adage s\u2019est encore v\u00e9rifi\u00e9 hier.<\/p>\n<p>Quelle belle journ\u00e9e nous avons eu. On se serait presque cru en juin avec barbecue pour l\u2019occasion&nbsp; entre deux visites (en fait trois) sur la place.<\/p>\n<p>Je sais d\u2019exp\u00e9rience que faire le vide-grenier en tant qu\u2019exposant c\u2019est \u00e9puisant. Mais croyez-moi, en tant que visiteur, \u00e7a l\u2019est \u00e9galement <img decoding=\"async\" class=\"wp-smiley\" src=\"https:\/\/leparcstmaur.org\/wp-includes\/images\/smilies\/icon_wink.gif\" alt=\";)\"><\/p>\n<p>J\u2019ai trouv\u00e9 quelques objets int\u00e9ressants, rencontr\u00e9 des connaissances, beaucoup discut\u00e9, beaucoup march\u00e9 !<\/p>\n<p>Il me faudra bien cette journ\u00e9e de lundi pour me remettre !<\/p>\n<\/div>\n<p class=\"postmetadata\">&nbsp;<\/p>\n<\/div>\n<div class=\"post-61 post hentry category-evenements\">\n<h3 id=\"post-61\"><span style=\"color: #0000ff;\">Les artistes de notre quartier exposent.<\/span><\/h3>\n<p><small>Mardi 22 septembre 2009<\/small><\/p>\n<div class=\"entry\">\n<p><img loading=\"lazy\" decoding=\"async\" class=\"size-full wp-image-62 alignleft\" title=\"BBissara\" src=\"https:\/\/leparcstmaur.org\/wp-content\/uploads\/2009\/09\/BBissara.JPG\" alt=\"B\u00e9atrice Bissara\" width=\"320\" height=\"213\"><\/p>\n<p>Douze artistes habitant le quartier du Parc de Saint-Maur ouvriront leur atelier durant le week-end des 3 et 4 octobre (et pour certains, le lundi 5) de 10 heures \u00e0 19 heures, pour recevoir des visiteurs.<\/p>\n<p>En pr\u00e9alable \u00e0 ces visites, vous pourrez d\u00e9couvrir une de leurs \u0153uvres expos\u00e9e \u00e0 l\u2019ARTOTHEQUE, au Carr\u00e9 M\u00e9dicis, 5, rue Saint-Hilaire \/ 92 Avenue du Bac \u00e0 La Varenne, du samedi 26 septembre au samedi 3 octobre (de 14 heures \u00e0 18 heures).<\/p>\n<p>&nbsp;<\/p>\n<\/div>\n<p class=\"postmetadata\">&nbsp;<\/p>\n<\/div>\n<div class=\"post-57 post hentry category-informations\">\n<h3 id=\"post-57\"><span style=\"color: #0000ff;\">Attention aux ventes de masques-grippe A<\/span><\/h3>\n<p><small>Jeudi 17 septembre 2009<\/small><\/p>\n<div class=\"entry\">\n<p>Des personnes se pr\u00e9tendant envoy\u00e9es par la mairie, tentent de vendre des masques-grippe A au porte \u00e0 porte.<\/p>\n<p>Selon la mairie, une plainte contre X a \u00e9t\u00e9 d\u00e9pos\u00e9e.<\/p>\n<p>Ne vous laissez pas abuser. Ces produits sont sans garantie d\u2019efficacit\u00e9.<\/p>\n<\/div>\n<p class=\"postmetadata\">&nbsp;<\/p>\n<\/div>\n<div class=\"post-46 post hentry category-divers\">\n<h3 id=\"post-46\"><span style=\"color: #0000ff;\">Un blason pour notre comit\u00e9<\/span><\/h3>\n<p><small>Mercredi 16 septembre 2009<\/small><\/p>\n<div class=\"entry\">\n<p>Un de nos adh\u00e9rents a r\u00e9alis\u00e9, pour le Comit\u00e9 du Parc de Saint-Maur, ce blason que nous ferons figurer sur les documents issus de notre association.<\/p>\n<p><img decoding=\"async\" class=\"aligncenter\" src=\"https:\/\/leparcstmaur.org\/wp-content\/uploads\/2009\/09\/Blason-CQPSMgf.jpg\" alt=\"Blason du Comit\u00e9 de Quartier du Parc\"><\/p>\n<p>Selon la tradition, ce blason comporte quatre quartiers.<\/p>\n<p>Sur le premier quartier figurent les armes des princes de Cond\u00e9, trois fleurs de lys avec brisure. Elles rappellent l\u2019histoire du&nbsp; ch\u00e2teau de Cond\u00e9 sur le parc duquel notre quartier fut construit au XIX si\u00e8cle.<\/p>\n<p>Sur le second quartier, un arbre \u00e9voque le parc bois\u00e9 qui est \u00e0 l\u2019origine du nom de notre quartier. Il fait aussi r\u00e9f\u00e9rence \u00e0 la nature que nous esp\u00e9rons garder pr\u00e9sente dans notre environnement.<\/p>\n<p>Sur le troisi\u00e8me quartier, une ville est repr\u00e9sent\u00e9e. C\u2019est la dimension urbaine de notre cit\u00e9 avec les avantages et les contraintes de la vie en commun.<\/p>\n<p>Sur le dernier quartier on trouve trois anguilles, repr\u00e9sentation traditionnelle de l\u2019eau et surtout de la rivi\u00e8re en h\u00e9raldique. C\u2019est bien s\u00fbr la Marne qui est \u00e9voqu\u00e9e, rivi\u00e8re qui borde notre quartier et qui enserre Saint-Maur, en faisant une presqu\u2019\u00eele et prot\u00e9geant son identit\u00e9 et sa tranquillit\u00e9.<\/p>\n<\/div>\n<p class=\"postmetadata\">&nbsp;<\/p>\n<\/div>\n<div class=\"post-44 post hentry category-divers\">\n<h3 id=\"post-44\"><span style=\"color: #0000ff;\">Journ\u00e9e des associations<\/span>.<\/h3>\n<p><small>Samedi 12 septembre 2009<\/small><\/p>\n<div class=\"entry\">\n<p>De retour de la place des marronniers o\u00f9 se d\u00e9roulait la journ\u00e9e des associations.<\/p>\n<p>J\u2019en ai profit\u00e9 pour faire connaitre le comit\u00e9 de quartier aux diff\u00e9rentes associations pr\u00e9sentes&nbsp; m\u00eame si le calendrier \u00e9tait trop court pour y avoir un stand.<\/p>\n<p>Des contacts positifs et enthousiastes. C\u2019est encourageant pour l\u2019avenir du comit\u00e9 de quartier.<\/p>\n<\/div>\n<p class=\"postmetadata\">&nbsp;<\/p>\n<\/div>\n<div class=\"post-40 post hentry category-informations\">\n<h3 id=\"post-40\"><span style=\"color: #0000ff;\">Travaux avenue Joffre.<\/span><\/h3>\n<p><small>Jeudi 10 septembre 2009<\/small><\/p>\n<div class=\"entry\">\n<p>Les travaux de r\u00e9fection de la chauss\u00e9e et des trottoirs commenceront lundi 14 septembre 2009 et dureront jusqu\u2019au vendredi 29 janvier 2010.<\/p>\n<p>Ces travaux entraineront une fermeture de la portion partant du carrefour du 8 mai 1945 jusqu\u2019\u00e0 l\u2019avenue des Erables.<\/p>\n<p>Des d\u00e9viations seront mises en place pour drainer la circulation des voitures.<\/p>\n<\/div>\n<p class=\"postmetadata\">&nbsp;<\/p>\n<\/div>\n<div class=\"post-7 post hentry category-informations\">\n<h3 id=\"post-7\"><span style=\"color: #0000ff;\">Bureau de poste<\/span><\/h3>\n<p><small>Mardi 1 septembre 2009<\/small><\/p>\n<div class=\"entry\">\n<p>Une nouvelle qui va bouleverser la vie du quartier pendant quelques mois : La poste principale, 46 avenue Foch, fermera ses portes pour travaux le 28 septembre 2009.<\/p>\n<p>Les travaux dureront, en principe, 3 mois.<\/p>\n<p>Pendant ce temps, les op\u00e9rations seront transf\u00e9r\u00e9es dans les bureaux de La Varenne et de celui proche de Marcelin Berthelot.<\/p>\n<p>Il nous reste \u00e0 \u00eatre patient en attendant de retrouver notre bureau de poste remis \u00e0 neuf.<\/p>\n<\/div>\n<p class=\"postmetadata\">&nbsp;<\/p>\n<\/div>\n<div class=\"post-25 post hentry category-rendezvous\">\n<h3 id=\"post-25\"><span style=\"color: #0000ff;\">Premi\u00e8re prise de contact<\/span><\/h3>\n<p><small>Samedi 1 septembre 2009<\/small><\/p>\n<div class=\"entry\">\n<p>Bonjour,<\/p>\n<p>Notre premier Rendez-vous aura lieu le vendredi 4 septembre, place des marronniers, pendant le march\u00e9.<\/p>\n<p>L\u2019occasion de discuter, d\u2019\u00e9changer des id\u00e9es, des projets.<\/p>\n<p>A bient\u00f4t<\/p>\n<\/div>\n<p class=\"postmetadata\">&nbsp;<\/p>\n<\/div>\n<h3 style=\"text-align: center;\"><span style=\"color: #ff0000; font-size: 18pt;\">Aout 2009<\/span><\/h3>\n<h3 id=\"post-34\"><span style=\"color: #0000ff;\">Un Comit\u00e9 de Quartier pour quoi faire ?<\/span><\/h3>\n<p><small>Lundi 31 ao\u00fbt 2009<\/small><\/p>\n<div class=\"entry\">\n<p align=\"center\"><strong>Le Comit\u00e9 de quartier du PARC de SAINT-MAUR est n\u00e9 !<\/strong><\/p>\n<p>Nous avons le plaisir de vous annoncer la cr\u00e9ation du COMITE de QUARTIER du PARC de SAINT-MAUR (association loi 1901) dont les statuts ont \u00e9t\u00e9 d\u00e9pos\u00e9s en pr\u00e9fecture le 22 juillet 2009 et publi\u00e9s aux annonces l\u00e9gales le 08 ao\u00fbt 2009.<\/p>\n<p align=\"center\"><strong>Un Comit\u00e9 de Quartier pour quoi faire ?<\/strong><\/p>\n<p>Notre quartier, c\u2019est un peu notre village. Certains d\u2019entre nous y sont n\u00e9s, comme parfois leurs parents et m\u00eame leurs grands parents. D\u2019autres ont choisi de s\u2019y installer pour profiter d\u2019un cadre de vie privil\u00e9gi\u00e9. Nous sommes ici chez nous. Nous y avons nos habitudes, nos amis, nos souvenirs. Nous y pr\u00e9parons l\u2019avenir de nos enfants.<\/p>\n<p>Ce cadre de vie doit \u00eatre d\u00e9fendu face aux \u00e9volutions n\u00e9fastes que sont les nuisances \u00e9cologiques, la progression de la d\u00e9linquance et des incivilit\u00e9s, la rupture des liens sociaux, le repli sur soi-m\u00eame mais aussi l\u2019urbanisation anarchique et les pressions de tous genres g\u00e9n\u00e9r\u00e9es par le nivellement \u00ab&nbsp;par le bas&nbsp;\u00bb du cadre de vie urbain en r\u00e9gion parisienne.<\/p>\n<p align=\"center\"><strong>Pour \u00eatre efficaces, agissons ensemble !<\/strong><\/p>\n<p>Chacun d\u2019entre nous peut et doit lutter pour pr\u00e9server et am\u00e9liorer son cadre de vie.<\/p>\n<p>Isol\u00e9s, nous sommes d\u00e9sarm\u00e9s face aux administrations, aux pouvoirs \u00e9conomiques et politiques qui poursuivent leurs propres logiques et se conforment, le plus souvent, \u00e0 des modes et \u00e0 des discours d\u00e9magogiques.<\/p>\n<p>Agir ensemble pour notre quartier c\u2019est aussi d\u00e9velopper des relations amicales avec nos voisins, animer et faire vivre, tout au long de l\u2019ann\u00e9e, notre quartier. C\u2019est engager des actions de solidarit\u00e9 vis-\u00e0-vis de personnes dont nous connaissons les soucis et les difficult\u00e9s.<\/p>\n<p>Nous devons recr\u00e9er entre nous une v\u00e9ritable solidarit\u00e9.<\/p>\n<p align=\"center\"><strong>Notre quartier, c\u2019est notre patrimoine. D\u00e9fendons-le !<\/strong><\/p>\n<p>Notre demeure, notre voisinage, notre quartier, c\u2019est un tout!<\/p>\n<p>Si notre quartier se d\u00e9lite, si notre voisinage se d\u00e9grade, notre patrimoine se d\u00e9valorise. Le Parc de Saint-Maur reste un lieu de vie privil\u00e9gi\u00e9 au c\u0153ur d\u2019une banlieue parisienne qui se d\u00e9grade rapidement.<\/p>\n<p>Restons vigilants pour prot\u00e9ger notre confort et notre patrimoine.<\/p>\n<p>Anne ROMAIN, Pr\u00e9sidente<\/p>\n<\/div>\n<p class=\"postmetadata\">&nbsp;<\/p>\n<\/div>\n<div class=\"post-25 post hentry category-rendezvous\">\n<h3 id=\"post-25\"><span style=\"color: #0000ff;\">Premi\u00e8re prise de contact<\/span><\/h3>\n<p><small>Samedi 15 ao\u00fbt 2009<\/small><\/p>\n<div class=\"entry\">\n<p>Bonjour,<\/p>\n<p>Notre premier Rendez-vous aura lieu le vendredi 4 septembre, place des marronniers, pendant le march\u00e9.<\/p>\n<p>L\u2019occasion de discuter, d\u2019\u00e9changer des id\u00e9es, des projets.<\/p>\n<p>A bient\u00f4t<\/p>\n<p>AnneR<\/p>\n<\/div>\n<\/div>\n<p style=\"text-align: center;\"><span style=\"color: #ff0000; font-size: 18pt;\">Juillet 2009<\/span><\/p>\n<h3 id=\"post-3\"><span style=\"color: #0000ff;\">Bienvenue<\/span><\/h3>\n<p><small>Dimanche 12 juillet 2009<\/small><\/p>\n<div class=\"entry\">\n<p>Bonjour \u00e0 tous,<\/p>\n<p>Le pas est franchi.<\/p>\n<p>Le comit\u00e9 de quartier du Parc de Saint Maur est cr\u00e9\u00e9.<br \/>\nLes vacances arrivent au m\u00eame moment pour nous donner le temps de r\u00e9fl\u00e9chir \u00e0 tout ce que nous allons pouvoir faire.<\/p>\n<p>Le but premier de ce comit\u00e9 est de cr\u00e9er des liens entre les habitants du quartier.<\/p>\n<p>Rendez-vous en septembre pour fixer le lieu d\u2019une prochain rencontre.<\/p>\n<p>Bonnes vacances !<\/p>\n<\/div>\n","protected":false},"excerpt":{"rendered":"<p>D\u00e9cembre 2009 T\u00e9l\u00e9thon : Soir\u00e9e sportive \u00e0 Brossolette. Mardi 8 d\u00e9cembre 2009 Ce vendredi 4 d\u00e9cembre 2009, pour soutenir le T\u00e9l\u00e9thon,&nbsp; \u00e9tait pr\u00e9vue une soir\u00e9e sportive au centre Brossolette de 18h \u00e0 1h !Nous nous \u00e9tions pr\u00e9par\u00e9s avec les enfants pour essayer le maximum de disciplines.L\u2019accueil \u00e0 l\u2019entr\u00e9e comme sur &hellip;<\/p>\n","protected":false},"author":1,"featured_media":0,"parent":30,"menu_order":0,"comment_status":"closed","ping_status":"closed","template":"","meta":{"ngg_post_thumbnail":0,"footnotes":""},"class_list":["post-53","page","type-page","status-publish","hentry"],"_links":{"self":[{"href":"https:\/\/leparcstmaur.org\/index.php?rest_route=\/wp\/v2\/pages\/53","targetHints":{"allow":["GET"]}}],"collection":[{"href":"https:\/\/leparcstmaur.org\/index.php?rest_route=\/wp\/v2\/pages"}],"about":[{"href":"https:\/\/leparcstmaur.org\/index.php?rest_route=\/wp\/v2\/types\/page"}],"author":[{"embeddable":true,"href":"https:\/\/leparcstmaur.org\/index.php?rest_route=\/wp\/v2\/users\/1"}],"replies":[{"embeddable":true,"href":"https:\/\/leparcstmaur.org\/index.php?rest_route=%2Fwp%2Fv2%2Fcomments&post=53"}],"version-history":[{"count":15,"href":"https:\/\/leparcstmaur.org\/index.php?rest_route=\/wp\/v2\/pages\/53\/revisions"}],"predecessor-version":[{"id":363,"href":"https:\/\/leparcstmaur.org\/index.php?rest_route=\/wp\/v2\/pages\/53\/revisions\/363"}],"up":[{"embeddable":true,"href":"https:\/\/leparcstmaur.org\/index.php?rest_route=\/wp\/v2\/pages\/30"}],"wp:attachment":[{"href":"https:\/\/leparcstmaur.org\/index.php?rest_route=%2Fwp%2Fv2%2Fmedia&parent=53"}],"curies":[{"name":"wp","href":"https:\/\/api.w.org\/{rel}","templated":true}]}}