{"id":111,"date":"2018-03-26T13:25:59","date_gmt":"2018-03-26T13:25:59","guid":{"rendered":"http:\/\/xn--comitdequartierdupar-f2b.apps-1and1.net\/?page_id=111"},"modified":"2021-05-05T16:31:03","modified_gmt":"2021-05-05T16:31:03","slug":"archives-2017","status":"publish","type":"page","link":"https:\/\/leparcstmaur.org\/?page_id=111","title":{"rendered":"Archives 2017"},"content":{"rendered":"<h3 id=\"post-2008\"><span style=\"color: #0000ff; font-size: 18pt;\">2017 en images !<\/span><\/h3>\n<p><span style=\"color: #000000; font-size: 10pt;\"><small>Samedi 30 d\u00e9cembre 2017<\/small><\/span><\/p>\n<div class=\"entry\">\n<p><span style=\"color: #000000; font-size: 12pt;\">En attendant une mise \u00e0 jour technique du site, voici un retour sur les activit\u00e9s de 2017 !<\/span><br \/>\n<span style=\"color: #000000; font-size: 12pt;\"> Janvier : Galette des Rois, moment toujours tr\u00e8s appr\u00e9ci\u00e9 !<\/span><\/p>\n<p><img loading=\"lazy\" decoding=\"async\" class=\"alignleft size-medium wp-image-2011\" title=\"Galette 2017\" src=\"https:\/\/leparcstmaur.org\/wp-content\/uploads\/2017\/12\/Galette-2017-151-300x225.jpg\" alt=\"Galette 2017\" width=\"300\" height=\"225\"><img loading=\"lazy\" decoding=\"async\" class=\"size-medium wp-image-2012 alignnone\" title=\"Galette 2017\" src=\"https:\/\/leparcstmaur.org\/wp-content\/uploads\/2017\/12\/Galette-2017-12-281x300.jpg\" alt=\"Galette 2017\" width=\"281\" height=\"300\"><\/p>\n<p><span style=\"color: #000000; font-size: 12pt;\">Mars : Visite de l\u2019H\u00f4tel de Pontalba.<\/span><\/p>\n<p><img loading=\"lazy\" decoding=\"async\" class=\"alignleft size-medium wp-image-2015\" title=\"Pontalba Mars 2017\" src=\"https:\/\/leparcstmaur.org\/wp-content\/uploads\/2017\/12\/Pontalba-6-219x300.jpg\" alt=\"Pontalba Mars 2017\" width=\"219\" height=\"300\"><br \/>\n<img loading=\"lazy\" decoding=\"async\" class=\"size-medium wp-image-2017 alignnone\" title=\"Pontalba Mars 2017\" src=\"https:\/\/leparcstmaur.org\/wp-content\/uploads\/2017\/12\/Pontalba-4-252x300.jpg\" alt=\"Pontalba Mars 2017\" width=\"252\" height=\"300\"><\/p>\n<p><span style=\"font-size: 12pt;\">Vide Grenier du Lions<\/span><\/p>\n<p><img loading=\"lazy\" decoding=\"async\" class=\"size-medium wp-image-2014 alignnone\" title=\"Lions 2017\" src=\"https:\/\/leparcstmaur.org\/wp-content\/uploads\/2017\/12\/VG-1-225x300.jpg\" alt=\"Lions 2017\" width=\"225\" height=\"300\"> <img loading=\"lazy\" decoding=\"async\" class=\"size-medium wp-image-2013 alignnone\" title=\"L'equipe\" src=\"https:\/\/leparcstmaur.org\/wp-content\/uploads\/2017\/12\/Lequipe-300x268.jpg\" alt=\"L'equipe\" width=\"300\" height=\"268\"><\/p>\n<p><span style=\"font-size: 12pt;\">Juin : Diner de rue, moment festif o\u00f9 les adh\u00e9rents et les riverains se retrouvent autour d\u2019un repas tir\u00e9 du sac apr\u00e8s un ap\u00e9ritif\/BBQ offert !<\/span><\/p>\n<p><img loading=\"lazy\" decoding=\"async\" class=\"size-medium wp-image-2020 alignnone\" title=\"Diner de rue 2017\" src=\"https:\/\/leparcstmaur.org\/wp-content\/uploads\/2017\/12\/20170616_212843-300x168.jpg\" alt=\"Diner de rue 2017\" width=\"300\" height=\"168\"><\/p>\n<p><span style=\"font-size: 12pt;\">Septembre : Journ\u00e9e des Associations<\/span><\/p>\n<p><img loading=\"lazy\" decoding=\"async\" class=\"size-full wp-image-2027 alignnone\" title=\"Assoc 2017\" src=\"https:\/\/leparcstmaur.org\/wp-content\/uploads\/2017\/12\/Assoc-2017.jpg\" alt=\"Assoc 2017\" width=\"480\" height=\"387\"><\/p>\n<p><span style=\"font-size: 12pt;\">Festival Food Trucks Concert des Nobody\u2019s Perfect,<\/span><\/p>\n<p><img loading=\"lazy\" decoding=\"async\" class=\"size-medium wp-image-2021 alignnone\" title=\"Nobody's Perfect\" src=\"https:\/\/leparcstmaur.org\/wp-content\/uploads\/2017\/12\/20170922_210232-300x168.jpg\" alt=\"Nobody's Perfect\" width=\"300\" height=\"168\"><\/p>\n<p><span style=\"font-size: 12pt;\">La Broc\u2019 du Parc<\/span><\/p>\n<p><img loading=\"lazy\" decoding=\"async\" class=\"size-full wp-image-2026 alignnone\" title=\"La Boc' du Parc 2017\" src=\"https:\/\/leparcstmaur.org\/wp-content\/uploads\/2017\/12\/Groupe-21.jpg\" alt=\"Groupe 2\" width=\"480\" height=\"340\"><\/p>\n<p><span style=\"font-size: 12pt;\">D\u00e9cembre : Vin chaud du T\u00e9l\u00e9thon<\/span><\/p>\n<p><img loading=\"lazy\" decoding=\"async\" class=\"size-full wp-image-2028 alignnone\" title=\"Vin chaud 1\" src=\"https:\/\/leparcstmaur.org\/wp-content\/uploads\/2017\/12\/Vin-chaud-1.jpg\" alt=\"Vin chaud 1\" width=\"480\" height=\"351\"><\/p>\n<h2><a>RENDEZ-VOUS EN 2018 POUR DE NOUVELLES AVENTURES !!<\/a><\/h2>\n<\/div>\n","protected":false},"excerpt":{"rendered":"<p>2017 en images ! Samedi 30 d\u00e9cembre 2017 En attendant une mise \u00e0 jour technique du site, voici un retour sur les activit\u00e9s de 2017 ! Janvier : Galette des Rois, moment toujours tr\u00e8s appr\u00e9ci\u00e9 ! Mars : Visite de l\u2019H\u00f4tel de Pontalba. Vide Grenier du Lions Juin : Diner &hellip;<\/p>\n","protected":false},"author":1,"featured_media":0,"parent":30,"menu_order":0,"comment_status":"closed","ping_status":"closed","template":"","meta":{"ngg_post_thumbnail":0,"footnotes":""},"class_list":["post-111","page","type-page","status-publish","hentry"],"_links":{"self":[{"href":"https:\/\/leparcstmaur.org\/index.php?rest_route=\/wp\/v2\/pages\/111","targetHints":{"allow":["GET"]}}],"collection":[{"href":"https:\/\/leparcstmaur.org\/index.php?rest_route=\/wp\/v2\/pages"}],"about":[{"href":"https:\/\/leparcstmaur.org\/index.php?rest_route=\/wp\/v2\/types\/page"}],"author":[{"embeddable":true,"href":"https:\/\/leparcstmaur.org\/index.php?rest_route=\/wp\/v2\/users\/1"}],"replies":[{"embeddable":true,"href":"https:\/\/leparcstmaur.org\/index.php?rest_route=%2Fwp%2Fv2%2Fcomments&post=111"}],"version-history":[{"count":16,"href":"https:\/\/leparcstmaur.org\/index.php?rest_route=\/wp\/v2\/pages\/111\/revisions"}],"predecessor-version":[{"id":388,"href":"https:\/\/leparcstmaur.org\/index.php?rest_route=\/wp\/v2\/pages\/111\/revisions\/388"}],"up":[{"embeddable":true,"href":"https:\/\/leparcstmaur.org\/index.php?rest_route=\/wp\/v2\/pages\/30"}],"wp:attachment":[{"href":"https:\/\/leparcstmaur.org\/index.php?rest_route=%2Fwp%2Fv2%2Fmedia&parent=111"}],"curies":[{"name":"wp","href":"https:\/\/api.w.org\/{rel}","templated":true}]}}