{"id":100,"date":"2018-03-25T21:43:36","date_gmt":"2018-03-25T21:43:36","guid":{"rendered":"http:\/\/xn--comitdequartierdupar-f2b.apps-1and1.net\/?page_id=100"},"modified":"2021-05-05T16:31:03","modified_gmt":"2021-05-05T16:31:03","slug":"archives-2015","status":"publish","type":"page","link":"https:\/\/leparcstmaur.org\/?page_id=100","title":{"rendered":"Archives 2015"},"content":{"rendered":"<p style=\"text-align: center;\"><span style=\"color: #ff0000; font-size: 24pt;\">D\u00e9cembre 2015<\/span><\/p>\n<h3 id=\"post-1883\"><span style=\"font-size: 18pt; color: #0000ff;\">D\u00e9c\u00e8s de notre ami Pierre Badia<\/span><\/h3>\n<p><span style=\"font-size: 10pt;\"><small>Mardi 29 d\u00e9cembre 2015<\/small><\/span><\/p>\n<div class=\"entry\">\n<p><img loading=\"lazy\" decoding=\"async\" class=\"alignleft size-full wp-image-1882\" title=\"Badia\" src=\"https:\/\/leparcstmaur.org\/wp-content\/uploads\/2015\/12\/Badia.jpg\" alt=\"Badia\" width=\"543\" height=\"768\"><\/p>\n<p><span style=\"font-size: 12pt;\">C\u2019est avec tristesse que nous avons appris le d\u00e9c\u00e8s de notre ami, Pierre Badia. Nous garderons en m\u00e9moire les bons moments partag\u00e9s.<\/span><br \/>\n<span style=\"font-size: 12pt;\"> Repose en paix !<\/span><br \/>\n<span style=\"font-size: 12pt;\"> Et condol\u00e9ances sinc\u00e8res \u00e0 sa famille.<\/span><\/p>\n<\/div>\n<p>&nbsp;<\/p>\n<p>&nbsp;<\/p>\n<p>&nbsp;<\/p>\n<p>&nbsp;<\/p>\n<p>&nbsp;<\/p>\n<p>&nbsp;<\/p>\n<p>&nbsp;<\/p>\n<p>&nbsp;<\/p>\n<p>&nbsp;<\/p>\n<p>&nbsp;<\/p>\n<p>&nbsp;<\/p>\n<p>&nbsp;<\/p>\n<p>&nbsp;<\/p>\n<p>&nbsp;<\/p>\n<p style=\"text-align: center;\"><span style=\"color: #ff0000; font-size: 24pt;\">Octobre 2015<\/span><\/p>\n<h3 id=\"post-1871\"><span style=\"font-size: 18pt; color: #0000ff;\">Terrain de l\u2019all\u00e9e Francis Lemarque\u2026<\/span><\/h3>\n<p><span style=\"font-size: 10pt;\"><small>Jeudi 8 octobre 2015<\/small><\/span><\/p>\n<div class=\"entry\">\n<p><span style=\"font-size: 12pt;\">Communiqu\u00e9 de la Ville de Saint Maur des Foss\u00e9s :<\/span><\/p>\n<p><span style=\"font-size: 12pt;\">Sur le terrain situ\u00e9 \u00e0 l\u2019extr\u00e9mit\u00e9 de l\u2019all\u00e9e Francis Lemarque le long des voies RER, le r\u00e8glement d\u2019urbanisme (Plan d\u2019Am\u00e9nagement de Zone) va \u00eatre adapt\u00e9 pour ouvrir la possibilit\u00e9 d\u2019accueillir un espace de stationnement \u00e0 proximit\u00e9 de la gare RER du Parc Saint-Maur.<\/span><br \/>\n<span style=\"font-size: 12pt;\"> Le dossier relatif \u00e0 cette modification est mis \u00e0 disposition du public jusqu\u2019au 5 novembre 2015 en mairie, du lundi au vendredi de 9h \u00e0 12h, et de 13h30 \u00e0 18h (17h le vendredi). Un registre permet de recevoir les observations des Saint-Mauriens sur l\u2019adaptation du r\u00e8glement d\u2019urbanisme.<\/span><\/p>\n<\/div>\n<p style=\"text-align: center;\"><span style=\"color: #ff0000; font-size: 24pt;\">Septembre 2015<\/span><\/p>\n<h3 id=\"post-1866\"><span style=\"color: #0000ff; font-size: 18pt;\">Zones Bleues sur notre quartier !<\/span><\/h3>\n<p><span style=\"font-size: 10pt;\"><small>Jeudi 10 septembre 2015<\/small><\/span><\/p>\n<div class=\"entry\">\n<p><span style=\"font-size: 12pt;\">Le Parc Saint Maur, jeudi 10 Septembre 2015<\/span><\/p>\n<p><span style=\"font-size: 12pt;\">Le Comit\u00e9 de Quartier du Parc de Saint-Maur (association ind\u00e9pendante non subventionn\u00e9e par la ville depuis 2013) tient \u00e0 r\u00e9affirmer sa position sur le contest\u00e9 dossier des zones bleues pr\u00e9sent\u00e9 aux Saint-Mauriens depuis la mi-ao\u00fbt et officiellement en vigueur depuis le 1<sup>er<\/sup> septembre 2015.<\/span><\/p>\n<p><span style=\"font-size: 12pt;\">Dans notre quartier, le comit\u00e9 a recueilli de tr\u00e8s nombreux t\u00e9moignages n\u00e9gatifs et de col\u00e8re exprim\u00e9e en cette rentr\u00e9e suite au d\u00e9marrage de la zone bleue, en particulier lors de la journ\u00e9e des Associations ou au hasard de rencontres avec les riverains et usagers.<\/span><\/p>\n<p><span style=\"font-size: 12pt;\">La plupart des remarques portent essentiellement sur l\u2019emprise excessive des zones bleues qui s\u2019\u00e9tendent sur pr\u00e8s de 25% des rues de notre ville, sur la pertinence de leur localisation et sur leur co\u00fbt. Deux euros cinquante par semaine est un chiffre qui peut para\u00eetre modeste, mais qui payable \u00e0 l\u2019ann\u00e9e pour un montant de 110 Euros et cumul\u00e9 avec d\u2019autres augmentations (cantine, garderie, activit\u00e9s p\u00e9riscolaires\u2026), devient v\u00e9ritablement excessif pour les familles.<\/span><\/p>\n<p><span style=\"font-size: 12pt;\">Notre Comit\u00e9 se f\u00e9licite toutefois que la municipalit\u00e9 ait accept\u00e9 de revoir \u00e0 la baisse, m\u00eame tr\u00e8s modestement, le nombre des rues (\u00e0 l\u2019origine non payantes) destin\u00e9es \u00e0 devenir zone bleue dans le quartier du Parc comme nous l\u2019avions demand\u00e9 en mai 2015. Le projet municipal, pr\u00e9voyait en effet de convertir \u00e9galement en zone bleue plusieurs rues&nbsp;(Gouverneur Gl Binger, Sapins jusqu\u2019\u00e0 Pierre Brossolette, Charles VII, Diane, L\u2019Arc et Neptune) situ\u00e9es bien au-del\u00e0 des avenues Delattre de Tassigny, de la Tourelle, des Sapins qui pour ces derni\u00e8res, le sont rest\u00e9es.<\/span><\/p>\n<p><span style=\"font-size: 12pt;\">Les changements intervenus depuis, l\u2019ont \u00e9t\u00e9 sans concertation et sans information. Ceci entra\u00eene de la part du Comit\u00e9 de quartier du Parc de Saint-Maur, l\u2019impossibilit\u00e9 de d\u00e9fendre en l\u2019\u00e9tat ce projet. Un projet n\u00e9 pourtant d\u2019une id\u00e9e qui, au d\u00e9part, allait dans le bon sens.<\/span><\/p>\n<p><span style=\"font-size: 12pt;\">Dans ce projet de septembre 2015 auquel nous ne souscrivons pas, le macaron \u00ab&nbsp;r\u00e9sident&nbsp;\u00bb perd son lien au quartier et devient g\u00e9n\u00e9ral, il s\u2019\u00e9tend aux commer\u00e7ants, \u00e0 tous leurs employ\u00e9s et \u00e0 tous ceux qui auront les moyens de le payer (110 Euros par an). La zone bleue est surdimensionn\u00e9e, elle est \u00e9tendue \u00e0 des zones r\u00e9sidentielles d\u00e9pourvues de commerces, d\u2019administrations, d\u2019\u00e9coles ou de services.<\/span><\/p>\n<p><span style=\"font-size: 12pt;\">La zone bleue surdimensionn\u00e9e du vieux Saint Maur, \u00e9videmment, provoquera le reflux des v\u00e9hicules vers le Parc. Dans une moindre mesure, un effet collat\u00e9ral semblable en rapport avec la zone bleue de Champignol sera tr\u00e8s probablement observ\u00e9 sur le Parc.<\/span><\/p>\n<p><span style=\"font-size: 12pt;\">Dans le m\u00eame temps, rien n\u2019est fait pour r\u00e9soudre le probl\u00e8me des zones extr\u00eamement sensibles et existantes depuis des ann\u00e9es, telles que l\u2019avenue du G\u00e9n\u00e9ral de Gaulle o\u00f9 le stationnement anarchique est toujours d\u2019actualit\u00e9.<\/span><\/p>\n<p><span style=\"font-size: 12pt;\">Devant la contestation g\u00e9n\u00e9rale, il est d\u00e9sormais urgent que la municipalit\u00e9 engage une r\u00e9elle concertation avec une \u00e9coute s\u00e9rieuse des habitants, des associations, des collectifs et des comit\u00e9s de quartier. &nbsp;Dans cette optique, le Comit\u00e9 de Quartier du Parc de Saint-Maur demeure pr\u00eat \u00e0 y participer.<\/span><\/p>\n<p><span style=\"font-size: 12pt;\">Le Conseil d\u2019Administration.<\/span><\/p>\n<p>&nbsp;<\/p>\n<ul>\n<li id=\"comment-50374\" class=\"comment even thread-even depth-1\">\n<div id=\"div-comment-50374\" class=\"comment-body\">\n<div class=\"comment-author vcard\"><span style=\"font-size: 10pt;\"><cite class=\"fn\">FORT-NAVA<\/cite> <span class=\"says\">dit&nbsp;:<\/span><\/span><\/div>\n<div class=\"comment-meta commentmetadata\"><span style=\"font-size: 10pt;\">8 octobre 2015 \u00e0 13 h 18 min<\/span><\/div>\n<p><span style=\"font-size: 10pt;\">40 euros! pour 2 mois peut \u00eatre de parking en Zone bleue car je me d\u00e9place de la place des tilleuls en g\u00e9n\u00e9ral en v\u00e9lo jusqu\u2019\u00e0 mon travail rue de la varenne. c\u2019est du vol, sommes pris en otage alors que la fourri\u00e8re et la contravention \u00e9taient la r\u00e9ponse \u00e0 tenir pour les voitures ventouses ou anarchiquement gar\u00e9es ainsi qu\u2019argument\u00e9 pour la zone bleue! il y avait des moyens l\u00e9gaux \u00e0 employer et peu utilis\u00e9s, saint Maurienne depuis 1976 je peux en t\u00e9moigner, c\u2019est encore \u00e0 nous de payer; que chacun en tire la le\u00e7on\u2026.<\/span><\/p>\n<div class=\"reply\"><span style=\"font-size: 10pt;\">&nbsp;<\/span><\/div>\n<\/div>\n<\/li>\n<li id=\"comment-50377\" class=\"comment odd alt thread-odd thread-alt depth-1\">\n<div id=\"div-comment-50377\" class=\"comment-body\">\n<div class=\"comment-author vcard\"><span style=\"font-size: 10pt;\"><img loading=\"lazy\" decoding=\"async\" class=\"avatar avatar-32 photo\" src=\"http:\/\/www.gravatar.com\/avatar\/cd3dcaccbb7d2f0920f06dec8f80c80a?s=32&amp;d=http%3A%2F%2Fwww.gravatar.com%2Favatar%2Fad516503a11cd5ca435acc9bb6523536%3Fs%3D32&amp;r=G\" alt=\"\" width=\"32\" height=\"32\"> <cite class=\"fn\">EICHLER<\/cite> <span class=\"says\">dit&nbsp;:<\/span><\/span><\/div>\n<div class=\"comment-meta commentmetadata\"><span style=\"font-size: 10pt;\">9 octobre 2015 \u00e0 14 h 56 min<\/span><\/div>\n<p><span style=\"font-size: 10pt;\">Les zones bleues oui mais pas aussi \u00e9tendues, appliqu\u00e9es comme il se doit et non comme en ce moment qu\u2019il n\u2019y a aucun contr\u00f4le.<\/span><br \/>\n<span style=\"font-size: 10pt;\"> J\u2019ai demand\u00e9 par mail \u00e0 la mairie de rembourser le trop per\u00e7u de septembre et voire octobre pour une contrainte de payer 2 mois alors que la zone bleue n\u2019est pas en cours. La police municipale comme le service stationnement ne sont pas capables de donner une date effective d\u2019application.<\/span><br \/>\n<span style=\"font-size: 10pt;\"> Il serait bon aussi d\u2019am\u00e9liorer la signalisation de ces zones qui parfois sont justes voire inexistantes;<\/span><\/p>\n<div class=\"reply\"><span style=\"font-size: 10pt;\">&nbsp;<\/span><\/div>\n<\/div>\n<\/li>\n<li id=\"comment-50382\" class=\"comment even thread-even depth-1\">\n<div id=\"div-comment-50382\" class=\"comment-body\">\n<div class=\"comment-author vcard\"><span style=\"font-size: 10pt;\"><img loading=\"lazy\" decoding=\"async\" class=\"avatar avatar-32 photo\" src=\"http:\/\/www.gravatar.com\/avatar\/439e7b1be9d4aa82cf38a1c63ed783b4?s=32&amp;d=http%3A%2F%2Fwww.gravatar.com%2Favatar%2Fad516503a11cd5ca435acc9bb6523536%3Fs%3D32&amp;r=G\" alt=\"\" width=\"32\" height=\"32\"> <cite class=\"fn\">Grau Jacques<\/cite> <span class=\"says\">dit&nbsp;:<\/span><\/span><\/div>\n<div class=\"comment-meta commentmetadata\"><span style=\"font-size: 10pt;\">11 octobre 2015 \u00e0 22 h 11 min<\/span><\/div>\n<p><span style=\"font-size: 10pt;\">nous sommes contre les zones bleus et pour plus de parking acc\u00e8s gratuit voire payant, mais gratuit pour le stationnement sur les trottoirs<\/span><\/p>\n<div class=\"reply\"><span style=\"font-size: 10pt;\">&nbsp;<\/span><\/div>\n<\/div>\n<\/li>\n<li id=\"comment-50385\" class=\"comment odd alt thread-odd thread-alt depth-1\">\n<div id=\"div-comment-50385\" class=\"comment-body\">\n<div class=\"comment-author vcard\"><span style=\"font-size: 10pt;\"><img loading=\"lazy\" decoding=\"async\" class=\"avatar avatar-32 photo\" src=\"http:\/\/www.gravatar.com\/avatar\/51e44ee0ff6703b9abea22a2e6a3507a?s=32&amp;d=http%3A%2F%2Fwww.gravatar.com%2Favatar%2Fad516503a11cd5ca435acc9bb6523536%3Fs%3D32&amp;r=G\" alt=\"\" width=\"32\" height=\"32\"> <cite class=\"fn\">LEROY S\u00e9bastien<\/cite> <span class=\"says\">dit&nbsp;:<\/span><\/span><\/div>\n<div class=\"comment-meta commentmetadata\"><span style=\"font-size: 10pt;\">12 octobre 2015 \u00e0 9 h 30 min<\/span><\/div>\n<p><span style=\"font-size: 10pt;\">Je m\u2019inscris tout-\u00e0-fait dans les arguments d\u00e9velopp\u00e9s par le comit\u00e9 de quartier et en particulier la perte du lien au quartier du macaron \u00abr\u00e9sident\u00bb qui devient g\u00e9n\u00e9ral et qui s\u2019entend comme une nouvelle taxe pour les r\u00e9sidents de ces quartiers nouvellement plac\u00e9s en zone bleue.<\/span><\/p>\n<div class=\"reply\"><span style=\"font-size: 10pt;\">&nbsp;<\/span><\/div>\n<\/div>\n<\/li>\n<li id=\"comment-50389\" class=\"comment even thread-even depth-1\">\n<div id=\"div-comment-50389\" class=\"comment-body\">\n<div class=\"comment-author vcard\"><span style=\"font-size: 10pt;\"><img loading=\"lazy\" decoding=\"async\" class=\"avatar avatar-32 photo\" src=\"http:\/\/www.gravatar.com\/avatar\/4746d6c57659f190e82accdd2c678f8f?s=32&amp;d=http%3A%2F%2Fwww.gravatar.com%2Favatar%2Fad516503a11cd5ca435acc9bb6523536%3Fs%3D32&amp;r=G\" alt=\"\" width=\"32\" height=\"32\"> <cite class=\"fn\">Pierre Fournier<\/cite> <span class=\"says\">dit&nbsp;:<\/span><\/span><\/div>\n<div class=\"comment-meta commentmetadata\"><span style=\"font-size: 10pt;\">14 octobre 2015 \u00e0 10 h 50 min<\/span><\/div>\n<p><span style=\"font-size: 10pt;\">Les arguments d\u00e9velopp\u00e9s par le Comit\u00e9 sont telles que l\u2019on ne peut qu\u2019y souscrire. Par ailleurs, ce n\u2019est pas ainsi qu\u2019on encourage les gens \u00e0 se rendre \u00e0 la station RER pour se rendre \u00e0 Paris (combien de Saint-Mauriens y travaillent-ils, oblig\u00e9s qu\u2019ils sont de prendre leur voiture car habitant trop loin pour la rejoindre \u00e0 pied). Il est absurde de faire des zones aussi \u00e9tendues en l\u2019absence de toute justification pratique (commerces\u2026). Quant au reflux, il est d\u00e9j\u00e0 engag\u00e9. Je constate une augmentation notable de la taxe d\u2019habitation, n\u2019y a-t-il pas des moyens plus judicieux d\u2019\u00e9quilibrer un budget (cf : rapport de la Cour des Comptes).<\/span><\/p>\n<\/div>\n<\/li>\n<\/ul>\n<p>&nbsp;<\/p>\n<\/div>\n<p style=\"text-align: center;\"><span style=\"color: #ff0000; font-size: 24pt;\">Juin 2015<\/span><\/p>\n<div class=\"post-1852 post hentry category-divers\">\n<h3 id=\"post-1852\"><span style=\"color: #0000ff; font-size: 18pt;\">Plan Canicule<\/span><\/h3>\n<p><span style=\"font-size: 10pt;\"><small>Mardi 30 juin 2015<\/small><\/span><\/p>\n<div class=\"entry\">\n<p><span style=\"font-size: 12pt;\">La Ville d\u00e9clenche le plan Canicule demain mercredi 1er juillet<\/span><\/p>\n<p><span style=\"font-size: 12pt;\">Le Plan canicule est d\u00e9clench\u00e9 sur la Ville. Si vous en ressentez le besoin, deux points d\u2019accueil sont pr\u00e9vus de 9 h \u00e0 18 h :<\/span><\/p>\n<div>\n<p><span style=\"font-size: 12pt;\">Le foyer de La Pie situ\u00e9 au 23, rue d\u2019Arromanches<\/span><\/p>\n<p><span style=\"font-size: 12pt;\">Le foyer du Bellay situ\u00e9 au 45, rue des Remises<\/span><\/p>\n<p><span style=\"font-size: 12pt;\">Ces lieux sont climatis\u00e9s et de l\u2019eau vous y sera distribu\u00e9e.<\/span><\/p>\n<p><span style=\"font-size: 12pt;\">Afin de vous pr\u00e9server, il est fortement recommand\u00e9 d\u2019appliquer les consignes suivantes :<\/span><\/p>\n<p><span style=\"font-size: 12pt;\">Se prot\u00e9ger en restant dans un local climatis\u00e9 si possible ou dans un endroit frais<\/span><\/p>\n<p><span style=\"font-size: 12pt;\">&#8211; Boire et manger :Retour ligne manuel<\/span><br \/>\n<span style=\"font-size: 12pt;\"> &#8211; Boire, au minimum, l\u2019\u00e9quivalent d\u2019un verre d\u2019eau toutes les 15-20 minutes, m\u00eame si l\u2019on n\u2019a pas soif.Retour ligne manuel<\/span><br \/>\n<span style=\"font-size: 12pt;\"> &#8211; \u00c9viter toute consommation de boissons alcoolis\u00e9es y compris la bi\u00e8re.<\/span><\/p>\n<p><span style=\"font-size: 12pt;\">Limiter les efforts physiques : pour les personnes les plus vuln\u00e9rables (enfants, personnes \u00e2g\u00e9es), \u00e9viter de sortir aux heures les plus chaudes<\/span><\/p>\n<p><span style=\"font-size: 12pt;\">Un num\u00e9ro en mairie est disponible en lien avec le Centre communal d\u2019action sociale afin de r\u00e9pondre \u00e0 toutes vos interrogations : 01 45 11 66 48<\/span><\/p>\n<p><span style=\"font-size: 12pt;\">En cas d\u2019urgence :<\/span><\/p>\n<p><span style=\"font-size: 12pt;\">1) Appeler le 15 ou la Police municipale au 01 45 11 66 00<\/span><br \/>\n<span style=\"font-size: 12pt;\"> 2) En attendant l\u2019arriv\u00e9e des secours :<\/span><br \/>\n<span style=\"font-size: 12pt;\"> \u27a2 Rafra\u00eechir la personne<\/span><br \/>\n<span style=\"font-size: 12pt;\"> \u27a2 La transporter \u00e0 l\u2019ombre ou dans un endroit frais<\/span><br \/>\n<span style=\"font-size: 12pt;\"> \u27a2 Asperger ou mouiller avec des linges humides frais la plus grande partie possible du corps Retour ligne manuel<\/span><br \/>\n<span style=\"font-size: 12pt;\"> \u27a2 Faire le plus de ventilation possible<\/span><\/p>\n<p><span style=\"font-size: 12pt;\">http:\/\/www.saint-maur.com\/Plan-canicule-3882#.VZK2sr5N2ls<\/span><\/p>\n<\/div>\n<\/div>\n<\/div>\n<div class=\"post-1845 post hentry category-evenements category-informations category-rendezvous tag-barbecue tag-comite-de-quartier tag-diner-de-rue tag-erables tag-le-parc-de-saint-maur\">\n<h3 id=\"post-1845\"><span style=\"color: #0000ff; font-size: 18pt;\">Prochain diner de rue du Comit\u00e9 !!<\/span><\/h3>\n<p><span style=\"font-size: 10pt;\"><small>Mercredi 10 juin 2015<\/small><\/span><\/p>\n<div class=\"entry\">\n<p><img loading=\"lazy\" decoding=\"async\" class=\"alignleft size-full wp-image-1846\" title=\"20140614_203418 (Small)\" src=\"https:\/\/leparcstmaur.org\/wp-content\/uploads\/2015\/06\/20140614_203418-Small.jpg\" alt=\"20140614_203418 (Small)\" width=\"286\" height=\"214\"><span style=\"font-size: 12pt;\">Le sixi\u00e8me&nbsp; repas de rue du Comit\u00e9 de quartier aura lieu le <strong>26 juin 2015<\/strong> \u00e0 <strong>20h, devant le 14 avenue des Erables.<\/strong><\/span><\/p>\n<p><span style=\"font-size: 12pt;\">Comme chaque ann\u00e9e, l\u2019ap\u00e9ritif sera offert par le Comit\u00e9.<\/span><\/p>\n<p><span style=\"font-size: 12pt;\">Nous nous attablerons ensuite pour partager le repas que chacun aura apport\u00e9 (tartes, salades, desserts et boissons) et continuer \u00e0 faire connaissance.<\/span><\/p>\n<p><span style=\"font-size: 12pt;\">Un barbecue sera \u00e0 disposition&nbsp; pour ceux qui voudront cuire ou r\u00e9chauffer des mets.<\/span><\/p>\n<p><span style=\"font-size: 12pt;\">Comme \u00e0 notre habitude, nous allons commander soleil et chaleur !<\/span><\/p>\n<p><span style=\"font-size: 12pt;\">Pour nous permettre d\u2019organiser au mieux l\u2019ap\u00e9ritif, nous vous demandons de nous confirmer, par mail ou par t\u00e9l\u00e9phone avant le 22 juin, votre pr\u00e9sence et le nombre de personnes qui vous accompagneront.<\/span><\/p>\n<p><span style=\"font-size: 12pt;\"><strong>N\u2019h\u00e9sitez pas \u00e0 inviter vos voisins et amis du quartier<\/strong>.<\/span><\/p>\n<\/div>\n<\/div>\n<p style=\"text-align: center;\">&nbsp;<\/p>\n<p style=\"text-align: center;\"><span style=\"color: #ff0000; font-size: 24pt;\">Janvier 2015<\/span><\/p>\n<div class=\"post-1825 post hentry category-evenements tag-adolescence tag-adolescent tag-afep94 tag-comite-de-quartier tag-education tag-enfants-precoces tag-le-parc-de-saint-maur tag-precocite\">\n<h3 id=\"post-1825\"><span style=\"color: #0000ff; font-size: 18pt;\">Conf\u00e9rence sur les enfants pr\u00e9coces<\/span><\/h3>\n<p><span style=\"font-size: 10pt;\"><small>Samedi 31 janvier 2015<\/small><\/span><\/p>\n<div class=\"entry\">\n<p><span style=\"font-size: 12pt;\">Merci aux b\u00e9n\u00e9voles de l\u2019AFEP, Cathy Bayer et V\u00e9ronick Guilbard, \u00e0 V\u00e9ronique Dupont et \u00e0 Pascale Derrien pour leur participation \u00e0 la conf\u00e9rence pour les enfants pr\u00e9coces organis\u00e9e hier soir dans la salle des f\u00eates de la Mairie.<\/span><\/p>\n<p><span style=\"font-size: 12pt;\"><img loading=\"lazy\" decoding=\"async\" class=\"alignleft size-full wp-image-1827\" title=\"Enfants pr\u00e9coces\" src=\"https:\/\/leparcstmaur.org\/wp-content\/uploads\/2015\/01\/20150130_203937-Medium.jpg\" alt=\"Enfants pr\u00e9coces\" width=\"480\" height=\"360\">Nombreuses \u00e9taient les familles venues trouver des solutions pour accompagner leur(s) enfant(s) dans leur parcours scolaire.<\/span><br \/>\n<span style=\"font-size: 12pt;\"> Des enseignants, des professionnels \u00e9taient \u00e9galement pr\u00e9sents.<\/span><br \/>\n<img loading=\"lazy\" decoding=\"async\" class=\"alignleft size-full wp-image-1826\" title=\"Enfants pr\u00e9coces\" src=\"https:\/\/leparcstmaur.org\/wp-content\/uploads\/2015\/01\/20150130_203952-Medium.jpg\" alt=\"Enfants pr\u00e9coces\" width=\"448\" height=\"336\"><br \/>\n<span style=\"font-size: 12pt;\">250 personnes heureuses de se rencontrer, de voir que non, elles ne sont pas seules face \u00e0 leurs difficult\u00e9s et que des solutions d\u2019accompagnement existent.<\/span><\/p>\n<p><span style=\"font-size: 12pt;\">De nombreux contacts ont \u00e9t\u00e9 pris ce soir et nous pensons d\u00e9j\u00e0 \u00e0 de futures rencontres\u2026<\/span><\/p>\n<p><span style=\"font-size: 12pt;\">A suivre <img decoding=\"async\" class=\"wp-smiley\" src=\"https:\/\/leparcstmaur.org\/wp-includes\/images\/smilies\/icon_smile.gif\" alt=\":)\"><\/span><\/p>\n<\/div>\n<\/div>\n<p class=\"postmetadata\">&nbsp;<\/p>\n<p>&nbsp;<\/p>\n<p>&nbsp;<\/p>\n<p>&nbsp;<\/p>\n<p>&nbsp;<\/p>\n<p>&nbsp;<\/p>\n<p>&nbsp;<\/p>\n<p>&nbsp;<\/p>\n<p>&nbsp;<\/p>\n<div class=\"post-1814 post hentry category-evenements category-informations tag-afep tag-afep94 tag-college tag-comite-de-quartier tag-ecole tag-eip tag-haut-potentiel tag-hp tag-le-parc-de-saint-maur tag-lycee tag-precocite tag-zebre tag-zebrillon\">\n<h3 id=\"post-1814\"><span style=\"color: #0000ff;\">Accompagner l\u2019enfant pr\u00e9coce vers la voie de l\u2019\u00e9panouissement, c\u2019est possible !<\/span><\/h3>\n<p><small>Mercredi 7 janvier 2015<\/small><\/p>\n<div class=\"entry\">\n<p><img loading=\"lazy\" decoding=\"async\" class=\"alignleft size-full wp-image-1815\" title=\"Conf\u00e9rence St Maur\" src=\"https:\/\/leparcstmaur.org\/wp-content\/uploads\/2015\/01\/Conference-St-Maur.jpg\" alt=\"Conf\u00e9rence St Maur\" width=\"548\" height=\"760\"> Une conf\u00e9rence est organis\u00e9e sur le th\u00e8me de la scolarit\u00e9 des Enfants (ados, pr\u00e9 ados) Intellectuellement Pr\u00e9coces !!<br \/>\nC\u2019est tout public : parents, jeunes, enseignants !<br \/>\nC\u2019est \u00e0 Saint Maur des Foss\u00e9s, le 30 janvier. Une occasion suppl\u00e9mentaire de trouver des solutions face \u00e0 des difficult\u00e9s scolaires inattendues et souvent incompr\u00e9hensibles !<br \/>\nN\u2019h\u00e9sitez pas \u00e0 partager !<\/p>\n<p>Pour des questions d\u2019intendance, merci de nous pr\u00e9venir par mail de votre pr\u00e9sence.<\/p>\n<\/div>\n<\/div>\n<p class=\"postmetadata\">&nbsp;<\/p>\n<p>&nbsp;<\/p>\n<p>&nbsp;<\/p>\n<p>&nbsp;<\/p>\n<p>&nbsp;<\/p>\n<p>&nbsp;<\/p>\n<p>&nbsp;<\/p>\n<p>&nbsp;<\/p>\n<p>&nbsp;<\/p>\n<div class=\"post-1802 post hentry category-divers\">\n<h3 id=\"post-1802\"><span style=\"color: #0000ff;\">Meilleurs voeux pour cette nouvelle ann\u00e9e !!<\/span><\/h3>\n<p><small>Samedi 3 janvier 2015<\/small><\/p>\n<div class=\"entry\">\n<p><img loading=\"lazy\" decoding=\"async\" class=\"alignleft size-full wp-image-1803\" title=\"Voeux 2015\" src=\"https:\/\/leparcstmaur.org\/wp-content\/uploads\/2015\/01\/Voeux-2015.jpg\" alt=\"Voeux 2015\" width=\"510\" height=\"374\"><\/p>\n<\/div>\n<\/div>\n","protected":false},"excerpt":{"rendered":"<p>D\u00e9cembre 2015 D\u00e9c\u00e8s de notre ami Pierre Badia Mardi 29 d\u00e9cembre 2015 C\u2019est avec tristesse que nous avons appris le d\u00e9c\u00e8s de notre ami, Pierre Badia. Nous garderons en m\u00e9moire les bons moments partag\u00e9s. Repose en paix ! Et condol\u00e9ances sinc\u00e8res \u00e0 sa famille. &nbsp; &nbsp; &nbsp; &nbsp; &nbsp; &nbsp; &hellip;<\/p>\n","protected":false},"author":1,"featured_media":0,"parent":30,"menu_order":0,"comment_status":"closed","ping_status":"closed","template":"","meta":{"ngg_post_thumbnail":0,"footnotes":""},"class_list":["post-100","page","type-page","status-publish","hentry"],"_links":{"self":[{"href":"https:\/\/leparcstmaur.org\/index.php?rest_route=\/wp\/v2\/pages\/100","targetHints":{"allow":["GET"]}}],"collection":[{"href":"https:\/\/leparcstmaur.org\/index.php?rest_route=\/wp\/v2\/pages"}],"about":[{"href":"https:\/\/leparcstmaur.org\/index.php?rest_route=\/wp\/v2\/types\/page"}],"author":[{"embeddable":true,"href":"https:\/\/leparcstmaur.org\/index.php?rest_route=\/wp\/v2\/users\/1"}],"replies":[{"embeddable":true,"href":"https:\/\/leparcstmaur.org\/index.php?rest_route=%2Fwp%2Fv2%2Fcomments&post=100"}],"version-history":[{"count":12,"href":"https:\/\/leparcstmaur.org\/index.php?rest_route=\/wp\/v2\/pages\/100\/revisions"}],"predecessor-version":[{"id":371,"href":"https:\/\/leparcstmaur.org\/index.php?rest_route=\/wp\/v2\/pages\/100\/revisions\/371"}],"up":[{"embeddable":true,"href":"https:\/\/leparcstmaur.org\/index.php?rest_route=\/wp\/v2\/pages\/30"}],"wp:attachment":[{"href":"https:\/\/leparcstmaur.org\/index.php?rest_route=%2Fwp%2Fv2%2Fmedia&parent=100"}],"curies":[{"name":"wp","href":"https:\/\/api.w.org\/{rel}","templated":true}]}}